{"id":5761,"date":"2025-05-13T07:24:01","date_gmt":"2025-05-13T05:24:01","guid":{"rendered":"https:\/\/www.fotikozszolg.hu\/?page_id=5761"},"modified":"2025-05-13T11:59:55","modified_gmt":"2025-05-13T09:59:55","slug":"kapcsolodj-fothoz","status":"publish","type":"page","link":"https:\/\/www.fotikozszolg.hu\/?page_id=5761","title":{"rendered":"Kapcsol\u00f3dj F\u00f3thoz!"},"content":{"rendered":"\t\t<div data-elementor-type=\"wp-page\" data-elementor-id=\"5761\" class=\"elementor elementor-5761\">\n\t\t\t\t<div class=\"elementor-element elementor-element-bd69204 e-flex e-con-boxed e-con e-parent\" data-id=\"bd69204\" data-element_type=\"container\">\n\t\t\t\t\t<div class=\"e-con-inner\">\n\t\t\t\t<div class=\"elementor-element elementor-element-9d69108 elementor-widget elementor-widget-image\" data-id=\"9d69108\" data-element_type=\"widget\" data-widget_type=\"image.default\">\n\t\t\t\t<div class=\"elementor-widget-container\">\n\t\t\t\t\t\t\t\t\t\t\t\t\t\t\t<img fetchpriority=\"high\" decoding=\"async\" width=\"843\" height=\"472\" src=\"https:\/\/www.fotikozszolg.hu\/wp-content\/uploads\/2025\/04\/BREAKING-ma\u0301solat.png\" class=\"attachment-large size-large wp-image-4824\" alt=\"\" srcset=\"https:\/\/www.fotikozszolg.hu\/wp-content\/uploads\/2025\/04\/BREAKING-ma\u0301solat.png 930w, https:\/\/www.fotikozszolg.hu\/wp-content\/uploads\/2025\/04\/BREAKING-ma\u0301solat-300x168.png 300w, https:\/\/www.fotikozszolg.hu\/wp-content\/uploads\/2025\/04\/BREAKING-ma\u0301solat-768x430.png 768w\" sizes=\"(max-width: 843px) 100vw, 843px\" \/>\t\t\t\t\t\t\t\t\t\t\t\t\t\t\t<\/div>\n\t\t\t\t<\/div>\n\t\t\t\t\t<\/div>\n\t\t\t\t<\/div>\n\t\t<div class=\"elementor-element elementor-element-c539d73 e-flex e-con-boxed e-con e-parent\" data-id=\"c539d73\" data-element_type=\"container\">\n\t\t\t\t\t<div class=\"e-con-inner\">\n\t\t\t\t<div class=\"elementor-element elementor-element-2b30c9b elementor-widget elementor-widget-text-editor\" data-id=\"2b30c9b\" data-element_type=\"widget\" data-widget_type=\"text-editor.default\">\n\t\t\t\t<div class=\"elementor-widget-container\">\n\t\t\t\t\t\t\t\t\t<h3 style=\"font-weight: 400;\"><strong>Kapcsol\u00f3dj F\u00f3thoz!<\/strong><\/h3><p>\u00a0<\/p><p style=\"font-weight: 400;\"><em>\u00a0<\/em>A v\u00e1rosunkban zajl\u00f3 Breaking isolation \u2013 Egy\u00fctt a t\u00e1rsadalmi elszigetel\u0151d\u00e9s ellen c\u00edm\u0171 nemzetk\u00f6zi projekt\u00fcnk keret\u00e9n bel\u00fcl szeretn\u00e9nk \u00f6sszekapcsolni a f\u00f3ti lakosokat a f\u00f3ti civil szervezetekkel. C\u00e9lunk, hogy a projekt seg\u00edts\u00e9g\u00e9vel egym\u00e1sra tal\u00e1ljanak a hasonl\u00f3 gondolkod\u00e1s\u00fa \u00e9s hasonl\u00f3 ig\u00e9ny\u0171 emberek, \u00e9s egy\u00fctt, k\u00f6z\u00f6sen egy akt\u00edv F\u00f3t\u00e9rt tev\u00e9kenykedj\u00fcnk.<\/p><p style=\"font-weight: 400;\">\u00a0Vegy\u00fck fel a keszty\u0171t a t\u00e1rsadalmi elszigetel\u0151d\u00e9s \u00e9s a mag\u00e1ny ellen!!!<\/p><p style=\"font-weight: 400;\">\u00a0Az al\u00e1bbiakban bemutatjuk azokat az akt\u00edv f\u00f3ti civil szervezeteket \u00e9s csoportokat, akik nyitott sz\u00edvvel fogadj\u00e1k \u00e9s v\u00e1rj\u00e1k a hozz\u00e1juk csatlakozni v\u00e1gy\u00f3, F\u00f3t\u00e9rt akt\u00edvan tenni k\u00edv\u00e1n\u00f3 lakosokat. Arra buzd\u00edtunk mindent, hogy \u00e9ljen a lehet\u0151s\u00e9ggel, tal\u00e1lja meg a hasonl\u00f3 \u00e9rdekl\u0151d\u00e9s\u0171 k\u00f6r\u0171 \u00e9s gondolkoz\u00e1s\u00fa embereket, csoportokat, \u00e9s egy\u00fctt, k\u00f6z\u00f6sen tegy\u00fcnk F\u00f3t\u00e9rt, \u00e9s egy\u00fattal k\u00fczdj\u00fcnk egy\u00fctt a t\u00e1rsadalmi elszigetel\u0151d\u00e9s ellen!<\/p>\t\t\t\t\t\t\t\t<\/div>\n\t\t\t\t<\/div>\n\t\t\t\t\t<\/div>\n\t\t\t\t<\/div>\n\t\t<div class=\"elementor-element elementor-element-cced964 e-con-full e-flex e-con e-parent\" data-id=\"cced964\" data-element_type=\"container\">\n\t\t<div class=\"elementor-element elementor-element-4aeb63d e-con-full e-flex e-con e-child\" data-id=\"4aeb63d\" data-element_type=\"container\">\n\t\t\t\t<div class=\"elementor-element elementor-element-4a2fba4 elementor-widget__width-initial elementor-widget elementor-widget-text-editor\" data-id=\"4a2fba4\" data-element_type=\"widget\" data-widget_type=\"text-editor.default\">\n\t\t\t\t<div class=\"elementor-widget-container\">\n\t\t\t\t\t\t\t\t\t<h3><strong>F\u00f3t Sportegyes\u00fclet<\/strong><\/h3><p>\u00a0<\/p><p>Egyes\u00fclet\u00fcnk 1913-ban alakult,\u00a0jelenleg 20 feletti szakoszt\u00e1llyal \u00e9s majd 1.000 akt\u00edv taggal rendelkez\u00fcnk. F\u0151 feladatunk a szabadid\u0151, az ut\u00e1np\u00f3tl\u00e1s \u00e9s a versenysport megszervez\u00e9se az \u00e9rdekl\u0151d\u0151 f\u00f3ti lakosoknak. Az elm\u00falt 5 \u00e9vben mind infrastrukt\u00far\u00e1ban mind l\u00e9tsz\u00e1mban nagyot\u00a0fejl\u0151d\u00f6tt az egyes\u00fclet. V\u00e1runk minden\u00a0kicsit \u00e9s nagyot, hogy vel\u00fcnk sportoljon.<\/p><p>Hajr\u00e1 F\u00f3t!<\/p><p>El\u00e9rhet\u0151s\u00e9g:<\/p><p><a href=\"http:\/\/www.fotsportegyesulet.hu\">www.fotsportegyesulet.hu<\/a>\u00a0<\/p><p>+36 20 932 0655<\/p><p>\u00a0<a href=\"mailto:informacio@fotsportegyesulet.hu\">informacio@fotsportegyesulet.hu<\/a><\/p>\t\t\t\t\t\t\t\t<\/div>\n\t\t\t\t<\/div>\n\t\t\t\t<\/div>\n\t\t\t\t<\/div>\n\t\t<div class=\"elementor-element elementor-element-f4f0a3e e-flex e-con-boxed e-con e-parent\" data-id=\"f4f0a3e\" data-element_type=\"container\">\n\t\t\t\t\t<div class=\"e-con-inner\">\n\t\t\t\t<div class=\"elementor-element elementor-element-bba5e5b elementor-widget__width-initial elementor-widget elementor-widget-image\" data-id=\"bba5e5b\" data-element_type=\"widget\" data-widget_type=\"image.default\">\n\t\t\t\t<div class=\"elementor-widget-container\">\n\t\t\t\t\t\t\t\t\t\t\t\t\t\t\t<img decoding=\"async\" width=\"172\" height=\"300\" src=\"https:\/\/www.fotikozszolg.hu\/wp-content\/uploads\/2025\/05\/FSE-logo-feher-felirat-3-172x300.png\" class=\"attachment-medium size-medium wp-image-5765\" alt=\"\" srcset=\"https:\/\/www.fotikozszolg.hu\/wp-content\/uploads\/2025\/05\/FSE-logo-feher-felirat-3-172x300.png 172w, https:\/\/www.fotikozszolg.hu\/wp-content\/uploads\/2025\/05\/FSE-logo-feher-felirat-3-586x1024.png 586w, https:\/\/www.fotikozszolg.hu\/wp-content\/uploads\/2025\/05\/FSE-logo-feher-felirat-3-768x1343.png 768w, https:\/\/www.fotikozszolg.hu\/wp-content\/uploads\/2025\/05\/FSE-logo-feher-felirat-3-878x1536.png 878w, https:\/\/www.fotikozszolg.hu\/wp-content\/uploads\/2025\/05\/FSE-logo-feher-felirat-3-1171x2048.png 1171w, https:\/\/www.fotikozszolg.hu\/wp-content\/uploads\/2025\/05\/FSE-logo-feher-felirat-3-scaled.png 1464w\" sizes=\"(max-width: 172px) 100vw, 172px\" \/>\t\t\t\t\t\t\t\t\t\t\t\t\t\t\t<\/div>\n\t\t\t\t<\/div>\n\t\t\t\t\t<\/div>\n\t\t\t\t<\/div>\n\t\t<div class=\"elementor-element elementor-element-62071e0 e-flex e-con-boxed e-con e-parent\" data-id=\"62071e0\" data-element_type=\"container\">\n\t\t\t\t\t<div class=\"e-con-inner\">\n\t\t<div class=\"elementor-element elementor-element-fb33787 e-con-full e-flex e-con e-child\" data-id=\"fb33787\" data-element_type=\"container\">\n\t\t\t\t<div class=\"elementor-element elementor-element-4a0a79a elementor-widget__width-initial elementor-widget elementor-widget-text-editor\" data-id=\"4a0a79a\" data-element_type=\"widget\" data-widget_type=\"text-editor.default\">\n\t\t\t\t<div class=\"elementor-widget-container\">\n\t\t\t\t\t\t\t\t\t<h3><strong>F\u00f3ti \u00d6kumenikus K\u00f6zm\u0171vel\u0151d\u00e9si Egyes\u00fclet<\/strong><\/h3><p>\u00a0<\/p><ul><li>Csatlakozz te is a F\u00f3ti \u00d6kumenikus K\u00f6zm\u0171vel\u0151d\u00e9si Egyes\u00fclethez, \u00e9s l\u00e9gy r\u00e9szese k\u00f6z\u00f6ss\u00e9g\u00fcnknek!<\/li><li>Ha \u00e9rdekelnek a k\u00f6z\u00f6ss\u00e9gi esem\u00e9nyek, kult\u00fara \u00e9s a helyi \u00e9rt\u00e9kek \u00e1pol\u00e1sa, k\u00f6zt\u00fcnk a helyed!<\/li><li>C\u00e9lunk, hogy el\u0151seg\u00edts\u00fck a kult\u00fara \u00e9s a k\u00f6z\u00f6ss\u00e9g fejl\u0151d\u00e9s\u00e9t, ha van kedved Te is hozz\u00e1j\u00e1rulhatsz ehhez!<\/li><li>Tagjaink akt\u00edvan r\u00e9szt vesznek kultur\u00e1lis programok szervez\u00e9s\u00e9ben, amikre szeretettel v\u00e1runk minden kedves \u00e9rdekl\u0151d\u0151t.<\/li><li>A F\u00f3ti \u00d6kumenikus K\u00f6zm\u0171vel\u0151d\u00e9si Egyes\u00fclet tagjak\u00e9nt lehet\u0151s\u00e9ged lesz \u00faj emberekkel tal\u00e1lkozni \u00e9s \u00e9rt\u00e9kes kapcsolatokra szert tenni.<\/li><li>Egyes\u00fclet\u00fcnk mindenki el\u0151tt nyitott, b\u00e1rki csatlakozhat, aki szeretne hozz\u00e1j\u00e1rulni k\u00f6z\u00f6ss\u00e9gi c\u00e9ljainkhoz.<\/li><li>Programjaink k\u00f6z\u00f6tt megtal\u00e1lhat\u00f3ak m\u0171v\u00e9szeti ki\u00e1ll\u00edt\u00e1sok, el\u0151ad\u00e1sok, k\u00f6z\u00f6ss\u00e9gi rendezv\u00e9nyek \u2013 gyere, \u00e9s \u00e9p\u00edts\u00fck egy\u00fctt a j\u00f6v\u0151t!<\/li><li>A tagoknak lehet\u0151s\u00e9g\u00fck ny\u00edlik az egyes\u00fclet er\u0151forr\u00e1sainak \u00e9s infrastrukt\u00far\u00e1j\u00e1nak bevon\u00e1s\u00e1val megval\u00f3s\u00edtani k\u00f6z\u00f6ss\u00e9g \u00e9p\u00edt\u0151 elk\u00e9pzel\u00e9seiket.<\/li><li>Mi egy olyan k\u00f6z\u00f6ss\u00e9get szeretn\u00e9nk \u00e1polni, ahol mindenki v\u00e9lem\u00e9nye fontos \u00e9s ahol mindenki megtal\u00e1lhatja a hely\u00e9t.<\/li><li>Csatlakozz most, \u00e9s legy\u00e9l r\u00e9sze egy olyan k\u00f6z\u00f6ss\u00e9gnek, amely \u00e9vr\u0151l \u00e9vre \u00faj \u00e9rt\u00e9kekkel gazdag\u00edtja F\u00f3tot!<\/li><\/ul><p>El\u00e9rhet\u0151s\u00e9g:<\/p><p>Facebook: F\u00f3ti \u00d6kumenikus K\u00f6zm\u0171vel\u0151d\u00e9si Egyes\u00fclet (F\u00d6KE)<\/p><p>Manna (Volt Manna S\u00fctih\u00e1z)<strong>\u00a0<\/strong>V\u00f6r\u00f6smarty t\u00e9r 4., F\u00f3t, Hungary<\/p><p>+3630 932 8456<\/p><p><a href=\"mailto:foti.o.k.e@gmail.com\">foti.o.k.e@gmail.com<\/a><\/p>\t\t\t\t\t\t\t\t<\/div>\n\t\t\t\t<\/div>\n\t\t\t\t<\/div>\n\t\t\t\t\t<\/div>\n\t\t\t\t<\/div>\n\t\t<div class=\"elementor-element elementor-element-41bfca5 e-flex e-con-boxed e-con e-parent\" data-id=\"41bfca5\" data-element_type=\"container\">\n\t\t\t\t\t<div class=\"e-con-inner\">\n\t\t\t\t<div class=\"elementor-element elementor-element-ba97f1c elementor-widget__width-initial elementor-widget elementor-widget-image\" data-id=\"ba97f1c\" data-element_type=\"widget\" data-widget_type=\"image.default\">\n\t\t\t\t<div class=\"elementor-widget-container\">\n\t\t\t\t\t\t\t\t\t\t\t\t\t\t\t<img decoding=\"async\" width=\"300\" height=\"294\" src=\"https:\/\/www.fotikozszolg.hu\/wp-content\/uploads\/2025\/05\/fo\u0308ke-300x294.png\" class=\"attachment-medium size-medium wp-image-5766\" alt=\"\" srcset=\"https:\/\/www.fotikozszolg.hu\/wp-content\/uploads\/2025\/05\/fo\u0308ke-300x294.png 300w, https:\/\/www.fotikozszolg.hu\/wp-content\/uploads\/2025\/05\/fo\u0308ke.png 388w\" sizes=\"(max-width: 300px) 100vw, 300px\" \/>\t\t\t\t\t\t\t\t\t\t\t\t\t\t\t<\/div>\n\t\t\t\t<\/div>\n\t\t\t\t\t<\/div>\n\t\t\t\t<\/div>\n\t\t<div class=\"elementor-element elementor-element-df02baf e-flex e-con-boxed e-con e-parent\" data-id=\"df02baf\" data-element_type=\"container\">\n\t\t\t\t\t<div class=\"e-con-inner\">\n\t\t<div class=\"elementor-element elementor-element-3bfdac8 e-con-full e-flex e-con e-child\" data-id=\"3bfdac8\" data-element_type=\"container\">\n\t\t\t\t<div class=\"elementor-element elementor-element-9c5e65b elementor-widget elementor-widget-text-editor\" data-id=\"9c5e65b\" data-element_type=\"widget\" data-widget_type=\"text-editor.default\">\n\t\t\t\t<div class=\"elementor-widget-container\">\n\t\t\t\t\t\t\t\t\t<h3><strong>F\u00f3ti Lovas Hagyom\u00e1ny\u00e9ltet\u0151 Kultur\u00e1lis Egyes\u00fclet<\/strong>\u00a0<\/h3><p>\u00a0<\/p><p>H\u00e1rom f\u0151 pill\u00e9rre \u00e9p\u00fcl egyes\u00fclet\u00fcnk tev\u00e9kenys\u00e9ge:<\/p><ul><li>lovas hagyom\u00e1nyok \u00e1pol\u00e1sa \u00e9s \u00e9letben tart\u00e1sa,<\/li><li>helyi gasztron\u00f3miai \u00e9rt\u00e9kek, szok\u00e1sok felkutat\u00e1sa, meg\u0151rz\u00e9se,<\/li><li>kultur\u00e1lis, k\u00e9zm\u0171ves tev\u00e9kenys\u00e9gek n\u00e9pszer\u0171s\u00edt\u00e9se, bemutat\u00e1sa.<\/li><\/ul><p>El\u00e9rhet\u0151s\u00e9g:<\/p><p>Facebook: F\u00f3ti Lovas Hagyom\u00e1ny\u00e9ltet\u0151 Kultur\u00e1lis Egyes\u00fclet<\/p><p>+3620 283 8837<\/p><p>Lehoczki S\u00e1ndor\u00a0eln\u00f6k<\/p>\t\t\t\t\t\t\t\t<\/div>\n\t\t\t\t<\/div>\n\t\t\t\t<\/div>\n\t\t\t\t\t<\/div>\n\t\t\t\t<\/div>\n\t\t<div class=\"elementor-element elementor-element-fbc05fe e-flex e-con-boxed e-con e-parent\" data-id=\"fbc05fe\" data-element_type=\"container\">\n\t\t\t\t\t<div class=\"e-con-inner\">\n\t\t\t\t<div class=\"elementor-element elementor-element-3adf2b1 elementor-widget elementor-widget-image\" data-id=\"3adf2b1\" data-element_type=\"widget\" data-widget_type=\"image.default\">\n\t\t\t\t<div class=\"elementor-widget-container\">\n\t\t\t\t\t\t\t\t\t\t\t\t\t\t\t<img loading=\"lazy\" decoding=\"async\" width=\"224\" height=\"224\" src=\"https:\/\/www.fotikozszolg.hu\/wp-content\/uploads\/2025\/05\/fo\u0301ti-lovas.png\" class=\"attachment-large size-large wp-image-5767\" alt=\"\" srcset=\"https:\/\/www.fotikozszolg.hu\/wp-content\/uploads\/2025\/05\/fo\u0301ti-lovas.png 224w, https:\/\/www.fotikozszolg.hu\/wp-content\/uploads\/2025\/05\/fo\u0301ti-lovas-150x150.png 150w\" sizes=\"(max-width: 224px) 100vw, 224px\" \/>\t\t\t\t\t\t\t\t\t\t\t\t\t\t\t<\/div>\n\t\t\t\t<\/div>\n\t\t\t\t\t<\/div>\n\t\t\t\t<\/div>\n\t\t<div class=\"elementor-element elementor-element-6b8da7f e-flex e-con-boxed e-con e-parent\" data-id=\"6b8da7f\" data-element_type=\"container\">\n\t\t\t\t\t<div class=\"e-con-inner\">\n\t\t<div class=\"elementor-element elementor-element-ac8630f e-con-full e-flex e-con e-child\" data-id=\"ac8630f\" data-element_type=\"container\">\n\t\t\t\t<div class=\"elementor-element elementor-element-3056021 elementor-widget elementor-widget-text-editor\" data-id=\"3056021\" data-element_type=\"widget\" data-widget_type=\"text-editor.default\">\n\t\t\t\t<div class=\"elementor-widget-container\">\n\t\t\t\t\t\t\t\t\t<h3><strong>F\u00f3ti V\u00e1rossz\u00e9p\u00edt\u0151 Egyes\u00fclet<\/strong><\/h3><p>\u00a0<\/p><p>A F\u00f3ti V\u00e1rossz\u00e9p\u00edt\u0151 Egyes\u00fclet az\u00e9rt j\u00f6tt l\u00e9tre, hogy k\u00f6z\u00f6s er\u0151vel tegy\u00fck m\u00e9g szebb\u00e9 \u00e9s rendezettebb\u00e9 szeretett v\u00e1rosunkat. C\u00e9lunk, hogy F\u00f3t egy olyan hely legyen, ahol j\u00f3 \u00e9lni, s\u00e9t\u00e1lni, pihenni \u2013 egy tiszta, gondozott \u00e9s bar\u00e1ts\u00e1gos k\u00f6rnyezet mindenki sz\u00e1m\u00e1ra.<\/p><p><strong>Programjaink \u00e9s kezdem\u00e9nyez\u00e9seink<\/strong><\/p><p>Egyes\u00fclet\u00fcnk sz\u00e1mos k\u00f6z\u00f6ss\u00e9gi programot szervez, amelyek sor\u00e1n \u00f6sszefog\u00e1ssal sz\u00e9p\u00edtj\u00fck meg a v\u00e1rost. Ezekb\u0151l n\u00e9h\u00e1ny p\u00e9lda:<\/p><p>\u00a0<strong>&#8220;Tiszta udvar, rendes h\u00e1z&#8221; mozgalom<\/strong>\u00a0\u2013 Elismer\u00e9ssel jutalmazzuk azokat a f\u00f3ti lakosokat, akik k\u00fcl\u00f6n\u00f6s figyelmet ford\u00edtanak port\u00e1juk rendezetts\u00e9g\u00e9re \u00e9s k\u00f6rnyezet\u00fck \u00e1pol\u00e1s\u00e1ra.<\/p><p>\u00a0<strong>Mesej\u00e1rda-fest\u00e9s<\/strong>\u00a0\u2013 Sz\u00ednes, vid\u00e1m mesefigur\u00e1kkal d\u00edsz\u00edtj\u00fck a j\u00e1rd\u00e1kat, hogy a gyerekek sz\u00e1m\u00e1ra m\u00e9g var\u00e1zslatosabb\u00e1 tegy\u00fck a k\u00f6ztereket.<\/p><p>\u00a0<strong>K\u00f6z\u00f6ss\u00e9gi takar\u00edt\u00e1s \u00e9s fa\u00fcltet\u00e9s<\/strong>\u00a0\u2013 Rendszeresen szervez\u00fcnk szem\u00e9tszed\u00e9si akci\u00f3kat \u00e9s z\u00f6ld\u00edt\u00e9si programokat, hogy F\u00f3t utc\u00e1i, parkjai \u00e9s terei m\u00e9g tiszt\u00e1bbak \u00e9s \u00e9lhet\u0151bbek legyenek.<\/p><p>\u00a0<strong>F\u00f3ti K\u00f6nyvFordul\u00f3 szekr\u00e9nyei<\/strong>\u00a0&#8211;\u00a0 Lehet\u0151s\u00e9get biztos\u00edtanak a k\u00f6nyvek ingyenes cser\u00e9j\u00e9re, \u00edgy el\u0151seg\u00edtve a k\u00f6nyvek \u00fajrahasznos\u00edt\u00e1s\u00e1t \u00e9s a k\u00f6z\u00f6ss\u00e9gi olvas\u00e1si \u00e9lm\u00e9nyeket.<\/p><p>\u00a0<strong>Kupakgy\u0171jt\u0151 sz\u00edv<\/strong>\u00a0&#8211; C\u00e9lja, hogy a m\u0171anyag kupakok \u00f6sszegy\u0171jt\u00e9s\u00e9vel t\u00e1mogat\u00e1st ny\u00fajtson j\u00f3t\u00e9konys\u00e1gi c\u00e9lokra, mik\u00f6zben hozz\u00e1j\u00e1rul a k\u00f6rnyezet v\u00e9delm\u00e9hez is.\u00a0\u00a0<\/p><p>\u00a0<strong>K\u00f6z\u00f6ss\u00e9gi esem\u00e9nyek<\/strong>\u00a0\u2013 Olyan programokat szervez\u00fcnk, amelyek \u00f6sszehozz\u00e1k a f\u00f3ti lakosokat, legyen sz\u00f3 k\u00e9zm\u0171ves foglalkoz\u00e1sokr\u00f3l, vir\u00e1g\u00fcltet\u00e9sr\u0151l vagy v\u00e1rossz\u00e9p\u00edt\u0151 akci\u00f3kr\u00f3l.<\/p><p><strong>Csatlakozz hozz\u00e1nk!<\/strong><\/p><p>Ha Te is szeretn\u00e9l tenni F\u00f3t sz\u00e9ps\u00e9g\u00e9\u00e9rt \u00e9s tisztas\u00e1g\u00e1\u00e9rt, szeretettel v\u00e1runk egyes\u00fclet\u00fcnkbe! Legy\u00e9l akt\u00edv r\u00e9szese v\u00e1rosunk szebb\u00e9 var\u00e1zsol\u00e1s\u00e1nak, csatlakozz hozz\u00e1nk, \u00e9s form\u00e1ljuk egy\u00fctt a j\u00f6v\u0151t!<\/p><p>Tegy\u00fcnk egy\u00fctt F\u00f3t\u00e9rt!<\/p><p><strong>El\u00e9rhet\u0151s\u00e9g:<\/strong><\/p><p><a href=\"https:\/\/www.varosszepitok.hu\">https:\/\/www.varosszepitok.hu<\/a>\u00a0<a href=\"mailto:info@varosszepitok.hu\">info@varosszepitok.hu<\/a><\/p>\t\t\t\t\t\t\t\t<\/div>\n\t\t\t\t<\/div>\n\t\t\t\t<\/div>\n\t\t\t\t\t<\/div>\n\t\t\t\t<\/div>\n\t\t<div class=\"elementor-element elementor-element-8e5617f e-flex e-con-boxed e-con e-parent\" data-id=\"8e5617f\" data-element_type=\"container\">\n\t\t\t\t\t<div class=\"e-con-inner\">\n\t\t\t\t<div class=\"elementor-element elementor-element-c7c4220 elementor-widget__width-initial elementor-widget elementor-widget-image\" data-id=\"c7c4220\" data-element_type=\"widget\" data-widget_type=\"image.default\">\n\t\t\t\t<div class=\"elementor-widget-container\">\n\t\t\t\t\t\t\t\t\t\t\t\t\t\t\t<img loading=\"lazy\" decoding=\"async\" width=\"300\" height=\"277\" src=\"https:\/\/www.fotikozszolg.hu\/wp-content\/uploads\/2025\/05\/FVSZ-logo-300x277.jpg\" class=\"attachment-medium size-medium wp-image-5768\" alt=\"\" srcset=\"https:\/\/www.fotikozszolg.hu\/wp-content\/uploads\/2025\/05\/FVSZ-logo-300x277.jpg 300w, https:\/\/www.fotikozszolg.hu\/wp-content\/uploads\/2025\/05\/FVSZ-logo-1024x945.jpg 1024w, https:\/\/www.fotikozszolg.hu\/wp-content\/uploads\/2025\/05\/FVSZ-logo-768x709.jpg 768w, https:\/\/www.fotikozszolg.hu\/wp-content\/uploads\/2025\/05\/FVSZ-logo-1536x1417.jpg 1536w, https:\/\/www.fotikozszolg.hu\/wp-content\/uploads\/2025\/05\/FVSZ-logo.jpg 1879w\" sizes=\"(max-width: 300px) 100vw, 300px\" \/>\t\t\t\t\t\t\t\t\t\t\t\t\t\t\t<\/div>\n\t\t\t\t<\/div>\n\t\t\t\t\t<\/div>\n\t\t\t\t<\/div>\n\t\t<div class=\"elementor-element elementor-element-63c049c e-flex e-con-boxed e-con e-parent\" data-id=\"63c049c\" data-element_type=\"container\">\n\t\t\t\t\t<div class=\"e-con-inner\">\n\t\t\t\t<div class=\"elementor-element elementor-element-c63ef4f elementor-widget elementor-widget-text-editor\" data-id=\"c63ef4f\" data-element_type=\"widget\" data-widget_type=\"text-editor.default\">\n\t\t\t\t<div class=\"elementor-widget-container\">\n\t\t\t\t\t\t\t\t\t<h3><strong>Otthon Seg\u00edt\u00fcnk Alap\u00edtv\u00e1ny<\/strong><\/h3><p>\u00a0<\/p><p>F\u00f3ton 2003 \u00f3ta seg\u00edtj\u00fck felk\u00e9sz\u00edtett, sz\u00fcl\u0151i tapasztalattal rendelkez\u0151 \u00f6nk\u00e9ntesekkel a kisgyermekes csal\u00e1dokat. Szolg\u00e1latunk prevent\u00edv \u00e9s \u00e1tmeneti seg\u00edts\u00e9get ny\u00fajt a csal\u00e1d otthon\u00e1ban ingyenesen a mindennapok neh\u00e9zs\u00e9geinek megold\u00e1s\u00e1ban a sz\u00fcl\u0151knek. Az \u00e9vek sor\u00e1n k\u00f6zel 100 f\u00f3ti kisgyermeket \u00e9rintett m\u00e1r a seg\u00edts\u00e9gny\u00fajt\u00e1s. A csal\u00e1dl\u00e1togat\u00e1sokon k\u00edv\u00fcl a helyi programokban is r\u00e9szt vesz\u00fcnk tev\u00e9kenyen. V\u00e1rjuk mind a csal\u00e1dok, mind a leend\u0151 \u00f6nk\u00e9ntesek jelentkez\u00e9s\u00e9t!<\/p><p>El\u00e9rhet\u0151s\u00e9g:<\/p><p><a href=\"mailto:osafoti@gmail.com\">osafoti@gmail.com<\/a><\/p><p>+36703865247<\/p>\t\t\t\t\t\t\t\t<\/div>\n\t\t\t\t<\/div>\n\t\t\t\t\t<\/div>\n\t\t\t\t<\/div>\n\t\t<div class=\"elementor-element elementor-element-434b8eb e-flex e-con-boxed e-con e-parent\" data-id=\"434b8eb\" data-element_type=\"container\">\n\t\t\t\t\t<div class=\"e-con-inner\">\n\t\t\t\t<div class=\"elementor-element elementor-element-c5efcc6 elementor-widget__width-initial elementor-widget elementor-widget-image\" data-id=\"c5efcc6\" data-element_type=\"widget\" data-widget_type=\"image.default\">\n\t\t\t\t<div class=\"elementor-widget-container\">\n\t\t\t\t\t\t\t\t\t\t\t\t\t\t\t<img loading=\"lazy\" decoding=\"async\" width=\"300\" height=\"300\" src=\"https:\/\/www.fotikozszolg.hu\/wp-content\/uploads\/2025\/05\/OSA-logo-CMYK_vektorgrafikus1-1-300x300.jpg\" class=\"attachment-medium size-medium wp-image-5769\" alt=\"\" srcset=\"https:\/\/www.fotikozszolg.hu\/wp-content\/uploads\/2025\/05\/OSA-logo-CMYK_vektorgrafikus1-1-300x300.jpg 300w, https:\/\/www.fotikozszolg.hu\/wp-content\/uploads\/2025\/05\/OSA-logo-CMYK_vektorgrafikus1-1-150x150.jpg 150w, https:\/\/www.fotikozszolg.hu\/wp-content\/uploads\/2025\/05\/OSA-logo-CMYK_vektorgrafikus1-1-768x771.jpg 768w, https:\/\/www.fotikozszolg.hu\/wp-content\/uploads\/2025\/05\/OSA-logo-CMYK_vektorgrafikus1-1.jpg 801w\" sizes=\"(max-width: 300px) 100vw, 300px\" \/>\t\t\t\t\t\t\t\t\t\t\t\t\t\t\t<\/div>\n\t\t\t\t<\/div>\n\t\t\t\t\t<\/div>\n\t\t\t\t<\/div>\n\t\t<div class=\"elementor-element elementor-element-b6c5e53 e-flex e-con-boxed e-con e-parent\" data-id=\"b6c5e53\" data-element_type=\"container\">\n\t\t\t\t\t<div class=\"e-con-inner\">\n\t\t\t\t<div class=\"elementor-element elementor-element-6cc2941 elementor-widget elementor-widget-text-editor\" data-id=\"6cc2941\" data-element_type=\"widget\" data-widget_type=\"text-editor.default\">\n\t\t\t\t<div class=\"elementor-widget-container\">\n\t\t\t\t\t\t\t\t\t<h3><strong>\u00c9ltet\u0151 Kapcsolatok K\u00f6z\u00f6ss\u00e9ge (\u00c9KK\u0150 Egyes\u00fclet)<\/strong><\/h3><p>\u00a0<\/p><p>Az <strong>\u00c9ltet\u0151 Kapcsolatok K\u00f6z\u00f6ss\u00e9ge (\u00c9KK\u0150 Egyes\u00fclet)<\/strong> egy bar\u00e1ti t\u00e1ras\u00e1g a K\u00e1rp\u00e1t-medenc\u00e9ben, ahol j\u00f3t tenni j\u00f3. Olyan egyszer\u0171 \u00e9rt\u00e9kek fenntart\u00e1s\u00e1\u00e9rt dolgozunk, mint az \u00f6nk\u00e9ntess\u00e9g, er\u0151s k\u00f6z\u00f6ss\u00e9gek, csal\u00e1di szolidarit\u00e1s, seg\u00edts\u00e9gny\u00fajt\u00e1s, hagyom\u00e1nyok tisztelete \u00e9s a K\u00e1rp\u00e1t-medenc\u00e9ben \u00e9s sz\u00f3rv\u00e1nyban \u00e9l\u0151 magyarok \u00f6sszefog\u00e1sa. T\u00f6bb helysz\u00ednen m\u0171k\u00f6d\u00fcnk, F\u00f3ton is van akt\u00edv tags\u00e1gunk. Eddig megval\u00f3sult programjaink:<\/p><p>&#8212; Szuper 60+ : id\u0151seket seg\u00edt\u0151 akt\u00edv nyugd\u00edjasok csoportja<\/p><p>&#8212; Any\u00f3sklubok<\/p><p>&#8211;Nem vagy egyed\u00fcl: Fogyat\u00e9koss\u00e1ggal \u00e9l\u0151 szem\u00e9lyr\u0151l gondoskod\u00f3 csal\u00e1dok seg\u00edt\u00e9se<\/p><p>&#8212; V\u00e1ndorb\u00f6lcs\u0151 program\u00a0<\/p><p>&#8211;K\u00f6z\u00f6ss\u00e9g\u00e9p\u00edt\u0151 tal\u00e1lkoz\u00e1sok<\/p><p>V\u00e1runk csapatunkba, jelentkezz \u00f6nk\u00e9ntesnek!<\/p><p><a href=\"http:\/\/www.eltetokapcsolatok.hu\/\">www.eltetokapcsolatok.hu<\/a><\/p><p><a href=\"mailto:info@eltetokapcsolatok.hu\">info@eltetokapcsolatok.hu<\/a><\/p>\t\t\t\t\t\t\t\t<\/div>\n\t\t\t\t<\/div>\n\t\t\t\t\t<\/div>\n\t\t\t\t<\/div>\n\t\t<div class=\"elementor-element elementor-element-f12f349 e-flex e-con-boxed e-con e-parent\" data-id=\"f12f349\" data-element_type=\"container\">\n\t\t\t\t\t<div class=\"e-con-inner\">\n\t\t\t\t<div class=\"elementor-element elementor-element-cef29c4 elementor-widget__width-initial elementor-widget elementor-widget-image\" data-id=\"cef29c4\" data-element_type=\"widget\" data-widget_type=\"image.default\">\n\t\t\t\t<div class=\"elementor-widget-container\">\n\t\t\t\t\t\t\t\t\t\t\t\t\t\t\t<img loading=\"lazy\" decoding=\"async\" width=\"300\" height=\"296\" src=\"https:\/\/www.fotikozszolg.hu\/wp-content\/uploads\/2025\/05\/EKKO_logo-300x296.png\" class=\"attachment-medium size-medium wp-image-5770\" alt=\"\" srcset=\"https:\/\/www.fotikozszolg.hu\/wp-content\/uploads\/2025\/05\/EKKO_logo-300x296.png 300w, https:\/\/www.fotikozszolg.hu\/wp-content\/uploads\/2025\/05\/EKKO_logo-1024x1010.png 1024w, https:\/\/www.fotikozszolg.hu\/wp-content\/uploads\/2025\/05\/EKKO_logo-768x758.png 768w, https:\/\/www.fotikozszolg.hu\/wp-content\/uploads\/2025\/05\/EKKO_logo-1536x1515.png 1536w, https:\/\/www.fotikozszolg.hu\/wp-content\/uploads\/2025\/05\/EKKO_logo-2048x2021.png 2048w\" sizes=\"(max-width: 300px) 100vw, 300px\" \/>\t\t\t\t\t\t\t\t\t\t\t\t\t\t\t<\/div>\n\t\t\t\t<\/div>\n\t\t\t\t\t<\/div>\n\t\t\t\t<\/div>\n\t\t<div class=\"elementor-element elementor-element-788742e e-flex e-con-boxed e-con e-parent\" data-id=\"788742e\" data-element_type=\"container\">\n\t\t\t\t\t<div class=\"e-con-inner\">\n\t\t\t\t<div class=\"elementor-element elementor-element-5d8cbfb elementor-widget elementor-widget-text-editor\" data-id=\"5d8cbfb\" data-element_type=\"widget\" data-widget_type=\"text-editor.default\">\n\t\t\t\t<div class=\"elementor-widget-container\">\n\t\t\t\t\t\t\t\t\t<h3><strong>Muharay Elem\u00e9r Sz\u00ednpad<\/strong><\/h3><p>\u00a0<\/p><p>Hossz\u00fa f\u00f3ti m\u00faltra visszatekint\u0151, ingyenes k\u00f6z\u00f6ss\u00e9gk\u00e9nt m\u0171k\u00f6d\u0151 falusz\u00ednpadunk 2015-ben \u00fajult meg. T\u00f6bbnyire gyerekek jelentkeztek, akik m\u00e1ra akt\u00edv, j\u00e1t\u00e9kos kedv\u0171 fiatal feln\u0151ttekk\u00e9 v\u00e1ltak.<\/p><p>F\u00f3ti programokon ig\u00e9ny szerint megjelen\u00fcnk, mi t\u00f6bb, saj\u00e1t rendszeres programmal sz\u00ednes\u00edtj\u00fck a f\u00f3ti csal\u00e1dok ny\u00e1ri programj\u00e1t, ugyanis hatodik \u00e9ve m\u00e1r Mesemaratont szervez\u00fcnk a F\u00f3ti t\u00f3hoz. Ezen az ingyenes programon a mes\u00e9k k\u00f6r\u00e9 szervez\u0151dik minden esem\u00e9ny.<\/p><p>Szeretettel v\u00e1runk, ha \u00e9rdekel a sz\u00ednj\u00e1tsz\u00e1s, fejl\u0151dn\u00e9l az \u00f6nkifejez\u00e9sben vagy egyszer\u0171en a mindennapok sz\u00fcrkes\u00e9g\u00e9t sz\u00ednes\u00edten\u00e9d, lazuln\u00e1l, t\u00f6lt\u0151dn\u00e9l rendszeres alkalmainkon. A F\u00f3ti V\u00f6r\u00f6smarty M\u0171vel\u0151d\u00e9si H\u00e1zban keddenk\u00e9nt d\u00e9lut\u00e1n tal\u00e1lkozunk.\u00a0<\/p><p>El\u00e9rhet\u0151s\u00e9g:<\/p><p><a href=\"mailto:muharayszinpad@gmail.com\">muharayszinpad@gmail.com<\/a><\/p><p>R\u00e9v\u00e9sz Melinda<\/p>\t\t\t\t\t\t\t\t<\/div>\n\t\t\t\t<\/div>\n\t\t\t\t\t<\/div>\n\t\t\t\t<\/div>\n\t\t<div class=\"elementor-element elementor-element-f1d4d8a e-flex e-con-boxed e-con e-parent\" data-id=\"f1d4d8a\" data-element_type=\"container\">\n\t\t\t\t\t<div class=\"e-con-inner\">\n\t\t\t\t<div class=\"elementor-element elementor-element-dff6f74 elementor-widget__width-initial elementor-widget elementor-widget-image\" data-id=\"dff6f74\" data-element_type=\"widget\" data-widget_type=\"image.default\">\n\t\t\t\t<div class=\"elementor-widget-container\">\n\t\t\t\t\t\t\t\t\t\t\t\t\t\t\t<img loading=\"lazy\" decoding=\"async\" width=\"316\" height=\"312\" src=\"https:\/\/www.fotikozszolg.hu\/wp-content\/uploads\/2025\/05\/Muharay-Szi\u0301npad.jpg\" class=\"attachment-large size-large wp-image-5771\" alt=\"\" srcset=\"https:\/\/www.fotikozszolg.hu\/wp-content\/uploads\/2025\/05\/Muharay-Szi\u0301npad.jpg 316w, https:\/\/www.fotikozszolg.hu\/wp-content\/uploads\/2025\/05\/Muharay-Szi\u0301npad-300x296.jpg 300w\" sizes=\"(max-width: 316px) 100vw, 316px\" \/>\t\t\t\t\t\t\t\t\t\t\t\t\t\t\t<\/div>\n\t\t\t\t<\/div>\n\t\t\t\t\t<\/div>\n\t\t\t\t<\/div>\n\t\t<div class=\"elementor-element elementor-element-2f016cc e-flex e-con-boxed e-con e-parent\" data-id=\"2f016cc\" data-element_type=\"container\">\n\t\t\t\t\t<div class=\"e-con-inner\">\n\t\t\t\t<div class=\"elementor-element elementor-element-91a6886 elementor-widget elementor-widget-text-editor\" data-id=\"91a6886\" data-element_type=\"widget\" data-widget_type=\"text-editor.default\">\n\t\t\t\t<div class=\"elementor-widget-container\">\n\t\t\t\t\t\t\t\t\t<h3><strong>F\u00f3ti Szabadid\u0151sport \u00e9s Kultur\u00e1lis Egyes\u00fclet<\/strong><\/h3><p>\u00a0<\/p><p>Egyes\u00fclet\u00fcnk f\u0151 k\u00fcldet\u00e9s\u00e9nek tekinti, hogy n\u00e9pszer\u0171s\u00edtse a szabadid\u0151 hasznos elt\u00f6lt\u00e9s\u00e9t: kenut\u00fara, ker\u00e9kp\u00e1rt\u00fara, gyalogt\u00fara \u00e9s kultur\u00e1lis esem\u00e9nyek megrendez\u00e9s\u00e9vel.<\/p><p>\u00c9vente 16-18 programot tervez\u00fcnk \u00e9s bonyol\u00edtunk le. T\u00far\u00e1ink \u00e1ltal\u00e1ban 1-napos (gyalogt\u00fara, ker\u00e9kp\u00e1rt\u00fara, illetve kultur\u00e1lis esem\u00e9nyek seg\u00edt\u00e9se-rendez\u00e9se) 3-napos, (kenut\u00fara, ker\u00e9kp\u00e1rt\u00fara) illetve 6-naposak (ker\u00e9kp\u00e1rt\u00fara, kenut\u00fara). T\u00far\u00e1inkon b\u00e1rki r\u00e9szt vehet eg\u00e9szs\u00e9gi \u00e1llapot\u00e1t\u00f3l f\u00fcgg\u0151en saj\u00e1t felel\u0151ss\u00e9g\u00e9re. Minden \u00e9rdekl\u0151d\u0151t szeretettel v\u00e1runk!<\/p><p>El\u00e9rhet\u0151s\u00e9g:<\/p><p>Facebook: F\u00f3ti Szabadid\u0151 \u00e9s Kultur\u00e1lis Egyes\u00fclet<\/p><p>Ac\u00e9l S\u00e1ndor eln\u00f6k +3620 315 7685<\/p>\t\t\t\t\t\t\t\t<\/div>\n\t\t\t\t<\/div>\n\t\t\t\t\t<\/div>\n\t\t\t\t<\/div>\n\t\t<div class=\"elementor-element elementor-element-8c88626 e-flex e-con-boxed e-con e-parent\" data-id=\"8c88626\" data-element_type=\"container\">\n\t\t\t\t\t<div class=\"e-con-inner\">\n\t\t\t\t<div class=\"elementor-element elementor-element-ca80d31 elementor-widget__width-initial elementor-widget elementor-widget-image\" data-id=\"ca80d31\" data-element_type=\"widget\" data-widget_type=\"image.default\">\n\t\t\t\t<div class=\"elementor-widget-container\">\n\t\t\t\t\t\t\t\t\t\t\t\t\t\t\t<img loading=\"lazy\" decoding=\"async\" width=\"300\" height=\"283\" src=\"https:\/\/www.fotikozszolg.hu\/wp-content\/uploads\/2025\/05\/Fo\u0301ti-Szabadido\u030bsport-Kultura\u0301lis-Egyesu\u0308let-300x283.jpg\" class=\"attachment-medium size-medium wp-image-5772\" alt=\"\" srcset=\"https:\/\/www.fotikozszolg.hu\/wp-content\/uploads\/2025\/05\/Fo\u0301ti-Szabadido\u030bsport-Kultura\u0301lis-Egyesu\u0308let-300x283.jpg 300w, https:\/\/www.fotikozszolg.hu\/wp-content\/uploads\/2025\/05\/Fo\u0301ti-Szabadido\u030bsport-Kultura\u0301lis-Egyesu\u0308let.jpg 383w\" sizes=\"(max-width: 300px) 100vw, 300px\" \/>\t\t\t\t\t\t\t\t\t\t\t\t\t\t\t<\/div>\n\t\t\t\t<\/div>\n\t\t\t\t\t<\/div>\n\t\t\t\t<\/div>\n\t\t<div class=\"elementor-element elementor-element-f8e60f5 e-flex e-con-boxed e-con e-parent\" data-id=\"f8e60f5\" data-element_type=\"container\">\n\t\t\t\t\t<div class=\"e-con-inner\">\n\t\t\t\t<div class=\"elementor-element elementor-element-5706444 elementor-widget elementor-widget-text-editor\" data-id=\"5706444\" data-element_type=\"widget\" data-widget_type=\"text-editor.default\">\n\t\t\t\t<div class=\"elementor-widget-container\">\n\t\t\t\t\t\t\t\t\t<h3><strong>F\u00f3ti K\u00f6zhaszn\u00fa Polg\u00e1r\u0151r Egyes\u00fclet<\/strong><\/h3><p>\u00a0<\/p><p><strong>\u00a0<\/strong>Az egyes\u00fclet c\u00e9lja a k\u00f6zrend \u00e9s k\u00f6zbiztons\u00e1g fenntart\u00e1sa, a lakoss\u00e1g komfort\u00e9rz\u00e9s\u00e9nek jav\u00edt\u00e1sa, szoros egy\u00fcttm\u0171k\u00f6d\u00e9s az \u00f6nkorm\u00e1nyzattal \u00e9s a t\u00e1rsszervekkel, a b\u0171ncselekm\u00e9nyek \u00e9s k\u00f6zleked\u00e9si balesetek megel\u0151z\u00e9se, k\u00f6rnyezetv\u00e9delem.<\/p><p>Egyes\u00fclet\u00fcnk sz\u00e9lesk\u00f6r\u0171 t\u00e1rsadalmi \u00f6sszefog\u00e1sra \u00e9p\u00fcl, amelynek alapja az \u00e1llampolg\u00e1rok pozit\u00edv \u00e9rzelm\u0171 k\u00f6t\u0151d\u00e9se a sz\u0171kebb k\u00f6rnyezet\u00fckh\u00f6z, tenni akar\u00e1suk a helyi k\u00f6rnyezet \u00e9letfelt\u00e9teleire kedvez\u0151tlen\u00fcl hat\u00f3 jelens\u00e9gek t\u00e1voltart\u00e1s\u00e1ra, megsz\u00fcntet\u00e9s\u00e9re vagy visszaszor\u00edt\u00e1sa \u00e9rdek\u00e9ben.<\/p><p>Egyes\u00fclet\u00fcnk tagjai azok a szem\u00e9lyek lehetnek, akik bet\u00f6lt\u00f6tt\u00e9k a 14. \u00e9let\u00e9vet \u00e9s sz\u00fcl\u0151i beleegyez\u00e9ssel (ifj\u00fa polg\u00e1r\u0151r) rendelkeznek, vagy bet\u00f6lt\u00f6tt 18. \u00e9let\u00e9v\u0171ek (polg\u00e1r\u0151r) \u00e9s b\u00fcntetlen el\u0151\u00e9let\u0171ek, cselekv\u0151k\u00e9pesek, valamint k\u00f6telez\u0151en mag\u00e1\u00e9nak tekintik a polg\u00e1r\u0151rs\u00e9g szab\u00e1lyzatait \u00e9s abb\u00f3l sikeres vizsg\u00e1t tesznek.<\/p><p>El\u00e9rhet\u0151s\u00e9g:<\/p><p>Facebook: F\u00f3ti K\u00f6zhaszn\u00fa Polg\u00e1r\u0151r Egyes\u00fclet<\/p><p>+3620 315 7685<\/p>\t\t\t\t\t\t\t\t<\/div>\n\t\t\t\t<\/div>\n\t\t\t\t\t<\/div>\n\t\t\t\t<\/div>\n\t\t<div class=\"elementor-element elementor-element-b7d7d0d e-flex e-con-boxed e-con e-parent\" data-id=\"b7d7d0d\" data-element_type=\"container\">\n\t\t\t\t\t<div class=\"e-con-inner\">\n\t\t\t\t<div class=\"elementor-element elementor-element-7a0f140 elementor-widget__width-initial elementor-widget elementor-widget-image\" data-id=\"7a0f140\" data-element_type=\"widget\" data-widget_type=\"image.default\">\n\t\t\t\t<div class=\"elementor-widget-container\">\n\t\t\t\t\t\t\t\t\t\t\t\t\t\t\t<img loading=\"lazy\" decoding=\"async\" width=\"216\" height=\"300\" src=\"https:\/\/www.fotikozszolg.hu\/wp-content\/uploads\/2025\/05\/polga\u0301ro\u030brse\u0301g-216x300.jpg\" class=\"attachment-medium size-medium wp-image-5773\" alt=\"\" srcset=\"https:\/\/www.fotikozszolg.hu\/wp-content\/uploads\/2025\/05\/polga\u0301ro\u030brse\u0301g-216x300.jpg 216w, https:\/\/www.fotikozszolg.hu\/wp-content\/uploads\/2025\/05\/polga\u0301ro\u030brse\u0301g-737x1024.jpg 737w, https:\/\/www.fotikozszolg.hu\/wp-content\/uploads\/2025\/05\/polga\u0301ro\u030brse\u0301g-768x1068.jpg 768w, https:\/\/www.fotikozszolg.hu\/wp-content\/uploads\/2025\/05\/polga\u0301ro\u030brse\u0301g.jpg 828w\" sizes=\"(max-width: 216px) 100vw, 216px\" \/>\t\t\t\t\t\t\t\t\t\t\t\t\t\t\t<\/div>\n\t\t\t\t<\/div>\n\t\t\t\t\t<\/div>\n\t\t\t\t<\/div>\n\t\t<div class=\"elementor-element elementor-element-2ed8b49 e-flex e-con-boxed e-con e-parent\" data-id=\"2ed8b49\" data-element_type=\"container\">\n\t\t\t\t\t<div class=\"e-con-inner\">\n\t\t\t\t<div class=\"elementor-element elementor-element-ba58a66 elementor-widget elementor-widget-text-editor\" data-id=\"ba58a66\" data-element_type=\"widget\" data-widget_type=\"text-editor.default\">\n\t\t\t\t<div class=\"elementor-widget-container\">\n\t\t\t\t\t\t\t\t\t<h3><strong>FOTON 2023 K\u00f6rnyezetv\u00e9delmi, Term\u00e9szetv\u00e9delmi \u00e9s V\u00e1rosfejleszt\u00e9si Egyes\u00fclet<\/strong><\/h3><p>\u00a0<\/p><p>Az egyes\u00fclet 2023. janu\u00e1r 29. napj\u00e1n alakult meg. Az egyes\u00fclet legf\u0151bb c\u00e9lja a k\u00f6rnyezetv\u00e9delem.<\/p><p>\u201eAz erk\u00f6lcs nem csak azt jelenti, hogy nem lopunk \u00e9s nem sikkasztunk, hanem azt is, hogyan b\u00e1nunk a term\u00e9szettel.\u201d (Cs\u00e1nyi Vilmos, Sz\u00e9chenyi-d\u00edjas magyar biol\u00f3gus, a Magyar Tudom\u00e1nyos Akad\u00e9mia rendes tagja).<\/p><p><strong>A FOTON 2023 Egyes\u00fclet c\u00e9ljai:<\/strong><\/p><p>F\u00f3tliget \u00e9s F\u00f3t, valamint azok k\u00f6rny\u00e9ke jobb \u00e9s \u00e9lhet\u0151bb term\u00e9szeti \u00e9s k\u00f6rnyezeti \u00e1llapot\u00e1nak el\u00e9r\u00e9se \u00e9rdek\u00e9ben seg\u00edteni a k\u00f6rnyezeti kult\u00fara terjeszt\u00e9s\u00e9t, fejleszt\u00e9s\u00e9t, a k\u00f6rnyezet, term\u00e9szet, az energiatakar\u00e9koss\u00e1g \u00e9s a kl\u00edmatudatoss\u00e1g t\u00e1rsadalmi b\u00e1zis\u00e1nak kisz\u00e9les\u00edt\u00e9s\u00e9t, ennek keret\u00e9ben az egyes\u00fclet c\u00e9lja:<\/p><p>1.) A fenntarthat\u00f3 fejl\u0151d\u00e9s helyi szint\u0171 \u00e9rv\u00e9nyes\u00edt\u00e9s\u00e9nek el\u0151seg\u00edt\u00e9se;<\/p><p>2.) Az elj\u00f6vend\u0151 gener\u00e1ci\u00f3k \u00e9rdekei ir\u00e1nti felel\u0151ss\u00e9gv\u00e1llal\u00e1s;<\/p><p>3.) A helyi lakoss\u00e1g k\u00f6rnyezetv\u00e9delmi \u00e9s a term\u00e9szetv\u00e9delem \u00e9rdekeinek k\u00e9pviselete;<\/p><p>4.) A helyi lakoss\u00e1g inform\u00e1ci\u00f3khoz val\u00f3 hozz\u00e1f\u00e9r\u00e9s\u00e9nek \u00e9s a d\u00f6nt\u00e9shozatalokban val\u00f3 r\u00e9szv\u00e9tel\u00e9nek el\u0151seg\u00edt\u00e9se k\u00f6rnyezetv\u00e9delmi, term\u00e9szetv\u00e9delmi \u00e9s v\u00e1rosfejleszt\u00e9si \u00fcgyekben;<\/p><p>5.) F\u00f3tliget \u00e9s F\u00f3t, valamint azok k\u00f6rny\u00e9k\u00e9nek helyt\u00f6rt\u00e9neti, term\u00e9szeti \u00e9rt\u00e9keinek v\u00e9delme \u00e9s azok fejleszt\u00e9se;<\/p><p>6.) F\u00f3tliget \u00e9s F\u00f3t, valamint azok k\u00f6rny\u00e9ke k\u00f6rnyezet\u00e1llapot\u00e1nak jav\u00edt\u00e1sa;<\/p><p>7.) A helyi lakoss\u00e1g \u00e9s gazdas\u00e1gi tev\u00e9kenys\u00e9get folytat\u00f3k k\u00f6rnyezet- \u00e9s eg\u00e9szs\u00e9gtudatos szeml\u00e9letform\u00e1l\u00e1sa;<\/p><p>8.) A fenntarthat\u00f3 fejl\u0151d\u00e9s el\u0151seg\u00edt\u00e9se a helyi ter\u00fclet- \u00e9s v\u00e1rosfejleszt\u00e9sben;<\/p><p>9.) A ker\u00fcleti civil k\u00f6z\u00f6ss\u00e9gi \u00e9letben val\u00f3 akt\u00edv r\u00e9szv\u00e9tel;<\/p><p>B\u0151vebb inform\u00e1ci\u00f3 \u00e9s kapcsolatfelv\u00e9teli lehet\u0151s\u00e9g\u00a0<a href=\"https:\/\/www.foton2023egyesulet.com\/\">https:\/\/www.foton2023egyesulet.com\/<\/a><\/p>\t\t\t\t\t\t\t\t<\/div>\n\t\t\t\t<\/div>\n\t\t\t\t\t<\/div>\n\t\t\t\t<\/div>\n\t\t<div class=\"elementor-element elementor-element-cf1a4da e-flex e-con-boxed e-con e-parent\" data-id=\"cf1a4da\" data-element_type=\"container\">\n\t\t\t\t\t<div class=\"e-con-inner\">\n\t\t\t\t<div class=\"elementor-element elementor-element-b193ca5 elementor-widget__width-initial elementor-widget elementor-widget-image\" data-id=\"b193ca5\" data-element_type=\"widget\" data-widget_type=\"image.default\">\n\t\t\t\t<div class=\"elementor-widget-container\">\n\t\t\t\t\t\t\t\t\t\t\t\t\t\t\t<img loading=\"lazy\" decoding=\"async\" width=\"300\" height=\"300\" src=\"https:\/\/www.fotikozszolg.hu\/wp-content\/uploads\/2025\/05\/foton2023-300x300.png\" class=\"attachment-medium size-medium wp-image-5774\" alt=\"\" srcset=\"https:\/\/www.fotikozszolg.hu\/wp-content\/uploads\/2025\/05\/foton2023-300x300.png 300w, https:\/\/www.fotikozszolg.hu\/wp-content\/uploads\/2025\/05\/foton2023-150x150.png 150w, https:\/\/www.fotikozszolg.hu\/wp-content\/uploads\/2025\/05\/foton2023.png 500w\" sizes=\"(max-width: 300px) 100vw, 300px\" \/>\t\t\t\t\t\t\t\t\t\t\t\t\t\t\t<\/div>\n\t\t\t\t<\/div>\n\t\t\t\t\t<\/div>\n\t\t\t\t<\/div>\n\t\t<div class=\"elementor-element elementor-element-4fdae52 e-flex e-con-boxed e-con e-parent\" data-id=\"4fdae52\" data-element_type=\"container\">\n\t\t\t\t\t<div class=\"e-con-inner\">\n\t\t\t\t<div class=\"elementor-element elementor-element-e8a54f2 elementor-widget elementor-widget-text-editor\" data-id=\"e8a54f2\" data-element_type=\"widget\" data-widget_type=\"text-editor.default\">\n\t\t\t\t<div class=\"elementor-widget-container\">\n\t\t\t\t\t\t\t\t\t<h3><strong>F\u00f3ti Zenebar\u00e1tok K\u00f3rusa<\/strong><\/h3><p>\u00a0<\/p><p>Szeretsz \u00e9nekelni? Kipr\u00f3b\u00e1ln\u00e1d magad egy lelkes tagokb\u00f3l \u00f6ssze\u00e1ll\u00f3 vegyesk\u00f3rusban, ahol a j\u00f3 hangulat \u00e9s a k\u00f6z\u00f6s zenei \u00e9lm\u00e9ny k\u00e9z a k\u00e9zben j\u00e1r a fejl\u0151d\u00e9ssel? Hetente tartott pr\u00f3b\u00e1inkon nemcsak hazai \u00e9s nemzetk\u00f6zi, klasszikus \u00e9s kort\u00e1rs k\u00f3rusm\u0171veket kelt\u00fcnk \u00e9letre, hanem hangk\u00e9pz\u00e9ssel \u00e9s zenei ismereteink b\u0151v\u00edt\u00e9s\u00e9vel is foglalkozunk. Koncertjeinken \u00e9s k\u00fclf\u00f6ldi szerepl\u00e9seink alkalm\u00e1val a magyar n\u00e9pdal-feldolgoz\u00e1sokt\u00f3l a renesz\u00e1nsz k\u00f3rusirodalom gy\u00f6ngyszemein \u00e1t, a gospelek vil\u00e1g\u00e1ig kalandozunk.<\/p><p>Ha fontos sz\u00e1modra a k\u00f6z\u00f6ss\u00e9g, a zene szeretete, \u00e9s sz\u00edvesen lenn\u00e9l r\u00e9szese valami igaz\u00e1n k\u00fcl\u00f6nlegesnek \u2013 v\u00e1runk sok szeretettel! Pr\u00f3b\u00e1inkat minden szerd\u00e1n 17:30-19:30 k\u00f6z\u00f6tt tartjuk a V\u00f6r\u00f6smarty M\u0171vel\u0151d\u00e9si H\u00e1zban.<\/p><p>Ha tov\u00e1bbi inform\u00e1ci\u00f3ra van sz\u00fcks\u00e9ged keresd b\u00e1tran egyes\u00fclet\u00fcnk eln\u00f6k\u00e9t a lenti el\u00e9rhet\u0151s\u00e9gen, vagy \u00fczenj r\u00e1nk k\u00f6z\u00f6ss\u00e9gi m\u00e9dia fel\u00fcleteken.<\/p><p>El\u00e9rhet\u0151s\u00e9gek:<br \/>Egyes\u00fclet eln\u00f6ke: R\u00e1kosi Lilla<\/p><p>E-mail:\u00a0<a href=\"mailto:fotizenebaratokkorusa@gmail.com\">fotizenebaratokkorusa@gmail.com<\/a><br \/>Facebook:\u00a0<a href=\"http:\/\/facebook.com\/fotizenebaratok\">http:\/\/facebook.com\/fotizenebaratok<\/a><br \/>Youtube:\u00a0<a href=\"https:\/\/www.youtube.com\/@fotizenebaratok\">https:\/\/www.youtube.com\/@fotizenebaratok<\/a><\/p>\t\t\t\t\t\t\t\t<\/div>\n\t\t\t\t<\/div>\n\t\t\t\t\t<\/div>\n\t\t\t\t<\/div>\n\t\t<div class=\"elementor-element elementor-element-f659105 e-flex e-con-boxed e-con e-parent\" data-id=\"f659105\" data-element_type=\"container\">\n\t\t\t\t\t<div class=\"e-con-inner\">\n\t\t\t\t<div class=\"elementor-element elementor-element-1834910 elementor-widget__width-initial elementor-widget elementor-widget-image\" data-id=\"1834910\" data-element_type=\"widget\" data-widget_type=\"image.default\">\n\t\t\t\t<div class=\"elementor-widget-container\">\n\t\t\t\t\t\t\t\t\t\t\t\t\t\t\t<img loading=\"lazy\" decoding=\"async\" width=\"300\" height=\"300\" src=\"https:\/\/www.fotikozszolg.hu\/wp-content\/uploads\/2025\/05\/F-Z-B-300x300.png\" class=\"attachment-medium size-medium wp-image-5775\" alt=\"\" srcset=\"https:\/\/www.fotikozszolg.hu\/wp-content\/uploads\/2025\/05\/F-Z-B-300x300.png 300w, https:\/\/www.fotikozszolg.hu\/wp-content\/uploads\/2025\/05\/F-Z-B-150x150.png 150w, https:\/\/www.fotikozszolg.hu\/wp-content\/uploads\/2025\/05\/F-Z-B.png 500w\" sizes=\"(max-width: 300px) 100vw, 300px\" \/>\t\t\t\t\t\t\t\t\t\t\t\t\t\t\t<\/div>\n\t\t\t\t<\/div>\n\t\t\t\t\t<\/div>\n\t\t\t\t<\/div>\n\t\t<div class=\"elementor-element elementor-element-378d879 e-flex e-con-boxed e-con e-parent\" data-id=\"378d879\" data-element_type=\"container\">\n\t\t\t\t\t<div class=\"e-con-inner\">\n\t\t\t\t<div class=\"elementor-element elementor-element-7edbd69 elementor-widget elementor-widget-text-editor\" data-id=\"7edbd69\" data-element_type=\"widget\" data-widget_type=\"text-editor.default\">\n\t\t\t\t<div class=\"elementor-widget-container\">\n\t\t\t\t\t\t\t\t\t<h3><strong>F\u00f3ti K\u00e9k Bogl\u00e1rka Nagycsal\u00e1dos Egyes\u00fclet<\/strong><\/h3><p>\u00a0<\/p><p>Egyes\u00fclet\u00fcnk c\u00e9lja a nagycsal\u00e1dosok saj\u00e1tos \u00e9rdek\u00e9nek k\u00e9pviselete, valamint a nagycsal\u00e1dosok egym\u00e1st ismer\u0151 \u00e9s\u00a0seg\u00edt\u0151 k\u00f6z\u00f6ss\u00e9g\u00e9 szervez\u00e9se, illetve a nagycsal\u00e1dosok seg\u00edt\u00e9se\u00a0t\u00e1mogat\u00e1sa.<\/p><p>Fontosnak tartjuk az \u00e9let \u00e9s az anyas\u00e1g tisztelet\u00e9re val\u00f3 nevel\u00e9st, a h\u00e1zass\u00e1g\u00e9rt \u00e9s a j\u00f6v\u0151 gener\u00e1ci\u00f3j\u00e1\u00e9rt \u00e9rzett felel\u0151ss\u00e9g\u00a0er\u0151s\u00edt\u00e9s\u00e9t. Nev\u00fcnkb\u00f3l ad\u00f3d\u00f3an tagjaink k\u00f6z\u00e9 a f\u00f3ti nagycsal\u00e1dosokat v\u00e1rjuk szeretettel.<\/p><p>El\u00e9rhet\u0151s\u00e9g:<\/p><p>Elek J\u00e1nosn\u00e9 0670-4314381<\/p><p><a href=\"mailto:fotikekboglarka@gmail.com\">fotikekboglarka@gmail.com<\/a><\/p>\t\t\t\t\t\t\t\t<\/div>\n\t\t\t\t<\/div>\n\t\t\t\t\t<\/div>\n\t\t\t\t<\/div>\n\t\t<div class=\"elementor-element elementor-element-b237b99 e-flex e-con-boxed e-con e-parent\" data-id=\"b237b99\" data-element_type=\"container\">\n\t\t\t\t\t<div class=\"e-con-inner\">\n\t\t\t\t<div class=\"elementor-element elementor-element-750b44b elementor-widget__width-initial elementor-widget elementor-widget-image\" data-id=\"750b44b\" data-element_type=\"widget\" data-widget_type=\"image.default\">\n\t\t\t\t<div class=\"elementor-widget-container\">\n\t\t\t\t\t\t\t\t\t\t\t\t\t\t\t<img loading=\"lazy\" decoding=\"async\" width=\"300\" height=\"271\" src=\"https:\/\/www.fotikozszolg.hu\/wp-content\/uploads\/2025\/05\/Screenshot_20250406_214057_Gmail-300x271.jpg\" class=\"attachment-medium size-medium wp-image-5776\" alt=\"\" srcset=\"https:\/\/www.fotikozszolg.hu\/wp-content\/uploads\/2025\/05\/Screenshot_20250406_214057_Gmail-300x271.jpg 300w, https:\/\/www.fotikozszolg.hu\/wp-content\/uploads\/2025\/05\/Screenshot_20250406_214057_Gmail-1024x926.jpg 1024w, https:\/\/www.fotikozszolg.hu\/wp-content\/uploads\/2025\/05\/Screenshot_20250406_214057_Gmail-768x695.jpg 768w, https:\/\/www.fotikozszolg.hu\/wp-content\/uploads\/2025\/05\/Screenshot_20250406_214057_Gmail.jpg 1080w\" sizes=\"(max-width: 300px) 100vw, 300px\" \/>\t\t\t\t\t\t\t\t\t\t\t\t\t\t\t<\/div>\n\t\t\t\t<\/div>\n\t\t\t\t\t<\/div>\n\t\t\t\t<\/div>\n\t\t<div class=\"elementor-element elementor-element-28dfb1a e-flex e-con-boxed e-con e-parent\" data-id=\"28dfb1a\" data-element_type=\"container\">\n\t\t\t\t\t<div class=\"e-con-inner\">\n\t\t\t\t<div class=\"elementor-element elementor-element-d946832 elementor-widget elementor-widget-text-editor\" data-id=\"d946832\" data-element_type=\"widget\" data-widget_type=\"text-editor.default\">\n\t\t\t\t<div class=\"elementor-widget-container\">\n\t\t\t\t\t\t\t\t\t<h3><strong>Impulzus Egyes\u00fclet<\/strong><\/h3><p>\u00a0<\/p><p>Egyes\u00fclet\u00fcnket 2014-ben alap\u00edtottuk, \u00e9s ugyanebben az \u00e9vben m\u00e1r a VIII. F\u00f3ti-Futit szervezt\u00fck \u00e9s rendezt\u00fck meg.<\/p><p><strong>C\u00e9ljaink, alapszab\u00e1lyban r\u00f6gz\u00edtett feladataink:<\/strong><\/p><p>-az eg\u00e9szs\u00e9ges \u00e9letm\u00f3d \u00e9s a szabadid\u0151sport gyakorl\u00e1sa, felt\u00e9teleinek megteremt\u00e9se<\/p><p>-gyermek \u00e9s ifj\u00fas\u00e1gi sport t\u00e1mogat\u00e1sa<\/p><p>-rendszeres testedz\u00e9s, versenyz\u00e9s biztos\u00edt\u00e1sa rendezv\u00e9nyeken, esem\u00e9nyeken kereszt\u00fcl<\/p><p>-amat\u0151r sportversenyek, esem\u00e9nyek szervez\u00e9se, lebonyol\u00edt\u00e1sa<\/p><p>-\u00f3vodai, iskolai tanul\u00f3k testnevel\u00e9si \u00e9s sporttev\u00e9kenys\u00e9g\u00e9nek el\u0151seg\u00edt\u00e9se<\/p><p>-k\u00f6z\u00f6ss\u00e9gi \u00e9let \u00e9p\u00edt\u00e9se, fenntart\u00e1sa az amat\u0151rsporton kereszt\u00fcl<\/p><p>-a lakoss\u00e1g szabadid\u0151sportj\u00e1nak el\u0151seg\u00edt\u00e9se<\/p><p>-m\u00e1s, hasonl\u00f3 c\u00e9l\u00fa egyes\u00fclettel \u00e9s civil szervezetekkel val\u00f3 egy\u00fcttm\u0171k\u00f6d\u00e9s<\/p><p><strong>Az \u00e9v h\u00e1tral\u00e9v\u0151 id\u0151szak\u00e1ban az al\u00e1bbi esem\u00e9nyeinkre v\u00e1runk:<\/strong><\/p><ol><li>\u00c1prilis-Szeptember &#8211; ker\u00e9kp\u00e1ros szeml\u00e9letform\u00e1l\u00f3 programok<\/li><li>\u00c1prilis-December &#8211; BikeSafe program n\u00e9pszer\u0171s\u00edt\u00e9se<\/li><li>M\u00e1jus-Szeptember &#8211; Ismerd meg F\u00f3tot ker\u00e9kp\u00e1rral<\/li><li>M\u00e1jus 4. &#8211; Fut\u00f3k\u00f6r\u00f6k Napja F\u00f3t<\/li><li>M\u00e1jus 13. &#8211; Bring\u00e1s Reggeli F\u00f3t<\/li><li>M\u00e1jus 25. &#8211;\u00a0 F\u00f3ti-Futi \u00e9s F\u00f3ti-Futi MINI<\/li><li>Okt\u00f3ber 11. &#8211; Rom-Run terep \u00e9s akad\u00e1lyfut\u00e1s, gyalogl\u00e1s<\/li><li>Okt\u00f3ber 26. &#8211; Gesztenyefut\u00e1s-\u00f3vod\u00e1s, kisiskol\u00e1s fut\u00e1s<\/li><li>December 6. &#8211; Szent Mikl\u00f3s fut\u00e1s<\/li><\/ol><p>Tov\u00e1bbi inform\u00e1ci\u00f3 \u00e9s el\u00e9rhet\u0151s\u00e9g:<\/p><p><a href=\"http:\/\/www.e-impulzus.hu\">www.e-impulzus.hu<\/a> \u00a0 \u00a0\u00a0\u00a0\u00a0\u00a0\u00a0\u00a0\u00a0\u00a0\u00a0\u00a0\u00a0\u00a0\u00a0\u00a0\u00a0\u00a0\u00a0\u00a0\u00a0\u00a0\u00a0\u00a0 <a href=\"http:\/\/www.fotifuti.hu\">www.fotifuti.hu<\/a>\u00a0\u00a0\u00a0\u00a0\u00a0\u00a0\u00a0\u00a0\u00a0 \u00a0\u00a0\u00a0\u00a0\u00a0\u00a0\u00a0\u00a0\u00a0\u00a0\u00a0\u00a0\u00a0\u00a0\u00a0\u00a0\u00a0\u00a0\u00a0\u00a0\u00a0\u00a0\u00a0 <a href=\"http:\/\/www.rom-run.hu\">www.rom-run.hu<\/a><\/p><p>szabadido@e-impulzus.hu<\/p>\t\t\t\t\t\t\t\t<\/div>\n\t\t\t\t<\/div>\n\t\t\t\t\t<\/div>\n\t\t\t\t<\/div>\n\t\t<div class=\"elementor-element elementor-element-9fb5904 e-flex e-con-boxed e-con e-parent\" data-id=\"9fb5904\" data-element_type=\"container\">\n\t\t\t\t\t<div class=\"e-con-inner\">\n\t\t\t\t<div class=\"elementor-element elementor-element-ceb6d73 elementor-widget__width-initial elementor-widget elementor-widget-image\" data-id=\"ceb6d73\" data-element_type=\"widget\" data-widget_type=\"image.default\">\n\t\t\t\t<div class=\"elementor-widget-container\">\n\t\t\t\t\t\t\t\t\t\t\t\t\t\t\t<img loading=\"lazy\" decoding=\"async\" width=\"300\" height=\"149\" src=\"https:\/\/www.fotikozszolg.hu\/wp-content\/uploads\/2025\/05\/impulzus-300x149.jpg\" class=\"attachment-medium size-medium wp-image-5777\" alt=\"\" srcset=\"https:\/\/www.fotikozszolg.hu\/wp-content\/uploads\/2025\/05\/impulzus-300x149.jpg 300w, https:\/\/www.fotikozszolg.hu\/wp-content\/uploads\/2025\/05\/impulzus-1024x508.jpg 1024w, https:\/\/www.fotikozszolg.hu\/wp-content\/uploads\/2025\/05\/impulzus-768x381.jpg 768w, https:\/\/www.fotikozszolg.hu\/wp-content\/uploads\/2025\/05\/impulzus-1536x762.jpg 1536w, https:\/\/www.fotikozszolg.hu\/wp-content\/uploads\/2025\/05\/impulzus.jpg 1777w\" sizes=\"(max-width: 300px) 100vw, 300px\" \/>\t\t\t\t\t\t\t\t\t\t\t\t\t\t\t<\/div>\n\t\t\t\t<\/div>\n\t\t\t\t\t<\/div>\n\t\t\t\t<\/div>\n\t\t<div class=\"elementor-element elementor-element-2bf90ce e-flex e-con-boxed e-con e-parent\" data-id=\"2bf90ce\" data-element_type=\"container\">\n\t\t\t\t\t<div class=\"e-con-inner\">\n\t\t\t\t<div class=\"elementor-element elementor-element-e2c03ed elementor-widget elementor-widget-text-editor\" data-id=\"e2c03ed\" data-element_type=\"widget\" data-widget_type=\"text-editor.default\">\n\t\t\t\t<div class=\"elementor-widget-container\">\n\t\t\t\t\t\t\t\t\t<h3><strong>Somly\u00f3 M\u0171v\u00e9szeti Egyes\u00fclet (SOME)<\/strong><\/h3><p>\u00a0<\/p><p>Az egyes\u00fclet c\u00e9lja F\u00f3t V\u00e1ros \u00e9s k\u00f6rny\u00e9ke m\u0171v\u00e9szet\u00e9nek k\u00f6zhaszn\u00fa el\u0151seg\u00edt\u00e9se m\u0171v\u00e9szeti rendezv\u00e9nyek szervez\u00e9s\u00e9vel \u00e9s t\u00e1mogat\u00e1s\u00e1val, valamint a m\u0171v\u00e9szetet tanul\u00f3 gyermekek sz\u00e1m\u00e1ra a tanul\u00e1shoz sz\u00fcks\u00e9ges eszk\u00f6z\u00f6k (hangszerek, kieg\u00e9sz\u00edt\u0151k, k\u00e9pz\u0151m\u0171v\u00e9szeti alapanyagok) biztos\u00edt\u00e1s\u00e1val. Az egyes\u00fcletet zenekedvel\u0151 emberek, zeneiskol\u00e1s gyermekek sz\u00fclei, zenetan\u00e1rok h\u00edvt\u00e1k \u00e9letre.<\/p><p>Szeretn\u00e9nk a lehet\u0151 legt\u00f6bb emberrel megszerettetni kult\u00far\u00e1nk kifejez\u0151 eszk\u00f6zeit: a zen\u00e9l\u00e9st, a k\u00e9pz\u0151m\u0171v\u00e9szeteket, a sz\u00ednj\u00e1tsz\u00e1st. Ezek nem oldj\u00e1k meg minden probl\u00e9m\u00e1nkat, de j\u00f3 eszk\u00f6zz\u00e9 v\u00e1lhatnak azok kezel\u00e9s\u00e9re \u00e9s kompetenci\u00e1ink fejleszt\u00e9s\u00e9re. T\u00e1mogatj\u00e1k szellemi \u00e9s ment\u00e1lis eg\u00e9szs\u00e9g\u00fcnket \u00e9s form\u00e1lj\u00e1k j\u00f6v\u0151k\u00e9p\u00fcnket.<\/p><p>Fontosnak tartjuk, hogy minden \u00e9rintett sz\u00e1m\u00e1ra ismert legyen: a zen\u00e9l\u00e9s fejleszti a hall\u00e1st, a ritmus\u00e9rz\u00e9ket, a mozg\u00e1st, valamint ezeken t\u00fal p\u00e9ld\u00e1ul a matematikai \u00e9s a nyelvi k\u00e9szs\u00e9get.<\/p><p>A m\u0171v\u00e9szeti csoportok seg\u00edtik a k\u00f6z\u00f6ss\u00e9gbe tartoz\u00e1s \u00e9rz\u00e9s\u00e9t, a felel\u0151ss\u00e9gtudat kialakul\u00e1s\u00e1t.<\/p><p>A k\u00fcl\u00f6nleges b\u00e1n\u00e1sm\u00f3dot ig\u00e9nyl\u0151 kicsikn\u00e9l is hat\u00e9kony stresszold\u00f3 hat\u00e1sa van a zen\u00e9nek.<\/p><p>Sz\u00e1mos tov\u00e1bbi pozit\u00edv transzferhat\u00e1s tapasztalhat\u00f3 meg a m\u0171v\u00e9szeteket tanul\u00f3kn\u00e1l: fejl\u0151dik t\u0151le az \u00e9rz\u00e9kel\u00e9s, az \u00e9szlel\u00e9s, az eml\u00e9kezet, a fant\u00e1zia, a logikus gondolkod\u00e1s, az emp\u00e1ti\u00e1s k\u00e9szs\u00e9g, az \u00e9rzelemkifejez\u00e9si reperto\u00e1r, a szab\u00e1lytudat \u00e9s szab\u00e1lyk\u00f6vet\u00e9s, a kitart\u00e1s, a figyelem, az \u00fcgyess\u00e9g \u00e9s az eszt\u00e9tikai \u00e9rz\u00e9k.<\/p><p>Szeretettel v\u00e1runk sorainkba!<\/p><p>El\u00e9rhet\u0151s\u00e9g:<\/p><p><a href=\"http:\/\/some-fot.hu\/\">http:\/\/some-fot.hu\/<\/a><\/p><p>+36204762976<\/p>\t\t\t\t\t\t\t\t<\/div>\n\t\t\t\t<\/div>\n\t\t\t\t\t<\/div>\n\t\t\t\t<\/div>\n\t\t<div class=\"elementor-element elementor-element-8880ceb e-flex e-con-boxed e-con e-parent\" data-id=\"8880ceb\" data-element_type=\"container\">\n\t\t\t\t\t<div class=\"e-con-inner\">\n\t\t\t\t<div class=\"elementor-element elementor-element-dbde411 elementor-widget elementor-widget-text-editor\" data-id=\"dbde411\" data-element_type=\"widget\" data-widget_type=\"text-editor.default\">\n\t\t\t\t<div class=\"elementor-widget-container\">\n\t\t\t\t\t\t\t\t\t<h3><strong>Fejl\u0151d\u0151 Otthonunk\u00e9rt T\u00e1rsadalmi Egyes\u00fclet<\/strong><\/h3><p>\u00a0<\/p><p>Az egyes\u00fclet c\u00e9lja: \u00f6sszefog\u00e1s F\u00f3t V\u00e1ros gazdas\u00e1gi \u00e9s t\u00e1rsadalmi fejl\u0151d\u00e9s\u00e9\u00e9rt tenni akar\u00f3 civilek akt\u00edv r\u00e9szv\u00e9tel\u00e9\u00e9rt a v\u00e1ros \u00e9let\u00e9t ir\u00e1ny\u00edt\u00f3 test\u00fclet munk\u00e1j\u00e1ban.<\/p><p>Az egyes\u00fclet tev\u00e9kenys\u00e9ge: civil egyes\u00fcletk\u00e9nt seg\u00edti F\u00f3t V\u00e1ros gazdas\u00e1gi, t\u00e1rsadalmi \u00e9let\u00e9ben jelent\u0151s c\u00e9lok el\u00e9r\u00e9s\u00e9t a sz\u00e9les t\u00e1rsadalom bevon\u00e1s\u00e1val, az \u00f6nkorm\u00e1nyzati v\u00e1laszt\u00e1sokon polg\u00e1rmester- \u00e9s k\u00e9pvisel\u0151jel\u00f6ltek \u00e1ll\u00edt\u00e1s\u00e1val, a k\u00e9pvisel\u0151-test\u00fclet bizotts\u00e1gaiba k\u00fcltagok deleg\u00e1l\u00e1s\u00e1val.<\/p><p>El\u00e9rhet\u0151s\u00e9g:<\/p><p>Ac\u00e9l S\u00e1ndor eln\u00f6k +3620 315 7685<\/p>\t\t\t\t\t\t\t\t<\/div>\n\t\t\t\t<\/div>\n\t\t\t\t\t<\/div>\n\t\t\t\t<\/div>\n\t\t<div class=\"elementor-element elementor-element-c700318 e-flex e-con-boxed e-con e-parent\" data-id=\"c700318\" data-element_type=\"container\">\n\t\t\t\t\t<div class=\"e-con-inner\">\n\t\t\t\t<div class=\"elementor-element elementor-element-4a87a33 elementor-widget__width-initial elementor-widget elementor-widget-image\" data-id=\"4a87a33\" data-element_type=\"widget\" data-widget_type=\"image.default\">\n\t\t\t\t<div class=\"elementor-widget-container\">\n\t\t\t\t\t\t\t\t\t\t\t\t\t\t\t<img loading=\"lazy\" decoding=\"async\" width=\"300\" height=\"284\" src=\"https:\/\/www.fotikozszolg.hu\/wp-content\/uploads\/2025\/05\/fot-300x284.jpg\" class=\"attachment-medium size-medium wp-image-5778\" alt=\"\" srcset=\"https:\/\/www.fotikozszolg.hu\/wp-content\/uploads\/2025\/05\/fot-300x284.jpg 300w, https:\/\/www.fotikozszolg.hu\/wp-content\/uploads\/2025\/05\/fot.jpg 434w\" sizes=\"(max-width: 300px) 100vw, 300px\" \/>\t\t\t\t\t\t\t\t\t\t\t\t\t\t\t<\/div>\n\t\t\t\t<\/div>\n\t\t\t\t\t<\/div>\n\t\t\t\t<\/div>\n\t\t<div class=\"elementor-element elementor-element-3f04fbc e-con-full e-flex e-con e-parent\" data-id=\"3f04fbc\" data-element_type=\"container\">\n\t\t\t\t<div class=\"elementor-element elementor-element-4db1f80 elementor-widget elementor-widget-text-editor\" data-id=\"4db1f80\" data-element_type=\"widget\" data-widget_type=\"text-editor.default\">\n\t\t\t\t<div class=\"elementor-widget-container\">\n\t\t\t\t\t\t\t\t\t<h3><strong>f\u00f3toz\u00f3k K\u00f6rnyezetv\u00e9delmi, Kultur\u00e1lis \u00e9s K\u00f6z\u00e9leti Egyes\u00fclet<\/strong><\/h3><p>\u00a0<\/p><p>A 2018-ban alakult egyes\u00fclet mindh\u00e1rom t\u00e9m\u00e1ban tev\u00e9kenykedett az elm\u00falt \u00e9vekben.<\/p><p>Legismertebb a k\u00f6z\u00e9leti tev\u00e9kenys\u00e9ge volt, a legmaradand\u00f3bb a v\u00e1rossal kapcsolatos \u00f6ntev\u00e9keny sz\u00e9p\u00edt\u0151, vagy hasznos, kis k\u00f6lts\u00e9gvet\u00e9s\u0171 fejleszt\u00e9sei voltak, amik a mai napig is haszn\u00e1latban vannak. Gyakran m\u0171k\u00f6d\u00f6tt egy\u00fctt m\u00e1s f\u00f3ti civil csoportokkal.<\/p><p>Tov\u00e1bbi terveink, \u00f6tleteink is vannak, \u00edgy tov\u00e1bbi lelkes tagok jelentkez\u00e9s\u00e9t \u00f6r\u00f6mmel vessz\u00fck.<\/p><p>El\u00e9rhet\u0151s\u00e9g:<\/p><p><strong>Bar\u00e1th Zolt\u00e1n<\/strong><\/p><p>+36309241744<\/p>\t\t\t\t\t\t\t\t<\/div>\n\t\t\t\t<\/div>\n\t\t\t\t<\/div>\n\t\t<div class=\"elementor-element elementor-element-35d4b61 e-flex e-con-boxed e-con e-parent\" data-id=\"35d4b61\" data-element_type=\"container\">\n\t\t\t\t\t<div class=\"e-con-inner\">\n\t\t\t\t<div class=\"elementor-element elementor-element-5bc6f2d elementor-widget__width-initial elementor-widget elementor-widget-image\" data-id=\"5bc6f2d\" data-element_type=\"widget\" data-widget_type=\"image.default\">\n\t\t\t\t<div class=\"elementor-widget-container\">\n\t\t\t\t\t\t\t\t\t\t\t\t\t\t\t<img loading=\"lazy\" decoding=\"async\" width=\"300\" height=\"300\" src=\"https:\/\/www.fotikozszolg.hu\/wp-content\/uploads\/2025\/05\/fo\u0301tozo\u0301k-300x300.png\" class=\"attachment-medium size-medium wp-image-5779\" alt=\"\" srcset=\"https:\/\/www.fotikozszolg.hu\/wp-content\/uploads\/2025\/05\/fo\u0301tozo\u0301k-300x300.png 300w, https:\/\/www.fotikozszolg.hu\/wp-content\/uploads\/2025\/05\/fo\u0301tozo\u0301k-150x150.png 150w, https:\/\/www.fotikozszolg.hu\/wp-content\/uploads\/2025\/05\/fo\u0301tozo\u0301k.png 500w\" sizes=\"(max-width: 300px) 100vw, 300px\" \/>\t\t\t\t\t\t\t\t\t\t\t\t\t\t\t<\/div>\n\t\t\t\t<\/div>\n\t\t\t\t\t<\/div>\n\t\t\t\t<\/div>\n\t\t<div class=\"elementor-element elementor-element-43d687f e-flex e-con-boxed e-con e-parent\" data-id=\"43d687f\" data-element_type=\"container\">\n\t\t\t\t\t<div class=\"e-con-inner\">\n\t\t\t\t<div class=\"elementor-element elementor-element-9291128 elementor-widget elementor-widget-text-editor\" data-id=\"9291128\" data-element_type=\"widget\" data-widget_type=\"text-editor.default\">\n\t\t\t\t<div class=\"elementor-widget-container\">\n\t\t\t\t\t\t\t\t\t<p><a href=\"https:\/\/www.facebook.com\/fotiallatvedok\"><strong>F\u00f3t \u00e9s k\u00f6rny\u00e9ke Term\u00e9szet- \u00e9s \u00c1llatv\u00e9d\u0151 Egyes\u00fclet<\/strong><\/a><\/p><p>Egyes\u00fclet\u00fcnk a F\u00f3t \u00e9s k\u00f6rny\u00e9k\u00e9n elveszett, bajba jutott \u00e1llatok\u00e9rt dolgozik. J\u00f3 h\u00edr az \u00e1llatbar\u00e1toknak \u00e9s a gazdiknak, hogy munkat\u00e1rsaink 0- 24 \u00f3r\u00e1ban el\u00e9rhet\u0151ek. Szeretettel v\u00e1runk sorainkba minden \u00e1llatszeret\u0151, az \u00e1llatok\u00e9rt akt\u00edvan tenni k\u00edv\u00e1n\u00f3 f\u00f3ti lakost!<\/p><p>El\u00e9rhet\u0151s\u00e9g:<\/p><p><a href=\"mailto:fotiallatmentes@gmail.com\">fotiallatmentes@gmail.com<\/a><\/p><p>+36704037817<\/p>\t\t\t\t\t\t\t\t<\/div>\n\t\t\t\t<\/div>\n\t\t\t\t\t<\/div>\n\t\t\t\t<\/div>\n\t\t<div class=\"elementor-element elementor-element-43cf468 e-flex e-con-boxed e-con e-parent\" data-id=\"43cf468\" data-element_type=\"container\">\n\t\t\t\t\t<div class=\"e-con-inner\">\n\t\t\t\t<div class=\"elementor-element elementor-element-7a16719 elementor-widget elementor-widget-text-editor\" data-id=\"7a16719\" data-element_type=\"widget\" data-widget_type=\"text-editor.default\">\n\t\t\t\t<div class=\"elementor-widget-container\">\n\t\t\t\t\t\t\t\t\t<p>V\u00e9d\u0151n\u0151ink j\u00f3 hangulat\u00fa, k\u00f6tetlen besz\u00e9lget\u00e9ssel, tan\u00e1csad\u00e1ssal \u00e9s interakt\u00edv el\u0151ad\u00e1sokkal v\u00e1rnak minden v\u00e1rand\u00f3s \u00e9s kisbab\u00e1s, kisgyermekes \u00e9desany\u00e1t az ingyenes v\u00e1rosi baba-mama klubbokba:<\/p><ul><li>keddenk\u00e9nt 10-12 \u00f3ra k\u00f6z\u00f6tt Baba-Mama klub a V\u00f6r\u00f6smarty M\u0171vel\u0151d\u00e9si H\u00e1zban (2151 F\u00f3t, V\u00f6r\u00f6smarty t\u00e9r 3.)<\/li><li>F\u00f3t Man\u00f3 Klub minden p\u00e1ros h\u00e9t szerd\u00e1n 10-12 \u00f3ra k\u00f6z\u00f6tt a F\u00f3ti V\u00e1rosi K\u00f6nyvt\u00e1rban (2151 F\u00f3t, B\u00e9ke u. 33.)<\/li><\/ul>\t\t\t\t\t\t\t\t<\/div>\n\t\t\t\t<\/div>\n\t\t\t\t\t<\/div>\n\t\t\t\t<\/div>\n\t\t<div class=\"elementor-element elementor-element-7f62a5e e-flex e-con-boxed e-con e-parent\" data-id=\"7f62a5e\" data-element_type=\"container\">\n\t\t\t\t\t<div class=\"e-con-inner\">\n\t\t\t\t<div class=\"elementor-element elementor-element-8a28416 elementor-widget elementor-widget-text-editor\" data-id=\"8a28416\" data-element_type=\"widget\" data-widget_type=\"text-editor.default\">\n\t\t\t\t<div class=\"elementor-widget-container\">\n\t\t\t\t\t\t\t\t\t<h3><strong>Egyh\u00e1zak:<\/strong><\/h3><p>\u00a0<\/p><p>F\u00f3ti R\u00f3mai Katolikus Egyh\u00e1zk\u00f6z\u00f6ss\u00e9g (F\u00f3t, V\u00f6r\u00f6smarty u. 2.) <a href=\"http:\/\/www.fotromkat.hu\">www.fotromkat.hu<\/a><\/p><p><a href=\"mailto:fotromkat@fotromkat.hu\">fotromkat@fotromkat.hu<\/a> +3627358083 +36205843057<\/p><p>F\u00f3t-K\u00f6zponti Reform\u00e1tus Egyh\u00e1zk\u00f6z\u00f6ss\u00e9g (F\u00f3t, K\u00e1roly I. \u00fat 1.) <a href=\"http:\/\/www.fotiref.hu\">www.fotiref.hu<\/a><\/p><p><a href=\"mailto:hivatal@fotiref.hu\">hivatal@fotiref.hu<\/a> +3627632540 +36306384723<\/p><p>F\u00f3ti Evang\u00e9likus Gy\u00fclekezet (F\u00f3t, Pet\u0151fi S. u. 1.) <a href=\"http:\/\/www.evangelikusfot.hu\">www.evangelikusfot.hu<\/a><\/p><p><a href=\"mailto:llaszlo@lutheran.hu\">llaszlo@lutheran.hu<\/a> +36206222001<\/p><p>F\u00f3ti Baptista Gy\u00fclekezet (F\u00f3t, De\u00e1k F. u. 3.) <strong>\u00a0<\/strong><a href=\"https:\/\/www.facebook.com\/fotibaptista\"><strong>https:\/\/www.facebook.com\/fotibaptista<\/strong><\/a><\/p><p><a href=\"mailto:fotibaptista@gmail.com\">fotibaptista@gmail.com<\/a> , <a href=\"mailto:kiss.illes.z@gmail.com\">kiss.illes.z@gmail.com<\/a> +36208860143 +3627785950<\/p><p>F\u00f3t-Kisalag-Mogyor\u00f3di Reform\u00e1tus T\u00e1rsegyh\u00e1zk\u00f6z\u00f6ss\u00e9g<\/p><p>(F\u00f3t, E\u0151ri Barna u. 33.) <a href=\"https:\/\/fot-kisalag-mogyorod-reformatus.hu\/\">https:\/\/fot-kisalag-mogyorod-reformatus.hu\/<\/a><\/p><p><a href=\"mailto:markus.mate@reformatus.hu\">markus.mate@reformatus.hu<\/a> +36303109950<\/p>\t\t\t\t\t\t\t\t<\/div>\n\t\t\t\t<\/div>\n\t\t\t\t\t<\/div>\n\t\t\t\t<\/div>\n\t\t\t\t<\/div>\n\t\t","protected":false},"excerpt":{"rendered":"<p>Kapcsol\u00f3dj F\u00f3thoz! \u00a0 \u00a0A v\u00e1rosunkban zajl\u00f3 Breaking isolation \u2013 Egy\u00fctt a t\u00e1rsadalmi elszigetel\u0151d\u00e9s ellen c\u00edm\u0171 nemzetk\u00f6zi projekt\u00fcnk keret\u00e9n bel\u00fcl szeretn\u00e9nk \u00f6sszekapcsolni a f\u00f3ti lakosokat a&hellip;<\/p>\n","protected":false},"author":1,"featured_media":0,"parent":0,"menu_order":0,"comment_status":"closed","ping_status":"closed","template":"","meta":{"footnotes":""},"class_list":["post-5761","page","type-page","status-publish","hentry"],"_links":{"self":[{"href":"https:\/\/www.fotikozszolg.hu\/index.php?rest_route=\/wp\/v2\/pages\/5761","targetHints":{"allow":["GET"]}}],"collection":[{"href":"https:\/\/www.fotikozszolg.hu\/index.php?rest_route=\/wp\/v2\/pages"}],"about":[{"href":"https:\/\/www.fotikozszolg.hu\/index.php?rest_route=\/wp\/v2\/types\/page"}],"author":[{"embeddable":true,"href":"https:\/\/www.fotikozszolg.hu\/index.php?rest_route=\/wp\/v2\/users\/1"}],"replies":[{"embeddable":true,"href":"https:\/\/www.fotikozszolg.hu\/index.php?rest_route=%2Fwp%2Fv2%2Fcomments&post=5761"}],"version-history":[{"count":55,"href":"https:\/\/www.fotikozszolg.hu\/index.php?rest_route=\/wp\/v2\/pages\/5761\/revisions"}],"predecessor-version":[{"id":5838,"href":"https:\/\/www.fotikozszolg.hu\/index.php?rest_route=\/wp\/v2\/pages\/5761\/revisions\/5838"}],"wp:attachment":[{"href":"https:\/\/www.fotikozszolg.hu\/index.php?rest_route=%2Fwp%2Fv2%2Fmedia&parent=5761"}],"curies":[{"name":"wp","href":"https:\/\/api.w.org\/{rel}","templated":true}]}}