{"id":4731,"date":"2025-03-31T09:27:23","date_gmt":"2025-03-31T07:27:23","guid":{"rendered":"https:\/\/www.fotikozszolg.hu\/?page_id=4731"},"modified":"2025-12-09T10:38:28","modified_gmt":"2025-12-09T09:38:28","slug":"tajekoztato","status":"publish","type":"page","link":"https:\/\/www.fotikozszolg.hu\/?page_id=4731","title":{"rendered":"T\u00e1j\u00e9koztat\u00f3"},"content":{"rendered":"\t\t<div data-elementor-type=\"wp-page\" data-elementor-id=\"4731\" class=\"elementor elementor-4731\">\n\t\t\t\t<div class=\"elementor-element elementor-element-9e75a37 e-flex e-con-boxed e-con e-parent\" data-id=\"9e75a37\" data-element_type=\"container\">\n\t\t\t\t\t<div class=\"e-con-inner\">\n\t\t\t\t<div class=\"elementor-element elementor-element-652e53f elementor-widget elementor-widget-text-editor\" data-id=\"652e53f\" data-element_type=\"widget\" data-widget_type=\"text-editor.default\">\n\t\t\t\t<div class=\"elementor-widget-container\">\n\t\t\t\t\t\t\t\t\t<h3 style=\"font-weight: 400;\"><strong>F\u00f3t v\u00e1rosban \u00fczemel\u0151 temet\u0151k bemutat\u00e1sa <\/strong><\/h3><p style=\"font-weight: 400;\">A temet\u0151 a hat\u00e1lyos jogszab\u00e1lyok szerint: \u201ea telep\u00fcl\u00e9s k\u00f6zigazgat\u00e1si ter\u00fclet\u00e9n bel\u00fcli be\u00e9p\u00edt\u00e9sre sz\u00e1nt vagy be\u00e9p\u00edt\u00e9sre nem sz\u00e1nt, \u00e9p\u00edt\u00e9si haszn\u00e1lata szerinti z\u00f6ldfel\u00fclet jelleg\u0171 k\u00fcl\u00f6nleges ter\u00fclet, amely kegyeleti c\u00e9lokat szolg\u00e1l, k\u00f6zeg\u00e9szs\u00e9g\u00fcgyi rendeltet\u00e9s\u0171, \u00e9s amelyet elhunytak eltemet\u00e9s\u00e9re, a hamvak elhelyez\u00e9s\u00e9re l\u00e9tes\u00edtettek \u00e9s haszn\u00e1lnak vagy haszn\u00e1ltak.\u201d<\/p><p style=\"font-weight: 400;\">A temet\u0151 tulajdonosa lehet az \u00e1llam, a telep\u00fcl\u00e9si \u00f6nkorm\u00e1nyzat, jogi szem\u00e9lyis\u00e9ggel rendelkez\u0151 vall\u00e1si k\u00f6z\u00f6ss\u00e9g. A tulajdonos kezel\u0151i jogk\u00f6rrel rendelkezik, feladta a temet\u0151 t\u00e1rgyi \u00e9s infrastruktur\u00e1lis l\u00e9tes\u00edtm\u00e9nyeinek, a z\u00f6ldfel\u00fcleteknek, s\u00edrhelyt\u00e1bl\u00e1inak meg\u00e9p\u00edt\u00e9se, kialak\u00edt\u00e1sa, a temet\u0151 kegyeleti m\u00e9lt\u00f3s\u00e1g\u00e1nak meg\u0151rz\u00e9se.<\/p><p style=\"font-weight: 400;\"><strong>F\u00f3ton a tulajdonosi jogviszonyokat figyelembe v\u00e9ve napjainkban az al\u00e1bbi n\u00e9gy temet\u0151 \u00fczemel:<\/strong><\/p><ul><li style=\"font-weight: 400;\">A <strong>R\u00f3mai Katolikus<\/strong> temet\u0151, amely F\u00f3t v\u00e1ros perem\u00e9n, a V\u00f6r\u00f6smarty utc\u00e1ban helyezkedik el, az egyh\u00e1zi tulajdonban l\u00e9v\u0151 temet\u0151 \u00fczemeltet\u00e9st\u00e9t \u00e9s fenntart\u00e1s\u00e1t a R\u00f3mai Katolikus egyh\u00e1z l\u00e1tja el.<\/li><li style=\"font-weight: 400;\">A <strong>Reform\u00e1tus-Evang\u00e9likus<\/strong> temet\u0151, szint\u00e9n a V\u00f6r\u00f6smarty utc\u00e1ban elhelyezked\u0151 egyh\u00e1zi temet\u0151, az \u00fczemeltet\u00e9si feladatok a SZIG\u00dc Temet\u0151\u00fczemeltet\u0151 Kft. v\u00e9gzi.<\/li><li style=\"font-weight: 400;\">A <strong>S\u00edrkert<\/strong>, az \u00f6nkorm\u00e1nyzat tulajdon\u00e1ban l\u00e9v\u0151 k\u00f6ztemet\u0151, a V\u00f6r\u00f6smarty utca 72. sz. alatt tal\u00e1lhat\u00f3. A temet\u0151 a k\u00e9t f\u0151 funkcion\u00e1lis elem\u00e9n a ravataloz\u00f3n, illetve s\u00edrhelyek biztos\u00edt\u00e1s\u00e1n t\u00fal, k\u00f6zeg\u00e9szs\u00e9g\u00fcgyi feladatot is ell\u00e1t, halotth\u0171t\u0151k\u00e9nt is \u00fczemel.<\/li><li style=\"font-weight: 400;\">A S\u00edrkertben urnas\u00edrhely \u00e9s urnaf\u00fclk\u00e9k megv\u00e1lt\u00e1s\u00e1ra van lehet\u0151s\u00e9g, illetve sz\u00f3r\u00f3parcell\u00e1ban is elhelyezhet\u0151k a hamvak. A temet\u0151 \u00fczemeltet\u00e9si feladatait c\u00e9g\u00fcnk l\u00e1tja el.<\/li><li style=\"font-weight: 400;\">A R\u00e9v utcai <strong>Kisalagi temet\u0151<\/strong>, szint\u00e9n F\u00f3t v\u00e1ros \u00f6nkorm\u00e1nyzat\u00e1nak tulajdon\u00e1ban \u00e1ll\u00f3 k\u00f6ztemet\u0151, m\u00e9ret\u00e9t tekintve a v\u00e1ros m\u00e1sodik legnagyobb temet\u0151je, \u00fczemeltet\u0151je \u00e9s fenntart\u00f3ja szint\u00e9n a F\u00f3ti K\u00f6zszolg\u00e1ltat\u00f3 K\u00f6zhaszn\u00fa Nonprofit Kft. A k\u00f6ztemet\u0151ben hagyom\u00e1nyos kopors\u00f3s temetkez\u00e9si m\u00f3d, illetve urnas\u00edrhely \u00e9s urnaf\u00fclke megv\u00e1lt\u00e1s\u00e1ra van lehet\u0151s\u00e9g. A temet\u0151 k\u00f6zponti r\u00e9sz\u00e9ben l\u00e9v\u0151 ravataloz\u00f3 \u00e9p\u00fclete m\u00e9lt\u00f3 helye a telep\u00fcl\u00e9s halottainak b\u00facs\u00faztat\u00e1s\u00e1ra.<\/li><\/ul>\t\t\t\t\t\t\t\t<\/div>\n\t\t\t\t<\/div>\n\t\t\t\t\t<\/div>\n\t\t\t\t<\/div>\n\t\t<div class=\"elementor-element elementor-element-a5a0e4c e-flex e-con-boxed e-con e-parent\" data-id=\"a5a0e4c\" data-element_type=\"container\">\n\t\t\t\t\t<div class=\"e-con-inner\">\n\t\t\t\t<div class=\"elementor-element elementor-element-3ea2292 elementor-widget elementor-widget-text-editor\" data-id=\"3ea2292\" data-element_type=\"widget\" data-widget_type=\"text-editor.default\">\n\t\t\t\t<div class=\"elementor-widget-container\">\n\t\t\t\t\t\t\t\t\t<h3><b>T\u00e1j\u00e9koztat\u00f3 az elhal\u00e1loz\u00e1s ut\u00e1ni teend\u0151kr\u0151l<\/b><b><\/b><\/h3><p class=\"p1\"><b>Otthon, ill. int\u00e9zm\u00e9nyen k\u00edv\u00fcl t\u00f6rt\u00e9nt hal\u00e1loz\u00e1s eset\u00e9n<\/b>:<\/p><p class=\"p1\">A hozz\u00e1tartoz\u00f3knak telefonon vagy szem\u00e9lyesen \u00e9rtes\u00edteni kell a h\u00e1zi orvost vagy az \u00fcgyeletes orvost. Az orvos ki\u00e1ll\u00edtja a sz\u00fcks\u00e9ges okm\u00e1nyokat, \u00e9s enged\u00e9lyezi az elhunyt elsz\u00e1ll\u00edt\u00e1s\u00e1t, \u00e9rtes\u00edti a halottsz\u00e1ll\u00edt\u00f3kat.<\/p><p class=\"p1\"><b>Rend\u0151rs\u00e9g \u00e9rtes\u00edt\u00e9se az al\u00e1bbi esetekben sz\u00fcks\u00e9ges<\/b>:<\/p><p class=\"p1\">rendk\u00edv\u00fcli hal\u00e1l eset\u00e9n (nem term\u00e9szetes hal\u00e1l bek\u00f6vetkez\u00e9sekor, \u00f6nkez\u0171s\u00e9g, vagy idegenkez\u0171s\u00e9gre utal\u00f3 jelek eset\u00e9n,) ill. amennyiben a halott vizsg\u00e1lat\u00e1t v\u00e9gz\u0151 orvos kifejezetten k\u00e9ri.<\/p><p class=\"p1\"><b>K\u00f3rh\u00e1zban, vagy int\u00e9zm\u00e9nyben t\u00f6rt\u00e9nt hal\u00e1loz\u00e1s eset\u00e9n<\/b>:<\/p><p class=\"p1\">A hal\u00e1lesetr\u0151l t\u00f6rt\u00e9n\u0151 \u00e9rtes\u00fcl\u00e9s ut\u00e1n fel kell keresni azt az int\u00e9zm\u00e9nyt, ahol a hal\u00e1leset t\u00f6rt\u00e9nt (k\u00f3rh\u00e1zi oszt\u00e1ly, majd patol\u00f3gia). T\u00f6bb k\u00f3rh\u00e1zban h\u0171t\u00e9si d\u00edjat kell fizetni, c\u00e9lszer\u0171 erre is felk\u00e9sz\u00fclni. A tov\u00e1bbiakban a hozz\u00e1tartoz\u00f3 felkeresi a temetkez\u00e9si szolg\u00e1ltat\u00f3t.<\/p><p class=\"p1\"><span class=\"s1\">F\u00f3ton a k\u00f6vetkez\u0151 temetkez\u00e9si szolg\u00e1ltat\u00f3khoz fordulhatnak:<\/span><\/p><ul class=\"ul1\"><li class=\"li1\"><b>Oltalom Temetkez\u00e9si Szolg\u00e1ltat\u00f3 Kft.<\/b>\u00a02151 F\u00f3t, V\u00f6r\u00f6smarty utca 12.\u00a0<b>tel.: 0630\/155-9653, 0627\/738-657,\u00a0<\/b><span class=\"s1\"><b><i>\u00fcgyelet<\/i><\/b><\/span><b>: 0670\/353-2981<\/b><b><\/b><\/li><li class=\"li1\"><b>SZIG\u00dc Temetkez\u00e9s Kft.<\/b>\u00a02151 F\u00f3t, K\u00e1rolyi Istv\u00e1n utca 8\/a.\u00a0<b>tel.: 0670\/373-7650, 0670\/373-8640, \u00a0\u00a0\u00a0\u00a0\u00a0\u00a0\u00a0\u00a0\u00a0\u00a0\u00a0\u00a0\u00a0\u00a0\u00a0\u00a0\u00a0<\/b><span class=\"s1\"><b><i>\u00fcgyelet<\/i><\/b><\/span><b>: 0630\/533-7168<\/b><b><\/b><\/li><\/ul><p class=\"p1\">A temetkez\u00e9si szolg\u00e1ltat\u00f3 megb\u00edz\u00e1sa, ill. a temetkez\u00e9si szolg\u00e1ltat\u00e1s megrendel\u00e9se a megb\u00edz\u00f3 alapj\u00e1n az elhunyt halotti anyak\u00f6nyvez\u00e9se az al\u00e1bbi iratok alapj\u00e1n t\u00f6rt\u00e9nik:<\/p><ul><li class=\"p1\">halottvizsg\u00e1lati bizony\u00edtv\u00e1ny<\/li><li class=\"p1\">szem\u00e9lyi igazolv\u00e1ny<\/li><li class=\"p1\">szem\u00e9lyazonos\u00edt\u00f3 igazolv\u00e1ny<\/li><li class=\"p1\">lakc\u00edmk\u00e1rtya<\/li><li class=\"p1\">sz\u00fclet\u00e9si anyak\u00f6nyvi kivonata<\/li><li class=\"p1\">magyar \u00fatlev\u00e9l (ami m\u00e9g \u00e9rv\u00e9nyes)<\/li><li class=\"p1\">vezet\u0151i enged\u00e9ly (2001. janu\u00e1r 01. ut\u00e1n ki\u00e1ll\u00edtott)<\/li><li class=\"p1\">taj k\u00e1rtya<\/li><li class=\"p1\">nyugd\u00edjas t\u00f6rzssz\u00e1m<\/li><\/ul><p class=\"p1\"><b>A fentebb felsorolt k\u00f6telez\u0151 iratokon k\u00edv\u00fcl, ha az elhunyt csal\u00e1di \u00e1llapota<\/b>:<\/p><ul><li class=\"p1\">h\u00e1zas volt: h\u00e1zass\u00e1gi anyak\u00f6nyvi kivonat<\/li><li class=\"p1\">\u00f6zvegy volt: h\u00e1zast\u00e1rsa halotti kivonata<\/li><li class=\"p1\">elv\u00e1lt volt: v\u00e1l\u00e1st igazol\u00f3 okirat (v\u00e9gz\u00e9s), vagy z\u00e1rad\u00e9kolt h\u00e1zass\u00e1gi anyak\u00f6nyvi kivonat, amib\u0151l kit\u0171nik, hogy a h\u00e1zass\u00e1got felbontott\u00e1k<\/li><\/ul><p class=\"p1\">A megrendel\u0151 szem\u00e9lyi igazolv\u00e1nya.<\/p><p class=\"p1\"><b>R\u00e1temet\u00e9s, exhum\u00e1l\u00e1s eset\u00e9n, \u00c1NTSZ enged\u00e9ly sz\u00fcks\u00e9ges, melyhez sz\u00fcks\u00e9g van<\/b>:<\/p><ul><li class=\"p1\">a s\u00edrban eltemetett elhunyt\/elhunytak halotti anyak\u00f6nyvi kivonat\u00e1ra,<\/li><li class=\"p1\">halottvizsg\u00e1lati bizony\u00edtv\u00e1ny\u00e1ra (25 \u00e9ven bel\u00fcl)<\/li><\/ul><p class=\"p1\"><b>A temet\u00e9sr\u0151l sorrendben a k\u00f6vetkez\u0151k k\u00f6telesek gondoskodni<\/b>:<\/p><ul><li class=\"p1\">aki a temet\u00e9st szerz\u0151d\u00e9sben v\u00e1llalta<\/li><li class=\"p1\">akit arra az elhunyt v\u00e9grendelete k\u00f6telez<\/li><li class=\"p1\">v\u00e9gint\u00e9zked\u00e9s hi\u00e1ny\u00e1ban az elhunyt elhal\u00e1loz\u00e1s el\u0151tt vele egy\u00fctt \u00e9l\u0151 h\u00e1zast\u00e1rsa az elhunyt egy\u00e9b k\u00f6zeli hozz\u00e1tartoz\u00f3ja (Ptk. 685.\u00a7.b. Pontja) a t\u00f6rv\u00e9nyes \u00f6r\u00f6kl\u00e9s rendje szerint.<\/li><\/ul><p class=\"p1\">Az eltemet\u00e9s m\u00f3dj\u00e1ra \u00e9s hely\u00e9re n\u00e9zve az elhunyt \u00e9let\u00e9ben tett rendelkez\u00e9se az ir\u00e1nyad\u00f3, amennyiben ez nem r\u00f3 az eltemettet\u0151re ar\u00e1nytalanul nagy terhet.<\/p><p class=\"p1\">Az elhunyt \u00e9let\u00e9ben tett rendelkez\u00e9se hi\u00e1ny\u00e1ban az eltemet\u00e9s m\u00f3dj\u00e1t \u00e9s hely\u00e9t az hat\u00e1rozza meg, aki a temet\u00e9sr\u0151l gondoskodik, vagy arra k\u00f6teles lenne.<\/p><p class=\"p1\">Ha a temet\u00e9sr\u0151l t\u00f6bb szem\u00e9ly is gondoskodik \u00e9s k\u00f6z\u00f6tt\u00fck a temet\u00e9s m\u00f3dja vitatott (hamvaszt\u00e1s vagy kopors\u00f3s) a temet\u00e9s csak kopors\u00f3san v\u00e9gezhet\u0151 el.<\/p><p class=\"p1\">Ha temet\u00e9sre k\u00f6telezett szem\u00e9ly nincs, ismeretlen helyen tart\u00f3zkodik vagy a k\u00f6telezetts\u00e9g\u00e9t nem teljes\u00edti, a temet\u00e9sr\u0151l az elhal\u00e1loz\u00e1s helye szerint illet\u00e9kes telep\u00fcl\u00e9si \u00f6nkorm\u00e1nyzat gondoskodik.<\/p><p class=\"p1\"><b>S\u00edrhely feletti rendelkez\u00e9s<\/b>:<\/p><p class=\"p1\">Amennyiben megl\u00e9v\u0151 s\u00edrba, vagy f\u00fclk\u00e9be temet\u00fcnk, minden esetben csak a s\u00edrhely feletti rendelkez\u0151 enged\u00e9ly\u00e9vel lehet.<\/p><p class=\"p1\">A temet\u00e9si hely felett az rendelkezik, aki azt megv\u00e1ltotta, vagy \u00fajrav\u00e1ltotta. Kiz\u00e1r\u00f3lag a rendelkez\u0151 \u00edr\u00e1sos, k\u00e9t tan\u00fa al\u00e1\u00edr\u00e1s\u00e1val ell\u00e1tott j\u00f3v\u00e1hagy\u00e1s\u00e1val lehet megl\u00e9v\u0151 temetkez\u00e9si helyre temetni.<\/p><p class=\"p1\">Amennyiben a rendelkez\u0151 elhunyt, \u00fagy azt halotti anyak\u00f6nyvi kivonat\u00e1val lehet igazolni, illetve hagyat\u00e9ki v\u00e9gz\u00e9ssel, hogy ki \u00f6r\u00f6k\u00f6lte a rendelkez\u00e9si jogot.<\/p>\t\t\t\t\t\t\t\t<\/div>\n\t\t\t\t<\/div>\n\t\t\t\t\t<\/div>\n\t\t\t\t<\/div>\n\t\t\t\t<\/div>\n\t\t","protected":false},"excerpt":{"rendered":"<p>F\u00f3t v\u00e1rosban \u00fczemel\u0151 temet\u0151k bemutat\u00e1sa A temet\u0151 a hat\u00e1lyos jogszab\u00e1lyok szerint: \u201ea telep\u00fcl\u00e9s k\u00f6zigazgat\u00e1si ter\u00fclet\u00e9n bel\u00fcli be\u00e9p\u00edt\u00e9sre sz\u00e1nt vagy be\u00e9p\u00edt\u00e9sre nem sz\u00e1nt, \u00e9p\u00edt\u00e9si haszn\u00e1lata szerinti&hellip;<\/p>\n","protected":false},"author":1,"featured_media":0,"parent":0,"menu_order":0,"comment_status":"closed","ping_status":"closed","template":"","meta":{"footnotes":""},"class_list":["post-4731","page","type-page","status-publish","hentry"],"_links":{"self":[{"href":"https:\/\/www.fotikozszolg.hu\/index.php?rest_route=\/wp\/v2\/pages\/4731","targetHints":{"allow":["GET"]}}],"collection":[{"href":"https:\/\/www.fotikozszolg.hu\/index.php?rest_route=\/wp\/v2\/pages"}],"about":[{"href":"https:\/\/www.fotikozszolg.hu\/index.php?rest_route=\/wp\/v2\/types\/page"}],"author":[{"embeddable":true,"href":"https:\/\/www.fotikozszolg.hu\/index.php?rest_route=\/wp\/v2\/users\/1"}],"replies":[{"embeddable":true,"href":"https:\/\/www.fotikozszolg.hu\/index.php?rest_route=%2Fwp%2Fv2%2Fcomments&post=4731"}],"version-history":[{"count":13,"href":"https:\/\/www.fotikozszolg.hu\/index.php?rest_route=\/wp\/v2\/pages\/4731\/revisions"}],"predecessor-version":[{"id":6277,"href":"https:\/\/www.fotikozszolg.hu\/index.php?rest_route=\/wp\/v2\/pages\/4731\/revisions\/6277"}],"wp:attachment":[{"href":"https:\/\/www.fotikozszolg.hu\/index.php?rest_route=%2Fwp%2Fv2%2Fmedia&parent=4731"}],"curies":[{"name":"wp","href":"https:\/\/api.w.org\/{rel}","templated":true}]}}