{"id":4485,"date":"2025-03-19T12:12:39","date_gmt":"2025-03-19T11:12:39","guid":{"rendered":"https:\/\/www.fotikozszolg.hu\/?page_id=4485"},"modified":"2025-10-22T09:19:40","modified_gmt":"2025-10-22T07:19:40","slug":"esc","status":"publish","type":"page","link":"https:\/\/www.fotikozszolg.hu\/?page_id=4485","title":{"rendered":"ESC"},"content":{"rendered":"\t\t<div data-elementor-type=\"wp-page\" data-elementor-id=\"4485\" class=\"elementor elementor-4485\">\n\t\t\t\t<div class=\"elementor-element elementor-element-d2a4336 e-flex e-con-boxed e-con e-parent\" data-id=\"d2a4336\" data-element_type=\"container\">\n\t\t\t\t\t<div class=\"e-con-inner\">\n\t\t\t\t<div class=\"elementor-element elementor-element-5489443 elementor-widget elementor-widget-text-editor\" data-id=\"5489443\" data-element_type=\"widget\" data-widget_type=\"text-editor.default\">\n\t\t\t\t<div class=\"elementor-widget-container\">\n\t\t\t\t\t\t\t\t\t<h3>Meg\u00e9rkeztek az \u00faj \u00f6nk\u00e9nteseink! \ud83c\udf1f<\/h3>\t\t\t\t\t\t\t\t<\/div>\n\t\t\t\t<\/div>\n\t\t\t\t\t<\/div>\n\t\t\t\t<\/div>\n\t\t<div class=\"elementor-element elementor-element-47bc1c1 e-flex e-con-boxed e-con e-parent\" data-id=\"47bc1c1\" data-element_type=\"container\">\n\t\t\t\t\t<div class=\"e-con-inner\">\n\t\t\t\t<div class=\"elementor-element elementor-element-7412b30 elementor-widget elementor-widget-text-editor\" data-id=\"7412b30\" data-element_type=\"widget\" data-widget_type=\"text-editor.default\">\n\t\t\t\t<div class=\"elementor-widget-container\">\n\t\t\t\t\t\t\t\t\t<p>Tatiana, Veronica \u00e9s Peer tele vannak energi\u00e1val, izgatottan v\u00e1rj\u00e1k a k\u00f6z\u00f6s munk\u00e1t \u00e9s az \u00e9lm\u00e9nyeket F\u00f3ton. M\u00e1r most \u00e9rz\u0151dik, hogy vid\u00e1m \u00e9s lend\u00fcletes csapat lesz bel\u0151l\u00fck!<\/p>\t\t\t\t\t\t\t\t<\/div>\n\t\t\t\t<\/div>\n\t\t\t\t\t<\/div>\n\t\t\t\t<\/div>\n\t\t<div class=\"elementor-element elementor-element-18df87b e-flex e-con-boxed e-con e-parent\" data-id=\"18df87b\" data-element_type=\"container\">\n\t\t\t\t\t<div class=\"e-con-inner\">\n\t\t\t\t<div class=\"elementor-element elementor-element-edb518c elementor-widget elementor-widget-image\" data-id=\"edb518c\" data-element_type=\"widget\" data-widget_type=\"image.default\">\n\t\t\t\t<div class=\"elementor-widget-container\">\n\t\t\t\t\t\t\t\t\t\t\t\t\t\t\t<img fetchpriority=\"high\" decoding=\"async\" width=\"226\" height=\"300\" src=\"https:\/\/www.fotikozszolg.hu\/wp-content\/uploads\/2025\/10\/IMG_20251009_151050-226x300.jpg\" class=\"attachment-medium size-medium wp-image-6243\" alt=\"\" srcset=\"https:\/\/www.fotikozszolg.hu\/wp-content\/uploads\/2025\/10\/IMG_20251009_151050-226x300.jpg 226w, https:\/\/www.fotikozszolg.hu\/wp-content\/uploads\/2025\/10\/IMG_20251009_151050-771x1024.jpg 771w, https:\/\/www.fotikozszolg.hu\/wp-content\/uploads\/2025\/10\/IMG_20251009_151050-768x1020.jpg 768w, https:\/\/www.fotikozszolg.hu\/wp-content\/uploads\/2025\/10\/IMG_20251009_151050-1157x1536.jpg 1157w, https:\/\/www.fotikozszolg.hu\/wp-content\/uploads\/2025\/10\/IMG_20251009_151050.jpg 1536w\" sizes=\"(max-width: 226px) 100vw, 226px\" \/>\t\t\t\t\t\t\t\t\t\t\t\t\t\t\t<\/div>\n\t\t\t\t<\/div>\n\t\t\t\t\t<\/div>\n\t\t\t\t<\/div>\n\t\t<div class=\"elementor-element elementor-element-13d36d1 e-con-full e-flex e-con e-parent\" data-id=\"13d36d1\" data-element_type=\"container\">\n\t\t\t\t<div class=\"elementor-element elementor-element-28a5a54 elementor-widget elementor-widget-text-editor\" data-id=\"28a5a54\" data-element_type=\"widget\" data-widget_type=\"text-editor.default\">\n\t\t\t\t<div class=\"elementor-widget-container\">\n\t\t\t\t\t\t\t\t\t<h3>VERONICA<\/h3>\t\t\t\t\t\t\t\t<\/div>\n\t\t\t\t<\/div>\n\t\t\t\t<\/div>\n\t\t<div class=\"elementor-element elementor-element-3b98418 e-flex e-con-boxed e-con e-parent\" data-id=\"3b98418\" data-element_type=\"container\">\n\t\t\t\t\t<div class=\"e-con-inner\">\n\t\t<div class=\"elementor-element elementor-element-7464dc8 e-con-full e-flex e-con e-child\" data-id=\"7464dc8\" data-element_type=\"container\">\n\t\t\t\t<div class=\"elementor-element elementor-element-a87b4b3 elementor-widget elementor-widget-text-editor\" data-id=\"a87b4b3\" data-element_type=\"widget\" data-widget_type=\"text-editor.default\">\n\t\t\t\t<div class=\"elementor-widget-container\">\n\t\t\t\t\t\t\t\t\t<p style=\"font-weight: 400;\">Sziasztok!\u00a0<br \/>Veronica vagyok, 23 \u00e9ves, \u00e9s Ciri\u00e8b\u0151l j\u00f6ttem, egy kisv\u00e1rosb\u00f3l, Torin\u00f3 mell\u0151l, \u00c9szak-Olaszorsz\u00e1gb\u00f3l.<\/p><p style=\"font-weight: 400;\">Nemr\u00e9g szereztem meg a diplom\u00e1mat, \u00e9s miut\u00e1n befejeztem az \u00f6nk\u00e9ntes \u00e9vemet az \u00f6nkorm\u00e1nyzatn\u00e1l, \u00faj \u00e9lm\u00e9nyeket kerestem &#8211; lehet\u0151leg k\u00fclf\u00f6ld\u00f6n. Kor\u00e1bban m\u00e1r \u00e9ltem Franciaorsz\u00e1gban egy \u00e9vet az Erasmus+ programmal, \u00e9s annyira j\u00f3 tapasztalat volt, hogy szerettem volna \u00fajra belev\u00e1gni valamibe, ami hasonl\u00f3an inspir\u00e1l\u00f3. \u00cdgy ker\u00fcltem ide, F\u00f3tra, az ESC \u00f6nk\u00e9ntes program keret\u00e9ben &#8211; \u00e9s nagyon \u00f6r\u00fcl\u00f6k, hogy ennek a projektnek a r\u00e9sze lehetek.<\/p><p style=\"font-weight: 400;\">B\u00e1r csak h\u00e1rom h\u00f3napot t\u00f6lt\u00f6k itt, szeretn\u00e9m, ha ez az id\u0151szak sokat adna nekem &#8211; fejl\u0151dni szeretn\u00e9k, magabiztosabb\u00e1 v\u00e1lni, \u00e9s kil\u00e9pni a komfortz\u00f3n\u00e1mb\u00f3l. Ez most egy kis \u201esz\u00fcnet\u00e9v\u201d a mesterszak el\u0151tt, amikor pr\u00f3b\u00e1lom kital\u00e1lni, merre szeretn\u00e9k tov\u00e1bbmenni.<\/p><p style=\"font-weight: 400;\">Nagyon szeretek \u00faj helyeket felfedezni &#8211; \u00e9rdekel, hogyan \u00e9lnek m\u00e1s orsz\u00e1gokban az emberek, milyen hagyom\u00e1nyaik, \u00e9teleik, szok\u00e1saik vannak. K\u00edv\u00e1ncsi term\u00e9szet\u0171 vagyok, szeretek utazni \u00e9s m\u00e1sok t\u00f6rt\u00e9neteit hallgatni &#8211; ezek mindig inspir\u00e1lnak \u00e9s t\u00e1g\u00edtj\u00e1k a l\u00e1t\u00f3k\u00f6r\u00f6met.<\/p><p style=\"font-weight: 400;\">Szabadid\u0151mben szeretek olvasni, napl\u00f3t \u00edrni, sportolni &#8211; legink\u00e1bb r\u00f6plabd\u00e1zni vagy futni. Emellett szeretek k\u00e9zm\u0171veskedni, \u00e9rm\u00e9ket gy\u0171jteni \u00e9s logikai j\u00e1t\u00e9kokat, p\u00e9ld\u00e1ul sudokut megoldani.<\/p><p style=\"font-weight: 400;\">Ahogy telik az id\u0151, egyre ink\u00e1bb megszokom az itteni \u00e9letet, \u00e9s nagyon k\u00edv\u00e1ncsi vagyok, mit tartogat sz\u00e1momra ez a p\u00e1r h\u00f3nap Magyarorsz\u00e1gon.<\/p>\t\t\t\t\t\t\t\t<\/div>\n\t\t\t\t<\/div>\n\t\t\t\t<\/div>\n\t\t<div class=\"elementor-element elementor-element-7d533e6 e-con-full e-flex e-con e-child\" data-id=\"7d533e6\" data-element_type=\"container\">\n\t\t\t\t<div class=\"elementor-element elementor-element-5d54f83 elementor-widget elementor-widget-image\" data-id=\"5d54f83\" data-element_type=\"widget\" data-widget_type=\"image.default\">\n\t\t\t\t<div class=\"elementor-widget-container\">\n\t\t\t\t\t\t\t\t\t\t\t\t\t\t\t<img decoding=\"async\" width=\"590\" height=\"786\" src=\"https:\/\/www.fotikozszolg.hu\/wp-content\/uploads\/2025\/10\/Veronica.jpg\" class=\"attachment-large size-large wp-image-6253\" alt=\"\" srcset=\"https:\/\/www.fotikozszolg.hu\/wp-content\/uploads\/2025\/10\/Veronica.jpg 590w, https:\/\/www.fotikozszolg.hu\/wp-content\/uploads\/2025\/10\/Veronica-225x300.jpg 225w\" sizes=\"(max-width: 590px) 100vw, 590px\" \/>\t\t\t\t\t\t\t\t\t\t\t\t\t\t\t<\/div>\n\t\t\t\t<\/div>\n\t\t\t\t<\/div>\n\t\t\t\t\t<\/div>\n\t\t\t\t<\/div>\n\t\t<div class=\"elementor-element elementor-element-877623c e-con-full e-flex e-con e-parent\" data-id=\"877623c\" data-element_type=\"container\">\n\t\t\t\t<div class=\"elementor-element elementor-element-771cca2 elementor-widget elementor-widget-text-editor\" data-id=\"771cca2\" data-element_type=\"widget\" data-widget_type=\"text-editor.default\">\n\t\t\t\t<div class=\"elementor-widget-container\">\n\t\t\t\t\t\t\t\t\t<h3>PEER<\/h3>\t\t\t\t\t\t\t\t<\/div>\n\t\t\t\t<\/div>\n\t\t\t\t<\/div>\n\t\t<div class=\"elementor-element elementor-element-79f3536 e-flex e-con-boxed e-con e-parent\" data-id=\"79f3536\" data-element_type=\"container\">\n\t\t\t\t\t<div class=\"e-con-inner\">\n\t\t<div class=\"elementor-element elementor-element-31fbef5 e-con-full e-flex e-con e-child\" data-id=\"31fbef5\" data-element_type=\"container\">\n\t\t\t\t<div class=\"elementor-element elementor-element-7f8efa7 elementor-widget elementor-widget-image\" data-id=\"7f8efa7\" data-element_type=\"widget\" data-widget_type=\"image.default\">\n\t\t\t\t<div class=\"elementor-widget-container\">\n\t\t\t\t\t\t\t\t\t\t\t\t\t\t\t<img decoding=\"async\" width=\"689\" height=\"918\" src=\"https:\/\/www.fotikozszolg.hu\/wp-content\/uploads\/2025\/10\/Peer.jpg\" class=\"attachment-large size-large wp-image-6236\" alt=\"\" srcset=\"https:\/\/www.fotikozszolg.hu\/wp-content\/uploads\/2025\/10\/Peer.jpg 689w, https:\/\/www.fotikozszolg.hu\/wp-content\/uploads\/2025\/10\/Peer-225x300.jpg 225w\" sizes=\"(max-width: 689px) 100vw, 689px\" \/>\t\t\t\t\t\t\t\t\t\t\t\t\t\t\t<\/div>\n\t\t\t\t<\/div>\n\t\t\t\t<\/div>\n\t\t<div class=\"elementor-element elementor-element-bf0bb1e e-con-full e-flex e-con e-child\" data-id=\"bf0bb1e\" data-element_type=\"container\">\n\t\t\t\t<div class=\"elementor-element elementor-element-a07e240 elementor-widget elementor-widget-text-editor\" data-id=\"a07e240\" data-element_type=\"widget\" data-widget_type=\"text-editor.default\">\n\t\t\t\t<div class=\"elementor-widget-container\">\n\t\t\t\t\t\t\t\t\t<p style=\"font-weight: 400;\">Sziasztok! \ud83d\udc4b<br \/>Peer vagyok, 18 \u00e9ves, Berlinb\u0151l. 2025 nyar\u00e1n fejeztem be a gimn\u00e1ziumot, \u00e9s \u00faj kalandokra v\u00e1gytam. Nem csak utazni akartam, hanem valami \u00e9rtelmeset is csin\u00e1lni, ez\u00e9rt jelentkeztem \u00f6nk\u00e9ntesnek, ahol a k\u00f6z\u00f6ss\u00e9gben is seg\u00edthetek. F\u00f3t kisv\u00e1ros\u00e1t v\u00e1lasztottam Budapest k\u00f6zel\u00e9ben, mert teljesen m\u00e1s az \u00e9let, mint a ny\u00fczsg\u0151 Berlinben, \u00e9s k\u00edv\u00e1ncsi voltam, milyenek a mindennapok Magyarorsz\u00e1gon.<\/p><p style=\"font-weight: 400;\">Nagyon akt\u00edv vagyok, szeretek a szabadban lenni. Focizom egy klubban, j\u00e1rok r\u00f6plabda- \u00e9s kos\u00e1rlabdaedz\u00e9sre, futok, kir\u00e1ndulok, \u00e9s \u00e9lvezem, ha a term\u00e9szetben lehetek. Emellett sokat hallgatok zen\u00e9t, ami mindig is r\u00e9sze volt az \u00e9letemnek. Ha nem sportolok, szeretek olvasni, f\u0151zni, \u00e9s kipr\u00f3b\u00e1lni k\u00fcl\u00f6nb\u00f6z\u0151 orsz\u00e1gok \u00e9teleit \u2013 \u00edgy az, hogy most egyed\u00fcl \u00e9lek, remek lehet\u0151s\u00e9g, hogy m\u00e9g jobban kij\u00f6jj\u00f6n a kreativit\u00e1som a konyh\u00e1ban.<\/p><p style=\"font-weight: 400;\">Amikor el\u0151sz\u00f6r olvastam a programr\u00f3l, r\u00f6gt\u00f6n \u00e9reztem, hogy nekem val\u00f3. A szervezettel val\u00f3 kapcsolatfelv\u00e9tel sor\u00e1n nagyon kedves \u00e9s nyitott emberekkel tal\u00e1lkoztam, ami fontos sz\u00e1momra, mert szeretek \u00faj emberekkel ismerkedni \u00e9s hallgatni a t\u00f6rt\u00e9neteiket.<\/p><p style=\"font-weight: 400;\">Az \u00f6nk\u00e9ntes id\u0151szak alatt szeretn\u00e9k \u00f6n\u00e1ll\u00f3bb\u00e1 v\u00e1lni, tapasztalatot gy\u0171jteni az \u00e9letben, fejleszteni az angolomat, \u00e9s ha lehet, egy kis magyar nyelvet is megtanulni a mindennapi helyzetek sor\u00e1n. Nagyon v\u00e1rom az \u00faj embereket, a t\u00f6rt\u00e9neteiket, \u00e9s mindazt, amit ez az id\u0151szak adhat nekem \u2013 izgalmas h\u00f3napoknak n\u00e9zek el\u00e9be!<\/p>\t\t\t\t\t\t\t\t<\/div>\n\t\t\t\t<\/div>\n\t\t\t\t<\/div>\n\t\t\t\t\t<\/div>\n\t\t\t\t<\/div>\n\t\t<div class=\"elementor-element elementor-element-99807e3 e-con-full e-flex e-con e-parent\" data-id=\"99807e3\" data-element_type=\"container\">\n\t\t\t\t<div class=\"elementor-element elementor-element-f6cdcb6 elementor-widget elementor-widget-text-editor\" data-id=\"f6cdcb6\" data-element_type=\"widget\" data-widget_type=\"text-editor.default\">\n\t\t\t\t<div class=\"elementor-widget-container\">\n\t\t\t\t\t\t\t\t\t<h3>TATIANA<\/h3>\t\t\t\t\t\t\t\t<\/div>\n\t\t\t\t<\/div>\n\t\t\t\t<\/div>\n\t\t<div class=\"elementor-element elementor-element-6c18d18 e-flex e-con-boxed e-con e-parent\" data-id=\"6c18d18\" data-element_type=\"container\">\n\t\t\t\t\t<div class=\"e-con-inner\">\n\t\t<div class=\"elementor-element elementor-element-5757f17 e-con-full e-flex e-con e-child\" data-id=\"5757f17\" data-element_type=\"container\">\n\t\t\t\t<div class=\"elementor-element elementor-element-08f0cf5 elementor-widget elementor-widget-text-editor\" data-id=\"08f0cf5\" data-element_type=\"widget\" data-widget_type=\"text-editor.default\">\n\t\t\t\t<div class=\"elementor-widget-container\">\n\t\t\t\t\t\t\t\t\t<p style=\"font-weight: 400;\">Sziasztok! \ud83d\ude0a<br \/>Tatiana vagyok, 23 \u00e9ves, \u00e9s Bukarestb\u0151l, Rom\u00e1ni\u00e1b\u00f3l j\u00f6ttem. Nemr\u00e9g v\u00e9geztem az egyetemen \u2013 pszichol\u00f3gi\u00e1t tanultam, majd jogi pszichol\u00f3gi\u00e1b\u00f3l szereztem mesterdiplom\u00e1t.<\/p><p style=\"font-weight: 400;\">A f\u00f3ti \u00f6nk\u00e9ntes projektre az\u00e9rt jelentkeztem, mert szeretek \u00faj dolgokat kipr\u00f3b\u00e1lni, kih\u00edv\u00e1sok el\u00e9 \u00e1ll\u00edtani magam, \u00e9s kil\u00e9pni a komfortz\u00f3n\u00e1mb\u00f3l. Ez nem az els\u0151 alkalom, hogy k\u00fclf\u00f6ld\u00f6n \u00e9lek \u2013 tanulm\u00e1nyaim alatt h\u00e1rom k\u00fcl\u00f6nb\u00f6z\u0151 Erasmus-programban is r\u00e9szt vettem, \u00edgy el\u00e9g gyorsan siker\u00fclt megszoknom az itteni \u00e9letet is.<\/p><p style=\"font-weight: 400;\">B\u00e1r m\u00e1r befejeztem a tanulm\u00e1nyaimat, m\u00e9g keresem, merre szeretn\u00e9k tov\u00e1bbmenni a karrieremben. Egy dolog viszont biztos: szeretn\u00e9k seg\u00edteni az embereknek, \u00e9s valami j\u00f3t tenni a k\u00f6z\u00f6ss\u00e9gek\u00e9rt. Hiszek abban, hogy a kis dolgok is sokat sz\u00e1m\u00edtanak, \u00e9s hogy az \u00f6nk\u00e9ntesked\u00e9s csod\u00e1s m\u00f3dja annak, hogy m\u00e1soknak adjunk, mik\u00f6zben mi magunk is rengeteget tanulunk. Nagyon szeretek gyerekekkel \u00e9s fiatalokkal dolgozni, \u00fagyhogy \u00f6r\u00fcl\u00f6k, hogy ebben a projektben ezt az \u00f3vod\u00e1ban \u00e9s a gimn\u00e1ziumban is megtehetem.<\/p><p style=\"font-weight: 400;\">Ebben az id\u0151szakban szeretn\u00e9k m\u00e9g t\u00f6bb tapasztalatot gy\u0171jteni a gyerekekkel \u00e9s tin\u00e9dzserekkel val\u00f3 k\u00f6z\u00f6s munk\u00e1ban, fejleszteni a kommunik\u00e1ci\u00f3s \u00e9s kultur\u00e1lis k\u00e9szs\u00e9geimet, \u00e9s jobban megismerni a magyar kult\u00far\u00e1t is.<\/p><p style=\"font-weight: 400;\">Szabadid\u0151mben szeretek spont\u00e1n kir\u00e1ndul\u00e1sokra indulni, felfedezni a term\u00e9szetet \u00e9s sok-sok fot\u00f3t k\u00e9sz\u00edteni. Emellett im\u00e1dok olvasni, k\u00e9zm\u0171veskedni, sz\u00ednh\u00e1zba j\u00e1rni, \u00e9s id\u0151t t\u00f6lteni a bar\u00e1taimmal meg a csal\u00e1dommal.<\/p><p style=\"font-weight: 400;\">Nagyon v\u00e1rom, mit tartogat sz\u00e1momra ez az \u00faj fejezet \u2013 az \u00e9lm\u00e9nyeket, az embereket \u00e9s mindazt, amit \u00fatk\u00f6zben megtanulhatok! \ud83d\udc9b<\/p>\t\t\t\t\t\t\t\t<\/div>\n\t\t\t\t<\/div>\n\t\t\t\t<\/div>\n\t\t<div class=\"elementor-element elementor-element-eed4e7a e-con-full e-flex e-con e-child\" data-id=\"eed4e7a\" data-element_type=\"container\">\n\t\t\t\t<div class=\"elementor-element elementor-element-27839b7 elementor-widget elementor-widget-image\" data-id=\"27839b7\" data-element_type=\"widget\" data-widget_type=\"image.default\">\n\t\t\t\t<div class=\"elementor-widget-container\">\n\t\t\t\t\t\t\t\t\t\t\t\t\t\t\t<img loading=\"lazy\" decoding=\"async\" width=\"443\" height=\"590\" src=\"https:\/\/www.fotikozszolg.hu\/wp-content\/uploads\/2025\/10\/Tatiana.jpg\" class=\"attachment-large size-large wp-image-6232\" alt=\"\" srcset=\"https:\/\/www.fotikozszolg.hu\/wp-content\/uploads\/2025\/10\/Tatiana.jpg 443w, https:\/\/www.fotikozszolg.hu\/wp-content\/uploads\/2025\/10\/Tatiana-225x300.jpg 225w\" sizes=\"(max-width: 443px) 100vw, 443px\" \/>\t\t\t\t\t\t\t\t\t\t\t\t\t\t\t<\/div>\n\t\t\t\t<\/div>\n\t\t\t\t<\/div>\n\t\t\t\t\t<\/div>\n\t\t\t\t<\/div>\n\t\t<div class=\"elementor-element elementor-element-a9bf5c5 e-flex e-con-boxed e-con e-parent\" data-id=\"a9bf5c5\" data-element_type=\"container\">\n\t\t\t\t\t<div class=\"e-con-inner\">\n\t\t\t\t<div class=\"elementor-element elementor-element-8167949 elementor-widget elementor-widget-text-editor\" data-id=\"8167949\" data-element_type=\"widget\" data-widget_type=\"text-editor.default\">\n\t\t\t\t<div class=\"elementor-widget-container\">\n\t\t\t\t\t\t\t\t\t<h3 class=\"s3\"><span class=\"s2\">Nemzetk\u00f6zi \u00f6nk\u00e9ntes lehet\u0151s\u00e9g F\u00f3ton \u2013 Csatlakozz hozz\u00e1nk 2025 \u0151sz\u00e9n!<\/span><\/h3><p>\u00a0<\/p><p class=\"s4\">A F\u00f3ti K\u00f6zszolg\u00e1ltat\u00f3 Nonprofit Kft. nemzetk\u00f6zi \u00f6nk\u00e9ntes programot hirdet 2025. szeptember 1. \u00e9s december 30. k\u00f6z\u00f6tt. A n\u00e9gy h\u00f3napos program sor\u00e1n h\u00e1rom 18\u201330 \u00e9v k\u00f6z\u00f6tti fiatal kapcsol\u00f3dhat be F\u00f3t v\u00e1ros k\u00f6z\u00f6ss\u00e9gi \u00e9s z\u00f6ldter\u00fcleti \u00e9let\u00e9be \u2013 magyar jelentkez\u0151k jelentkez\u00e9s\u00e9t is v\u00e1rjuk!<\/p><p class=\"s6\"><span class=\"s5\">A program c\u00e9lja<\/span><\/p><p class=\"s4\">A program lehet\u0151s\u00e9get k\u00edn\u00e1l arra, hogy a r\u00e9sztvev\u0151k akt\u00edv szerepet v\u00e1llaljanak a v\u00e1ros \u00e9let\u00e9ben, mik\u00f6zben fejleszthetik szem\u00e9lyes \u00e9s szakmai k\u00e9szs\u00e9geiket, b\u0151v\u00edthetik tapasztalataikat \u00e9s \u00faj k\u00f6z\u00f6ss\u00e9gekben ismerhetik meg \u00f6nmagukat.<\/p><p class=\"s6\"><span class=\"s5\">Amit k\u00edn\u00e1lunk:<\/span><\/p><div class=\"s8\"><span class=\"s7\">\u2022 <\/span>Napi 14 eur\u00f3 zsebp\u00e9nz \u00e9s \u00e9tkez\u00e9si hozz\u00e1j\u00e1rul\u00e1s<\/div><div class=\"s8\"><span class=\"s7\">\u2022 <\/span>Utaz\u00e1si k\u00f6lts\u00e9gek megt\u00e9r\u00edt\u00e9se<\/div><div class=\"s8\"><span class=\"s7\">\u2022 <\/span>K\u00e9nyelmes sz\u00e1ll\u00e1s a v\u00e1rosk\u00f6zpontban, k\u00e9t\u00e1gyas szob\u00e1kban, k\u00fcl\u00f6n konyh\u00e1val \u00e9s f\u00fcrd\u0151szob\u00e1val<\/div><div class=\"s8\"><span class=\"s7\">\u2022 <\/span>Mentori t\u00e1mogat\u00e1s, tapasztalt seg\u00edt\u0151kkel<\/div><div class=\"s8\"><span class=\"s7\">\u2022 <\/span>Heti k\u00e9t szabadnap, hogy legyen id\u0151d felfedezni F\u00f3tot \u00e9s k\u00f6rny\u00e9k\u00e9t<\/div><p class=\"s6\"><span class=\"s5\">\u00d6nk\u00e9ntes feladatok:<\/span><\/p><div class=\"s8\"><span class=\"s7\">\u2022 <\/span>R\u00e9szv\u00e9tel a Somly\u00f3-tavi Ifj\u00fas\u00e1gi H\u00e1z m\u0171k\u00f6d\u00e9s\u00e9ben, F\u00f3t \u00f6nkorm\u00e1nyzata \u00e1ltal szervezett \u00a0rendezv\u00e9nyek el\u0151k\u00e9sz\u00edt\u00e9s\u00e9ben valamint lebonyol\u00edt\u00e1sban,<\/div><div class=\"s8\"><span class=\"s7\">\u2022 <\/span>V\u00e1rosi z\u00f6ldter\u00fcletek, parkok \u00e9s j\u00e1tsz\u00f3terek karbantart\u00e1sa\u00a0<\/div><div class=\"s8\"><span class=\"s7\">\u2022 <\/span>K\u00f6z\u00f6ss\u00e9gi programok szervez\u00e9se \u00e9s lebonyol\u00edt\u00e1sa, egy\u00fcttm\u0171k\u00f6d\u00e9s az \u00f6nkorm\u00e1nyzattal\u00a0<\/div><div class=\"s8\"><span class=\"s7\">\u2022 <\/span>Kapcsolattart\u00e1s helyi fiatalokkal, r\u00e9szv\u00e9tel iskolai \u00e9s \/ vagy \u00f3vodai \u00e9letben\u00a0<\/div><div class=\"s8\"><span class=\"s7\">\u2022 <\/span>K\u00f6z\u00f6ss\u00e9gi m\u00e9dia tartalmak \u00e9s vide\u00f3k k\u00e9sz\u00edt\u00e9se \u00a0<\/div><p>Minden tev\u00e9kenys\u00e9g F\u00f3t ter\u00fclet\u00e9n zajlik, helyi koordin\u00e1torok ir\u00e1ny\u00edt\u00e1s\u00e1val.<\/p><p class=\"s6\"><span class=\"s5\">Kik jelentkezhetnek?<\/span><\/p><p>Olyan fiatalok jelentkez\u00e9s\u00e9t v\u00e1rjuk \u2013 ak\u00e1r belf\u00f6ldr\u0151l, ak\u00e1r k\u00fclf\u00f6ldr\u0151l \u2013, akik:<\/p><div class=\"s8\"><span class=\"s7\">\u2022 <\/span>\u00e9rdekl\u0151dnek a k\u00f6z\u00f6ss\u00e9gi munka, term\u00e9szetv\u00e9delem ir\u00e1nt<\/div><div class=\"s8\"><span class=\"s7\">\u2022 <\/span>szeretnek csapatban dolgozni<\/div><div class=\"s8\"><span class=\"s7\">\u2022 <\/span>sz\u00edvesen ismerkednek \u00faj emberekkel \u00e9s kult\u00far\u00e1kkal<\/div><div class=\"s8\"><span class=\"s7\">\u2022 <\/span>fontosnak tartj\u00e1k a tiszta, rendezett k\u00f6rnyezet meg\u0151rz\u00e9s\u00e9t<\/div><p class=\"s6\"><span class=\"s5\">F\u00f3t, a term\u00e9szet \u00e9s a k\u00f6z\u00f6ss\u00e9g v\u00e1rosa<\/span><\/p><p class=\"s4\">F\u00f3t Budapestt\u0151l mind\u00f6ssze 17 km-re tal\u00e1lhat\u00f3, k\u00f6nnyen megk\u00f6zel\u00edthet\u0151 a f\u0151v\u00e1rosb\u00f3l. A t\u00f6bb mint 20.000 lakos\u00fa telep\u00fcl\u00e9s fiatalos, csal\u00e1dbar\u00e1t k\u00f6rnyezetet biztos\u00edt, mik\u00f6zben v\u00e1ltozatos kultur\u00e1lis \u00e9s szabadid\u0151s programokkal v\u00e1rja a helyieket \u00e9s a l\u00e1togat\u00f3kat.<\/p><p class=\"s6\"><span class=\"s5\">Jelentkez\u00e9si hat\u00e1rid\u0151: 2025. augusztus 10.<\/span><\/p><p>Ha sz\u00edvesen r\u00e9szt venn\u00e9l ebben az izgalmas, k\u00f6z\u00f6ss\u00e9gi \u00e9lm\u00e9nyekben gazdag \u00f6nk\u00e9ntes programban, k\u00fcldd el jelentkez\u00e9sed f\u00e9nyk\u00e9pes \u00f6n\u00e9letrajzzal e-mailben a k\u00f6vetkez\u0151 c\u00edmre:<br \/>\ud83d\udce7 rab.szilard@fotikozszolg.hu<\/p><p class=\"s6\"><span class=\"s5\">Csatlakozz hozz\u00e1nk!<\/span><\/p><p class=\"s4\">A F\u00f3ti K\u00f6zszolg\u00e1ltat\u00f3 Nonprofit Kft. elk\u00f6telezett a helyi k\u00f6z\u00f6ss\u00e9g t\u00e1mogat\u00e1sa \u00e9s a fiatalok fejl\u0151d\u00e9s\u00e9nek el\u0151seg\u00edt\u00e9se mellett. Legy\u00e9l r\u00e9szese te is egy \u00e9lhet\u0151, z\u00f6ld \u00e9s \u00f6sszetart\u00f3 v\u00e1ros k\u00f6z\u00f6ss\u00e9g\u00e9nek!<\/p>\t\t\t\t\t\t\t\t<\/div>\n\t\t\t\t<\/div>\n\t\t\t\t\t<\/div>\n\t\t\t\t<\/div>\n\t\t<div class=\"elementor-element elementor-element-df29a8d e-flex e-con-boxed e-con e-parent\" data-id=\"df29a8d\" data-element_type=\"container\">\n\t\t\t\t\t<div class=\"e-con-inner\">\n\t\t\t\t<div class=\"elementor-element elementor-element-80f3401 elementor-widget elementor-widget-text-editor\" data-id=\"80f3401\" data-element_type=\"widget\" data-widget_type=\"text-editor.default\">\n\t\t\t\t<div class=\"elementor-widget-container\">\n\t\t\t\t\t\t\t\t\t<h3>DANI<\/h3>\t\t\t\t\t\t\t\t<\/div>\n\t\t\t\t<\/div>\n\t\t\t\t\t<\/div>\n\t\t\t\t<\/div>\n\t\t<div class=\"elementor-element elementor-element-053f4ae e-flex e-con-boxed e-con e-parent\" data-id=\"053f4ae\" data-element_type=\"container\">\n\t\t\t\t\t<div class=\"e-con-inner\">\n\t\t<div class=\"elementor-element elementor-element-20bae5a e-con-full e-flex e-con e-child\" data-id=\"20bae5a\" data-element_type=\"container\">\n\t\t\t\t<div class=\"elementor-element elementor-element-40d024c elementor-widget elementor-widget-text-editor\" data-id=\"40d024c\" data-element_type=\"widget\" data-widget_type=\"text-editor.default\">\n\t\t\t\t<div class=\"elementor-widget-container\">\n\t\t\t\t\t\t\t\t\t<p>Sziasztok! Dani vagyok, 21 \u00e9ves.<br \/>T\u0151sgy\u00f6keres f\u00f3tik\u00e9nt ez a v\u00e1ros mindig is fontos r\u00e9sze volt az \u00e9letemnek. Ide k\u00f6t kismilli\u00f3 eml\u00e9k, itt tal\u00e1ltam meg azokat a dolgokat, amik igaz\u00e1n boldogg\u00e1 tesznek. Jelenleg gy\u00f3gypedag\u00f3giai asszisztensnek tanulok, mert szeretek emberekkel foglalkozni, seg\u00edteni m\u00e1soknak \u00e9s hiszek az es\u00e9lyegyenl\u0151s\u00e9g l\u00e9tjogosults\u00e1ban. Emellett falat m\u00e1szok, hisz kell valami, ami levezeti az energi\u00e1t, \u00e9s k\u00f6zben megtan\u00edt arra, hogyan koncentr\u00e1ljak, k\u00fczdjek \u00e9s haladjak el\u0151re. De ami igaz\u00e1n az \u00e9letem k\u00f6z\u00e9ppontj\u00e1ban \u00e1ll, az a sz\u00ednh\u00e1z \u00e9s a szerepl\u00e9s. Ha lehet\u0151s\u00e9g van r\u00e1, hogy sz\u00ednpadra \u00e1lljak vagy szervezzek valamit, akkor ott vagyok. A sz\u00ednj\u00e1tsz\u00e1s sz\u00e1momra nem csak egy hobbi, hanem egy olyan k\u00f6zeg, ahol nem f\u00e9l az ember kifejezni \u00f6nmag\u00e1t \u00e9s ahol olyan kreat\u00edv energi\u00e1k szabadulnak fel mint sehol m\u00e1shol. <br \/>Ebben a v\u00e1rosban n\u0151ttem fel, itt \u00e9lek, ez\u00e9rt szeretn\u00e9m, ha a k\u00f6z\u00f6ss\u00e9gi \u00e9let pezsg\u0151bb lenne, k\u00fcl\u00f6n\u00f6sen a fiatalok sz\u00e1m\u00e1ra. Sokan \u00e9rzik \u00fagy, hogy itt nincs el\u00e9g lehet\u0151s\u00e9g, nincs el\u00e9g program \u2013 ezen szeretn\u00e9k v\u00e1ltoztatni. J\u00f3 lenne, ha a helyi fiatalok nem csak elmenni akarn\u00e1nak innen, hanem l\u00e1tn\u00e1k, hogy itt is lehet sz\u00e1mos dolgot csin\u00e1lni. Szeretem a p\u00f6rg\u00e9st, az \u00faj kih\u00edv\u00e1sokat. Ez a projekt erre ad lehet\u0151s\u00e9get, \u00e9n pedig szeretn\u00e9m a saj\u00e1t \u00f6tleteimmel \u00e9s munk\u00e1mmal ezt el\u0151remozd\u00edtani.<\/p>\t\t\t\t\t\t\t\t<\/div>\n\t\t\t\t<\/div>\n\t\t\t\t<\/div>\n\t\t<div class=\"elementor-element elementor-element-7b64983 e-con-full e-flex e-con e-child\" data-id=\"7b64983\" data-element_type=\"container\">\n\t\t\t\t<div class=\"elementor-element elementor-element-3cb40c0 elementor-widget elementor-widget-image\" data-id=\"3cb40c0\" data-element_type=\"widget\" data-widget_type=\"image.default\">\n\t\t\t\t<div class=\"elementor-widget-container\">\n\t\t\t\t\t\t\t\t\t\t\t\t\t\t\t<img loading=\"lazy\" decoding=\"async\" width=\"684\" height=\"1024\" src=\"https:\/\/www.fotikozszolg.hu\/wp-content\/uploads\/2025\/04\/FB_IMG_1730915702531-684x1024.jpg\" class=\"attachment-large size-large wp-image-5530\" alt=\"\" srcset=\"https:\/\/www.fotikozszolg.hu\/wp-content\/uploads\/2025\/04\/FB_IMG_1730915702531-684x1024.jpg 684w, https:\/\/www.fotikozszolg.hu\/wp-content\/uploads\/2025\/04\/FB_IMG_1730915702531-200x300.jpg 200w, https:\/\/www.fotikozszolg.hu\/wp-content\/uploads\/2025\/04\/FB_IMG_1730915702531-768x1150.jpg 768w, https:\/\/www.fotikozszolg.hu\/wp-content\/uploads\/2025\/04\/FB_IMG_1730915702531-1026x1536.jpg 1026w, https:\/\/www.fotikozszolg.hu\/wp-content\/uploads\/2025\/04\/FB_IMG_1730915702531.jpg 1080w\" sizes=\"(max-width: 684px) 100vw, 684px\" \/>\t\t\t\t\t\t\t\t\t\t\t\t\t\t\t<\/div>\n\t\t\t\t<\/div>\n\t\t\t\t<\/div>\n\t\t\t\t\t<\/div>\n\t\t\t\t<\/div>\n\t\t<div class=\"elementor-element elementor-element-9b98fde e-flex e-con-boxed e-con e-parent\" data-id=\"9b98fde\" data-element_type=\"container\">\n\t\t\t\t\t<div class=\"e-con-inner\">\n\t\t\t\t<div class=\"elementor-element elementor-element-6fbf104 elementor-widget elementor-widget-text-editor\" data-id=\"6fbf104\" data-element_type=\"widget\" data-widget_type=\"text-editor.default\">\n\t\t\t\t<div class=\"elementor-widget-container\">\n\t\t\t\t\t\t\t\t\t<h3>DUSTIN<\/h3>\t\t\t\t\t\t\t\t<\/div>\n\t\t\t\t<\/div>\n\t\t\t\t\t<\/div>\n\t\t\t\t<\/div>\n\t\t<div class=\"elementor-element elementor-element-2e09327 e-flex e-con-boxed e-con e-parent\" data-id=\"2e09327\" data-element_type=\"container\">\n\t\t\t\t\t<div class=\"e-con-inner\">\n\t\t<div class=\"elementor-element elementor-element-0bf34d8 e-con-full e-flex e-con e-child\" data-id=\"0bf34d8\" data-element_type=\"container\">\n\t\t\t\t<div class=\"elementor-element elementor-element-1868c87 elementor-widget elementor-widget-image\" data-id=\"1868c87\" data-element_type=\"widget\" data-widget_type=\"image.default\">\n\t\t\t\t<div class=\"elementor-widget-container\">\n\t\t\t\t\t\t\t\t\t\t\t\t\t\t\t<img loading=\"lazy\" decoding=\"async\" width=\"576\" height=\"1024\" src=\"https:\/\/www.fotikozszolg.hu\/wp-content\/uploads\/2025\/03\/dustin-standard-576x1024.jpg\" class=\"attachment-large size-large wp-image-4744\" alt=\"\" srcset=\"https:\/\/www.fotikozszolg.hu\/wp-content\/uploads\/2025\/03\/dustin-standard-576x1024.jpg 576w, https:\/\/www.fotikozszolg.hu\/wp-content\/uploads\/2025\/03\/dustin-standard-169x300.jpg 169w, https:\/\/www.fotikozszolg.hu\/wp-content\/uploads\/2025\/03\/dustin-standard-768x1365.jpg 768w, https:\/\/www.fotikozszolg.hu\/wp-content\/uploads\/2025\/03\/dustin-standard.jpg 800w\" sizes=\"(max-width: 576px) 100vw, 576px\" \/>\t\t\t\t\t\t\t\t\t\t\t\t\t\t\t<\/div>\n\t\t\t\t<\/div>\n\t\t\t\t<\/div>\n\t\t<div class=\"elementor-element elementor-element-50cca08 e-con-full e-flex e-con e-child\" data-id=\"50cca08\" data-element_type=\"container\">\n\t\t\t\t<div class=\"elementor-element elementor-element-8bf27f8 elementor-widget elementor-widget-text-editor\" data-id=\"8bf27f8\" data-element_type=\"widget\" data-widget_type=\"text-editor.default\">\n\t\t\t\t<div class=\"elementor-widget-container\">\n\t\t\t\t\t\t\t\t\t<p class=\"\" data-start=\"25\" data-end=\"155\">Sziasztok, a nevem Dustin, 21 \u00e9ves vagyok, \u00e9s N\u00e9metorsz\u00e1gb\u00f3l, Hasel\u00fcnn\u00e9b\u0151l sz\u00e1rmazom. A projekt ideje alatt F\u00f3ton \u00e9lek, Budapest k\u00f6zel\u00e9ben.<\/p><p class=\"\" data-start=\"157\" data-end=\"504\">Egy gimn\u00e1ziumban tanultam, de a 10. oszt\u00e1ly ut\u00e1n otthagytam, hogy elkezdjek egy fitnesz\u00e9rt\u00e9kes\u00edt\u0151i k\u00e9pz\u00e9st, amelyet 2024-ben sikeresen befejeztem. Mivel mindig is szerettem volna valamilyen \u00f6nk\u00e9ntes munk\u00e1t v\u00e9gezni, \u00e9s nagyon \u00e9rdekel az utaz\u00e1s, az \u00faj kult\u00far\u00e1k felfedez\u00e9se, valamint \u00faj emberek megismer\u00e9se, \u00fagy d\u00f6nt\u00f6ttem, hogy azonnal csatlakozom.<\/p><p class=\"\" data-start=\"506\" data-end=\"868\">Egy m\u00e1sik ok, ami\u00e9rt ez a lehet\u0151s\u00e9g t\u00f6k\u00e9letes volt sz\u00e1momra, az az, hogy m\u00e9g nem voltam biztos benne, milyen karrierutat szeretn\u00e9k k\u00f6vetni. Ez\u00e9rt ez a tapasztalat \u00e9ppen a megfelel\u0151 id\u0151ben j\u00f6tt. A k\u00f6vetkez\u0151 n\u00e9gy h\u00f3nap f\u0151 c\u00e9ljai sz\u00e1momra az angol nyelvtud\u00e1som fejleszt\u00e9se, a magyar nyelv elsaj\u00e1t\u00edt\u00e1sa, valamint a helyi kult\u00far\u00e1ba \u00e9s k\u00f6z\u00f6ss\u00e9gbe val\u00f3 beilleszked\u00e9s.<\/p><p class=\"\" data-start=\"870\" data-end=\"985\">Nagyon izgatott vagyok, hogy r\u00e9szese lehetek ennek az \u00fatnak, \u00e9s k\u00edv\u00e1ncsian v\u00e1rom, mit hoz a k\u00f6vetkez\u0151 n\u00e9h\u00e1ny h\u00f3nap!<\/p>\t\t\t\t\t\t\t\t<\/div>\n\t\t\t\t<\/div>\n\t\t\t\t<\/div>\n\t\t\t\t\t<\/div>\n\t\t\t\t<\/div>\n\t\t<div class=\"elementor-element elementor-element-db53d20 e-flex e-con-boxed e-con e-parent\" data-id=\"db53d20\" data-element_type=\"container\">\n\t\t\t\t\t<div class=\"e-con-inner\">\n\t\t<div class=\"elementor-element elementor-element-bf21d90 e-con-full e-flex e-con e-child\" data-id=\"bf21d90\" data-element_type=\"container\">\n\t\t\t\t<div class=\"elementor-element elementor-element-a73d3a3 elementor-widget elementor-widget-text-editor\" data-id=\"a73d3a3\" data-element_type=\"widget\" data-widget_type=\"text-editor.default\">\n\t\t\t\t<div class=\"elementor-widget-container\">\n\t\t\t\t\t\t\t\t\t<h3>NURIA<\/h3>\t\t\t\t\t\t\t\t<\/div>\n\t\t\t\t<\/div>\n\t\t\t\t<\/div>\n\t\t\t\t\t<\/div>\n\t\t\t\t<\/div>\n\t\t<div class=\"elementor-element elementor-element-f1b882f e-flex e-con-boxed e-con e-parent\" data-id=\"f1b882f\" data-element_type=\"container\">\n\t\t\t\t\t<div class=\"e-con-inner\">\n\t\t<div class=\"elementor-element elementor-element-8fd0766 e-con-full e-flex e-con e-child\" data-id=\"8fd0766\" data-element_type=\"container\">\n\t\t\t\t<div class=\"elementor-element elementor-element-d02c6e6 elementor-widget elementor-widget-text-editor\" data-id=\"d02c6e6\" data-element_type=\"widget\" data-widget_type=\"text-editor.default\">\n\t\t\t\t<div class=\"elementor-widget-container\">\n\t\t\t\t\t\t\t\t\t<p><span style=\"font-weight: 400;\">Hell\u00f3! A nevem Nuria, 22 \u00e9ves vagyok, Spanyolorsz\u00e1gb\u00f3l, Madridb\u00f3l sz\u00e1rmazom.<\/span><\/p><p><span style=\"font-weight: 400;\">V\u00e1toz\u00e1st \u00e9s kih\u00edv\u00e1sokat szerettem volna az \u00e9letemben, ez\u00e9rt n\u00e9h\u00e1ny bar\u00e1tom javasolta, hogy menjek el \u00f6nk\u00e9ntesnek. Sokat keresg\u00e9ltem, \u00e9s t\u00f6bb okb\u00f3l is ez a f\u00f3ti projekt tetszett meg legjobban. Az egyik a term\u00e9szetben val\u00f3 munka lehet\u0151s\u00e9ge, a m\u00e1sik. hogy a v\u00e1ros fiataljaival lehetek egy\u00fctt, sz\u00e1mukra szervezhet\u00fcnk programokat. Mindez nagyszer\u0171 lehet\u0151s\u00e9g arra, hogy kil\u00e9pjek a komfortz\u00f3n\u00e1mb\u00f3l, \u00e9s egyben nagy kih\u00edv\u00e1st jelent sz\u00e1momra a ment\u00e1lis \u00e9s emberi fejl\u0151d\u00e9sre is. Nagyon boldog vagyok, hogy itt lehetek, \u00e9s biztos vagyok benne, hogy nyolc k\u00fcl\u00f6nleges h\u00f3nap v\u00e1r r\u00e1m, amit soha nem fogok elfelejteni.<\/span><\/p>\t\t\t\t\t\t\t\t<\/div>\n\t\t\t\t<\/div>\n\t\t\t\t<\/div>\n\t\t<div class=\"elementor-element elementor-element-1f46ee7 e-con-full e-flex e-con e-child\" data-id=\"1f46ee7\" data-element_type=\"container\">\n\t\t\t\t<div class=\"elementor-element elementor-element-17d3b0a elementor-widget elementor-widget-image\" data-id=\"17d3b0a\" data-element_type=\"widget\" data-widget_type=\"image.default\">\n\t\t\t\t<div class=\"elementor-widget-container\">\n\t\t\t\t\t\t\t\t\t\t\t\t\t\t\t<img loading=\"lazy\" decoding=\"async\" width=\"302\" height=\"398\" src=\"https:\/\/www.fotikozszolg.hu\/wp-content\/uploads\/2025\/03\/Nuria_foto.jpg\" class=\"attachment-large size-large wp-image-4696\" alt=\"\" srcset=\"https:\/\/www.fotikozszolg.hu\/wp-content\/uploads\/2025\/03\/Nuria_foto.jpg 302w, https:\/\/www.fotikozszolg.hu\/wp-content\/uploads\/2025\/03\/Nuria_foto-228x300.jpg 228w\" sizes=\"(max-width: 302px) 100vw, 302px\" \/>\t\t\t\t\t\t\t\t\t\t\t\t\t\t\t<\/div>\n\t\t\t\t<\/div>\n\t\t\t\t<\/div>\n\t\t\t\t\t<\/div>\n\t\t\t\t<\/div>\n\t\t<div class=\"elementor-element elementor-element-a8d1266 e-flex e-con-boxed e-con e-parent\" data-id=\"a8d1266\" data-element_type=\"container\">\n\t\t\t\t\t<div class=\"e-con-inner\">\n\t\t<div class=\"elementor-element elementor-element-d28f907 e-con-full e-flex e-con e-child\" data-id=\"d28f907\" data-element_type=\"container\">\n\t\t\t\t<div class=\"elementor-element elementor-element-c7f1557 elementor-widget elementor-widget-text-editor\" data-id=\"c7f1557\" data-element_type=\"widget\" data-widget_type=\"text-editor.default\">\n\t\t\t\t<div class=\"elementor-widget-container\">\n\t\t\t\t\t\t\t\t\t<h3>MARK<\/h3>\t\t\t\t\t\t\t\t<\/div>\n\t\t\t\t<\/div>\n\t\t\t\t<\/div>\n\t\t\t\t\t<\/div>\n\t\t\t\t<\/div>\n\t\t<div class=\"elementor-element elementor-element-ec18ce2 e-flex e-con-boxed e-con e-parent\" data-id=\"ec18ce2\" data-element_type=\"container\">\n\t\t\t\t\t<div class=\"e-con-inner\">\n\t\t<div class=\"elementor-element elementor-element-26654aa e-con-full e-flex e-con e-child\" data-id=\"26654aa\" data-element_type=\"container\">\n\t\t\t\t<div class=\"elementor-element elementor-element-03518b6 elementor-widget elementor-widget-image\" data-id=\"03518b6\" data-element_type=\"widget\" data-widget_type=\"image.default\">\n\t\t\t\t<div class=\"elementor-widget-container\">\n\t\t\t\t\t\t\t\t\t\t\t\t\t\t\t<img loading=\"lazy\" decoding=\"async\" width=\"302\" height=\"370\" src=\"https:\/\/www.fotikozszolg.hu\/wp-content\/uploads\/2025\/03\/Mark_foto.jpg\" class=\"attachment-large size-large wp-image-4698\" alt=\"\" srcset=\"https:\/\/www.fotikozszolg.hu\/wp-content\/uploads\/2025\/03\/Mark_foto.jpg 302w, https:\/\/www.fotikozszolg.hu\/wp-content\/uploads\/2025\/03\/Mark_foto-245x300.jpg 245w\" sizes=\"(max-width: 302px) 100vw, 302px\" \/>\t\t\t\t\t\t\t\t\t\t\t\t\t\t\t<\/div>\n\t\t\t\t<\/div>\n\t\t\t\t<\/div>\n\t\t<div class=\"elementor-element elementor-element-cd15e0f e-con-full e-flex e-con e-child\" data-id=\"cd15e0f\" data-element_type=\"container\">\n\t\t\t\t<div class=\"elementor-element elementor-element-fa7e481 elementor-widget elementor-widget-text-editor\" data-id=\"fa7e481\" data-element_type=\"widget\" data-widget_type=\"text-editor.default\">\n\t\t\t\t<div class=\"elementor-widget-container\">\n\t\t\t\t\t\t\t\t\t<p><span style=\"font-weight: 400;\">Hello, Mark vagyok, 20 \u00e9ves, \u00e9s Papenburgb\u00f3l sz\u00e1rmazom, egy kisv\u00e1rosb\u00f3l N\u00e9metorsz\u00e1g \u00e9szaki r\u00e9sz\u00e9r\u0151l. Az iskola befejez\u00e9se ut\u00e1n kezdtem \u00fagy \u00e9rezni, hogy ki kell szakadnom a rutinomb\u00f3l, \u00e9s valami \u00fajat kell l\u00e1tnom. Kicsit elakadtam a sz\u00fcl\u0151v\u00e1rosomban, \u00e9s tudtam, hogy l\u00e9pnem kell, ez\u00e9rt elkezdtem gondolkodni azon, hogy egy \u00e9vet k\u00fclf\u00f6ld\u00f6n t\u00f6ltsek. Magyarorsz\u00e1g felkeltette a figyelmemet, mert nem egy tipikus \u00fati c\u00e9l \u2013 van benne valami, ami jobban elt\u00e9r a kitaposott \u00f6sv\u00e9nyt\u0151l, amit nagyon izgalmasnak tal\u00e1ltam. R\u00e1ad\u00e1sul az itteni term\u00e9szet teljesen leny\u0171g\u00f6z\u00f6tt. Tudtam, hogy ez az a hely, ahol szeretn\u00e9k lenni, \u00e9s hogy ez az \u00e9v valami k\u00fcl\u00f6nleges lesz.<\/span><\/p><p><span style=\"font-weight: 400;\">A sport mindig is nagy r\u00e9sz\u00e9t k\u00e9pezte az \u00e9letemnek. Szeretek akt\u00edvan \u00e9lni, legyen sz\u00f3 fut\u00e1sr\u00f3l, kos\u00e1rlabd\u00e1z\u00e1sr\u00f3l vagy \u00faj dolgok kipr\u00f3b\u00e1l\u00e1s\u00e1r\u00f3l. De nem csak a sporttal foglalkozom. Nagyon szeretek fesztiv\u00e1lokra j\u00e1rni \u00e9s kir\u00e1ndulni a bar\u00e1taimmal.\u00a0<\/span><\/p><p><span style=\"font-weight: 400;\">Ha m\u00e1r a zen\u00e9r\u0151l besz\u00e9l\u00fcnk, megsz\u00e1llott vagyok. \u00d3r\u00e1kat tudok elt\u00f6lteni azzal, hogy \u00faj sz\u00e1mokba mer\u00fclve, k\u00fcl\u00f6nb\u00f6z\u0151 m\u0171fajokat fedezzek fel, \u00e9s hagyjam, hogy a zene megteremtse a hangulatot. A zene az \u00e9letem hatalmas r\u00e9sze \u2013 mindig ott van, ak\u00e1r edzek, ak\u00e1r a bar\u00e1taimmal lazulok, vagy csak n\u00e9zem a naplement\u00e9t. \u00c9s \u0151szint\u00e9n sz\u00f3lva, semmi m\u00e1st nem \u00e9lvezek jobban, mint egy j\u00f3 naplement\u00e9t. Van valami abban, ahogy n\u00e9zem, ahogy a nap v\u00e9g\u00e9n az \u00e9g sz\u00edne megv\u00e1ltozik, amit\u0151l egyszer\u0171en megnyugodtam \u00e9s megnyugodtam, b\u00e1rmi m\u00e1s is t\u00f6rt\u00e9nik.<\/span><\/p><p><span style=\"font-weight: 400;\">K\u00edv\u00e1ncsian v\u00e1rom, mit hoz a j\u00f6v\u0151. Egyel\u0151re az a l\u00e9nyeg, hogy minden \u00e9lm\u00e9nyb\u0151l a legt\u00f6bbet hozzuk ki.<\/span><\/p>\t\t\t\t\t\t\t\t<\/div>\n\t\t\t\t<\/div>\n\t\t\t\t<\/div>\n\t\t\t\t\t<\/div>\n\t\t\t\t<\/div>\n\t\t<div class=\"elementor-element elementor-element-2920268 e-flex e-con-boxed e-con e-parent\" data-id=\"2920268\" data-element_type=\"container\">\n\t\t\t\t\t<div class=\"e-con-inner\">\n\t\t\t\t<div class=\"elementor-element elementor-element-550de62 elementor-widget elementor-widget-text-editor\" data-id=\"550de62\" data-element_type=\"widget\" data-widget_type=\"text-editor.default\">\n\t\t\t\t<div class=\"elementor-widget-container\">\n\t\t\t\t\t\t\t\t\t<h3>ANNA (2024.09-t\u0151l 2024.12-ig)<\/h3>\t\t\t\t\t\t\t\t<\/div>\n\t\t\t\t<\/div>\n\t\t\t\t\t<\/div>\n\t\t\t\t<\/div>\n\t\t<div class=\"elementor-element elementor-element-6d3e026 e-con-full e-flex e-con e-parent\" data-id=\"6d3e026\" data-element_type=\"container\">\n\t\t<div class=\"elementor-element elementor-element-70d3142 e-con-full e-flex e-con e-child\" data-id=\"70d3142\" data-element_type=\"container\">\n\t\t\t\t<div class=\"elementor-element elementor-element-2a9cbc6 elementor-widget__width-initial elementor-widget elementor-widget-text-editor\" data-id=\"2a9cbc6\" data-element_type=\"widget\" data-widget_type=\"text-editor.default\">\n\t\t\t\t<div class=\"elementor-widget-container\">\n\t\t\t\t\t\t\t\t\t<p><span style=\"font-weight: 400;\">Sziasztok, Anna vagyok, 24 \u00e9ves. \u00c9szak-Olaszorsz\u00e1gban \u00e9lek Velence k\u00f6z<\/span><span style=\"font-weight: 400;\">el\u00e9ben. Politikatudom\u00e1nyb\u00f3l \u00e9s emberi jogokb\u00f3l szereztem diplom\u00e1mat Padov\u00e1ban, majd iskolai nevel\u0151k\u00e9nt dolgoztam gyerekekkel. Jelenleg pr\u00f3b\u00e1lom jobban meg\u00e9rteni a j\u00f6v\u0151beli munk\u00e1mat \u00e9s tapasztalatokat szerezni ezen a t\u00e9ren.<\/span><\/p><p><span style=\"font-weight: 400;\">Im\u00e1dom az \u00e1llatokat, van egy kuty\u00e1m, Jacknek h\u00edvj\u00e1k \u00e9s k\u00e9t macsk\u00e1m, Blue \u00e9s Luna. Szabadid\u0151mben sz\u00edvesen olvasok k\u00f6nyvet, hallgatok zen\u00e9t (f\u0151leg rock vagy pop) \u00e9s t\u00far\u00e1zok a hegyekben. Term\u00e9szetesen nagyon szeretek a bar\u00e1taimmal \u00e9s a csal\u00e1dommal egy\u00fctt lenni, vacsor\u00e1zni kikapcsol\u00f3dni.<\/span><\/p><p><span style=\"font-weight: 400;\">Sok tervem van F\u00f3ton: term\u00e9szetesen szeretn\u00e9k seg\u00edteni a helyieknek, \u00e9s \u00faj bar\u00e1tokat tal\u00e1lni. Az\u00e9rt is vagyok itt, hogy a mindennapi kommunik\u00e1ci\u00f3 \u00e1ltal t\u00f6k\u00e9letes\u00edtsem az angol tud\u00e1somat. Sz\u00edvesen vagyok itt, egyre t\u00f6bb csod\u00e1s helyet ismerek meg a v\u00e1rosban \u00e9s a t\u00e9rs\u00e9gben. \u00c9s persze \u00e9lvezettel fedezem fel a magyar konyh\u00e1t. Sok gazdas\u00e1g \u00e9s tanya van itt, ami nagy \u00f6r\u00f6m sz\u00e1momra. Rem\u00e9lem, hogy ez az \u00f6nk\u00e9ntes tapasztalat seg\u00edt f\u00fcggetlenebb\u00e9 \u00e9s magabiztosabb\u00e1 v\u00e1lnom.<\/span><\/p>\t\t\t\t\t\t\t\t<\/div>\n\t\t\t\t<\/div>\n\t\t\t\t<\/div>\n\t\t<div class=\"elementor-element elementor-element-15235e9 e-con-full e-flex e-con e-child\" data-id=\"15235e9\" data-element_type=\"container\">\n\t\t\t\t<div class=\"elementor-element elementor-element-8978636 elementor-widget__width-initial elementor-widget elementor-widget-image\" data-id=\"8978636\" data-element_type=\"widget\" data-widget_type=\"image.default\">\n\t\t\t\t<div class=\"elementor-widget-container\">\n\t\t\t\t\t\t\t\t\t\t\t\t\t\t\t<img loading=\"lazy\" decoding=\"async\" width=\"302\" height=\"403\" src=\"https:\/\/www.fotikozszolg.hu\/wp-content\/uploads\/2025\/03\/Anna_foto.jpg\" class=\"attachment-large size-large wp-image-4695\" alt=\"\" srcset=\"https:\/\/www.fotikozszolg.hu\/wp-content\/uploads\/2025\/03\/Anna_foto.jpg 302w, https:\/\/www.fotikozszolg.hu\/wp-content\/uploads\/2025\/03\/Anna_foto-225x300.jpg 225w\" sizes=\"(max-width: 302px) 100vw, 302px\" \/>\t\t\t\t\t\t\t\t\t\t\t\t\t\t\t<\/div>\n\t\t\t\t<\/div>\n\t\t\t\t<\/div>\n\t\t\t\t<\/div>\n\t\t<div class=\"elementor-element elementor-element-c7a4f13 e-flex e-con-boxed e-con e-parent\" data-id=\"c7a4f13\" data-element_type=\"container\">\n\t\t\t\t\t<div class=\"e-con-inner\">\n\t\t\t\t<div class=\"elementor-element elementor-element-24544a8 elementor-widget elementor-widget-text-editor\" data-id=\"24544a8\" data-element_type=\"widget\" data-widget_type=\"text-editor.default\">\n\t\t\t\t<div class=\"elementor-widget-container\">\n\t\t\t\t\t\t\t\t\t<h3><strong>\u00a0 \u00a0 \u00a0 \u00a0 \u00a0 2024.09.04. &#8211; K\u00fclf\u00f6ldi fiatal \u00f6nk\u00e9ntesek \u00e9rkeznek v\u00e1rosunkba<\/strong><\/h3><p>\u00a0<\/p><p class=\"s2\">2023-ban a F\u00f3ti K\u00f6zszolg\u00e1ltat\u00f3 Nonprofit Kft. r\u00e9szt vett a Tempus K\u00f6zalap\u00edtv\u00e1ny t\u00e1mogat\u00e1s\u00e1val megval\u00f3sul\u00f3 ESC Mentor programban, melynek seg\u00edts\u00e9g\u00e9vel 2023 nyar\u00e1n beny\u00fajtottunk az Eur\u00f3pai Szolidarit\u00e1si Test\u00fclethez a Min\u0151s\u00edt\u0151 Tan\u00fas\u00edtv\u00e1ny megszerz\u00e9s\u00e9re ir\u00e1nyul\u00f3 p\u00e1ly\u00e1zatot. A p\u00e1ly\u00e1zat c\u00e9lja a szervezet tan\u00fas\u00edt\u00e1sa 2027 \u00e9v v\u00e9g\u00e9ig, melynek eredm\u00e9nyek\u00e9ppen k\u00f6nny\u00edtett p\u00e1ly\u00e1zati \u00faton tud F\u00f3t v\u00e1rosa r\u00f6vid \u00e9s hossz\u00fa t\u00e1v\u00fa fiatal k\u00fclf\u00f6ldi \u00f6nk\u00e9nteseket fogadni.<\/p><p>Az Eur\u00f3pai Szolidarit\u00e1si Test\u00fclet lehet\u0151s\u00e9get k\u00edn\u00e1l a fiataloknak ahhoz, hogy egy befogad\u00f3bb, kiszolg\u00e1ltatott embert\u00e1rsainkat felkarol\u00f3 \u00e9s a mindannyiunkat \u00e9rint\u0151 kih\u00edv\u00e1sokat jobban kezel\u0151 t\u00e1rsadalom l\u00e9trehoz\u00e1s\u00e1n munk\u00e1lkodjanak. \u00c9letre sz\u00f3l\u00f3 tapasztalatokkal \u00e9s \u00e9rt\u00e9kes k\u00e9pess\u00e9gekkel gazdagodhatnak azok a fiatalok, akik k\u00e9sztet\u00e9st \u00e9reznek magukban arra, hogy seg\u00edtsenek m\u00e1sokon, \u00faj ismereteket \u00e9s k\u00e9szs\u00e9geket saj\u00e1t\u00edtsanak el \u00e9s fejlessz\u00e9k \u00f6nmagukat idegen k\u00f6rnyezetben.<\/p><p>A p\u00e1ly\u00e1zatunk pozit\u00edv elb\u00edr\u00e1l\u00e1sa 2023. \u00e9v v\u00e9g\u00e9n \u00e9rkezett meg.<\/p><p>A Min\u0151s\u00edt\u0151 tan\u00fas\u00edtv\u00e1ny birtok\u00e1ban, egy vezet\u0151 partner mentor\u00e1l\u00e1s\u00e1val a 2024-es \u00e9vt\u0151l az akkredit\u00e1ci\u00f3nk egyidej\u0171leg 4 f\u0151 hossz\u00fa t\u00e1v\u00fa (max. 1 \u00e9v), 2 f\u0151 r\u00f6vid t\u00e1v\u00fa (max. 2 h\u00f3nap) \u00e9s 12 f\u0151 csoportos (min. 2 h\u00e9t \u2013 max. 2 h\u00f3nap) \u00f6nk\u00e9ntes fogad\u00e1s\u00e1t teszi lehet\u0151v\u00e9. Az \u0151 \u00f6nk\u00e9ntes munk\u00e1juk \u00e1ltal, a fejl\u0151d\u00e9s\u00fck r\u00e9v\u00e9n, a jelenlegin\u00e9l t\u00f6bb \u00e9s v\u00e1ltozatosabb projektet tudunk majd megval\u00f3s\u00edtani v\u00e1rosunkban. Az \u00f6nk\u00e9ntesek r\u00e9szt vesznek a v\u00e1ros \u00e9let\u00e9ben, pl. t\u00e1borok \u00e9s egy\u00e9b rendezv\u00e9nyek szervez\u00e9s\u00e9ben, parkgondoz\u00e1sban, a V\u00e1rosi K\u00f6nyvt\u00e1r, az Id\u0151sek Otthona \u00e9s az Ifj\u00fas\u00e1gi H\u00e1z programjaiban, \u00e9s remek lehet\u0151s\u00e9get ny\u00fajtanak a fiataloknak \u00e9s b\u00e1rmely f\u00f3ti lakosnak, hogy nyelvtud\u00e1s\u00e1t \u00e9s ismereteit fejlessze.<\/p><p>Az \u00f6nk\u00e9ntesek utaz\u00e1s\u00e1t \u00e9s itt tart\u00f3zkod\u00e1s\u00e1t az Eur\u00f3pai Szolidarit\u00e1si Test\u00fclet finansz\u00edrozza.<\/p><p>A programr\u00f3l b\u0151vebb inform\u00e1ci\u00f3 a <a href=\"https:\/\/szolidaritasitestulet.hu\/\"><span class=\"s3\">https:\/\/szolidaritasitestulet.hu<\/span><\/a> oldalon olvashat\u00f3.<\/p>\t\t\t\t\t\t\t\t<\/div>\n\t\t\t\t<\/div>\n\t\t\t\t\t<\/div>\n\t\t\t\t<\/div>\n\t\t<div class=\"elementor-element elementor-element-d919fe7 e-flex e-con-boxed e-con e-parent\" data-id=\"d919fe7\" data-element_type=\"container\">\n\t\t\t\t\t<div class=\"e-con-inner\">\n\t\t\t\t<div class=\"elementor-element elementor-element-a2ba651 elementor-widget elementor-widget-image\" data-id=\"a2ba651\" data-element_type=\"widget\" data-widget_type=\"image.default\">\n\t\t\t\t<div class=\"elementor-widget-container\">\n\t\t\t\t\t\t\t\t\t\t\t\t\t\t\t<img loading=\"lazy\" decoding=\"async\" width=\"768\" height=\"187\" src=\"https:\/\/www.fotikozszolg.hu\/wp-content\/uploads\/2025\/04\/ESC_logo-768x187.png\" class=\"attachment-medium_large size-medium_large wp-image-5555\" alt=\"\" srcset=\"https:\/\/www.fotikozszolg.hu\/wp-content\/uploads\/2025\/04\/ESC_logo-768x187.png 768w, https:\/\/www.fotikozszolg.hu\/wp-content\/uploads\/2025\/04\/ESC_logo-300x73.png 300w, https:\/\/www.fotikozszolg.hu\/wp-content\/uploads\/2025\/04\/ESC_logo-1024x249.png 1024w, https:\/\/www.fotikozszolg.hu\/wp-content\/uploads\/2025\/04\/ESC_logo-1536x373.png 1536w, https:\/\/www.fotikozszolg.hu\/wp-content\/uploads\/2025\/04\/ESC_logo.png 2000w\" sizes=\"(max-width: 768px) 100vw, 768px\" \/>\t\t\t\t\t\t\t\t\t\t\t\t\t\t\t<\/div>\n\t\t\t\t<\/div>\n\t\t\t\t\t<\/div>\n\t\t\t\t<\/div>\n\t\t\t\t<\/div>\n\t\t","protected":false},"excerpt":{"rendered":"<p>Meg\u00e9rkeztek az \u00faj \u00f6nk\u00e9nteseink! \ud83c\udf1f Tatiana, Veronica \u00e9s Peer tele vannak energi\u00e1val, izgatottan v\u00e1rj\u00e1k a k\u00f6z\u00f6s munk\u00e1t \u00e9s az \u00e9lm\u00e9nyeket F\u00f3ton. M\u00e1r most \u00e9rz\u0151dik, hogy&hellip;<\/p>\n","protected":false},"author":1,"featured_media":0,"parent":0,"menu_order":0,"comment_status":"closed","ping_status":"closed","template":"","meta":{"footnotes":""},"class_list":["post-4485","page","type-page","status-publish","hentry"],"_links":{"self":[{"href":"https:\/\/www.fotikozszolg.hu\/index.php?rest_route=\/wp\/v2\/pages\/4485","targetHints":{"allow":["GET"]}}],"collection":[{"href":"https:\/\/www.fotikozszolg.hu\/index.php?rest_route=\/wp\/v2\/pages"}],"about":[{"href":"https:\/\/www.fotikozszolg.hu\/index.php?rest_route=\/wp\/v2\/types\/page"}],"author":[{"embeddable":true,"href":"https:\/\/www.fotikozszolg.hu\/index.php?rest_route=\/wp\/v2\/users\/1"}],"replies":[{"embeddable":true,"href":"https:\/\/www.fotikozszolg.hu\/index.php?rest_route=%2Fwp%2Fv2%2Fcomments&post=4485"}],"version-history":[{"count":79,"href":"https:\/\/www.fotikozszolg.hu\/index.php?rest_route=\/wp\/v2\/pages\/4485\/revisions"}],"predecessor-version":[{"id":6256,"href":"https:\/\/www.fotikozszolg.hu\/index.php?rest_route=\/wp\/v2\/pages\/4485\/revisions\/6256"}],"wp:attachment":[{"href":"https:\/\/www.fotikozszolg.hu\/index.php?rest_route=%2Fwp%2Fv2%2Fmedia&parent=4485"}],"curies":[{"name":"wp","href":"https:\/\/api.w.org\/{rel}","templated":true}]}}