{"id":4483,"date":"2025-03-19T12:12:33","date_gmt":"2025-03-19T11:12:33","guid":{"rendered":"https:\/\/www.fotikozszolg.hu\/?page_id=4483"},"modified":"2025-05-08T14:16:58","modified_gmt":"2025-05-08T12:16:58","slug":"cerv","status":"publish","type":"page","link":"https:\/\/www.fotikozszolg.hu\/?page_id=4483","title":{"rendered":"CERV (Citizens, Equality, Rights and Values Programme)"},"content":{"rendered":"\t\t<div data-elementor-type=\"wp-page\" data-elementor-id=\"4483\" class=\"elementor elementor-4483\">\n\t\t\t\t<div class=\"elementor-element elementor-element-177e60b e-flex e-con-boxed e-con e-parent\" data-id=\"177e60b\" data-element_type=\"container\">\n\t\t\t\t\t<div class=\"e-con-inner\">\n\t\t\t\t<div class=\"elementor-element elementor-element-9dfade5 elementor-widget elementor-widget-text-editor\" data-id=\"9dfade5\" data-element_type=\"widget\" data-widget_type=\"text-editor.default\">\n\t\t\t\t<div class=\"elementor-widget-container\">\n\t\t\t\t\t\t\t\t\t<h4><strong>Hogyan seg\u00edthetj\u00fck a fiatalokat k\u00f6z\u00f6ss\u00e9g\u00fcnk akt\u00edv tagj\u00e1v\u00e1 v\u00e1lni? c\u00edmmel m\u00f3dszertani kiadv\u00e1ny k\u00e9sz\u00fclt<\/strong><\/h4>\t\t\t\t\t\t\t\t<\/div>\n\t\t\t\t<\/div>\n\t\t\t\t\t<\/div>\n\t\t\t\t<\/div>\n\t\t<div class=\"elementor-element elementor-element-8cac7d4 e-flex e-con-boxed e-con e-parent\" data-id=\"8cac7d4\" data-element_type=\"container\">\n\t\t\t\t\t<div class=\"e-con-inner\">\n\t\t\t\t<div class=\"elementor-element elementor-element-9250bba elementor-widget elementor-widget-text-editor\" data-id=\"9250bba\" data-element_type=\"widget\" data-widget_type=\"text-editor.default\">\n\t\t\t\t<div class=\"elementor-widget-container\">\n\t\t\t\t\t\t\t\t\t<p>F\u00f3t v\u00e1rosa 2024 tavasz\u00e1n <em>K\u00fcl\u00f6nb\u00f6z\u0151 v\u00e1rosok \u2013 azonos \u00e9rt\u00e9kek, Testv\u00e9rv\u00e1rosok k\u00f6zti kooper\u00e1ci\u00f3 fejleszt\u00e9se, j\u00f3 gyakorlatok megoszt\u00e1sa a fiatalok akt\u00edv EU \u00e1llampolg\u00e1rokk\u00e1 v\u00e1l\u00e1s\u00e1nak el\u0151seg\u00edt\u00e9s\u00e9ben<\/em> c\u00edmmel eur\u00f3pai uni\u00f3s p\u00e1ly\u00e1zatot nyert el (CERV-2023-CITIZENS-TOWN-TT).<\/p><p>A projekt c\u00e9lja az eur\u00f3pai \u00e9rt\u00e9kek \u00e9s j\u00f3 gyakorlatok megoszt\u00e1sa, az EU demokratikus elveinek kiemel\u00e9se \u00e9s ezekre val\u00f3 \u00f6sszpontos\u00edt\u00e1s, k\u00fcl\u00f6n\u00f6sen a fiatalok k\u00f6r\u00e9ben. C\u00e9lunk az Eur\u00f3pai Uni\u00f3 \u00e9rt\u00e9keinek megismertet\u00e9se volt a telep\u00fcl\u00e9sek ifj\u00fas\u00e1g\u00e1val, a helyi \u00f6nkorm\u00e1nyzatok tud\u00e1s\u00e1nak b\u0151v\u00edt\u00e9se a demokratikus elvek \u00e9rv\u00e9nyes\u00edt\u00e9s\u00e9\u00e9rt \u00e9s az ifj\u00fas\u00e1gi \u00f6nkorm\u00e1nyzatok l\u00e9trehoz\u00e1s\u00e1\u00e9rt, v\u00e1rosi demokratikus k\u00f6z\u00f6ss\u00e9gek (ifj\u00fas\u00e1gi civil szervezetek) fejleszt\u00e9s\u00e9\u00e9rt.<\/p><p>A projektben r\u00e9szt vev\u0151 partner telep\u00fcl\u00e9sek a projekt folyam\u00e1n 2 alkalommal online, egy alkalommal pedig szem\u00e9lyes tal\u00e1lkoz\u00f3t szerveztek. A szem\u00e9lyes tal\u00e1lkoz\u00f3 2024 \u0151sz\u00e9n F\u00f3ton szakmai konferencia \u00e9s testv\u00e9rv\u00e1rosi tal\u00e1lkoz\u00f3 form\u00e1j\u00e1ban val\u00f3sult meg. A projekt eredm\u00e9nyek\u00e9nt megsz\u00fcletett egy m\u00f3dszertan, amely seg\u00edti a fiatalokat \u00e9s a vel\u00fck foglalkoz\u00f3 szervezeteket, hogy a j\u00f6v\u0151ben akt\u00edv uni\u00f3s polg\u00e1rokk\u00e1 v\u00e1ljanak. A m\u00f3dszertan magyar \u00e9s angol nyelven el\u00e9rhet\u0151 az al\u00e1bbi linkeken:<\/p><ol><li><a href=\"https:\/\/www.fotikozszolg.hu\/wp-content\/uploads\/2025\/04\/Modszertani_kiadvany.pdf\"><strong>Hogyan seg\u00edthetj\u00fck a fiatalokat k\u00f6z\u00f6ss\u00e9g\u00fcnk akt\u00edv tagj\u00e1v\u00e1 v\u00e1lni? (HU)<\/strong><\/a><\/li><li><a href=\"https:\/\/www.fotikozszolg.hu\/wp-content\/uploads\/2025\/04\/Motivational_knowledge_material.pdf\"><strong>How can we help the young people become active members of our community? (ENG)<\/strong><\/a><\/li><\/ol><p>Koordin\u00e1tor:<\/p><ul><li>F\u00f3ti K\u00f6zszolg\u00e1ltat\u00f3 Nonprofit Kft. \u2013 F\u00f3t V\u00e1ros<\/li><\/ul><p>Partnerek:<\/p><ul><li>B\u00e1tyu (Ukrajna)<\/li><li>San Benedetto dei Marsi (Olaszorsz\u00e1g)<\/li><li>Balav\u00e1s\u00e1r (Rom\u00e1nia)<\/li><li>Sz\u00e9kelyh\u00edd (Rom\u00e1nia)<\/li><\/ul><p>A projekt id\u0151tartama: 8 h\u00f3nap (2024 j\u00falius \u2013 2025 febru\u00e1r)<\/p><p>A testv\u00e9rv\u00e1rosi tal\u00e1lkoz\u00f3 helysz\u00edne \u00e9s id\u0151pontja: F\u00f3t, Magyarorsz\u00e1g, 2024. szeptember 13-17.<\/p><p>Projekt koordin\u00e1tor: Ers\u00f3k N\u00f3ra \u00a0+36\/70-384-37-18, <a href=\"mailto:ersok.nora@fotikozszolg.hu\">ersok.nora@fotikozszolg.hu<\/a><\/p><p><a href=\"https:\/\/www.fotikozszolg.hu\/wp-content\/uploads\/2025\/05\/event-description-sheet_cerv-rem-civ-netw_en_FOT_final.pdf\">Az esem\u00e9ny angol nyelv\u0171 besz\u00e1mol\u00f3ja<\/a><\/p>\t\t\t\t\t\t\t\t<\/div>\n\t\t\t\t<\/div>\n\t\t\t\t\t<\/div>\n\t\t\t\t<\/div>\n\t\t<div class=\"elementor-element elementor-element-00a8c17 e-flex e-con-boxed e-con e-parent\" data-id=\"00a8c17\" data-element_type=\"container\">\n\t\t\t\t\t<div class=\"e-con-inner\">\n\t\t\t\t<div class=\"elementor-element elementor-element-079a3a4 elementor-widget__width-initial elementor-widget elementor-widget-image\" data-id=\"079a3a4\" data-element_type=\"widget\" data-widget_type=\"image.default\">\n\t\t\t\t<div class=\"elementor-widget-container\">\n\t\t\t\t\t\t\t\t\t\t\t\t\t\t\t<img fetchpriority=\"high\" decoding=\"async\" width=\"768\" height=\"159\" src=\"https:\/\/www.fotikozszolg.hu\/wp-content\/uploads\/2025\/03\/HU-Az-Europai-Unio-tarsfinanszirozasaval-768x159.png\" class=\"attachment-medium_large size-medium_large wp-image-4690\" alt=\"\" srcset=\"https:\/\/www.fotikozszolg.hu\/wp-content\/uploads\/2025\/03\/HU-Az-Europai-Unio-tarsfinanszirozasaval-768x159.png 768w, https:\/\/www.fotikozszolg.hu\/wp-content\/uploads\/2025\/03\/HU-Az-Europai-Unio-tarsfinanszirozasaval-300x62.png 300w, https:\/\/www.fotikozszolg.hu\/wp-content\/uploads\/2025\/03\/HU-Az-Europai-Unio-tarsfinanszirozasaval-1024x212.png 1024w, https:\/\/www.fotikozszolg.hu\/wp-content\/uploads\/2025\/03\/HU-Az-Europai-Unio-tarsfinanszirozasaval-1536x318.png 1536w, https:\/\/www.fotikozszolg.hu\/wp-content\/uploads\/2025\/03\/HU-Az-Europai-Unio-tarsfinanszirozasaval-2048x423.png 2048w\" sizes=\"(max-width: 768px) 100vw, 768px\" \/>\t\t\t\t\t\t\t\t\t\t\t\t\t\t\t<\/div>\n\t\t\t\t<\/div>\n\t\t\t\t\t<\/div>\n\t\t\t\t<\/div>\n\t\t<div class=\"elementor-element elementor-element-9e383fb e-flex e-con-boxed e-con e-parent\" data-id=\"9e383fb\" data-element_type=\"container\">\n\t\t\t\t\t<div class=\"e-con-inner\">\n\t\t\t\t<div class=\"elementor-element elementor-element-ff94b15 elementor-widget elementor-widget-text-editor\" data-id=\"ff94b15\" data-element_type=\"widget\" data-widget_type=\"text-editor.default\">\n\t\t\t\t<div class=\"elementor-widget-container\">\n\t\t\t\t\t\t\t\t\t<h4><strong>Testv\u00e9rv\u00e1rosi tal\u00e1lkoz\u00f3t tartottunk<\/strong><\/h4>\t\t\t\t\t\t\t\t<\/div>\n\t\t\t\t<\/div>\n\t\t\t\t\t<\/div>\n\t\t\t\t<\/div>\n\t\t<div class=\"elementor-element elementor-element-3adea26 e-flex e-con-boxed e-con e-parent\" data-id=\"3adea26\" data-element_type=\"container\">\n\t\t\t\t\t<div class=\"e-con-inner\">\n\t\t\t\t<div class=\"elementor-element elementor-element-8f2b80e elementor-widget elementor-widget-text-editor\" data-id=\"8f2b80e\" data-element_type=\"widget\" data-widget_type=\"text-editor.default\">\n\t\t\t\t<div class=\"elementor-widget-container\">\n\t\t\t\t\t\t\t\t\t<p><span style=\"font-weight: 400;\">2024. szeptember 13-17. k\u00f6z\u00f6tt Nemzetk\u00f6zi Testv\u00e9rv\u00e1rosi partnertal\u00e1lkoz\u00f3 ker\u00fclt megrendez\u00e9sre F\u00f3ton. A tal\u00e1lkoz\u00f3 c\u00e9lja a testv\u00e9rv\u00e1rosi kapcsolatok er\u0151s\u00edt\u00e9se \u00e9s a j\u00f6v\u0151beli egy\u00fcttm\u0171k\u00f6d\u00e9sek, k\u00f6z\u00f6s p\u00e1ly\u00e1zati lehet\u0151s\u00e9gek egyeztet\u00e9se a fiatalok akt\u00edv t\u00e1rsadalmi szerepv\u00e1llal\u00e1s\u00e1val. A szakmai konferenci\u00e1b\u00f3l \u00e9s a k\u00f6z\u00f6ss\u00e9gi programokb\u00f3l \u00e1ll\u00f3 t\u00f6bbnapos rendezv\u00e9nyre az olaszorsz\u00e1gi San Benedetto dei Marsib\u00f3l, az ukrajnai B\u00e1tyub\u00f3l \u00e9s az erd\u00e9lyi Balav\u00e1s\u00e1rr\u00f3l \u00e9s Sz\u00e9kelyh\u00eddr\u00f3l \u00e9rkeztek hozz\u00e1nk vend\u00e9gek.\u00a0<\/span><\/p><p><span style=\"font-weight: 400;\">A tal\u00e1lkoz\u00f3 eredm\u00e9nyesen z\u00e1rult. A megh\u00edvott el\u0151ad\u00f3k \u00e9rdekes t\u00e9m\u00e1kon kereszt\u00fcl hasznos tud\u00e1ssal l\u00e1tt\u00e1k el a hallgat\u00f3s\u00e1got, a kerekasztal besz\u00e9lget\u00e9sek pedig felsz\u00ednre hozt\u00e1k a telep\u00fcl\u00e9sek j\u00f3 gyakorlat\u00e1t \u00e9s kih\u00edv\u00e1sait egyar\u00e1nt. A r\u00e9sztvev\u0151k nemzetis\u00e9gt\u0151l f\u00fcggetlen\u00fcl egyet\u00e9rtettek abban, hogy a fiatalok jelentik a j\u00f6v\u0151t, az \u0151 meghallgat\u00e1suk, a k\u00f6z\u00e9letbe val\u00f3 akt\u00edv bevon\u00e1suk minden telep\u00fcl\u00e9s sikeres fejl\u0151d\u00e9s\u00e9nek alapja. A \u201ehogyanok\u201d azok, amiket a testv\u00e9rv\u00e1rosi tal\u00e1lkoz\u00f3r\u00f3l hazat\u00e9r\u0151 deleg\u00e1ci\u00f3k az otthoni szakemberek bevon\u00e1s\u00e1val, majd a j\u00f6v\u0151beni k\u00f6z\u00f6s online egyeztet\u00e9sek alkalm\u00e1val kidolgoznak, \u00e9s eur\u00f3pai uni\u00f3s szinten el\u00e9rhet\u0151v\u00e9 tesznek.<\/span><\/p><p><span style=\"font-weight: 400;\">A program az Eur\u00f3pai Uni\u00f3 t\u00e1rsfinansz\u00edroz\u00e1s\u00e1val, Magyarorsz\u00e1g Korm\u00e1nya t\u00e1mogat\u00e1s\u00e1val val\u00f3sult meg, F\u00f3t V\u00e1ros \u00d6nkorm\u00e1nyzata \u00e9s a F\u00f3ti K\u00f6zszolg\u00e1ltat\u00f3 Nonprofit Kft. szervez\u00e9s\u00e9ben.<\/span><\/p>\t\t\t\t\t\t\t\t<\/div>\n\t\t\t\t<\/div>\n\t\t\t\t<div class=\"elementor-element elementor-element-0583a4a elementor-widget elementor-widget-image\" data-id=\"0583a4a\" data-element_type=\"widget\" data-widget_type=\"image.default\">\n\t\t\t\t<div class=\"elementor-widget-container\">\n\t\t\t\t\t\t\t\t\t\t\t\t\t\t\t<img decoding=\"async\" width=\"276\" height=\"300\" src=\"https:\/\/www.fotikozszolg.hu\/wp-content\/uploads\/2025\/03\/Csoportkep-276x300.jpg\" class=\"attachment-medium size-medium wp-image-4689\" alt=\"\" srcset=\"https:\/\/www.fotikozszolg.hu\/wp-content\/uploads\/2025\/03\/Csoportkep-276x300.jpg 276w, https:\/\/www.fotikozszolg.hu\/wp-content\/uploads\/2025\/03\/Csoportkep.jpg 764w\" sizes=\"(max-width: 276px) 100vw, 276px\" \/>\t\t\t\t\t\t\t\t\t\t\t\t\t\t\t<\/div>\n\t\t\t\t<\/div>\n\t\t\t\t\t<\/div>\n\t\t\t\t<\/div>\n\t\t<div class=\"elementor-element elementor-element-557759d e-flex e-con-boxed e-con e-parent\" data-id=\"557759d\" data-element_type=\"container\">\n\t\t\t\t\t<div class=\"e-con-inner\">\n\t\t<div class=\"elementor-element elementor-element-90bd585 e-con-full e-flex e-con e-child\" data-id=\"90bd585\" data-element_type=\"container\">\n\t\t\t\t<div class=\"elementor-element elementor-element-a859e6d elementor-widget elementor-widget-image\" data-id=\"a859e6d\" data-element_type=\"widget\" data-widget_type=\"image.default\">\n\t\t\t\t<div class=\"elementor-widget-container\">\n\t\t\t\t\t\t\t\t\t\t\t\t\t\t\t<img decoding=\"async\" width=\"768\" height=\"200\" src=\"https:\/\/www.fotikozszolg.hu\/wp-content\/uploads\/2025\/03\/LOGO_megvalosult_magyarorszag_kormanyanak_tamogatasaval_2024-768x200.jpg\" class=\"attachment-medium_large size-medium_large wp-image-4691\" alt=\"\" srcset=\"https:\/\/www.fotikozszolg.hu\/wp-content\/uploads\/2025\/03\/LOGO_megvalosult_magyarorszag_kormanyanak_tamogatasaval_2024-768x200.jpg 768w, https:\/\/www.fotikozszolg.hu\/wp-content\/uploads\/2025\/03\/LOGO_megvalosult_magyarorszag_kormanyanak_tamogatasaval_2024-300x78.jpg 300w, https:\/\/www.fotikozszolg.hu\/wp-content\/uploads\/2025\/03\/LOGO_megvalosult_magyarorszag_kormanyanak_tamogatasaval_2024-1024x266.jpg 1024w, https:\/\/www.fotikozszolg.hu\/wp-content\/uploads\/2025\/03\/LOGO_megvalosult_magyarorszag_kormanyanak_tamogatasaval_2024-1536x399.jpg 1536w, https:\/\/www.fotikozszolg.hu\/wp-content\/uploads\/2025\/03\/LOGO_megvalosult_magyarorszag_kormanyanak_tamogatasaval_2024-2048x532.jpg 2048w\" sizes=\"(max-width: 768px) 100vw, 768px\" \/>\t\t\t\t\t\t\t\t\t\t\t\t\t\t\t<\/div>\n\t\t\t\t<\/div>\n\t\t\t\t<\/div>\n\t\t<div class=\"elementor-element elementor-element-fecb0ca e-con-full e-flex e-con e-child\" data-id=\"fecb0ca\" data-element_type=\"container\">\n\t\t\t\t<div class=\"elementor-element elementor-element-07f701c elementor-widget elementor-widget-image\" data-id=\"07f701c\" data-element_type=\"widget\" data-widget_type=\"image.default\">\n\t\t\t\t<div class=\"elementor-widget-container\">\n\t\t\t\t\t\t\t\t\t\t\t\t\t\t\t<img loading=\"lazy\" decoding=\"async\" width=\"843\" height=\"175\" src=\"https:\/\/www.fotikozszolg.hu\/wp-content\/uploads\/2025\/03\/HU-Az-Europai-Unio-tarsfinanszirozasaval-1024x212.png\" class=\"attachment-large size-large wp-image-4690\" alt=\"\" srcset=\"https:\/\/www.fotikozszolg.hu\/wp-content\/uploads\/2025\/03\/HU-Az-Europai-Unio-tarsfinanszirozasaval-1024x212.png 1024w, https:\/\/www.fotikozszolg.hu\/wp-content\/uploads\/2025\/03\/HU-Az-Europai-Unio-tarsfinanszirozasaval-300x62.png 300w, https:\/\/www.fotikozszolg.hu\/wp-content\/uploads\/2025\/03\/HU-Az-Europai-Unio-tarsfinanszirozasaval-768x159.png 768w, https:\/\/www.fotikozszolg.hu\/wp-content\/uploads\/2025\/03\/HU-Az-Europai-Unio-tarsfinanszirozasaval-1536x318.png 1536w, https:\/\/www.fotikozszolg.hu\/wp-content\/uploads\/2025\/03\/HU-Az-Europai-Unio-tarsfinanszirozasaval-2048x423.png 2048w\" sizes=\"(max-width: 843px) 100vw, 843px\" \/>\t\t\t\t\t\t\t\t\t\t\t\t\t\t\t<\/div>\n\t\t\t\t<\/div>\n\t\t\t\t<\/div>\n\t\t\t\t\t<\/div>\n\t\t\t\t<\/div>\n\t\t<div class=\"elementor-element elementor-element-fbc2c1b e-flex e-con-boxed e-con e-parent\" data-id=\"fbc2c1b\" data-element_type=\"container\">\n\t\t\t\t\t<div class=\"e-con-inner\">\n\t\t\t\t<div class=\"elementor-element elementor-element-0b13855 elementor-widget elementor-widget-text-editor\" data-id=\"0b13855\" data-element_type=\"widget\" data-widget_type=\"text-editor.default\">\n\t\t\t\t<div class=\"elementor-widget-container\">\n\t\t\t\t\t\t\t\t\t<h4><strong>2024\/08\/25 &#8211; Testv\u00e9rv\u00e1rosi tal\u00e1lkoz\u00f3t rendez v\u00e1rosunk<\/strong><\/h4><p class=\"s2\">2024. szeptember 13-17. k\u00f6z\u00f6tt Nemzetk\u00f6zi Testv\u00e9rv\u00e1rosi partnertal\u00e1lkoz\u00f3 ker\u00fcl megrendez\u00e9sre F\u00f3ton. A program az Eur\u00f3pai Uni\u00f3 t\u00e1rsfinansz\u00edroz\u00e1s\u00e1val, a Citizens, Equality, Rights and Values Programme (CERV) keret\u00e9n bel\u00fcl val\u00f3sul meg, melyre a F\u00f3ti K\u00f6zszolg\u00e1ltat\u00f3 Nonprofit Kft. 8.455\u20ac \u00f6sszeget nyert a 2023. szeptember\u00e9ben, az Eur\u00f3pai Uni\u00f3hoz beny\u00fajtott p\u00e1ly\u00e1zatban.<\/p><p class=\"s2\">A tal\u00e1lkoz\u00f3 \u00e9s a projekt c\u00e9lja a testv\u00e9rv\u00e1rosi kapcsolatok er\u0151s\u00edt\u00e9se \u00e9s a j\u00f6v\u0151beli egy\u00fcttm\u0171k\u00f6d\u00e9sek, k\u00f6z\u00f6s p\u00e1ly\u00e1zati lehet\u0151s\u00e9gek egyeztet\u00e9se a fiatalok akt\u00edv t\u00e1rsadalmi szerepv\u00e1llal\u00e1s\u00e1val. A szakmai konferenci\u00e1b\u00f3l \u00e9s a k\u00f6z\u00f6ss\u00e9gi programokb\u00f3l \u00e1ll\u00f3 t\u00f6bbnapos rendezv\u00e9nyre az olaszorsz\u00e1gi San Benedetto dei Marsib\u00f3l, az ukrajnai B\u00e1tyub\u00f3l \u00e9s az erd\u00e9lyi Balav\u00e1s\u00e1rr\u00f3l \u00e9s Sz\u00e9kelyh\u00eddr\u00f3l \u00e9rkeznek hozz\u00e1nk vend\u00e9gek.<\/p><p class=\"s2\">A program r\u00e9szek\u00e9nt <span class=\"s3\">2024. szeptember 15-\u00e9n<\/span><span class=\"s3\">, vas\u00e1rnap <\/span><span class=\"s3\">d\u00e9lut\u00e1n <\/span><span class=\"s3\">17 \u00f3r\u00e1t\u00f3l<\/span> minden \u00e9rdekl\u0151d\u0151t szeretettel v\u00e1runk a <span class=\"s3\">Somly\u00f3-t\u00f3n\u00e1l, a <\/span><span class=\"s3\">Testv\u00e9rv\u00e1rosok s\u00e1tr\u00e1n\u00e1l<\/span>, hogy min\u00e9l t\u00f6bben megismerj\u00e9k a testv\u00e9rv\u00e1rosainkat, partnereinket!<\/p><p class=\"s2\">A program F\u00f3t V\u00e1ros \u00d6nkorm\u00e1nyzata \u00e9s a F\u00f3ti K\u00f6zszolg\u00e1ltat\u00f3 Nonprofit Kft. szervez\u00e9s\u00e9benj\u00f6n l\u00e9tre.<\/p>\t\t\t\t\t\t\t\t<\/div>\n\t\t\t\t<\/div>\n\t\t\t\t\t<\/div>\n\t\t\t\t<\/div>\n\t\t<div class=\"elementor-element elementor-element-135e7a8 e-flex e-con-boxed e-con e-parent\" data-id=\"135e7a8\" data-element_type=\"container\">\n\t\t\t\t\t<div class=\"e-con-inner\">\n\t\t\t\t<div class=\"elementor-element elementor-element-a0163a7 elementor-widget__width-initial elementor-widget elementor-widget-image\" data-id=\"a0163a7\" data-element_type=\"widget\" data-widget_type=\"image.default\">\n\t\t\t\t<div class=\"elementor-widget-container\">\n\t\t\t\t\t\t\t\t\t\t\t\t\t\t\t<img loading=\"lazy\" decoding=\"async\" width=\"300\" height=\"62\" src=\"https:\/\/www.fotikozszolg.hu\/wp-content\/uploads\/2025\/03\/HU-Az-Europai-Unio-tarsfinanszirozasaval-300x62.png\" class=\"attachment-medium size-medium wp-image-4690\" alt=\"\" srcset=\"https:\/\/www.fotikozszolg.hu\/wp-content\/uploads\/2025\/03\/HU-Az-Europai-Unio-tarsfinanszirozasaval-300x62.png 300w, https:\/\/www.fotikozszolg.hu\/wp-content\/uploads\/2025\/03\/HU-Az-Europai-Unio-tarsfinanszirozasaval-1024x212.png 1024w, https:\/\/www.fotikozszolg.hu\/wp-content\/uploads\/2025\/03\/HU-Az-Europai-Unio-tarsfinanszirozasaval-768x159.png 768w, https:\/\/www.fotikozszolg.hu\/wp-content\/uploads\/2025\/03\/HU-Az-Europai-Unio-tarsfinanszirozasaval-1536x318.png 1536w, https:\/\/www.fotikozszolg.hu\/wp-content\/uploads\/2025\/03\/HU-Az-Europai-Unio-tarsfinanszirozasaval-2048x423.png 2048w\" sizes=\"(max-width: 300px) 100vw, 300px\" \/>\t\t\t\t\t\t\t\t\t\t\t\t\t\t\t<\/div>\n\t\t\t\t<\/div>\n\t\t\t\t\t<\/div>\n\t\t\t\t<\/div>\n\t\t\t\t<\/div>\n\t\t","protected":false},"excerpt":{"rendered":"<p>Hogyan seg\u00edthetj\u00fck a fiatalokat k\u00f6z\u00f6ss\u00e9g\u00fcnk akt\u00edv tagj\u00e1v\u00e1 v\u00e1lni? c\u00edmmel m\u00f3dszertani kiadv\u00e1ny k\u00e9sz\u00fclt F\u00f3t v\u00e1rosa 2024 tavasz\u00e1n K\u00fcl\u00f6nb\u00f6z\u0151 v\u00e1rosok \u2013 azonos \u00e9rt\u00e9kek, Testv\u00e9rv\u00e1rosok k\u00f6zti kooper\u00e1ci\u00f3 fejleszt\u00e9se,&hellip;<\/p>\n","protected":false},"author":1,"featured_media":0,"parent":0,"menu_order":0,"comment_status":"closed","ping_status":"closed","template":"","meta":{"footnotes":""},"class_list":["post-4483","page","type-page","status-publish","hentry"],"_links":{"self":[{"href":"https:\/\/www.fotikozszolg.hu\/index.php?rest_route=\/wp\/v2\/pages\/4483","targetHints":{"allow":["GET"]}}],"collection":[{"href":"https:\/\/www.fotikozszolg.hu\/index.php?rest_route=\/wp\/v2\/pages"}],"about":[{"href":"https:\/\/www.fotikozszolg.hu\/index.php?rest_route=\/wp\/v2\/types\/page"}],"author":[{"embeddable":true,"href":"https:\/\/www.fotikozszolg.hu\/index.php?rest_route=\/wp\/v2\/users\/1"}],"replies":[{"embeddable":true,"href":"https:\/\/www.fotikozszolg.hu\/index.php?rest_route=%2Fwp%2Fv2%2Fcomments&post=4483"}],"version-history":[{"count":35,"href":"https:\/\/www.fotikozszolg.hu\/index.php?rest_route=\/wp\/v2\/pages\/4483\/revisions"}],"predecessor-version":[{"id":5760,"href":"https:\/\/www.fotikozszolg.hu\/index.php?rest_route=\/wp\/v2\/pages\/4483\/revisions\/5760"}],"wp:attachment":[{"href":"https:\/\/www.fotikozszolg.hu\/index.php?rest_route=%2Fwp%2Fv2%2Fmedia&parent=4483"}],"curies":[{"name":"wp","href":"https:\/\/api.w.org\/{rel}","templated":true}]}}