{"id":4481,"date":"2025-03-19T12:12:25","date_gmt":"2025-03-19T11:12:25","guid":{"rendered":"https:\/\/www.fotikozszolg.hu\/?page_id=4481"},"modified":"2026-03-11T10:57:59","modified_gmt":"2026-03-11T09:57:59","slug":"k210-kislepteku-partnerseg","status":"publish","type":"page","link":"https:\/\/www.fotikozszolg.hu\/?page_id=4481","title":{"rendered":"KA210 Kisl\u00e9pt\u00e9k\u0171 partners\u00e9g"},"content":{"rendered":"\t\t<div data-elementor-type=\"wp-page\" data-elementor-id=\"4481\" class=\"elementor elementor-4481\">\n\t\t\t\t<div class=\"elementor-element elementor-element-d7c18b8 e-flex e-con-boxed e-con e-parent\" data-id=\"d7c18b8\" data-element_type=\"container\">\n\t\t\t\t\t<div class=\"e-con-inner\">\n\t\t\t\t<div class=\"elementor-element elementor-element-7b39900 elementor-widget elementor-widget-image\" data-id=\"7b39900\" data-element_type=\"widget\" data-widget_type=\"image.default\">\n\t\t\t\t<div class=\"elementor-widget-container\">\n\t\t\t\t\t\t\t\t\t\t\t\t\t\t\t<img fetchpriority=\"high\" decoding=\"async\" width=\"843\" height=\"216\" src=\"https:\/\/www.fotikozszolg.hu\/wp-content\/uploads\/2025\/04\/legyentanclogo-1024x262.png\" class=\"attachment-large size-large wp-image-4782\" alt=\"\" srcset=\"https:\/\/www.fotikozszolg.hu\/wp-content\/uploads\/2025\/04\/legyentanclogo-1024x262.png 1024w, https:\/\/www.fotikozszolg.hu\/wp-content\/uploads\/2025\/04\/legyentanclogo-300x77.png 300w, https:\/\/www.fotikozszolg.hu\/wp-content\/uploads\/2025\/04\/legyentanclogo-768x196.png 768w, https:\/\/www.fotikozszolg.hu\/wp-content\/uploads\/2025\/04\/legyentanclogo-1536x392.png 1536w, https:\/\/www.fotikozszolg.hu\/wp-content\/uploads\/2025\/04\/legyentanclogo-2048x523.png 2048w\" sizes=\"(max-width: 843px) 100vw, 843px\" \/>\t\t\t\t\t\t\t\t\t\t\t\t\t\t\t<\/div>\n\t\t\t\t<\/div>\n\t\t\t\t\t<\/div>\n\t\t\t\t<\/div>\n\t\t<div class=\"elementor-element elementor-element-c2ee55c e-flex e-con-boxed e-con e-parent\" data-id=\"c2ee55c\" data-element_type=\"container\">\n\t\t\t\t\t<div class=\"e-con-inner\">\n\t\t\t\t<div class=\"elementor-element elementor-element-659ffb5 elementor-widget elementor-widget-text-editor\" data-id=\"659ffb5\" data-element_type=\"widget\" data-widget_type=\"text-editor.default\">\n\t\t\t\t<div class=\"elementor-widget-container\">\n\t\t\t\t\t\t\t\t\t<h3><strong>Sikeresen lez\u00e1rult a Legyen t\u00e1nc! nemzetk\u00f6zi projekt: K\u00f6z\u00f6ss\u00e9g\u00e9p\u00edt\u00e9s hat\u00e1rok n\u00e9lk\u00fcl<\/strong><\/h3><p>Janu\u00e1r 23-\u00e1n ker\u00fclt sor a Legyen t\u00e1nc! elnevez\u00e9s\u0171 nemzetk\u00f6zi projekt\u00fcnk f\u00f3ti z\u00e1r\u00f3 disszemin\u00e1ci\u00f3s esem\u00e9ny\u00e9re a CASA \u00c9tteremben. Az esem\u00e9nyen az elm\u00falt id\u0151szak eredm\u00e9nyeinek bemutat\u00e1s\u00e1ra ker\u00fclt sor, f\u0151 c\u00e9lja pedig az volt, hogy a n\u00e9pt\u00e1ncegyes\u00fcletekn\u00e9l felm\u00e9rt \u00e9s sikeresen letesztelt j\u00f3 gyakorlatokat \u00e1tadjuk m\u00e1s civil szervezetek sz\u00e1m\u00e1ra is. A r\u00e9sztvev\u0151k els\u0151 k\u00e9zb\u0151l hallhatt\u00e1k a 2025-\u00f6s tesztid\u0151szak tapasztalatait, amelyek bebizony\u00edtott\u00e1k: a n\u00e9pt\u00e1ncosok k\u00f6z\u00f6ss\u00e9gmegtart\u00f3 m\u00f3dszerei m\u00e1s ter\u00fcleteken \u2013 p\u00e9ld\u00e1ul sportegyes\u00fcletekn\u00e9l vagy ifj\u00fas\u00e1gi klubokn\u00e1l \u2013 is kiv\u00e1l\u00f3an m\u0171k\u00f6dnek.<\/p><p>A szakmai program nyit\u00e1sak\u00e9nt Ac\u00e9l S\u00e1ndor alpolg\u00e1rmester k\u00f6sz\u00f6nt\u00f6tte a civil szervezetek k\u00e9pvisel\u0151it. Besz\u00e9d\u00e9ben m\u00e9ltatta a v\u00e1rosunkban elhivatottan dolgoz\u00f3 civil szervezetek n\u00e9lk\u00fcl\u00f6zhetetlen munk\u00e1j\u00e1t, \u00e9s biztos\u00edtotta \u0151ket arr\u00f3l, hogy F\u00f3t V\u00e1ros \u00d6nkorm\u00e1nyzata kiemelt partnerk\u00e9nt kezeli a f\u00f3ti civil szervezeteket.<\/p><p>Ezt k\u00f6vet\u0151en Ers\u00f3k N\u00f3ra projekt koordin\u00e1tor bemutatta a 2023 nyar\u00e1n a nemzetk\u00f6zi partners\u00e9g l\u00e9trej\u00f6tt\u00e9vel indult, majd 2024-ben t\u00e1mogat\u00e1st elnyert eur\u00f3pai uni\u00f3s projekt \u00e9let\u00fatj\u00e1t \u00e9s jelent\u0151s m\u00e9rf\u00f6ldk\u00f6veit. A tal\u00e1lkoz\u00f3n jelen voltak \u00e9s tapasztalataikr\u00f3l, \u00e9lm\u00e9nyeikr\u0151l besz\u00e1moltak a sz\u00e9kelyhidi m\u00e9diak\u00e9pz\u00e9sen r\u00e9szt vett f\u00f3ti gimnazista fiatalok, akik a n\u00e9pt\u00e1nc egy\u00fcttesek m\u00f3dszereinek felt\u00e9rk\u00e9pez\u00e9s\u00e9ben \u00e9s a bemutat\u00f3 vide\u00f3k k\u00e9sz\u00edt\u00e9s\u00e9ben oroszl\u00e1nr\u00e9szt v\u00e1llaltak.<\/p><p>A tal\u00e1lkoz\u00f3n deb\u00fct\u00e1lt Rab Szil\u00e1rd projekt munkat\u00e1rs bemutat\u00e1s\u00e1ban a M\u00f3dszertani kiadv\u00e1ny, amely 15 olyan eszk\u00f6z\u00f6ket k\u00edn\u00e1l az ifj\u00fas\u00e1gi k\u00f6z\u00f6ss\u00e9geknek, amik bizony\u00edtottan hat\u00e9konyan m\u0171k\u00f6dnek a m\u00e1r megl\u00e9v\u0151 tagok megtart\u00e1s\u00e1ban, az \u00fajak toborz\u00e1s\u00e1ban, \u00edgy akt\u00edvan j\u00e1rulnak hozz\u00e1 a civil szervezetek kapacit\u00e1s\u00e9p\u00edt\u00e9s\u00e9hez. A tal\u00e1lkoz\u00f3n R\u00e9v\u00e9sz Melinda dr\u00e1mapedag\u00f3gus seg\u00edts\u00e9g\u00e9vel a jelenl\u00e9v\u0151k ki is pr\u00f3b\u00e1lhatt\u00e1k az egyik javasolt m\u00f3dszert, a j\u00e1t\u00e9kos tal\u00e1lkoz\u00f3ind\u00edt\u00e1s. \u00a0A 74 oldalas m\u00f3dszertani kiadv\u00e1ny az al\u00e1bbi linken \u00e9rhet\u0151 el: <a href=\"https:\/\/www.fotikozszolg.hu\/wp-content\/uploads\/2026\/01\/Legyen_Tanc_Modszertani_Kiadvany_web.pdf\">M\u00f3dszertani kiadv\u00e1ny<\/a>.<\/p><p>A tal\u00e1lkoz\u00f3 m\u00e1sodik r\u00e9sz\u00e9ben a Muharay Sz\u00ednpad fiatal \u00f6nk\u00e9ntesei besz\u00e1moltak a 2025. \u00e9v v\u00e9g\u00e9n nagy sikerrel lezajlott civil akci\u00f3jukr\u00f3l, mellyel egy helyi tart\u00f3san beteg kisl\u00e1ny gy\u00f3gykezel\u00e9s\u00e9re \u00e9s mindennapjaira gy\u0171jt\u00f6ttek \u00f6ssze minden v\u00e1rakoz\u00e1st fel\u00fclm\u00falva 2,5 milli\u00f3 Ft-ot egy j\u00f3t\u00e9konys\u00e1gi s\u00fctiv\u00e1s\u00e1r megszervez\u00e9s\u00e9vel \u00e9s lebonyol\u00edt\u00e1s\u00e1val, bizony\u00edtva ezzel, hogy a fiatalok \u00e1ltal ind\u00edtott alulr\u00f3l j\u00f6v\u0151 kezdem\u00e9nyez\u00e9sek \u00e9s a civilek \u00e1ltal nap mint nap v\u00e9gzett \u00f6nzetlen \u00f6nk\u00e9ntes munka milyen fantasztikus eredm\u00e9nyeket \u00e9rhet el. Ezt k\u00f6vet\u0151en a jelen l\u00e9v\u0151 civil szervezeti vezet\u0151k \u00e9s tagok Ac\u00e9l S\u00e1ndor alpolg\u00e1rmesterrel \u00e9s Berecz Attila t\u00e1rsadalmi kapcsolatok\u00e9rt felel\u0151s tan\u00e1csnokkal egyeztettek a 2026-os egy\u00fcttm\u0171k\u00f6d\u00e9si lehet\u0151s\u00e9gekr\u0151l, a v\u00e1rosvezet\u00e9s \u00e1ltal tervezett programokr\u00f3l \u00e9s a civil szervezetek ig\u00e9nyeir\u0151l.<\/p><p>A j\u00f3 hangulat\u00fa \u00e9s el\u0151remutat\u00f3 szakmai besz\u00e9lget\u00e9st, \u00e9s a Legyen t\u00e1nc! projektet finom vacsor\u00e1val z\u00e1rtuk, \u00edgy k\u00f6sz\u00f6nve meg a projektben r\u00e9szt vev\u0151 civil szervezetek, fiatalok, \u00e9s a v\u00e1rosvezet\u00e9s akt\u00edv munk\u00e1j\u00e1t.<\/p>\t\t\t\t\t\t\t\t<\/div>\n\t\t\t\t<\/div>\n\t\t\t\t\t<\/div>\n\t\t\t\t<\/div>\n\t\t<div class=\"elementor-element elementor-element-236a7d2 e-flex e-con-boxed e-con e-parent\" data-id=\"236a7d2\" data-element_type=\"container\">\n\t\t\t\t\t<div class=\"e-con-inner\">\n\t\t<div class=\"elementor-element elementor-element-6508873 e-con-full e-flex e-con e-child\" data-id=\"6508873\" data-element_type=\"container\">\n\t\t\t\t<div class=\"elementor-element elementor-element-09077dd elementor-widget elementor-widget-image\" data-id=\"09077dd\" data-element_type=\"widget\" data-widget_type=\"image.default\">\n\t\t\t\t<div class=\"elementor-widget-container\">\n\t\t\t\t\t\t\t\t\t\t\t\t\t\t\t<img decoding=\"async\" width=\"843\" height=\"633\" src=\"https:\/\/www.fotikozszolg.hu\/wp-content\/uploads\/2026\/01\/IMG_0594-1024x769.jpg\" class=\"attachment-large size-large wp-image-6347\" alt=\"\" srcset=\"https:\/\/www.fotikozszolg.hu\/wp-content\/uploads\/2026\/01\/IMG_0594-1024x769.jpg 1024w, https:\/\/www.fotikozszolg.hu\/wp-content\/uploads\/2026\/01\/IMG_0594-300x225.jpg 300w, https:\/\/www.fotikozszolg.hu\/wp-content\/uploads\/2026\/01\/IMG_0594-768x576.jpg 768w, https:\/\/www.fotikozszolg.hu\/wp-content\/uploads\/2026\/01\/IMG_0594.jpg 1171w\" sizes=\"(max-width: 843px) 100vw, 843px\" \/>\t\t\t\t\t\t\t\t\t\t\t\t\t\t\t<\/div>\n\t\t\t\t<\/div>\n\t\t\t\t<\/div>\n\t\t<div class=\"elementor-element elementor-element-6c14493 e-con-full e-flex e-con e-child\" data-id=\"6c14493\" data-element_type=\"container\">\n\t\t\t\t<div class=\"elementor-element elementor-element-8b140aa elementor-widget elementor-widget-image\" data-id=\"8b140aa\" data-element_type=\"widget\" data-widget_type=\"image.default\">\n\t\t\t\t<div class=\"elementor-widget-container\">\n\t\t\t\t\t\t\t\t\t\t\t\t\t\t\t<img decoding=\"async\" width=\"843\" height=\"635\" src=\"https:\/\/www.fotikozszolg.hu\/wp-content\/uploads\/2026\/01\/IMG_20260123_162018-1024x771.jpg\" class=\"attachment-large size-large wp-image-6379\" alt=\"\" srcset=\"https:\/\/www.fotikozszolg.hu\/wp-content\/uploads\/2026\/01\/IMG_20260123_162018-1024x771.jpg 1024w, https:\/\/www.fotikozszolg.hu\/wp-content\/uploads\/2026\/01\/IMG_20260123_162018-300x226.jpg 300w, https:\/\/www.fotikozszolg.hu\/wp-content\/uploads\/2026\/01\/IMG_20260123_162018-768x578.jpg 768w, https:\/\/www.fotikozszolg.hu\/wp-content\/uploads\/2026\/01\/IMG_20260123_162018-1536x1157.jpg 1536w, https:\/\/www.fotikozszolg.hu\/wp-content\/uploads\/2026\/01\/IMG_20260123_162018.jpg 2040w\" sizes=\"(max-width: 843px) 100vw, 843px\" \/>\t\t\t\t\t\t\t\t\t\t\t\t\t\t\t<\/div>\n\t\t\t\t<\/div>\n\t\t\t\t<\/div>\n\t\t<div class=\"elementor-element elementor-element-097de40 e-con-full e-flex e-con e-child\" data-id=\"097de40\" data-element_type=\"container\">\n\t\t\t\t<div class=\"elementor-element elementor-element-f5a737a elementor-widget elementor-widget-image\" data-id=\"f5a737a\" data-element_type=\"widget\" data-widget_type=\"image.default\">\n\t\t\t\t<div class=\"elementor-widget-container\">\n\t\t\t\t\t\t\t\t\t\t\t\t\t\t\t<img loading=\"lazy\" decoding=\"async\" width=\"843\" height=\"633\" src=\"https:\/\/www.fotikozszolg.hu\/wp-content\/uploads\/2026\/01\/IMG_0609-1024x769.jpg\" class=\"attachment-large size-large wp-image-6350\" alt=\"\" srcset=\"https:\/\/www.fotikozszolg.hu\/wp-content\/uploads\/2026\/01\/IMG_0609-1024x769.jpg 1024w, https:\/\/www.fotikozszolg.hu\/wp-content\/uploads\/2026\/01\/IMG_0609-300x225.jpg 300w, https:\/\/www.fotikozszolg.hu\/wp-content\/uploads\/2026\/01\/IMG_0609-768x576.jpg 768w, https:\/\/www.fotikozszolg.hu\/wp-content\/uploads\/2026\/01\/IMG_0609.jpg 1171w\" sizes=\"(max-width: 843px) 100vw, 843px\" \/>\t\t\t\t\t\t\t\t\t\t\t\t\t\t\t<\/div>\n\t\t\t\t<\/div>\n\t\t\t\t<\/div>\n\t\t<div class=\"elementor-element elementor-element-0b9ffd5 e-con-full e-flex e-con e-child\" data-id=\"0b9ffd5\" data-element_type=\"container\">\n\t\t\t\t<div class=\"elementor-element elementor-element-e4b924b elementor-widget elementor-widget-image\" data-id=\"e4b924b\" data-element_type=\"widget\" data-widget_type=\"image.default\">\n\t\t\t\t<div class=\"elementor-widget-container\">\n\t\t\t\t\t\t\t\t\t\t\t\t\t\t\t<img loading=\"lazy\" decoding=\"async\" width=\"843\" height=\"633\" src=\"https:\/\/www.fotikozszolg.hu\/wp-content\/uploads\/2026\/01\/IMG_0622-1024x769.jpg\" class=\"attachment-large size-large wp-image-6352\" alt=\"\" srcset=\"https:\/\/www.fotikozszolg.hu\/wp-content\/uploads\/2026\/01\/IMG_0622-1024x769.jpg 1024w, https:\/\/www.fotikozszolg.hu\/wp-content\/uploads\/2026\/01\/IMG_0622-300x225.jpg 300w, https:\/\/www.fotikozszolg.hu\/wp-content\/uploads\/2026\/01\/IMG_0622-768x576.jpg 768w, https:\/\/www.fotikozszolg.hu\/wp-content\/uploads\/2026\/01\/IMG_0622.jpg 1171w\" sizes=\"(max-width: 843px) 100vw, 843px\" \/>\t\t\t\t\t\t\t\t\t\t\t\t\t\t\t<\/div>\n\t\t\t\t<\/div>\n\t\t\t\t<\/div>\n\t\t<div class=\"elementor-element elementor-element-2938abd e-con-full e-flex e-con e-child\" data-id=\"2938abd\" data-element_type=\"container\">\n\t\t\t\t<div class=\"elementor-element elementor-element-2319e26 elementor-widget elementor-widget-image\" data-id=\"2319e26\" data-element_type=\"widget\" data-widget_type=\"image.default\">\n\t\t\t\t<div class=\"elementor-widget-container\">\n\t\t\t\t\t\t\t\t\t\t\t\t\t\t\t<img loading=\"lazy\" decoding=\"async\" width=\"843\" height=\"633\" src=\"https:\/\/www.fotikozszolg.hu\/wp-content\/uploads\/2026\/01\/IMG_0648-1024x769.jpg\" class=\"attachment-large size-large wp-image-6357\" alt=\"\" srcset=\"https:\/\/www.fotikozszolg.hu\/wp-content\/uploads\/2026\/01\/IMG_0648-1024x769.jpg 1024w, https:\/\/www.fotikozszolg.hu\/wp-content\/uploads\/2026\/01\/IMG_0648-300x225.jpg 300w, https:\/\/www.fotikozszolg.hu\/wp-content\/uploads\/2026\/01\/IMG_0648-768x576.jpg 768w, https:\/\/www.fotikozszolg.hu\/wp-content\/uploads\/2026\/01\/IMG_0648.jpg 1171w\" sizes=\"(max-width: 843px) 100vw, 843px\" \/>\t\t\t\t\t\t\t\t\t\t\t\t\t\t\t<\/div>\n\t\t\t\t<\/div>\n\t\t\t\t<\/div>\n\t\t<div class=\"elementor-element elementor-element-4d687a5 e-con-full e-flex e-con e-child\" data-id=\"4d687a5\" data-element_type=\"container\">\n\t\t\t\t<div class=\"elementor-element elementor-element-86c8a63 elementor-widget elementor-widget-image\" data-id=\"86c8a63\" data-element_type=\"widget\" data-widget_type=\"image.default\">\n\t\t\t\t<div class=\"elementor-widget-container\">\n\t\t\t\t\t\t\t\t\t\t\t\t\t\t\t<img loading=\"lazy\" decoding=\"async\" width=\"843\" height=\"633\" src=\"https:\/\/www.fotikozszolg.hu\/wp-content\/uploads\/2026\/01\/IMG_0649-1-1024x769.jpg\" class=\"attachment-large size-large wp-image-6381\" alt=\"\" srcset=\"https:\/\/www.fotikozszolg.hu\/wp-content\/uploads\/2026\/01\/IMG_0649-1-1024x769.jpg 1024w, https:\/\/www.fotikozszolg.hu\/wp-content\/uploads\/2026\/01\/IMG_0649-1-300x225.jpg 300w, https:\/\/www.fotikozszolg.hu\/wp-content\/uploads\/2026\/01\/IMG_0649-1-768x576.jpg 768w, https:\/\/www.fotikozszolg.hu\/wp-content\/uploads\/2026\/01\/IMG_0649-1.jpg 1171w\" sizes=\"(max-width: 843px) 100vw, 843px\" \/>\t\t\t\t\t\t\t\t\t\t\t\t\t\t\t<\/div>\n\t\t\t\t<\/div>\n\t\t\t\t<\/div>\n\t\t\t\t\t<\/div>\n\t\t\t\t<\/div>\n\t\t<div class=\"elementor-element elementor-element-a992665 e-flex e-con-boxed e-con e-parent\" data-id=\"a992665\" data-element_type=\"container\">\n\t\t\t\t\t<div class=\"e-con-inner\">\n\t\t\t\t<div class=\"elementor-element elementor-element-d3f45bf elementor-widget elementor-widget-text-editor\" data-id=\"d3f45bf\" data-element_type=\"widget\" data-widget_type=\"text-editor.default\">\n\t\t\t\t<div class=\"elementor-widget-container\">\n\t\t\t\t\t\t\t\t\t<h3><strong>Legyen t\u00e1nc! &#8211; Elk\u00e9sz\u00fclt a M\u00f3dszertani kiadv\u00e1ny \u00e9s a vide\u00f3sorozat<\/strong><\/h3><p>A Legyen t\u00e1nc! Erasmus+ t\u00e1mogat\u00e1ssal megval\u00f3sult nemzetk\u00f6zi projekt\u00fcnk a n\u00e9pt\u00e1nc \u00e9s m\u00e1s kultur\u00e1lis tev\u00e9kenys\u00e9gek k\u00f6z\u00f6ss\u00e9g\u00e9p\u00edt\u0151 \u00e9s megtart\u00f3 erej\u00e9t vizsg\u00e1lta. A h\u00e1rom orsz\u00e1g egy\u00fcttm\u0171k\u00f6d\u00e9s\u00e9ben l\u00e9trej\u00f6tt kezdem\u00e9nyez\u00e9s c\u00e9lja az volt, hogy v\u00e1laszt tal\u00e1ljon egy sok civil szervezetet \u00e9rint\u0151 k\u00e9rd\u00e9sre: mi tesz egy k\u00f6z\u00f6ss\u00e9get hossz\u00fa t\u00e1von vonz\u00f3v\u00e1 \u00e9s m\u0171k\u00f6d\u0151k\u00e9pess\u00e9 a fiatalok sz\u00e1m\u00e1ra?<\/p><p><strong>A projekt h\u00e1ttere<\/strong><\/p><p>A projekt alapgondolata 2023 j\u00fanius\u00e1ban, a Tempus K\u00f6zalap\u00edtv\u00e1ny \u201eL\u00e9pj \u00e1t a szomsz\u00e9dba\u2026\u201d c\u00edm\u0171 partners\u00e9g\u00e9p\u00edt\u0151 tal\u00e1lkoz\u00f3j\u00e1n sz\u00fcletett meg Tat\u00e1n. A r\u00e9szt vev\u0151 szervezetek k\u00f6z\u00f6s tapasztalata volt, hogy az ifj\u00fas\u00e1gi civil szervezetek hasonl\u00f3 kih\u00edv\u00e1sokkal szembes\u00fclnek: alacsony tagl\u00e9tsz\u00e1m, neh\u00e9zkes motiv\u00e1ci\u00f3 \u00e9s a fiatalok megtart\u00e1s\u00e1nak probl\u00e9m\u00e1i.<\/p><p>Ezzel szemben a n\u00e9pt\u00e1nccal foglalkoz\u00f3 kultur\u00e1lis egyes\u00fcletek sz\u00e1mos sikeres p\u00e9ld\u00e1t mutatnak fel. A projekt ezt a jelens\u00e9get vizsg\u00e1lta: mit csin\u00e1lnak m\u00e1sk\u00e9nt ezek a k\u00f6z\u00f6ss\u00e9gek, \u00e9s hogyan \u00fcltethet\u0151k \u00e1t tapasztalataik m\u00e1s ter\u00fcletekre is?<\/p><p><strong>Egy\u00fcttm\u0171k\u00f6d\u00e9s \u00e9s megval\u00f3s\u00edt\u00e1s<\/strong><\/p><p>A projekt koordin\u00e1tora a F\u00f3ti K\u00f6zszolg\u00e1ltat\u00f3 Nonprofit Kft., partnerszervezetei a sz\u00e9kelyhidi \u00c9r Hangja Egyes\u00fclet \u00e9s a zentai FLOW-E.R. Egyes\u00fclet voltak.<br \/>A 2024 okt\u00f3bere \u00e9s 2026 janu\u00e1rja k\u00f6z\u00f6tt megval\u00f3sul\u00f3 program sor\u00e1n helyi fiatalok \u00e9s szakemberek akt\u00edv bevon\u00e1s\u00e1val t\u00e9rk\u00e9pezt\u00fck fel a k\u00f6z\u00f6ss\u00e9g\u00e9p\u00edt\u00e9s hat\u00e9kony m\u00f3dszereit \u00e9s j\u00f3 gyakorlatait.<\/p><p><strong>Eredm\u00e9nyek<\/strong><\/p><p>A k\u00f6z\u00f6s munka k\u00e9zzelfoghat\u00f3 eredm\u00e9nyei:<\/p><ul><li>a <a href=\"https:\/\/www.fotikozszolg.hu\/wp-content\/uploads\/2026\/01\/Legyen_Tanc_Modszertani_Kiadvany_web.pdf\">M\u00f3dszertani kiadv\u00e1ny<\/a>,<\/li><li>valamint a <a href=\"https:\/\/www.youtube.com\/watch?v=PnkZoRnwVq4&amp;list=PLhEJQha_uv7BdRUdymTPG4gnCnQ6LSyrY\">12 r\u00e9szes vide\u00f3sorozat<\/a>,<\/li><\/ul><p>amelyek c\u00e9lja az ifj\u00fas\u00e1gi \u00e9s m\u00e1s civil szervezetek m\u0171k\u00f6d\u00e9s\u00e9nek, kapacit\u00e1sainak \u00e9s hat\u00e9konys\u00e1g\u00e1nak fejleszt\u00e9se.<\/p><p><strong>A projekt sor\u00e1n kiemelt figyelmet ford\u00edtottunk:<\/strong><\/p><ul><li>a h\u00e1tr\u00e1nyos helyzet\u0171 fiatalok bevon\u00e1s\u00e1ra,<\/li><li>a fiatalok akt\u00edv t\u00e1rsadalmi r\u00e9szv\u00e9tel\u00e9nek er\u0151s\u00edt\u00e9s\u00e9re,<\/li><li>a helyi civil szervezetek bevon\u00e1s\u00e1ra \u00e9s ig\u00e9nyeik, gondolataik kihangos\u00edt\u00e1s\u00e1ra<\/li><li>valamint a nemzetk\u00f6zi egy\u00fcttm\u0171k\u00f6d\u00e9sek \u00f6szt\u00f6nz\u00e9s\u00e9re.<\/li><\/ul><p><strong>Mit tanultunk?<\/strong><\/p><p>A tapasztalatok azt mutatj\u00e1k, hogy a k\u00f6z\u00f6ss\u00e9gek akkor v\u00e1lnak igaz\u00e1n vonz\u00f3v\u00e1 \u00e9s megtart\u00f3 erej\u0171v\u00e9, ha:<\/p><ul><li>val\u00f3di r\u00e9szv\u00e9teli lehet\u0151s\u00e9geket k\u00edn\u00e1lnak,<\/li><li>egy\u00fcttm\u0171k\u00f6d\u00e9sen \u00e9s bizalmon alapul\u00f3 szervezeti kult\u00far\u00e1t \u00e9p\u00edtenek,<\/li><li>\u00e9s teret adnak a szem\u00e9lyes fejl\u0151d\u00e9snek.<\/li><\/ul><p>Ezek az elvek nemcsak a kultur\u00e1lis szf\u00e9r\u00e1ban, hanem b\u00e1rmely civil ter\u00fcleten sikeresen alkalmazhat\u00f3k. A M\u00f3dszertani kiadv\u00e1nyunk mindezek el\u00e9r\u00e9s\u00e9hez ad gyakorlati p\u00e9ld\u00e1kat \u00e9s hasznos tan\u00e1csokat.<\/p><p><strong>Kitekint\u00e9s<\/strong><\/p><p>B\u00edzunk benne, hogy a <em>Legyen t\u00e1nc!<\/em> projekt eredm\u00e9nyei ir\u00e1nyt\u0171k\u00e9nt szolg\u00e1lnak mindazon eur\u00f3pai civil szervezetek sz\u00e1m\u00e1ra, amelyek er\u0151s, akt\u00edv \u00e9s hossz\u00fa t\u00e1von m\u0171k\u00f6d\u0151 k\u00f6z\u00f6ss\u00e9geket szeretn\u00e9nek \u00e9p\u00edteni. A kiadv\u00e1ny \u00e9s a vide\u00f3k nemcsak megold\u00e1sokat k\u00edn\u00e1lnak, hanem inspir\u00e1ci\u00f3t is adnak a fiatalok bevon\u00e1s\u00e1hoz \u00e9s a kultur\u00e1lis \u00e9rt\u00e9kek tov\u00e1bb\u00f6r\u00f6k\u00edt\u00e9s\u00e9hez.<\/p><p>Arra biztatunk minden \u00e9rdekl\u0151d\u0151t, hogy ismerje meg az elk\u00e9sz\u00fclt anyagokat, ossza meg tapasztalatait, \u00e9s kapcsol\u00f3djon be az egy\u00fctt gondolkod\u00e1sba \u2013 mert az egym\u00e1st\u00f3l val\u00f3 tanul\u00e1s \u00e9s az egy\u00fcttm\u0171k\u00f6d\u00e9s teremti meg a val\u00f3di t\u00e1rsadalmi hat\u00e1st.<\/p><p>A \u201eE3 &#8211; Legyen t\u00e1nc!\u201d nemzetk\u00f6zi projekt az <strong>Erasmus+ KA210-YOU \u2013 Kis l\u00e9pt\u00e9k\u0171 ifj\u00fas\u00e1gi partners\u00e9gek<\/strong> keret\u00e9ben val\u00f3sul meg &#8211; <strong>Projektazonos\u00edt\u00f3:<\/strong> <strong>2024-1-HU01-KA210-YOU-000249591<\/strong><\/p>\t\t\t\t\t\t\t\t<\/div>\n\t\t\t\t<\/div>\n\t\t\t\t\t<\/div>\n\t\t\t\t<\/div>\n\t\t<div class=\"elementor-element elementor-element-b04e80b e-flex e-con-boxed e-con e-parent\" data-id=\"b04e80b\" data-element_type=\"container\">\n\t\t\t\t\t<div class=\"e-con-inner\">\n\t\t\t\t<div class=\"elementor-element elementor-element-6d486e7 elementor-widget elementor-widget-image\" data-id=\"6d486e7\" data-element_type=\"widget\" data-widget_type=\"image.default\">\n\t\t\t\t<div class=\"elementor-widget-container\">\n\t\t\t\t\t\t\t\t\t\t\t\t\t\t\t<img loading=\"lazy\" decoding=\"async\" width=\"843\" height=\"212\" src=\"https:\/\/www.fotikozszolg.hu\/wp-content\/uploads\/2025\/04\/Az-Euro\u0301pai-Unio\u0301.png\" class=\"attachment-large size-large wp-image-4781\" alt=\"\" srcset=\"https:\/\/www.fotikozszolg.hu\/wp-content\/uploads\/2025\/04\/Az-Euro\u0301pai-Unio\u0301.png 863w, https:\/\/www.fotikozszolg.hu\/wp-content\/uploads\/2025\/04\/Az-Euro\u0301pai-Unio\u0301-300x75.png 300w, https:\/\/www.fotikozszolg.hu\/wp-content\/uploads\/2025\/04\/Az-Euro\u0301pai-Unio\u0301-768x193.png 768w\" sizes=\"(max-width: 843px) 100vw, 843px\" \/>\t\t\t\t\t\t\t\t\t\t\t\t\t\t\t<\/div>\n\t\t\t\t<\/div>\n\t\t\t\t<div class=\"elementor-element elementor-element-9dde5f8 elementor-widget elementor-widget-text-editor\" data-id=\"9dde5f8\" data-element_type=\"widget\" data-widget_type=\"text-editor.default\">\n\t\t\t\t<div class=\"elementor-widget-container\">\n\t\t\t\t\t\t\t\t\t<h3><strong>Nemzetk\u00f6zi z\u00e1r\u00f3konferencia F\u00f3ton<\/strong><\/h3><p>2025. okt\u00f3ber 27\u201329. k\u00f6z\u00f6tt F\u00f3ton ker\u00fclt megrendez\u00e9sre a\u00a0<em>Legyen t\u00e1nc!<\/em>\u00a0nemzetk\u00f6zi projekt z\u00e1r\u00f3 konferenci\u00e1ja, amelyen a sz\u00e9kelyh\u00eddi partner k\u00e9pvisel\u0151i, valamint a f\u00f3ti civil szervezetek \u00e9s a projektben r\u00e9szt vev\u0151 fiatalok vettek r\u00e9szt. A h\u00e1romnapos program sor\u00e1n szakmai besz\u00e9lget\u00e9sek, kultur\u00e1lis esem\u00e9nyek \u00e9s k\u00f6z\u00f6ss\u00e9gi \u00e9lm\u00e9nyek tett\u00e9k teljess\u00e9 az egy\u00fctt t\u00f6lt\u00f6tt id\u0151t.<\/p><p>A tal\u00e1lkoz\u00f3 els\u0151 napj\u00e1n a projekt koordin\u00e1torok szakmai egyeztet\u00e9s\u00e9t k\u00f6vet\u0151en a r\u00e9sztvev\u0151k egy unik\u00e1lis v\u00e1rosn\u00e9z\u0151 s\u00e9t\u00e1n vettek r\u00e9szt, amely sor\u00e1n Balogh D\u00e1vid m\u0171v\u00e9szett\u00f6rt\u00e9n\u00e9sz seg\u00edts\u00e9g\u00e9vel felfedezt\u00e9k F\u00f3t nevezetess\u00e9geit. A csoport ell\u00e1togatott Gyermekv\u00e1rosba, a M\u0171vel\u0151d\u00e9si H\u00e1zba \u2013 ahol dr. Garas M\u00e9dea bemutatta a h\u00e1z sokoldal\u00fa k\u00f6z\u00f6ss\u00e9gi felhaszn\u00e1l\u00e1s\u00e1t, majd a T\u00e1jh\u00e1zba, ahol Elekn\u00e9 Szem\u0151k Erzs\u00e9bet tolm\u00e1csol\u00e1s\u00e1ban megismerhett\u00e9k a f\u00f3ti n\u00e9pm\u0171v\u00e9szeti hagyom\u00e1nyokat. A nap z\u00e1r\u00e1sak\u00e9nt Sz\u00e9kely Lilla \u00e9s P\u00e9nzes Csilla n\u00e9pzenei koncertje tette k\u00fcl\u00f6nlegess\u00e9 a d\u00e9lut\u00e1nt. A bar\u00e1ts\u00e1gos hangulatban zajl\u00f3 program remek lehet\u0151s\u00e9get k\u00edn\u00e1lt arra, hogy a vend\u00e9gek jobban megismerj\u00e9k a v\u00e1ros kultur\u00e1lis \u00e9let\u00e9t \u00e9s k\u00f6z\u00f6ss\u00e9gi tereit.<\/p><p>A m\u00e1sodik nap d\u00e9lel\u0151ttj\u00e9n szakmai besz\u00e9lget\u00e9sek zajlottak, amelyek sor\u00e1n a partnerek k\u00f6z\u00f6sen \u00e9rt\u00e9kelt\u00e9k a projekt eddigi eredm\u00e9nyeit \u00e9s megfogalmazt\u00e1k a j\u00f6v\u0151beni c\u00e9lkit\u0171z\u00e9seket. D\u00e9lut\u00e1n a r\u00e9sztvev\u0151k megtekintett\u00e9k azokat a kisfilmeket, amelyeket a sz\u00e9kelyhidi vide\u00f3s\/m\u00e9dia k\u00e9pz\u00e9sen r\u00e9szt vett fiatalok k\u00e9sz\u00edtettek a n\u00e9pt\u00e1ncegyes\u00fcletekn\u00e9l zajl\u00f3 munk\u00e1r\u00f3l, bemutatva a k\u00f6z\u00f6ss\u00e9gek \u00e9let\u00e9t \u00e9s \u00e9rt\u00e9keit.<br \/>A nap est\u00e9be ny\u00fal\u00f3 programja egy k\u00fcl\u00f6nleges kultur\u00e1lis \u00e9lm\u00e9nnyel folytat\u00f3dott: a Muharay Elem\u00e9r Sz\u00ednpad el\u0151ad\u00e1s\u00e1ban l\u00e1thatt\u00e1k a\u00a0vend\u00e9gek a \u201eMagyar versek\u201d\u00a0c\u00edm\u0171 sz\u00edndarabot. Az el\u0151ad\u00e1s ut\u00e1n egy hangulatos folkl\u00f3r esttel z\u00e1rult a nap a F\u00e1y Pr\u00e9sh\u00e1zban, ahol zene, t\u00e1nc \u00e9s j\u00f3kedv mellett \u00fcnnepelt\u00e9k a k\u00f6z\u00f6s munka eredm\u00e9nyeit.<\/p><p>A harmadik napon a szakmai besz\u00e9lget\u00e9sek f\u00f3kusza a j\u00f3 gyakorlatokon volt, bemutat\u00e1sra ker\u00fclt a h\u00e1rom orsz\u00e1gban (Magyarorsz\u00e1g, Rom\u00e1nia \u00e9s Szerbia) felm\u00e9rt \u00e9s tesztelt 12 j\u00f3 gyakorlat, mely a 2026 elej\u00e9n megjelen\u0151 M\u00f3dszertani Kiadv\u00e1nyban r\u00e9szletes le\u00edr\u00e1sra ker\u00fcl majd, \u00e9s terveink szerint a j\u00f6v\u0151ben nagyban seg\u00edti az eur\u00f3pai civil szervezetek min\u00e9l hat\u00e9konyabb m\u0171k\u00f6d\u00e9s\u00e9t. A szakmai programot k\u00f6vet\u0151en a r\u00e9sztvev\u0151k ell\u00e1togattak a F\u00f3ti V\u00e1rosi K\u00f6nyvt\u00e1rba, ahol megtekintett\u00e9k\u00a0Petrezselyem K\u00e1roly\u00a0fafarag\u00f3 m\u0171v\u00e9sz ki\u00e1ll\u00edt\u00e1s\u00e1t.\u00a0<\/p><p>A f\u00f3ti z\u00e1r\u00f3 konferencia meger\u0151s\u00edtette, hogy a\u00a0<em>Legyen t\u00e1nc!<\/em>\u00a0projektben megval\u00f3sult kezdem\u00e9nyez\u00e9sek hossz\u00fa t\u00e1von is hozz\u00e1j\u00e1rulnak a civil szervezetek k\u00f6z\u00f6tti egy\u00fcttm\u0171k\u00f6d\u00e9shez, a kultur\u00e1lis \u00e9rt\u00e9kek meg\u0151rz\u00e9s\u00e9hez \u00e9s a k\u00f6z\u00f6ss\u00e9gi kapcsolatok er\u0151s\u00edt\u00e9s\u00e9hez.<\/p><p>A \u201eE3 &#8211; Legyen t\u00e1nc!\u201d nemzetk\u00f6zi projekt az <strong>Erasmus+ KA210-YOU \u2013 Kis l\u00e9pt\u00e9k\u0171 ifj\u00fas\u00e1gi partners\u00e9gek<\/strong> keret\u00e9ben val\u00f3sul meg &#8211; <strong>Projektazonos\u00edt\u00f3:<\/strong> <strong>2024-1-HU01-KA210-YOU-000249591<\/strong><\/p>\t\t\t\t\t\t\t\t<\/div>\n\t\t\t\t<\/div>\n\t\t\t\t\t<\/div>\n\t\t\t\t<\/div>\n\t\t<div class=\"elementor-element elementor-element-febf1da e-flex e-con-boxed e-con e-parent\" data-id=\"febf1da\" data-element_type=\"container\">\n\t\t\t\t\t<div class=\"e-con-inner\">\n\t\t<div class=\"elementor-element elementor-element-750f782 e-con-full e-flex e-con e-child\" data-id=\"750f782\" data-element_type=\"container\">\n\t\t\t\t<div class=\"elementor-element elementor-element-457f7f8 elementor-widget elementor-widget-image\" data-id=\"457f7f8\" data-element_type=\"widget\" data-widget_type=\"image.default\">\n\t\t\t\t<div class=\"elementor-widget-container\">\n\t\t\t\t\t\t\t\t\t\t\t\t\t\t\t<img loading=\"lazy\" decoding=\"async\" width=\"843\" height=\"632\" src=\"https:\/\/www.fotikozszolg.hu\/wp-content\/uploads\/2025\/11\/IMG_9455-1024x768.jpg\" class=\"attachment-large size-large wp-image-6262\" alt=\"\" srcset=\"https:\/\/www.fotikozszolg.hu\/wp-content\/uploads\/2025\/11\/IMG_9455-1024x768.jpg 1024w, https:\/\/www.fotikozszolg.hu\/wp-content\/uploads\/2025\/11\/IMG_9455-300x225.jpg 300w, https:\/\/www.fotikozszolg.hu\/wp-content\/uploads\/2025\/11\/IMG_9455-768x576.jpg 768w, https:\/\/www.fotikozszolg.hu\/wp-content\/uploads\/2025\/11\/IMG_9455-1536x1152.jpg 1536w, https:\/\/www.fotikozszolg.hu\/wp-content\/uploads\/2025\/11\/IMG_9455-2048x1536.jpg 2048w\" sizes=\"(max-width: 843px) 100vw, 843px\" \/>\t\t\t\t\t\t\t\t\t\t\t\t\t\t\t<\/div>\n\t\t\t\t<\/div>\n\t\t\t\t<\/div>\n\t\t<div class=\"elementor-element elementor-element-28a5434 e-con-full e-flex e-con e-child\" data-id=\"28a5434\" data-element_type=\"container\">\n\t\t\t\t<div class=\"elementor-element elementor-element-149e91d elementor-widget elementor-widget-image\" data-id=\"149e91d\" data-element_type=\"widget\" data-widget_type=\"image.default\">\n\t\t\t\t<div class=\"elementor-widget-container\">\n\t\t\t\t\t\t\t\t\t\t\t\t\t\t\t<img loading=\"lazy\" decoding=\"async\" width=\"843\" height=\"632\" src=\"https:\/\/www.fotikozszolg.hu\/wp-content\/uploads\/2025\/11\/IMG_9441-1024x768.jpg\" class=\"attachment-large size-large wp-image-6261\" alt=\"\" srcset=\"https:\/\/www.fotikozszolg.hu\/wp-content\/uploads\/2025\/11\/IMG_9441-1024x768.jpg 1024w, https:\/\/www.fotikozszolg.hu\/wp-content\/uploads\/2025\/11\/IMG_9441-300x225.jpg 300w, https:\/\/www.fotikozszolg.hu\/wp-content\/uploads\/2025\/11\/IMG_9441-768x576.jpg 768w, https:\/\/www.fotikozszolg.hu\/wp-content\/uploads\/2025\/11\/IMG_9441-1536x1152.jpg 1536w, https:\/\/www.fotikozszolg.hu\/wp-content\/uploads\/2025\/11\/IMG_9441-2048x1536.jpg 2048w\" sizes=\"(max-width: 843px) 100vw, 843px\" \/>\t\t\t\t\t\t\t\t\t\t\t\t\t\t\t<\/div>\n\t\t\t\t<\/div>\n\t\t\t\t<\/div>\n\t\t<div class=\"elementor-element elementor-element-49d9382 e-con-full e-flex e-con e-child\" data-id=\"49d9382\" data-element_type=\"container\">\n\t\t\t\t<div class=\"elementor-element elementor-element-a7bac6f elementor-widget elementor-widget-image\" data-id=\"a7bac6f\" data-element_type=\"widget\" data-widget_type=\"image.default\">\n\t\t\t\t<div class=\"elementor-widget-container\">\n\t\t\t\t\t\t\t\t\t\t\t\t\t\t\t<img loading=\"lazy\" decoding=\"async\" width=\"843\" height=\"632\" src=\"https:\/\/www.fotikozszolg.hu\/wp-content\/uploads\/2025\/11\/IMG_9736-1024x768.jpeg\" class=\"attachment-large size-large wp-image-6259\" alt=\"\" srcset=\"https:\/\/www.fotikozszolg.hu\/wp-content\/uploads\/2025\/11\/IMG_9736-1024x768.jpeg 1024w, https:\/\/www.fotikozszolg.hu\/wp-content\/uploads\/2025\/11\/IMG_9736-300x225.jpeg 300w, https:\/\/www.fotikozszolg.hu\/wp-content\/uploads\/2025\/11\/IMG_9736-768x576.jpeg 768w, https:\/\/www.fotikozszolg.hu\/wp-content\/uploads\/2025\/11\/IMG_9736-1536x1152.jpeg 1536w, https:\/\/www.fotikozszolg.hu\/wp-content\/uploads\/2025\/11\/IMG_9736-2048x1536.jpeg 2048w\" sizes=\"(max-width: 843px) 100vw, 843px\" \/>\t\t\t\t\t\t\t\t\t\t\t\t\t\t\t<\/div>\n\t\t\t\t<\/div>\n\t\t\t\t<\/div>\n\t\t<div class=\"elementor-element elementor-element-1b3f12f e-con-full e-flex e-con e-child\" data-id=\"1b3f12f\" data-element_type=\"container\">\n\t\t\t\t<div class=\"elementor-element elementor-element-6b09cec elementor-widget elementor-widget-image\" data-id=\"6b09cec\" data-element_type=\"widget\" data-widget_type=\"image.default\">\n\t\t\t\t<div class=\"elementor-widget-container\">\n\t\t\t\t\t\t\t\t\t\t\t\t\t\t\t<img loading=\"lazy\" decoding=\"async\" width=\"843\" height=\"629\" src=\"https:\/\/www.fotikozszolg.hu\/wp-content\/uploads\/2025\/11\/IMG_9706-1024x764.jpeg\" class=\"attachment-large size-large wp-image-6258\" alt=\"\" srcset=\"https:\/\/www.fotikozszolg.hu\/wp-content\/uploads\/2025\/11\/IMG_9706-1024x764.jpeg 1024w, https:\/\/www.fotikozszolg.hu\/wp-content\/uploads\/2025\/11\/IMG_9706-300x224.jpeg 300w, https:\/\/www.fotikozszolg.hu\/wp-content\/uploads\/2025\/11\/IMG_9706-768x573.jpeg 768w, https:\/\/www.fotikozszolg.hu\/wp-content\/uploads\/2025\/11\/IMG_9706-1536x1146.jpeg 1536w, https:\/\/www.fotikozszolg.hu\/wp-content\/uploads\/2025\/11\/IMG_9706-2048x1528.jpeg 2048w\" sizes=\"(max-width: 843px) 100vw, 843px\" \/>\t\t\t\t\t\t\t\t\t\t\t\t\t\t\t<\/div>\n\t\t\t\t<\/div>\n\t\t\t\t<\/div>\n\t\t<div class=\"elementor-element elementor-element-c9337f3 e-con-full e-flex e-con e-child\" data-id=\"c9337f3\" data-element_type=\"container\">\n\t\t\t\t<div class=\"elementor-element elementor-element-0b6c294 elementor-widget elementor-widget-image\" data-id=\"0b6c294\" data-element_type=\"widget\" data-widget_type=\"image.default\">\n\t\t\t\t<div class=\"elementor-widget-container\">\n\t\t\t\t\t\t\t\t\t\t\t\t\t\t\t<img loading=\"lazy\" decoding=\"async\" width=\"843\" height=\"632\" src=\"https:\/\/www.fotikozszolg.hu\/wp-content\/uploads\/2025\/11\/IMG_9731-1024x768.jpeg\" class=\"attachment-large size-large wp-image-6257\" alt=\"\" srcset=\"https:\/\/www.fotikozszolg.hu\/wp-content\/uploads\/2025\/11\/IMG_9731-1024x768.jpeg 1024w, https:\/\/www.fotikozszolg.hu\/wp-content\/uploads\/2025\/11\/IMG_9731-300x225.jpeg 300w, https:\/\/www.fotikozszolg.hu\/wp-content\/uploads\/2025\/11\/IMG_9731-768x576.jpeg 768w, https:\/\/www.fotikozszolg.hu\/wp-content\/uploads\/2025\/11\/IMG_9731-1536x1152.jpeg 1536w, https:\/\/www.fotikozszolg.hu\/wp-content\/uploads\/2025\/11\/IMG_9731-2048x1536.jpeg 2048w\" sizes=\"(max-width: 843px) 100vw, 843px\" \/>\t\t\t\t\t\t\t\t\t\t\t\t\t\t\t<\/div>\n\t\t\t\t<\/div>\n\t\t\t\t<\/div>\n\t\t<div class=\"elementor-element elementor-element-6294f36 e-con-full e-flex e-con e-child\" data-id=\"6294f36\" data-element_type=\"container\">\n\t\t\t\t<div class=\"elementor-element elementor-element-69056ad elementor-widget elementor-widget-image\" data-id=\"69056ad\" data-element_type=\"widget\" data-widget_type=\"image.default\">\n\t\t\t\t<div class=\"elementor-widget-container\">\n\t\t\t\t\t\t\t\t\t\t\t\t\t\t\t<img loading=\"lazy\" decoding=\"async\" width=\"843\" height=\"632\" src=\"https:\/\/www.fotikozszolg.hu\/wp-content\/uploads\/2025\/11\/IMG_9450-1024x768.jpg\" class=\"attachment-large size-large wp-image-6264\" alt=\"\" srcset=\"https:\/\/www.fotikozszolg.hu\/wp-content\/uploads\/2025\/11\/IMG_9450-1024x768.jpg 1024w, https:\/\/www.fotikozszolg.hu\/wp-content\/uploads\/2025\/11\/IMG_9450-300x225.jpg 300w, https:\/\/www.fotikozszolg.hu\/wp-content\/uploads\/2025\/11\/IMG_9450-768x576.jpg 768w, https:\/\/www.fotikozszolg.hu\/wp-content\/uploads\/2025\/11\/IMG_9450-1536x1152.jpg 1536w, https:\/\/www.fotikozszolg.hu\/wp-content\/uploads\/2025\/11\/IMG_9450-2048x1536.jpg 2048w\" sizes=\"(max-width: 843px) 100vw, 843px\" \/>\t\t\t\t\t\t\t\t\t\t\t\t\t\t\t<\/div>\n\t\t\t\t<\/div>\n\t\t\t\t<\/div>\n\t\t\t\t\t<\/div>\n\t\t\t\t<\/div>\n\t\t<div class=\"elementor-element elementor-element-08a8234 e-flex e-con-boxed e-con e-parent\" data-id=\"08a8234\" data-element_type=\"container\">\n\t\t\t\t\t<div class=\"e-con-inner\">\n\t\t\t\t<div class=\"elementor-element elementor-element-55442b7 elementor-widget elementor-widget-text-editor\" data-id=\"55442b7\" data-element_type=\"widget\" data-widget_type=\"text-editor.default\">\n\t\t\t\t<div class=\"elementor-widget-container\">\n\t\t\t\t\t\t\t\t\t<h3><strong>Melyek a hazai civil szervezetek leggyakoribb probl\u00e9m\u00e1i \u00e9s vajon hogyan tudj\u00e1k hasznos\u00edtani a n\u00e9pt\u00e1nc egyes\u00fcletekn\u00e9l bev\u00e1lt j\u00f3 gyakorlatokat? \u2013 2025 okt\u00f3ber\u00e9ben lezajlott az utols\u00f3 tesztalkalom<\/strong><\/h3><p>2025. okt\u00f3ber 10-\u00e9n lezajlott a Legyen t\u00e1nc! projekt harmadik \u00e9s egyben utols\u00f3 tesztel\u00e9si alkalma, amelyen az el\u0151z\u0151 alkalamakhoz hasonl\u00f3an f\u00f3ti civil szervezetek k\u00e9pvisel\u0151i, valamint a projekt ir\u00e1nt \u00e9rdekl\u0151d\u0151 fiatalok vettek r\u00e9szt.<\/p><p>A programot <strong>Ers\u00f3k N\u00f3ra projektkoordin\u00e1tor<\/strong> nyitotta meg, aki k\u00f6sz\u00f6nt\u00f6tte a r\u00e9sztvev\u0151ket, \u00e9s r\u00f6viden felv\u00e1zolta az este menet\u00e9t.<\/p><p>Ezt k\u00f6vet\u0151en <strong>Isp\u00e1n Lilla<\/strong> el\u0151ad\u00e1st tartott a hat\u00e9kony kommunik\u00e1ci\u00f3 \u00e9s az online jelenl\u00e9t fontoss\u00e1g\u00e1r\u00f3l. Az interakt\u00edv el\u0151ad\u00e1s sor\u00e1n a r\u00e9sztvev\u0151k gyakorlati tippeket kaptak arra, hogyan tehetik l\u00e1that\u00f3bb\u00e1 szervezet\u00fck munk\u00e1j\u00e1t \u00e9s hogyan kommunik\u00e1lhatnak eredm\u00e9nyesebben a k\u00f6z\u00f6ss\u00e9gi m\u00e9di\u00e1ban.<\/p><p>A program k\u00f6vetkez\u0151 r\u00e9sz\u00e9ben <strong>R\u00e9v\u00e9sz Melinda<\/strong> h\u00e1rom k\u00fcl\u00f6nb\u00f6z\u0151 energizer \u00e9s csapat\u00e9p\u00edt\u0151 j\u00e1t\u00e9kot mutatott be, amelyek nemcsak sz\u00f3rakoztat\u00f3ak voltak, hanem fejlesztett\u00e9k a csoportdinamik\u00e1t \u00e9s az egy\u00fcttm\u0171k\u00f6d\u00e9st is. Ezeket k\u00e9s\u0151bb minden egyes\u00fclet be tudja \u00e9p\u00edteni a tal\u00e1lkoz\u00f3iba.<\/p><p>Ezut\u00e1n <strong>Magyar Orsolya Napsug\u00e1r<\/strong> vezet\u00e9s\u00e9vel a r\u00e9sztvev\u0151k k\u00f6z\u00f6sen k\u00e9sz\u00edtettek gondolatt\u00e9rk\u00e9pet arr\u00f3l, mit ad sz\u00e1mukra az egyes\u00fcleti l\u00e9t, \u00e9s mit jelent nekik egy k\u00f6z\u00f6ss\u00e9ghez tartozni. A feladat sor\u00e1n sz\u00e1mos \u00e9rt\u00e9kes gondolat \u00e9s tapasztalat megfogalmaz\u00f3dott az \u00f6sszetartoz\u00e1s, a fejl\u0151d\u00e9s \u00e9s a k\u00f6z\u00f6s c\u00e9lok szerep\u00e9r\u0151l.<\/p><p>A program z\u00e1r\u00e1sak\u00e9nt <strong>Ers\u00f3k N\u00f3ra<\/strong> ismertette a z\u00e1r\u00f3 konferencia tervezett programj\u00e1t \u00e9s a projekt k\u00f6vetkez\u0151 l\u00e9p\u00e9seit, majd egy k\u00f6z\u00f6s vacsora k\u00f6vetkezett.<\/p><p>Az est egy k\u00f6z\u00f6s z\u00e1r\u00f3 j\u00e1t\u00e9kkal fejez\u0151d\u00f6tt be, amelyben minden r\u00e9sztvev\u0151 megosztotta, mit visz mag\u00e1val az esem\u00e9nyr\u0151l \u2013 gondolatot, \u00e9lm\u00e9nyt vagy inspir\u00e1ci\u00f3t.<\/p><p>A r\u00e9sztvev\u0151k visszajelz\u00e9sei alapj\u00e1n a program ism\u00e9telten j\u00f3 hangulatban, akt\u00edv k\u00f6zrem\u0171k\u00f6d\u00e9ssel zajlott, \u00e9s tov\u00e1bb er\u0151s\u00edtette a f\u00f3ti civil k\u00f6z\u00f6ss\u00e9gek egy\u00fcttm\u0171k\u00f6d\u00e9s\u00e9t.<\/p><p>A \u201eE3 &#8211; Legyen t\u00e1nc!\u201d nemzetk\u00f6zi projekt az <strong>Erasmus+ KA210-YOU \u2013 Kis l\u00e9pt\u00e9k\u0171 ifj\u00fas\u00e1gi partners\u00e9gek<\/strong> keret\u00e9ben val\u00f3sul meg &#8211; <strong>Projektazonos\u00edt\u00f3:<\/strong> <strong>2024-1-HU01-KA210-YOU-000249591<\/strong><\/p>\t\t\t\t\t\t\t\t<\/div>\n\t\t\t\t<\/div>\n\t\t\t\t\t<\/div>\n\t\t\t\t<\/div>\n\t\t<div class=\"elementor-element elementor-element-6acf22c e-flex e-con-boxed e-con e-parent\" data-id=\"6acf22c\" data-element_type=\"container\">\n\t\t\t\t\t<div class=\"e-con-inner\">\n\t\t<div class=\"elementor-element elementor-element-68c67bd e-con-full e-flex e-con e-child\" data-id=\"68c67bd\" data-element_type=\"container\">\n\t\t\t\t<div class=\"elementor-element elementor-element-b6b1f5d elementor-widget elementor-widget-image\" data-id=\"b6b1f5d\" data-element_type=\"widget\" data-widget_type=\"image.default\">\n\t\t\t\t<div class=\"elementor-widget-container\">\n\t\t\t\t\t\t\t\t\t\t\t\t\t\t\t<img loading=\"lazy\" decoding=\"async\" width=\"843\" height=\"632\" src=\"https:\/\/www.fotikozszolg.hu\/wp-content\/uploads\/2025\/10\/IMG_9313-1024x768.jpg\" class=\"attachment-large size-large wp-image-6227\" alt=\"\" srcset=\"https:\/\/www.fotikozszolg.hu\/wp-content\/uploads\/2025\/10\/IMG_9313-1024x768.jpg 1024w, https:\/\/www.fotikozszolg.hu\/wp-content\/uploads\/2025\/10\/IMG_9313-300x225.jpg 300w, https:\/\/www.fotikozszolg.hu\/wp-content\/uploads\/2025\/10\/IMG_9313-768x576.jpg 768w, https:\/\/www.fotikozszolg.hu\/wp-content\/uploads\/2025\/10\/IMG_9313-1536x1152.jpg 1536w, https:\/\/www.fotikozszolg.hu\/wp-content\/uploads\/2025\/10\/IMG_9313-2048x1536.jpg 2048w\" sizes=\"(max-width: 843px) 100vw, 843px\" \/>\t\t\t\t\t\t\t\t\t\t\t\t\t\t\t<\/div>\n\t\t\t\t<\/div>\n\t\t\t\t<\/div>\n\t\t<div class=\"elementor-element elementor-element-ddddbbb e-con-full e-flex e-con e-child\" data-id=\"ddddbbb\" data-element_type=\"container\">\n\t\t\t\t<div class=\"elementor-element elementor-element-c6cf591 elementor-widget elementor-widget-image\" data-id=\"c6cf591\" data-element_type=\"widget\" data-widget_type=\"image.default\">\n\t\t\t\t<div class=\"elementor-widget-container\">\n\t\t\t\t\t\t\t\t\t\t\t\t\t\t\t<img loading=\"lazy\" decoding=\"async\" width=\"843\" height=\"632\" src=\"https:\/\/www.fotikozszolg.hu\/wp-content\/uploads\/2025\/10\/IMG_9294-1024x768.jpg\" class=\"attachment-large size-large wp-image-6226\" alt=\"\" srcset=\"https:\/\/www.fotikozszolg.hu\/wp-content\/uploads\/2025\/10\/IMG_9294-1024x768.jpg 1024w, https:\/\/www.fotikozszolg.hu\/wp-content\/uploads\/2025\/10\/IMG_9294-300x225.jpg 300w, https:\/\/www.fotikozszolg.hu\/wp-content\/uploads\/2025\/10\/IMG_9294-768x576.jpg 768w, https:\/\/www.fotikozszolg.hu\/wp-content\/uploads\/2025\/10\/IMG_9294-1536x1152.jpg 1536w, https:\/\/www.fotikozszolg.hu\/wp-content\/uploads\/2025\/10\/IMG_9294-2048x1536.jpg 2048w\" sizes=\"(max-width: 843px) 100vw, 843px\" \/>\t\t\t\t\t\t\t\t\t\t\t\t\t\t\t<\/div>\n\t\t\t\t<\/div>\n\t\t\t\t<\/div>\n\t\t<div class=\"elementor-element elementor-element-74f8ff8 e-con-full e-flex e-con e-child\" data-id=\"74f8ff8\" data-element_type=\"container\">\n\t\t\t\t<div class=\"elementor-element elementor-element-b0b9f55 elementor-widget elementor-widget-image\" data-id=\"b0b9f55\" data-element_type=\"widget\" data-widget_type=\"image.default\">\n\t\t\t\t<div class=\"elementor-widget-container\">\n\t\t\t\t\t\t\t\t\t\t\t\t\t\t\t<img loading=\"lazy\" decoding=\"async\" width=\"843\" height=\"632\" src=\"https:\/\/www.fotikozszolg.hu\/wp-content\/uploads\/2025\/10\/IMG_9292-1024x768.jpg\" class=\"attachment-large size-large wp-image-6225\" alt=\"\" srcset=\"https:\/\/www.fotikozszolg.hu\/wp-content\/uploads\/2025\/10\/IMG_9292-1024x768.jpg 1024w, https:\/\/www.fotikozszolg.hu\/wp-content\/uploads\/2025\/10\/IMG_9292-300x225.jpg 300w, https:\/\/www.fotikozszolg.hu\/wp-content\/uploads\/2025\/10\/IMG_9292-768x576.jpg 768w, https:\/\/www.fotikozszolg.hu\/wp-content\/uploads\/2025\/10\/IMG_9292-1536x1152.jpg 1536w, https:\/\/www.fotikozszolg.hu\/wp-content\/uploads\/2025\/10\/IMG_9292-2048x1536.jpg 2048w\" sizes=\"(max-width: 843px) 100vw, 843px\" \/>\t\t\t\t\t\t\t\t\t\t\t\t\t\t\t<\/div>\n\t\t\t\t<\/div>\n\t\t\t\t<\/div>\n\t\t<div class=\"elementor-element elementor-element-02ab655 e-con-full e-flex e-con e-child\" data-id=\"02ab655\" data-element_type=\"container\">\n\t\t\t\t<div class=\"elementor-element elementor-element-0235603 elementor-widget elementor-widget-image\" data-id=\"0235603\" data-element_type=\"widget\" data-widget_type=\"image.default\">\n\t\t\t\t<div class=\"elementor-widget-container\">\n\t\t\t\t\t\t\t\t\t\t\t\t\t\t\t<img loading=\"lazy\" decoding=\"async\" width=\"843\" height=\"632\" src=\"https:\/\/www.fotikozszolg.hu\/wp-content\/uploads\/2025\/10\/IMG_9289-1024x768.jpg\" class=\"attachment-large size-large wp-image-6224\" alt=\"\" srcset=\"https:\/\/www.fotikozszolg.hu\/wp-content\/uploads\/2025\/10\/IMG_9289-1024x768.jpg 1024w, https:\/\/www.fotikozszolg.hu\/wp-content\/uploads\/2025\/10\/IMG_9289-300x225.jpg 300w, https:\/\/www.fotikozszolg.hu\/wp-content\/uploads\/2025\/10\/IMG_9289-768x576.jpg 768w, https:\/\/www.fotikozszolg.hu\/wp-content\/uploads\/2025\/10\/IMG_9289-1536x1152.jpg 1536w, https:\/\/www.fotikozszolg.hu\/wp-content\/uploads\/2025\/10\/IMG_9289-2048x1536.jpg 2048w\" sizes=\"(max-width: 843px) 100vw, 843px\" \/>\t\t\t\t\t\t\t\t\t\t\t\t\t\t\t<\/div>\n\t\t\t\t<\/div>\n\t\t\t\t<\/div>\n\t\t\t\t\t<\/div>\n\t\t\t\t<\/div>\n\t\t<div class=\"elementor-element elementor-element-c6a4362 e-flex e-con-boxed e-con e-parent\" data-id=\"c6a4362\" data-element_type=\"container\">\n\t\t\t\t\t<div class=\"e-con-inner\">\n\t\t\t\t<div class=\"elementor-element elementor-element-4a24b78 elementor-widget elementor-widget-text-editor\" data-id=\"4a24b78\" data-element_type=\"widget\" data-widget_type=\"text-editor.default\">\n\t\t\t\t<div class=\"elementor-widget-container\">\n\t\t\t\t\t\t\t\t\t<p>\u00a0<\/p><h3><strong>Melyek a hazai civil szervezetek leggyakoribb probl\u00e9m\u00e1i \u00e9s vajon hogyan tudj\u00e1k hasznos\u00edtani a n\u00e9pt\u00e1nc egyes\u00fcletekn\u00e9l bev\u00e1lt j\u00f3 gyakorlatokat? \u2013 2025 \u0151sz\u00e9n folytat\u00f3dott a tesztel\u00e9si id\u0151szak\u00a0<\/strong><\/h3><p>2025. szeptember 11-\u00e9n lezajlott a <b>Legyen t\u00e1nc!<\/b> projekt m\u00e1sodik tesztel\u00e9si alkalma, amelyen az els\u0151 alkalomhoz hasonl\u00f3an f\u00f3ti civil szervezetek k\u00e9pvisel\u0151i, valamint a projekt ir\u00e1nt \u00e9rdekl\u0151d\u0151 fiatalok vettek r\u00e9szt.<\/p><p>A program elej\u00e9n <b>R\u00e9v\u00e9sz<\/b> <b>Melinda<\/b>\u00a0tartott egy energizer j\u00e1t\u00e9kot. Ez nemcsak hangulatold\u00f3k\u00e9nt szolg\u00e1lt, hanem lehet\u0151s\u00e9get adott arra is, hogy a r\u00e9sztvev\u0151k k\u00f6zvetlen tapasztalatot szerezzenek az egyik tesztelend\u0151 j\u00f3 gyakorlatr\u00f3l.<\/p><p>Ezt k\u00f6vet\u0151en <b>Ers\u00f3k N\u00f3ra projektkoordin\u00e1tor<\/b> ismertette a nemzetk\u00f6zi projekt f\u0151 c\u00e9lkit\u0171z\u00e9seit \u00e9s az elm\u00falt h\u00f3napok esem\u00e9nyeit. Majd <b>Hojtsy<\/b> <b>Samu<\/b>, aki a projekt kor\u00e1bbi szakasz\u00e1ban vide\u00f3s \u00f6nk\u00e9ntesk\u00e9nt vett r\u00e9szt, szem\u00e9lyes \u00e9lm\u00e9nyeit \u00e9s tapasztalatait osztotta meg a jelenl\u00e9v\u0151kkel, inspir\u00e1lva a civil szervezetek k\u00e9pvisel\u0151it az akt\u00edv bekapcsol\u00f3d\u00e1sra.<\/p><p>A szakmai est m\u00e1sodik r\u00e9sz\u00e9ben <b>Magyar Orsolya Napsug\u00e1r<\/b> \u00f6sszefoglalta a n\u00e9pt\u00e1nc egyes\u00fcletekt\u0151l gy\u0171jt\u00f6tt k\u00f6z\u00f6ss\u00e9g\u00e9p\u00edt\u0151 m\u00f3dszereket \u00e9s j\u00f3 gyakorlatokat. Ezt k\u00f6vet\u0151en a r\u00e9sztvev\u0151k 5\u20136 f\u0151s csoportokba rendez\u0151dve egy k\u00f6z\u00f6s feladaton dolgoztak: minden csoport egy-egy j\u00f3 gyakorlatot elemzett r\u00e9szletesebben, majd megosztott\u00e1k egym\u00e1ssal a tapasztalataikat \u00e9s \u00f6tleteiket az adapt\u00e1lhat\u00f3s\u00e1gra vonatkoz\u00f3an.<\/p><p>Az alkalom k\u00f6tetlen vacsor\u00e1val z\u00e1rult, amely lehet\u0151s\u00e9get biztos\u00edtott tov\u00e1bbi besz\u00e9lget\u00e9sekre, kapcsolat\u00e9p\u00edt\u00e9sre.<\/p><p>A r\u00e9sztvev\u0151k visszajelz\u00e9sei alapj\u00e1n a tal\u00e1lkoz\u00f3 ism\u00e9telten j\u00f3 hangulatban, akt\u00edv k\u00f6zrem\u0171k\u00f6d\u00e9ssel zajlott, \u00e9s er\u0151s\u00edtette a helyi civil szervezetek k\u00f6z\u00f6tti egy\u00fcttm\u0171k\u00f6d\u00e9st.<\/p><p>A projekt eredm\u00e9nyek\u00e9nt 2025 \u00e9v v\u00e9g\u00e9re egy <b>m\u00f3dszertani kiadv\u00e1ny \u00e9s vide\u00f3gy\u0171jtem\u00e9ny<\/b> k\u00e9sz\u00fcl el, amely hozz\u00e1j\u00e1rul az ifj\u00fas\u00e1gi \u00e9s m\u00e1s civil szervezetek m\u0171k\u00f6d\u00e9si teljes\u00edtm\u00e9ny\u00e9nek jav\u00edt\u00e1s\u00e1hoz.<\/p><p>A \u201eE3 &#8211; Legyen t\u00e1nc!\u201d nemzetk\u00f6zi projekt az <strong>Erasmus+ KA210-YOU \u2013 Kis l\u00e9pt\u00e9k\u0171 ifj\u00fas\u00e1gi partners\u00e9gek<\/strong> keret\u00e9ben val\u00f3sul meg &#8211; <strong>Projektazonos\u00edt\u00f3:<\/strong> <strong>2024-1-HU01-KA210-YOU-000249591<\/strong><\/p>\t\t\t\t\t\t\t\t<\/div>\n\t\t\t\t<\/div>\n\t\t\t\t\t<\/div>\n\t\t\t\t<\/div>\n\t\t<div class=\"elementor-element elementor-element-fced714 e-flex e-con-boxed e-con e-parent\" data-id=\"fced714\" data-element_type=\"container\">\n\t\t\t\t\t<div class=\"e-con-inner\">\n\t\t<div class=\"elementor-element elementor-element-d49b09d e-con-full e-flex e-con e-child\" data-id=\"d49b09d\" data-element_type=\"container\">\n\t\t\t\t<div class=\"elementor-element elementor-element-5281a35 elementor-widget elementor-widget-image\" data-id=\"5281a35\" data-element_type=\"widget\" data-widget_type=\"image.default\">\n\t\t\t\t<div class=\"elementor-widget-container\">\n\t\t\t\t\t\t\t\t\t\t\t\t\t\t\t<img loading=\"lazy\" decoding=\"async\" width=\"843\" height=\"632\" src=\"https:\/\/www.fotikozszolg.hu\/wp-content\/uploads\/2025\/09\/IMG_8931-1024x768.jpg\" class=\"attachment-large size-large wp-image-6170\" alt=\"\" srcset=\"https:\/\/www.fotikozszolg.hu\/wp-content\/uploads\/2025\/09\/IMG_8931-1024x768.jpg 1024w, https:\/\/www.fotikozszolg.hu\/wp-content\/uploads\/2025\/09\/IMG_8931-300x225.jpg 300w, https:\/\/www.fotikozszolg.hu\/wp-content\/uploads\/2025\/09\/IMG_8931-768x576.jpg 768w, https:\/\/www.fotikozszolg.hu\/wp-content\/uploads\/2025\/09\/IMG_8931-1536x1152.jpg 1536w, https:\/\/www.fotikozszolg.hu\/wp-content\/uploads\/2025\/09\/IMG_8931-2048x1536.jpg 2048w\" sizes=\"(max-width: 843px) 100vw, 843px\" \/>\t\t\t\t\t\t\t\t\t\t\t\t\t\t\t<\/div>\n\t\t\t\t<\/div>\n\t\t\t\t<\/div>\n\t\t<div class=\"elementor-element elementor-element-ab306d0 e-con-full e-flex e-con e-child\" data-id=\"ab306d0\" data-element_type=\"container\">\n\t\t\t\t<div class=\"elementor-element elementor-element-44a7d38 elementor-widget elementor-widget-image\" data-id=\"44a7d38\" data-element_type=\"widget\" data-widget_type=\"image.default\">\n\t\t\t\t<div class=\"elementor-widget-container\">\n\t\t\t\t\t\t\t\t\t\t\t\t\t\t\t<img loading=\"lazy\" decoding=\"async\" width=\"843\" height=\"632\" src=\"https:\/\/www.fotikozszolg.hu\/wp-content\/uploads\/2025\/09\/IMG_8926-1024x768.jpg\" class=\"attachment-large size-large wp-image-6171\" alt=\"\" srcset=\"https:\/\/www.fotikozszolg.hu\/wp-content\/uploads\/2025\/09\/IMG_8926-1024x768.jpg 1024w, https:\/\/www.fotikozszolg.hu\/wp-content\/uploads\/2025\/09\/IMG_8926-300x225.jpg 300w, https:\/\/www.fotikozszolg.hu\/wp-content\/uploads\/2025\/09\/IMG_8926-768x576.jpg 768w, https:\/\/www.fotikozszolg.hu\/wp-content\/uploads\/2025\/09\/IMG_8926-1536x1152.jpg 1536w, https:\/\/www.fotikozszolg.hu\/wp-content\/uploads\/2025\/09\/IMG_8926-2048x1536.jpg 2048w\" sizes=\"(max-width: 843px) 100vw, 843px\" \/>\t\t\t\t\t\t\t\t\t\t\t\t\t\t\t<\/div>\n\t\t\t\t<\/div>\n\t\t\t\t<\/div>\n\t\t<div class=\"elementor-element elementor-element-533c5c5 e-con-full e-flex e-con e-child\" data-id=\"533c5c5\" data-element_type=\"container\">\n\t\t\t\t<div class=\"elementor-element elementor-element-ab85547 elementor-widget elementor-widget-image\" data-id=\"ab85547\" data-element_type=\"widget\" data-widget_type=\"image.default\">\n\t\t\t\t<div class=\"elementor-widget-container\">\n\t\t\t\t\t\t\t\t\t\t\t\t\t\t\t<img loading=\"lazy\" decoding=\"async\" width=\"843\" height=\"632\" src=\"https:\/\/www.fotikozszolg.hu\/wp-content\/uploads\/2025\/09\/IMG_8935-1024x768.jpg\" class=\"attachment-large size-large wp-image-6172\" alt=\"\" srcset=\"https:\/\/www.fotikozszolg.hu\/wp-content\/uploads\/2025\/09\/IMG_8935-1024x768.jpg 1024w, https:\/\/www.fotikozszolg.hu\/wp-content\/uploads\/2025\/09\/IMG_8935-300x225.jpg 300w, https:\/\/www.fotikozszolg.hu\/wp-content\/uploads\/2025\/09\/IMG_8935-768x576.jpg 768w, https:\/\/www.fotikozszolg.hu\/wp-content\/uploads\/2025\/09\/IMG_8935-1536x1152.jpg 1536w, https:\/\/www.fotikozszolg.hu\/wp-content\/uploads\/2025\/09\/IMG_8935-2048x1536.jpg 2048w\" sizes=\"(max-width: 843px) 100vw, 843px\" \/>\t\t\t\t\t\t\t\t\t\t\t\t\t\t\t<\/div>\n\t\t\t\t<\/div>\n\t\t\t\t<\/div>\n\t\t<div class=\"elementor-element elementor-element-45ca137 e-con-full e-flex e-con e-child\" data-id=\"45ca137\" data-element_type=\"container\">\n\t\t\t\t<div class=\"elementor-element elementor-element-f5317f7 elementor-widget elementor-widget-image\" data-id=\"f5317f7\" data-element_type=\"widget\" data-widget_type=\"image.default\">\n\t\t\t\t<div class=\"elementor-widget-container\">\n\t\t\t\t\t\t\t\t\t\t\t\t\t\t\t<img loading=\"lazy\" decoding=\"async\" width=\"843\" height=\"632\" src=\"https:\/\/www.fotikozszolg.hu\/wp-content\/uploads\/2025\/09\/IMG_8954-1024x768.jpg\" class=\"attachment-large size-large wp-image-6173\" alt=\"\" srcset=\"https:\/\/www.fotikozszolg.hu\/wp-content\/uploads\/2025\/09\/IMG_8954-1024x768.jpg 1024w, https:\/\/www.fotikozszolg.hu\/wp-content\/uploads\/2025\/09\/IMG_8954-300x225.jpg 300w, https:\/\/www.fotikozszolg.hu\/wp-content\/uploads\/2025\/09\/IMG_8954-768x576.jpg 768w, https:\/\/www.fotikozszolg.hu\/wp-content\/uploads\/2025\/09\/IMG_8954-1536x1152.jpg 1536w, https:\/\/www.fotikozszolg.hu\/wp-content\/uploads\/2025\/09\/IMG_8954-2048x1536.jpg 2048w\" sizes=\"(max-width: 843px) 100vw, 843px\" \/>\t\t\t\t\t\t\t\t\t\t\t\t\t\t\t<\/div>\n\t\t\t\t<\/div>\n\t\t\t\t<\/div>\n\t\t\t\t\t<\/div>\n\t\t\t\t<\/div>\n\t\t<div class=\"elementor-element elementor-element-83db324 e-flex e-con-boxed e-con e-parent\" data-id=\"83db324\" data-element_type=\"container\">\n\t\t\t\t\t<div class=\"e-con-inner\">\n\t\t\t\t<div class=\"elementor-element elementor-element-963af61 elementor-widget elementor-widget-text-editor\" data-id=\"963af61\" data-element_type=\"widget\" data-widget_type=\"text-editor.default\">\n\t\t\t\t<div class=\"elementor-widget-container\">\n\t\t\t\t\t\t\t\t\t<h3><strong>Melyek a hazai civil szervezetek leggyakoribb probl\u00e9m\u00e1i \u00e9s vajon hogyan tudj\u00e1k hasznos\u00edtani a n\u00e9pt\u00e1nc egyes\u00fcletekn\u00e9l bev\u00e1lt j\u00f3 gyakorlatokat?\u00a0\u2013\u00a02025 nyar\u00e1n elindult a tesztel\u00e9si id\u0151szak\u00a0<\/strong><\/h3><p>2025. j\u00falius 16-\u00e1n lezajlott az els\u0151 tesztel\u00e9si alkalom, amelyen sz\u00e1mos f\u00f3ti civil szervezet vett r\u00e9szt.\u00a0\u00a0<\/p><p>A rendezv\u00e9ny els\u0151 r\u00e9sz\u00e9ben Ers\u00f3k N\u00f3ra projekt koordin\u00e1tor r\u00e9szletes k\u00e9pet adott a\u00a0<em>Legyen t\u00e1nc!<\/em>\u00a0nemzetk\u00f6zi projekt h\u00e1tter\u00e9r\u0151l, c\u00e9lkit\u0171z\u00e9seir\u0151l, valamint arr\u00f3l, hogy milyen nemzetk\u00f6zi tapasztalatok inspir\u00e1lt\u00e1k a programot.\u00a0<\/p><p>Ezt k\u00f6vet\u0151en a r\u00e9sztvev\u0151 civil szervezetek bemutatkoztak, megismerkedtek egym\u00e1ssal \u00e9s mindenki megoszthatta a szervezete er\u0151ss\u00e9geit, illetve gyenges\u00e9geit. Egyet\u00e9rtettek abban, hogy nagy sz\u00fcks\u00e9g van erre a projektre, hi\u00e1nyp\u00f3tl\u00f3, ugyanis a besz\u00e9lget\u00e9sek sor\u00e1n hamar vil\u00e1goss\u00e1 v\u00e1lt, hogy b\u00e1r tev\u00e9kenys\u00e9gi k\u00f6r\u00fck elt\u00e9r\u0151, a kih\u00edv\u00e1saik meglep\u0151en hasonl\u00f3ak: self-marketing, tagok motiv\u00e1l\u00e1sa, illetve megtart\u00e1sa.\u00a0<\/p><p>A besz\u00e9lget\u00e9st k\u00f6vet\u0151en Magyar Orsolya Napsug\u00e1r bemutatta a tavasz folyam\u00e1n a n\u00e9pt\u00e1nc egyes\u00fcletekt\u0151l gy\u0171jt\u00f6tt k\u00f6z\u00f6ss\u00e9g\u00e9p\u00edt\u0151 m\u00f3dszereket \u00e9s j\u00f3 gyakorlatokat. Ezek k\u00f6z\u00f6tt szerepeltek olyan kreat\u00edv \u00e9s k\u00f6nnyen adapt\u00e1lhat\u00f3 \u00f6tletek, mint p\u00e9ld\u00e1ul j\u00e1t\u00e9k a pr\u00f3b\u00e1k elej\u00e9n, csapat\u00e9p\u00edt\u0151 kir\u00e1ndul\u00e1sok szervez\u00e9se, vagy a k\u00f6z\u00f6ss\u00e9gi m\u00e9dia tudatos \u00e9s hat\u00e9kony haszn\u00e1lata. Az alkalom z\u00e1r\u00e1sak\u00e9nt minden szervezet v\u00e1lasztott egy vagy t\u00f6bb j\u00f3 gyakorlatot, amelyet a k\u00f6vetkez\u0151, 3 h\u00f3napos id\u0151szakban teszt jelleggel be\u00e9p\u00edtenek a saj\u00e1t egyes\u00fclet\u00fck m\u0171k\u00f6d\u00e9s\u00e9be.\u00a0<\/p><p>A tal\u00e1lkoz\u00f3 j\u00f3 hangulatban, akt\u00edv r\u00e9szv\u00e9tellel z\u00e1rult, amit ez\u00faton is k\u00f6sz\u00f6n\u00fcnk minden jelenl\u00e9v\u0151nek. K\u00fcl\u00f6n\u00f6sen nagy \u00f6r\u00f6m volt l\u00e1tni, hogy a szervezetek mennyire nyitottan \u00e1lltak egym\u00e1shoz, \u00e9s mekkora \u00e9rdekl\u0151d\u00e9ssel fogadt\u00e1k a projektet.\u00a0<\/p><p>A k\u00f6vetkez\u0151 tesztel\u00e9sre 2025.szeptember 11-\u00e9n ker\u00fcl sor, amelyen ism\u00e9t v\u00e1rjuk a fiatalokat \u00e9s a civil szervezetek k\u00e9pvisel\u0151it. Ezen az esem\u00e9nyen lehet\u0151s\u00e9g ny\u00edlik majd arra, hogy a r\u00e9sztvev\u0151k megossz\u00e1k tapasztalataikat az \u00e1ltaluk kipr\u00f3b\u00e1lt\/tesztelt j\u00f3 gyakorlatokkal kapcsolatban, \u00e9s visszajelz\u00e9st adjanak azok m\u0171k\u00f6d\u00e9s\u00e9r\u0151l, adapt\u00e1lhat\u00f3s\u00e1g\u00e1r\u00f3l.\u00a0\u00a0<\/p><p>A\u00a0projekt eredm\u00e9nyek\u00e9nt\u00a02025 \u0151sz\u00e9n\u00a0l\u00e9trej\u00f6n egy\u00a0m\u00f3dszertani kiadv\u00e1ny \u00e9s vide\u00f3gy\u0171jtem\u00e9ny az ifj\u00fas\u00e1gi\u00a0\u2013 \u00e9s egy\u00e9b-\u00a0civil szervezetek kapacit\u00e1s\u00e1nak \u00e9s m\u0171k\u00f6d\u00e9si teljes\u00edtm\u00e9ny\u00e9nek jav\u00edt\u00e1s\u00e1ra.\u00a0<\/p><p>A \u201eE3 &#8211; Legyen t\u00e1nc!\u201d nemzetk\u00f6zi projekt az <strong>Erasmus+ KA210-YOU \u2013 Kis l\u00e9pt\u00e9k\u0171 ifj\u00fas\u00e1gi partners\u00e9gek<\/strong> keret\u00e9ben val\u00f3sul meg &#8211; <strong>Projektazonos\u00edt\u00f3:<\/strong> <strong>2024-1-HU01-KA210-YOU-000249591<\/strong><\/p>\t\t\t\t\t\t\t\t<\/div>\n\t\t\t\t<\/div>\n\t\t\t\t\t<\/div>\n\t\t\t\t<\/div>\n\t\t<div class=\"elementor-element elementor-element-9969e8f e-flex e-con-boxed e-con e-parent\" data-id=\"9969e8f\" data-element_type=\"container\">\n\t\t\t\t\t<div class=\"e-con-inner\">\n\t\t<div class=\"elementor-element elementor-element-5da6715 e-con-full e-flex e-con e-child\" data-id=\"5da6715\" data-element_type=\"container\">\n\t\t\t\t<div class=\"elementor-element elementor-element-ba619b5 elementor-widget elementor-widget-image\" data-id=\"ba619b5\" data-element_type=\"widget\" data-widget_type=\"image.default\">\n\t\t\t\t<div class=\"elementor-widget-container\">\n\t\t\t\t\t\t\t\t\t\t\t\t\t\t\t<img loading=\"lazy\" decoding=\"async\" width=\"843\" height=\"632\" src=\"https:\/\/www.fotikozszolg.hu\/wp-content\/uploads\/2025\/07\/IMG_8413-1024x768.jpg\" class=\"attachment-large size-large wp-image-6083\" alt=\"\" srcset=\"https:\/\/www.fotikozszolg.hu\/wp-content\/uploads\/2025\/07\/IMG_8413-1024x768.jpg 1024w, https:\/\/www.fotikozszolg.hu\/wp-content\/uploads\/2025\/07\/IMG_8413-300x225.jpg 300w, https:\/\/www.fotikozszolg.hu\/wp-content\/uploads\/2025\/07\/IMG_8413-768x576.jpg 768w, https:\/\/www.fotikozszolg.hu\/wp-content\/uploads\/2025\/07\/IMG_8413-1536x1152.jpg 1536w, https:\/\/www.fotikozszolg.hu\/wp-content\/uploads\/2025\/07\/IMG_8413-2048x1536.jpg 2048w\" sizes=\"(max-width: 843px) 100vw, 843px\" \/>\t\t\t\t\t\t\t\t\t\t\t\t\t\t\t<\/div>\n\t\t\t\t<\/div>\n\t\t\t\t<\/div>\n\t\t<div class=\"elementor-element elementor-element-74b6176 e-con-full e-flex e-con e-child\" data-id=\"74b6176\" data-element_type=\"container\">\n\t\t\t\t<div class=\"elementor-element elementor-element-2c34c65 elementor-widget elementor-widget-image\" data-id=\"2c34c65\" data-element_type=\"widget\" data-widget_type=\"image.default\">\n\t\t\t\t<div class=\"elementor-widget-container\">\n\t\t\t\t\t\t\t\t\t\t\t\t\t\t\t<img loading=\"lazy\" decoding=\"async\" width=\"843\" height=\"632\" src=\"https:\/\/www.fotikozszolg.hu\/wp-content\/uploads\/2025\/07\/IMG_8416-1024x768.jpg\" class=\"attachment-large size-large wp-image-6084\" alt=\"\" srcset=\"https:\/\/www.fotikozszolg.hu\/wp-content\/uploads\/2025\/07\/IMG_8416-1024x768.jpg 1024w, https:\/\/www.fotikozszolg.hu\/wp-content\/uploads\/2025\/07\/IMG_8416-300x225.jpg 300w, https:\/\/www.fotikozszolg.hu\/wp-content\/uploads\/2025\/07\/IMG_8416-768x576.jpg 768w, https:\/\/www.fotikozszolg.hu\/wp-content\/uploads\/2025\/07\/IMG_8416-1536x1152.jpg 1536w, https:\/\/www.fotikozszolg.hu\/wp-content\/uploads\/2025\/07\/IMG_8416-2048x1536.jpg 2048w\" sizes=\"(max-width: 843px) 100vw, 843px\" \/>\t\t\t\t\t\t\t\t\t\t\t\t\t\t\t<\/div>\n\t\t\t\t<\/div>\n\t\t\t\t<\/div>\n\t\t<div class=\"elementor-element elementor-element-4fab66c e-con-full e-flex e-con e-child\" data-id=\"4fab66c\" data-element_type=\"container\">\n\t\t\t\t<div class=\"elementor-element elementor-element-a4edc2c elementor-widget elementor-widget-image\" data-id=\"a4edc2c\" data-element_type=\"widget\" data-widget_type=\"image.default\">\n\t\t\t\t<div class=\"elementor-widget-container\">\n\t\t\t\t\t\t\t\t\t\t\t\t\t\t\t<img loading=\"lazy\" decoding=\"async\" width=\"843\" height=\"632\" src=\"https:\/\/www.fotikozszolg.hu\/wp-content\/uploads\/2025\/07\/IMG_8405-1024x768.jpg\" class=\"attachment-large size-large wp-image-6085\" alt=\"\" srcset=\"https:\/\/www.fotikozszolg.hu\/wp-content\/uploads\/2025\/07\/IMG_8405-1024x768.jpg 1024w, https:\/\/www.fotikozszolg.hu\/wp-content\/uploads\/2025\/07\/IMG_8405-300x225.jpg 300w, https:\/\/www.fotikozszolg.hu\/wp-content\/uploads\/2025\/07\/IMG_8405-768x576.jpg 768w, https:\/\/www.fotikozszolg.hu\/wp-content\/uploads\/2025\/07\/IMG_8405-1536x1152.jpg 1536w, https:\/\/www.fotikozszolg.hu\/wp-content\/uploads\/2025\/07\/IMG_8405-2048x1536.jpg 2048w\" sizes=\"(max-width: 843px) 100vw, 843px\" \/>\t\t\t\t\t\t\t\t\t\t\t\t\t\t\t<\/div>\n\t\t\t\t<\/div>\n\t\t\t\t<\/div>\n\t\t<div class=\"elementor-element elementor-element-3c8f740 e-con-full e-flex e-con e-child\" data-id=\"3c8f740\" data-element_type=\"container\">\n\t\t\t\t<div class=\"elementor-element elementor-element-8672ea1 elementor-widget elementor-widget-image\" data-id=\"8672ea1\" data-element_type=\"widget\" data-widget_type=\"image.default\">\n\t\t\t\t<div class=\"elementor-widget-container\">\n\t\t\t\t\t\t\t\t\t\t\t\t\t\t\t<img loading=\"lazy\" decoding=\"async\" width=\"843\" height=\"632\" src=\"https:\/\/www.fotikozszolg.hu\/wp-content\/uploads\/2025\/07\/IMG_8418-1024x768.jpg\" class=\"attachment-large size-large wp-image-6090\" alt=\"\" srcset=\"https:\/\/www.fotikozszolg.hu\/wp-content\/uploads\/2025\/07\/IMG_8418-1024x768.jpg 1024w, https:\/\/www.fotikozszolg.hu\/wp-content\/uploads\/2025\/07\/IMG_8418-300x225.jpg 300w, https:\/\/www.fotikozszolg.hu\/wp-content\/uploads\/2025\/07\/IMG_8418-768x576.jpg 768w, https:\/\/www.fotikozszolg.hu\/wp-content\/uploads\/2025\/07\/IMG_8418-1536x1152.jpg 1536w, https:\/\/www.fotikozszolg.hu\/wp-content\/uploads\/2025\/07\/IMG_8418-2048x1536.jpg 2048w\" sizes=\"(max-width: 843px) 100vw, 843px\" \/>\t\t\t\t\t\t\t\t\t\t\t\t\t\t\t<\/div>\n\t\t\t\t<\/div>\n\t\t\t\t<\/div>\n\t\t\t\t\t<\/div>\n\t\t\t\t<\/div>\n\t\t<div class=\"elementor-element elementor-element-7572499 e-flex e-con-boxed e-con e-parent\" data-id=\"7572499\" data-element_type=\"container\">\n\t\t\t\t\t<div class=\"e-con-inner\">\n\t\t\t\t<div class=\"elementor-element elementor-element-6241a3f elementor-widget elementor-widget-text-editor\" data-id=\"6241a3f\" data-element_type=\"widget\" data-widget_type=\"text-editor.default\">\n\t\t\t\t<div class=\"elementor-widget-container\">\n\t\t\t\t\t\t\t\t\t<h3 class=\"s2\"><strong><span class=\"s3\">Vajon m<\/span><span class=\"s3\">i a titka a n\u00e9pt\u00e1nc k\u00f6z\u00f6ss\u00e9g<\/span><span class=\"s3\">\u00e9p\u00edt\u0151<\/span><span class=\"s3\"> erej\u00e9nek? <\/span><span class=\"s4\">&#8211; <\/span><span class=\"s3\">2025 els\u0151 negyed\u00e9v\u00e9ben elindult a n\u00e9pt\u00e1nc egyes\u00fcletek <\/span><span class=\"s3\">j\u00f3 gyakorlat\u00e1nak felm\u00e9r\u00e9se<\/span><\/strong><\/h3><p class=\"s2\"><span class=\"s6\">A kultur\u00e1lis tev\u00e9kenys\u00e9g<\/span><span class=\"s6\">ek<\/span><span class=\"s6\"> \u00e9s a n\u00e9pt\u00e1nc k\u00f6z\u00f6ss\u00e9g\u00e9p\u00edt\u0151<\/span><span class=\"s6\">&#8211;<\/span><span class=\"s6\"> \u00e9s megtart\u00f3 erej<\/span><span class=\"s6\">\u00e9nek vizsg\u00e1lata<\/span><span class=\"s6\"> \u00e1ll az <\/span><span class=\"s6\">2024 <\/span><span class=\"s6\">okt\u00f3berben indul<\/span><span class=\"s6\">t<\/span> <span class=\"s7\">Legyen t\u00e1nc<\/span><span class=\"s7\">!<\/span> <span class=\"s6\">Erasmus+ <\/span><span class=\"s6\">projekt k\u00f6z\u00e9ppontj\u00e1ban, amely h\u00e1rom orsz\u00e1g k\u00f6z\u00f6s p\u00e1ly\u00e1zata eredm\u00e9nyek\u00e9nt<\/span><span class=\"s6\">, a F\u00f3ti K\u00f6zszolg\u00e1ltat\u00f3 Nonprofit Kft. koordin\u00e1l\u00e1s\u00e1val<\/span><span class=\"s6\"> nyert el eur\u00f3pai uni\u00f3s t\u00e1mogat\u00e1st.<\/span><\/p><p class=\"s2\"><span class=\"s6\">A<\/span> <span class=\"s3\">F\u00f3ti K\u00f6zszolg\u00e1ltat\u00f3 Nonprofit Kft.<\/span> <span class=\"s6\">a <\/span><span class=\"s6\">zentai<\/span><span class=\"s6\"> FLOW-E.R. <\/span><span class=\"s6\">E<\/span><span class=\"s6\">gyes\u00fclet<\/span><span class=\"s6\">tel<\/span><span class=\"s6\"> \u00e9s a<\/span><span class=\"s6\"> sz\u00e9kelyhidi<\/span><span class=\"s6\"> \u00c9r Hangja Egyes\u00fclet<\/span><span class=\"s6\">tel partners\u00e9gben<\/span> <span class=\"s6\">a helyi fiatalok \u00e9s szakemberek <\/span><span class=\"s6\">megkezdte<\/span><span class=\"s6\"> a n\u00e9pt\u00e1nc egyes\u00fcletek j\u00f3 gyakorlat\u00e1<\/span><span class=\"s6\">nak<\/span> <span class=\"s6\">fel<\/span><span class=\"s6\">m\u00e9r<\/span><span class=\"s6\">\u00e9s\u00e9t<\/span><span class=\"s6\"> szem\u00e9lyes tal\u00e1lkoz\u00e1sok <\/span><span class=\"s6\">sor\u00e1n<\/span><span class=\"s6\">. A helyi fiatalok csoportja a <\/span><span class=\"s6\">dunakeszi K\u0151r\u00f6si T\u00e1ncegy\u00fcttes<\/span><span class=\"s6\">, a g\u00f6di Dunavir\u00e1g N\u00e9pt\u00e1ncegy\u00fcttes, valamint a budapesti Bem T\u00e1ncegy\u00fcttes \u00e9s a Titit\u00e1 T\u00e1ncm\u0171hely szakembereit \u00e9s t\u00e1ncosait, a pr\u00f3b\u00e1kat \u00e9s a fell\u00e9p\u00e9seket, t\u00e1nch\u00e1zakat l\u00e1togatja 2025 febru\u00e1rj\u00e1t\u00f3l \u00e1prilis v\u00e9g\u00e9ig annak \u00e9rdek\u00e9ben, hogy a j\u00f3 gyakorlatok \u00e9s a k\u00f6z\u00f6ss\u00e9g\u00e9p\u00edt\u0151 m\u00f3dszerek napvil\u00e1got l\u00e1ssanak. Ez\u00faton is k\u00f6sz\u00f6nj\u00fck a n\u00e9gy n\u00e9pt\u00e1ncegy\u00fcttes seg\u00edts\u00e9g\u00e9t \u00e9s nyitotts\u00e1g\u00e1t, mellyel seg\u00edtik a projekt el\u0151rehalad\u00e1s\u00e1t.<\/span><\/p><p class=\"s2\"><span class=\"s6\">A <\/span><span class=\"s6\">projekt eredm\u00e9nyek\u00e9nt <\/span><span class=\"s6\">2025 \u0151sz\u00e9re <\/span><span class=\"s6\">l\u00e9trej\u00f6n egy<\/span><span class=\"s6\"> m\u00f3dszertani kiadv\u00e1ny \u00e9s vide\u00f3gy\u0171jtem\u00e9ny az ifj\u00fas\u00e1gi<\/span><span class=\"s6\"> \u2013 \u00e9s egy\u00e9b-<\/span><span class=\"s6\"> civil szervezetek kapacit\u00e1s\u00e1nak \u00e9s m\u0171k\u00f6d\u00e9si teljes\u00edtm\u00e9ny\u00e9nek jav\u00edt\u00e1s\u00e1ra. <\/span><\/p><p class=\"s2\">A \u201eE3 &#8211; Legyen t\u00e1nc!\u201d nemzetk\u00f6zi projekt az <strong>Erasmus+ KA210-YOU \u2013 Kis l\u00e9pt\u00e9k\u0171 ifj\u00fas\u00e1gi partners\u00e9gek<\/strong> keret\u00e9ben val\u00f3sul meg &#8211; <strong>Projektazonos\u00edt\u00f3:<\/strong> <strong>2024-1-HU01-KA210-YOU-000249591<\/strong><\/p>\t\t\t\t\t\t\t\t<\/div>\n\t\t\t\t<\/div>\n\t\t\t\t\t<\/div>\n\t\t\t\t<\/div>\n\t\t<div class=\"elementor-element elementor-element-f5079d0 e-flex e-con-boxed e-con e-parent\" data-id=\"f5079d0\" data-element_type=\"container\">\n\t\t\t\t\t<div class=\"e-con-inner\">\n\t\t<div class=\"elementor-element elementor-element-63d61c0 e-con-full e-flex e-con e-child\" data-id=\"63d61c0\" data-element_type=\"container\">\n\t\t\t\t<div class=\"elementor-element elementor-element-17f6af2 elementor-widget elementor-widget-image\" data-id=\"17f6af2\" data-element_type=\"widget\" data-widget_type=\"image.default\">\n\t\t\t\t<div class=\"elementor-widget-container\">\n\t\t\t\t\t\t\t\t\t\t\t\t\t\t\t<img loading=\"lazy\" decoding=\"async\" width=\"843\" height=\"632\" src=\"https:\/\/www.fotikozszolg.hu\/wp-content\/uploads\/2025\/04\/IMG_7195s-1024x768.jpg\" class=\"attachment-large size-large wp-image-5582\" alt=\"\" srcset=\"https:\/\/www.fotikozszolg.hu\/wp-content\/uploads\/2025\/04\/IMG_7195s-1024x768.jpg 1024w, https:\/\/www.fotikozszolg.hu\/wp-content\/uploads\/2025\/04\/IMG_7195s-300x225.jpg 300w, https:\/\/www.fotikozszolg.hu\/wp-content\/uploads\/2025\/04\/IMG_7195s-768x576.jpg 768w, https:\/\/www.fotikozszolg.hu\/wp-content\/uploads\/2025\/04\/IMG_7195s-1536x1152.jpg 1536w, https:\/\/www.fotikozszolg.hu\/wp-content\/uploads\/2025\/04\/IMG_7195s.jpg 2016w\" sizes=\"(max-width: 843px) 100vw, 843px\" \/>\t\t\t\t\t\t\t\t\t\t\t\t\t\t\t<\/div>\n\t\t\t\t<\/div>\n\t\t\t\t<\/div>\n\t\t<div class=\"elementor-element elementor-element-2f491b7 e-con-full e-flex e-con e-child\" data-id=\"2f491b7\" data-element_type=\"container\">\n\t\t\t\t<div class=\"elementor-element elementor-element-3ee52ff elementor-widget elementor-widget-image\" data-id=\"3ee52ff\" data-element_type=\"widget\" data-widget_type=\"image.default\">\n\t\t\t\t<div class=\"elementor-widget-container\">\n\t\t\t\t\t\t\t\t\t\t\t\t\t\t\t<img loading=\"lazy\" decoding=\"async\" width=\"843\" height=\"632\" src=\"https:\/\/www.fotikozszolg.hu\/wp-content\/uploads\/2025\/04\/IMG_7007s-1024x768.jpg\" class=\"attachment-large size-large wp-image-5583\" alt=\"\" srcset=\"https:\/\/www.fotikozszolg.hu\/wp-content\/uploads\/2025\/04\/IMG_7007s-1024x768.jpg 1024w, https:\/\/www.fotikozszolg.hu\/wp-content\/uploads\/2025\/04\/IMG_7007s-300x225.jpg 300w, https:\/\/www.fotikozszolg.hu\/wp-content\/uploads\/2025\/04\/IMG_7007s-768x576.jpg 768w, https:\/\/www.fotikozszolg.hu\/wp-content\/uploads\/2025\/04\/IMG_7007s-1536x1152.jpg 1536w, https:\/\/www.fotikozszolg.hu\/wp-content\/uploads\/2025\/04\/IMG_7007s.jpg 2016w\" sizes=\"(max-width: 843px) 100vw, 843px\" \/>\t\t\t\t\t\t\t\t\t\t\t\t\t\t\t<\/div>\n\t\t\t\t<\/div>\n\t\t\t\t<\/div>\n\t\t<div class=\"elementor-element elementor-element-42c3021 e-con-full e-flex e-con e-child\" data-id=\"42c3021\" data-element_type=\"container\">\n\t\t\t\t<div class=\"elementor-element elementor-element-4c07286 elementor-widget elementor-widget-image\" data-id=\"4c07286\" data-element_type=\"widget\" data-widget_type=\"image.default\">\n\t\t\t\t<div class=\"elementor-widget-container\">\n\t\t\t\t\t\t\t\t\t\t\t\t\t\t\t<img loading=\"lazy\" decoding=\"async\" width=\"843\" height=\"632\" src=\"https:\/\/www.fotikozszolg.hu\/wp-content\/uploads\/2025\/04\/IMG_7219s-1024x768.jpg\" class=\"attachment-large size-large wp-image-5584\" alt=\"\" srcset=\"https:\/\/www.fotikozszolg.hu\/wp-content\/uploads\/2025\/04\/IMG_7219s-1024x768.jpg 1024w, https:\/\/www.fotikozszolg.hu\/wp-content\/uploads\/2025\/04\/IMG_7219s-300x225.jpg 300w, https:\/\/www.fotikozszolg.hu\/wp-content\/uploads\/2025\/04\/IMG_7219s-768x576.jpg 768w, https:\/\/www.fotikozszolg.hu\/wp-content\/uploads\/2025\/04\/IMG_7219s-1536x1152.jpg 1536w, https:\/\/www.fotikozszolg.hu\/wp-content\/uploads\/2025\/04\/IMG_7219s.jpg 2016w\" sizes=\"(max-width: 843px) 100vw, 843px\" \/>\t\t\t\t\t\t\t\t\t\t\t\t\t\t\t<\/div>\n\t\t\t\t<\/div>\n\t\t\t\t<\/div>\n\t\t<div class=\"elementor-element elementor-element-c556535 e-con-full e-flex e-con e-child\" data-id=\"c556535\" data-element_type=\"container\">\n\t\t\t\t<div class=\"elementor-element elementor-element-aee2bdf elementor-widget elementor-widget-image\" data-id=\"aee2bdf\" data-element_type=\"widget\" data-widget_type=\"image.default\">\n\t\t\t\t<div class=\"elementor-widget-container\">\n\t\t\t\t\t\t\t\t\t\t\t\t\t\t\t<img loading=\"lazy\" decoding=\"async\" width=\"843\" height=\"632\" src=\"https:\/\/www.fotikozszolg.hu\/wp-content\/uploads\/2025\/04\/IMG_7001s-1024x768.jpg\" class=\"attachment-large size-large wp-image-5585\" alt=\"\" srcset=\"https:\/\/www.fotikozszolg.hu\/wp-content\/uploads\/2025\/04\/IMG_7001s-1024x768.jpg 1024w, https:\/\/www.fotikozszolg.hu\/wp-content\/uploads\/2025\/04\/IMG_7001s-300x225.jpg 300w, https:\/\/www.fotikozszolg.hu\/wp-content\/uploads\/2025\/04\/IMG_7001s-768x576.jpg 768w, https:\/\/www.fotikozszolg.hu\/wp-content\/uploads\/2025\/04\/IMG_7001s-1536x1152.jpg 1536w, https:\/\/www.fotikozszolg.hu\/wp-content\/uploads\/2025\/04\/IMG_7001s.jpg 2016w\" sizes=\"(max-width: 843px) 100vw, 843px\" \/>\t\t\t\t\t\t\t\t\t\t\t\t\t\t\t<\/div>\n\t\t\t\t<\/div>\n\t\t\t\t<\/div>\n\t\t<div class=\"elementor-element elementor-element-d07daaa e-con-full e-flex e-con e-child\" data-id=\"d07daaa\" data-element_type=\"container\">\n\t\t\t\t<div class=\"elementor-element elementor-element-c43e465 elementor-widget elementor-widget-image\" data-id=\"c43e465\" data-element_type=\"widget\" data-widget_type=\"image.default\">\n\t\t\t\t<div class=\"elementor-widget-container\">\n\t\t\t\t\t\t\t\t\t\t\t\t\t\t\t<img loading=\"lazy\" decoding=\"async\" width=\"843\" height=\"632\" src=\"https:\/\/www.fotikozszolg.hu\/wp-content\/uploads\/2025\/04\/IMG_7026s-1024x768.jpg\" class=\"attachment-large size-large wp-image-5586\" alt=\"\" srcset=\"https:\/\/www.fotikozszolg.hu\/wp-content\/uploads\/2025\/04\/IMG_7026s-1024x768.jpg 1024w, https:\/\/www.fotikozszolg.hu\/wp-content\/uploads\/2025\/04\/IMG_7026s-300x225.jpg 300w, https:\/\/www.fotikozszolg.hu\/wp-content\/uploads\/2025\/04\/IMG_7026s-768x576.jpg 768w, https:\/\/www.fotikozszolg.hu\/wp-content\/uploads\/2025\/04\/IMG_7026s-1536x1152.jpg 1536w, https:\/\/www.fotikozszolg.hu\/wp-content\/uploads\/2025\/04\/IMG_7026s.jpg 2016w\" sizes=\"(max-width: 843px) 100vw, 843px\" \/>\t\t\t\t\t\t\t\t\t\t\t\t\t\t\t<\/div>\n\t\t\t\t<\/div>\n\t\t\t\t<\/div>\n\t\t<div class=\"elementor-element elementor-element-98b5551 e-con-full e-flex e-con e-child\" data-id=\"98b5551\" data-element_type=\"container\">\n\t\t\t\t<div class=\"elementor-element elementor-element-fbf2f05 elementor-widget elementor-widget-image\" data-id=\"fbf2f05\" data-element_type=\"widget\" data-widget_type=\"image.default\">\n\t\t\t\t<div class=\"elementor-widget-container\">\n\t\t\t\t\t\t\t\t\t\t\t\t\t\t\t<img loading=\"lazy\" decoding=\"async\" width=\"843\" height=\"632\" src=\"https:\/\/www.fotikozszolg.hu\/wp-content\/uploads\/2025\/04\/IMG_7222s-1024x768.jpg\" class=\"attachment-large size-large wp-image-5587\" alt=\"\" srcset=\"https:\/\/www.fotikozszolg.hu\/wp-content\/uploads\/2025\/04\/IMG_7222s-1024x768.jpg 1024w, https:\/\/www.fotikozszolg.hu\/wp-content\/uploads\/2025\/04\/IMG_7222s-300x225.jpg 300w, https:\/\/www.fotikozszolg.hu\/wp-content\/uploads\/2025\/04\/IMG_7222s-768x576.jpg 768w, https:\/\/www.fotikozszolg.hu\/wp-content\/uploads\/2025\/04\/IMG_7222s-1536x1152.jpg 1536w, https:\/\/www.fotikozszolg.hu\/wp-content\/uploads\/2025\/04\/IMG_7222s.jpg 2016w\" sizes=\"(max-width: 843px) 100vw, 843px\" \/>\t\t\t\t\t\t\t\t\t\t\t\t\t\t\t<\/div>\n\t\t\t\t<\/div>\n\t\t\t\t<\/div>\n\t\t\t\t\t<\/div>\n\t\t\t\t<\/div>\n\t\t<div class=\"elementor-element elementor-element-15d16ba e-flex e-con-boxed e-con e-parent\" data-id=\"15d16ba\" data-element_type=\"container\">\n\t\t\t\t\t<div class=\"e-con-inner\">\n\t\t<div class=\"elementor-element elementor-element-b96e09f e-con-full e-flex e-con e-child\" data-id=\"b96e09f\" data-element_type=\"container\">\n\t\t\t\t<div class=\"elementor-element elementor-element-6d457c0 elementor-widget elementor-widget-image\" data-id=\"6d457c0\" data-element_type=\"widget\" data-widget_type=\"image.default\">\n\t\t\t\t<div class=\"elementor-widget-container\">\n\t\t\t\t\t\t\t\t\t\t\t\t\t\t\t<img loading=\"lazy\" decoding=\"async\" width=\"843\" height=\"475\" src=\"https:\/\/www.fotikozszolg.hu\/wp-content\/uploads\/2025\/04\/IMG_4397-scaled-e1744714148106-1024x577.jpeg\" class=\"attachment-large size-large wp-image-5590\" alt=\"\" srcset=\"https:\/\/www.fotikozszolg.hu\/wp-content\/uploads\/2025\/04\/IMG_4397-scaled-e1744714148106-1024x577.jpeg 1024w, https:\/\/www.fotikozszolg.hu\/wp-content\/uploads\/2025\/04\/IMG_4397-scaled-e1744714148106-300x169.jpeg 300w, https:\/\/www.fotikozszolg.hu\/wp-content\/uploads\/2025\/04\/IMG_4397-scaled-e1744714148106-768x433.jpeg 768w, https:\/\/www.fotikozszolg.hu\/wp-content\/uploads\/2025\/04\/IMG_4397-scaled-e1744714148106-1536x865.jpeg 1536w, https:\/\/www.fotikozszolg.hu\/wp-content\/uploads\/2025\/04\/IMG_4397-scaled-e1744714148106-2048x1154.jpeg 2048w\" sizes=\"(max-width: 843px) 100vw, 843px\" \/>\t\t\t\t\t\t\t\t\t\t\t\t\t\t\t<\/div>\n\t\t\t\t<\/div>\n\t\t\t\t<\/div>\n\t\t<div class=\"elementor-element elementor-element-e8da7a8 e-con-full e-flex e-con e-child\" data-id=\"e8da7a8\" data-element_type=\"container\">\n\t\t\t\t<div class=\"elementor-element elementor-element-015f5d8 elementor-widget elementor-widget-image\" data-id=\"015f5d8\" data-element_type=\"widget\" data-widget_type=\"image.default\">\n\t\t\t\t<div class=\"elementor-widget-container\">\n\t\t\t\t\t\t\t\t\t\t\t\t\t\t\t<img loading=\"lazy\" decoding=\"async\" width=\"843\" height=\"474\" src=\"https:\/\/www.fotikozszolg.hu\/wp-content\/uploads\/2025\/04\/DSC03076-1024x576.jpg\" class=\"attachment-large size-large wp-image-5665\" alt=\"\" srcset=\"https:\/\/www.fotikozszolg.hu\/wp-content\/uploads\/2025\/04\/DSC03076-1024x576.jpg 1024w, https:\/\/www.fotikozszolg.hu\/wp-content\/uploads\/2025\/04\/DSC03076-300x169.jpg 300w, https:\/\/www.fotikozszolg.hu\/wp-content\/uploads\/2025\/04\/DSC03076-768x432.jpg 768w, https:\/\/www.fotikozszolg.hu\/wp-content\/uploads\/2025\/04\/DSC03076-1536x864.jpg 1536w, https:\/\/www.fotikozszolg.hu\/wp-content\/uploads\/2025\/04\/DSC03076-2048x1152.jpg 2048w\" sizes=\"(max-width: 843px) 100vw, 843px\" \/>\t\t\t\t\t\t\t\t\t\t\t\t\t\t\t<\/div>\n\t\t\t\t<\/div>\n\t\t\t\t<\/div>\n\t\t<div class=\"elementor-element elementor-element-39d6f4d e-con-full e-flex e-con e-child\" data-id=\"39d6f4d\" data-element_type=\"container\">\n\t\t\t\t<div class=\"elementor-element elementor-element-f687999 elementor-widget elementor-widget-image\" data-id=\"f687999\" data-element_type=\"widget\" data-widget_type=\"image.default\">\n\t\t\t\t<div class=\"elementor-widget-container\">\n\t\t\t\t\t\t\t\t\t\t\t\t\t\t\t<img loading=\"lazy\" decoding=\"async\" width=\"843\" height=\"474\" src=\"https:\/\/www.fotikozszolg.hu\/wp-content\/uploads\/2025\/04\/DSC03065-1024x576.jpg\" class=\"attachment-large size-large wp-image-5666\" alt=\"\" srcset=\"https:\/\/www.fotikozszolg.hu\/wp-content\/uploads\/2025\/04\/DSC03065-1024x576.jpg 1024w, https:\/\/www.fotikozszolg.hu\/wp-content\/uploads\/2025\/04\/DSC03065-300x169.jpg 300w, https:\/\/www.fotikozszolg.hu\/wp-content\/uploads\/2025\/04\/DSC03065-768x432.jpg 768w, https:\/\/www.fotikozszolg.hu\/wp-content\/uploads\/2025\/04\/DSC03065-1536x864.jpg 1536w, https:\/\/www.fotikozszolg.hu\/wp-content\/uploads\/2025\/04\/DSC03065-2048x1152.jpg 2048w\" sizes=\"(max-width: 843px) 100vw, 843px\" \/>\t\t\t\t\t\t\t\t\t\t\t\t\t\t\t<\/div>\n\t\t\t\t<\/div>\n\t\t\t\t<\/div>\n\t\t\t\t\t<\/div>\n\t\t\t\t<\/div>\n\t\t<div class=\"elementor-element elementor-element-033bd96 e-flex e-con-boxed e-con e-parent\" data-id=\"033bd96\" data-element_type=\"container\">\n\t\t\t\t\t<div class=\"e-con-inner\">\n\t\t\t\t<div class=\"elementor-element elementor-element-6cb8e47 elementor-widget elementor-widget-text-editor\" data-id=\"6cb8e47\" data-element_type=\"widget\" data-widget_type=\"text-editor.default\">\n\t\t\t\t<div class=\"elementor-widget-container\">\n\t\t\t\t\t\t\t\t\t<h3><span class=\"s2\">\u00a0<\/span><strong><span class=\"s2\">M\u00e9diak\u00e9pz\u00e9s h\u00e1rom orsz\u00e1g fiataljai r\u00e9sz\u00e9re<\/span><\/strong><\/h3><p>Magyarorsz\u00e1gi, rom\u00e1niai \u00e9s szerbiai fiatalokat vettek r\u00e9szt az \u00c9r Hangja Egyes\u00fclet \u00f6tnapos m\u00e9diak\u00e9pz\u00e9s\u00e9n 2025. janu\u00e1r 6-12. k\u00f6z\u00f6tt Sz\u00e9kelyh\u00eddon! A m\u00e9diak\u00e9pz\u00e9st az Eur\u00f3pai Uni\u00f3 Erasmus+ Programja \u00e1ltal finansz\u00edrozott Legyen t\u00e1nc! projekt teszi lehet\u0151v\u00e9, amelyet a F\u00f3ti K\u00f6zszolg\u00e1ltat\u00f3 Nonprofit Kft. koordin\u00e1l, s amelyben partnerk\u00e9nt a szerbiai Flow-E.R Egyes\u00fclet m\u00e1r okt\u00f3berben megszervezte az egy\u00fcttm\u0171k\u00f6d\u00e9st nyit\u00f3konfereci\u00e1j\u00e1t.<\/p><p>Az csapatmunka k\u00f6vetkez\u0151 l\u00e9p\u00e9sek\u00e9nt ker\u00fclt sor az \u00c9r Hangja Egyes\u00fclet \u00e1ltal szervezett mozg\u00f3k\u00e9pes tartalomgy\u00e1rt\u00e1s m\u00e9diatr\u00e9ningre, amikor \u00f6sszesen 15 fiatalnak (5 f\u0151 minden partnerorsz\u00e1gb\u00f3l) szerveztek m\u00e9diak\u00e9pz\u00e9st! A r\u00e9sztvev\u0151 csapatok szakmailag felk\u00e9sz\u00fcltek, hogy a lak\u00f3hely\u00fck\u00f6n \u00e9s r\u00e9gi\u00f3jukban n\u00e9pt\u00e1nccal foglalkoz\u00f3 egyes\u00fcleteknek, csoportoknak am\u00f3dszereir\u0151l k\u00e9sz\u00edtsenek kisfilmeket, amikb\u0151l m\u00e1s civil szervezetek sz\u00e1m\u00e1ra kider\u00fcl, mi a titka, a m\u00f3dszertana a n\u00e9pt\u00e1nc egy\u00fcttesek magasabb hat\u00e9konys\u00e1g\u00e1nak. A Legyen t\u00e1nc! projekt f\u0151 c\u00e9lja is ez: vide\u00f3sorozatot \u00e9s m\u00f3dszertani kiadv\u00e1nyt fejleszteni, majd sz\u00e9les k\u00f6rben terjeszteni azokat a j\u00f3l m\u0171k\u00f6d\u0151 m\u00f3dszereket, melyek a n\u00e9pt\u00e1nccal foglakoz\u00f3 kultur\u00e1lis egyes\u00fcletek hat\u00e9konys\u00e1g\u00e1t eredm\u00e9nyezik, olyan neh\u00e9zs\u00e9gek megold\u00e1s\u00e1ra, amely orsz\u00e1ghat\u00e1rt\u00f3l f\u00fcggetlen\u00fcl \u00e9rinti a civil szervezeteket (pl. l\u00e9tsz\u00e1mfluktu\u00e1ci\u00f3 a szervezetekben, neh\u00e9z motiv\u00e1lhat\u00f3s\u00e1g stb.).<\/p>\t\t\t\t\t\t\t\t<\/div>\n\t\t\t\t<\/div>\n\t\t\t\t\t<\/div>\n\t\t\t\t<\/div>\n\t\t<div class=\"elementor-element elementor-element-9df0c94 e-flex e-con-boxed e-con e-parent\" data-id=\"9df0c94\" data-element_type=\"container\">\n\t\t\t\t\t<div class=\"e-con-inner\">\n\t\t<div class=\"elementor-element elementor-element-6585872 e-con-full e-flex e-con e-child\" data-id=\"6585872\" data-element_type=\"container\">\n\t\t\t\t<div class=\"elementor-element elementor-element-347c73a elementor-widget elementor-widget-image\" data-id=\"347c73a\" data-element_type=\"widget\" data-widget_type=\"image.default\">\n\t\t\t\t<div class=\"elementor-widget-container\">\n\t\t\t\t\t\t\t\t\t\t\t\t\t\t\t<img loading=\"lazy\" decoding=\"async\" width=\"843\" height=\"492\" src=\"https:\/\/www.fotikozszolg.hu\/wp-content\/uploads\/2025\/04\/472579160_632546335939292_622910838566555461_n-e1744702981715-1024x598.jpg\" class=\"attachment-large size-large wp-image-5560\" alt=\"\" srcset=\"https:\/\/www.fotikozszolg.hu\/wp-content\/uploads\/2025\/04\/472579160_632546335939292_622910838566555461_n-e1744702981715-1024x598.jpg 1024w, https:\/\/www.fotikozszolg.hu\/wp-content\/uploads\/2025\/04\/472579160_632546335939292_622910838566555461_n-e1744702981715-300x175.jpg 300w, https:\/\/www.fotikozszolg.hu\/wp-content\/uploads\/2025\/04\/472579160_632546335939292_622910838566555461_n-e1744702981715-768x448.jpg 768w, https:\/\/www.fotikozszolg.hu\/wp-content\/uploads\/2025\/04\/472579160_632546335939292_622910838566555461_n-e1744702981715-1536x896.jpg 1536w, https:\/\/www.fotikozszolg.hu\/wp-content\/uploads\/2025\/04\/472579160_632546335939292_622910838566555461_n-e1744702981715.jpg 2000w\" sizes=\"(max-width: 843px) 100vw, 843px\" \/>\t\t\t\t\t\t\t\t\t\t\t\t\t\t\t<\/div>\n\t\t\t\t<\/div>\n\t\t\t\t<\/div>\n\t\t<div class=\"elementor-element elementor-element-168411d e-con-full e-flex e-con e-child\" data-id=\"168411d\" data-element_type=\"container\">\n\t\t\t\t<div class=\"elementor-element elementor-element-7cb2f07 elementor-widget elementor-widget-image\" data-id=\"7cb2f07\" data-element_type=\"widget\" data-widget_type=\"image.default\">\n\t\t\t\t<div class=\"elementor-widget-container\">\n\t\t\t\t\t\t\t\t\t\t\t\t\t\t\t<img loading=\"lazy\" decoding=\"async\" width=\"843\" height=\"474\" src=\"https:\/\/www.fotikozszolg.hu\/wp-content\/uploads\/2025\/04\/470053440_612289971379837_5475663721121119308_n-1024x576.jpg\" class=\"attachment-large size-large wp-image-5561\" alt=\"\" srcset=\"https:\/\/www.fotikozszolg.hu\/wp-content\/uploads\/2025\/04\/470053440_612289971379837_5475663721121119308_n-1024x576.jpg 1024w, https:\/\/www.fotikozszolg.hu\/wp-content\/uploads\/2025\/04\/470053440_612289971379837_5475663721121119308_n-300x169.jpg 300w, https:\/\/www.fotikozszolg.hu\/wp-content\/uploads\/2025\/04\/470053440_612289971379837_5475663721121119308_n-768x432.jpg 768w, https:\/\/www.fotikozszolg.hu\/wp-content\/uploads\/2025\/04\/470053440_612289971379837_5475663721121119308_n-1536x864.jpg 1536w, https:\/\/www.fotikozszolg.hu\/wp-content\/uploads\/2025\/04\/470053440_612289971379837_5475663721121119308_n.jpg 2000w\" sizes=\"(max-width: 843px) 100vw, 843px\" \/>\t\t\t\t\t\t\t\t\t\t\t\t\t\t\t<\/div>\n\t\t\t\t<\/div>\n\t\t\t\t<\/div>\n\t\t<div class=\"elementor-element elementor-element-73d6000 e-con-full e-flex e-con e-child\" data-id=\"73d6000\" data-element_type=\"container\">\n\t\t\t\t<div class=\"elementor-element elementor-element-c3773a9 elementor-widget elementor-widget-image\" data-id=\"c3773a9\" data-element_type=\"widget\" data-widget_type=\"image.default\">\n\t\t\t\t<div class=\"elementor-widget-container\">\n\t\t\t\t\t\t\t\t\t\t\t\t\t\t\t<img loading=\"lazy\" decoding=\"async\" width=\"300\" height=\"225\" src=\"https:\/\/www.fotikozszolg.hu\/wp-content\/uploads\/2025\/04\/IMG_6262-300x225.jpg\" class=\"attachment-medium size-medium wp-image-5559\" alt=\"\" srcset=\"https:\/\/www.fotikozszolg.hu\/wp-content\/uploads\/2025\/04\/IMG_6262-300x225.jpg 300w, https:\/\/www.fotikozszolg.hu\/wp-content\/uploads\/2025\/04\/IMG_6262-1024x768.jpg 1024w, https:\/\/www.fotikozszolg.hu\/wp-content\/uploads\/2025\/04\/IMG_6262-768x576.jpg 768w, https:\/\/www.fotikozszolg.hu\/wp-content\/uploads\/2025\/04\/IMG_6262.jpg 1171w\" sizes=\"(max-width: 300px) 100vw, 300px\" \/>\t\t\t\t\t\t\t\t\t\t\t\t\t\t\t<\/div>\n\t\t\t\t<\/div>\n\t\t\t\t<\/div>\n\t\t\t\t\t<\/div>\n\t\t\t\t<\/div>\n\t\t<div class=\"elementor-element elementor-element-29aae98 e-flex e-con-boxed e-con e-parent\" data-id=\"29aae98\" data-element_type=\"container\">\n\t\t\t\t\t<div class=\"e-con-inner\">\n\t\t\t\t<div class=\"elementor-element elementor-element-cf70b7f elementor-widget elementor-widget-text-editor\" data-id=\"cf70b7f\" data-element_type=\"widget\" data-widget_type=\"text-editor.default\">\n\t\t\t\t<div class=\"elementor-widget-container\">\n\t\t\t\t\t\t\t\t\t<h3 class=\"p1\"><strong>Nemzetk\u00f6zi nyit\u00f3konferencia Zent\u00e1n \u2013 f\u00f3kuszban a n\u00e9pt\u00e1nccal foglalkoz\u00f3 szervezetek p\u00e9lda\u00e9rt\u00e9k\u0171 hat\u00e9konys\u00e1ga<\/strong><b><\/b><\/h3><p>A kultur\u00e1lis tev\u00e9kenys\u00e9gek \u00e9s a n\u00e9pt\u00e1nc megtart\u00f3 \u00e9s k\u00f6z\u00f6ss\u00e9g\u00e9p\u00edt\u0151 ereje volt a k\u00f6zponti t\u00e9m\u00e1ja a\u00a0<i>Legyen t\u00e1nc!<\/i>\u00a0elnevez\u00e9s\u0171 projekt okt\u00f3ber 28\u201331. k\u00f6z\u00f6tt Zent\u00e1n (Szerbia) megrendezett nemzetk\u00f6zi nyit\u00f3konferenci\u00e1j\u00e1nak. A n\u00e9gynapos esem\u00e9nyen magyarorsz\u00e1gi, rom\u00e1niai \u00e9s szerbiai civil \u00e9s kultur\u00e1lis szervezetek tagjai k\u00e9pviseltett\u00e9k magukat a c\u00e9lb\u00f3l, hogy megtegy\u00e9k az els\u0151 k\u00f6z\u00f6s l\u00e9p\u00e9seket a projekt egyik f\u0151 c\u00e9lja fel\u00e9; nevezetesen felt\u00e9rk\u00e9pezni, majd sz\u00e9les k\u00f6rben terjeszteni azokat a j\u00f3l m\u0171k\u00f6d\u0151 m\u00f3dszereket, melyek a n\u00e9pt\u00e1nccal foglakoz\u00f3 kultur\u00e1lis egyes\u00fcletek hat\u00e9konys\u00e1g\u00e1t eredm\u00e9nyezik a civil szervezetek hat\u00e9konys\u00e1g\u00e1val szemben. A projektind\u00edt\u00f3 tal\u00e1lkoz\u00f3n a h\u00e1rom orsz\u00e1gb\u00f3l \u00f6sszesen 28 r\u00e9sztvev\u0151 k\u00e9pviseltette mag\u00e1t, akik mindannyian k\u00fcl\u00f6nb\u00f6z\u0151 ifj\u00fas\u00e1gi, civil vagy kultur\u00e1lis szervezetek vezet\u0151i vagy tagjai, teh\u00e1t k\u00f6zvetlen\u00fcl \u00e9rinti \u0151ket a p\u00e1ly\u00e1zat t\u00e9m\u00e1ja.<\/p><p>Az okt\u00f3ber v\u00e9gi tal\u00e1lkoz\u00f3 els\u0151 \u00e9s m\u00e1sodik napja az ismerked\u00e9sr\u0151l, valamint a jelenlev\u0151 szervezetek bemutatkoz\u00e1s\u00e1r\u00f3l sz\u00f3lt. A k\u00f6nnyed hangulat\u00fa ind\u00edt\u00e1st k\u00f6vet\u0151en a r\u00e9sztvev\u0151k olyan komolyabb t\u00e9m\u00e1k boncolgat\u00e1s\u00e1ra f\u00f3kusz\u00e1ltak, mint az er\u0151forr\u00e1saik felt\u00e9rk\u00e9pez\u00e9se, a projekt c\u00e9ljainak \u00e9s v\u00e1rhat\u00f3 eredm\u00e9nyeinek m\u00e9lyebb meg\u00e9rt\u00e9se, illetve a p\u00e1ly\u00e1zat elk\u00f6vetkez\u0151 munkacsomagjainak k\u00f6z\u00f6s \u00e1ttekint\u00e9se.<\/p><p>A konferencia m\u00e1sodik fel\u00e9ben a r\u00e9sztvev\u0151k a megl\u00e9v\u0151 er\u0151forr\u00e1sok \u00f6sszekapcsol\u00e1s\u00e1nak \u00e9s kiakn\u00e1z\u00e1s\u00e1nak lehet\u0151s\u00e9geit elemezt\u00e9k, de a csoportmunk\u00e1k sor\u00e1n \u00f6sszehasonl\u00edtott\u00e1k az ifj\u00fas\u00e1gi szektor gyenges\u00e9geit is a kultur\u00e1lis egyes\u00fcletek er\u0151ss\u00e9geivel. A m\u0171helymunk\u00e1k sor\u00e1n siker\u00fclt a k\u00e9t szektor k\u00f6z\u00f6tti speci\u00e1lis kapcsol\u00f3d\u00e1si pontokat pontos\u00edtani \u00e9s list\u00e1zni, illetve megtervezni a k\u00f6z\u00f6s pontok kiakn\u00e1z\u00e1si lehet\u0151s\u00e9geit. A k\u00f6vetkez\u0151 h\u00f3napokra vonatkoz\u00f3 akci\u00f3terv k\u00f6z\u00f6s elk\u00e9sz\u00edt\u00e9se, valamint a p\u00e1ly\u00e1zat k\u00f6vetkez\u0151 l\u00e9p\u00e9seinek megbesz\u00e9l\u00e9se szint\u00e9n a tal\u00e1lkoz\u00f3 m\u00e1sodik fel\u00e9ben val\u00f3sult meg.<\/p><p>A szakmai vonatkoz\u00e1s\u00fa tev\u00e9kenys\u00e9gek mellett term\u00e9szetesen alkalom ny\u00edlt a helyi gasztron\u00f3miai k\u00fcl\u00f6nlegess\u00e9gek k\u00f3stol\u00e1s\u00e1ra, illetve Zenta kultur\u00e1lis \u00f6r\u00f6ks\u00e9geinek megtekint\u00e9s\u00e9re is, amit a langyos, naps\u00fct\u00e9ses \u0151szi id\u0151j\u00e1r\u00e1s m\u00e9g kellemesebb\u00e9 tett.<\/p><p>Mint arr\u00f3l kor\u00e1bban m\u00e1r besz\u00e1moltunk, a projekt a F\u00f3ti K\u00f6zszolg\u00e1ltat\u00f3 Nonprofit Kft., a szerbiai Flow-E.R. K\u00f6rnyezetv\u00e9delmi Egyes\u00fclet \u00e9s az \u00c9r Hangja Egyes\u00fclet k\u00f6z\u00f6s p\u00e1ly\u00e1z\u00e1s\u00e1nak az eredm\u00e9nye. Ebben a kezdem\u00e9nyez\u0151k azt v\u00e1llalt\u00e1k, hogy l\u00e9trehoznak egy olyan m\u00f3dszertani kiadv\u00e1nyt \u00e9s vide\u00f3gy\u0171jtem\u00e9nyt, mely az ifj\u00fas\u00e1gi civil szervezetek kapacit\u00e1s\u00e1nak \u00e9s m\u0171k\u00f6d\u00e9si hat\u00e9konys\u00e1g\u00e1nak jav\u00edt\u00e1s\u00e1t seg\u00edti. Ezek k\u00f6z\u00e9ppontj\u00e1ban a n\u00e9pt\u00e1nccal foglalkoz\u00f3 kultur\u00e1lis egyes\u00fcletek m\u0171k\u00f6d\u00e9s\u00e9ben tapasztalt pozit\u00edv p\u00e9lda \u00e1ll majd.<\/p><p>A mostani tal\u00e1lkoz\u00f3 nagyon eredm\u00e9nyes volt, hiszen minden r\u00e9sztvev\u0151 maxim\u00e1lisan komolyan vette a r\u00e1b\u00edzott munk\u00e1t, amelynek nyom\u00e1n m\u00e1ris elkezdtek kirajzol\u00f3dni a m\u00f3dszertani kiadv\u00e1ny \u00e9s a vide\u00f3k tartalm\u00e1ra vonatkoz\u00f3 r\u00e9szletek. De ami m\u00e9g enn\u00e9l is sokkal fontosabb, hogy a tal\u00e1lkoz\u00f3 inspir\u00e1l\u00f3an hatott a jelenl\u00e9v\u0151kre j\u00f6v\u0151beli munk\u00e1jukat illet\u0151en, akik k\u00f6z\u00fcl sokan \u00faj \u00f6tletekkel, \u00faj lend\u00fclettel t\u00e9rtek haza. Nemcsak a sok elhangzott hasznos inform\u00e1ci\u00f3t vitt\u00e9k magukkal, hanem \u00faj \u00f6tleteket \u00e9s azt a meger\u0151s\u00edt\u00e9st is, hogy nincsenek egyed\u00fcl az esetleges neh\u00e9zs\u00e9geikkel \u00e9s k\u00f6z\u00f6s munk\u00e1val van es\u00e9ly pozit\u00edv v\u00e1ltoz\u00e1st el\u00e9rni szervezeteik hat\u00e9kony m\u0171k\u00f6d\u00e9s\u00e9t illet\u0151en.<\/p><p>Megh\u00edv\u00e1sunkra R\u00e9v\u00e9sz Melinda, a f\u00f3ti Muharay Elem\u00e9r Sz\u00ednpad t\u00e1rsulat\u00e1nak vezet\u0151je r\u00e9szt vett a projektind\u00edt\u00f3 tal\u00e1lkoz\u00f3n. A k\u00f6vetkez\u0151kben az \u0151 besz\u00e1mol\u00f3ja olvashat\u00f3:<\/p><p><i>Negyedmagammal vehettem r\u00e9szt sz\u00ednj\u00e1tsz\u00f3 csoportunk k\u00e9pviselet\u00e9ben a t\u00f6bb napos zentai rendezv\u00e9nyen. Ifj\u00fas\u00e1gi, kultur\u00e1lis civil szervezetk\u00e9nt azonos\u00edtottuk be magunkat a projekthez, b\u00e1r egyel\u0151re civil form\u00e1t nem \u00f6lt\u00f6tt a k\u00f6zel egy \u00e9vtizede m\u0171k\u00f6d\u0151 csoportunk.<\/i><i><\/i><\/p><p><i>A nagyszer\u0171 szerbiai \u00e9lm\u00e9nyen, v\u00e1rosn\u00e9z\u00e9sen, s\u00f6r- \u00e9s csokol\u00e1d\u00e9k\u00f3stol\u00f3n, valamint a remek ell\u00e1t\u00e1son \u00e9s sz\u00edv\u00e9lyes vend\u00e9gl\u00e1t\u00e1son t\u00fal csoportunk nagyon sok szellemi \u00e9s szervez\u00e9sbeli t\u00f6bblettel gazdagodott. Csapat\u00e9p\u00edtett\u00fcnk, felm\u00e9rhett\u00fck remek m\u00f3dszerekkel a saj\u00e1t szervezet\u00fcnk er\u0151forr\u00e1sait, megismerhett\u00fck a t\u00f6bbiek\u00e9t \u00e9s remek \u00f6tletekkel gazdagodtunk.<\/i><i><\/i><\/p><p><i>Nem csup\u00e1n \u00f6tletekkel gyarapodtunk, hiszen a csapatunk a tartalommal megt\u00f6lt\u00f6tt egy\u00fctt t\u00f6lt\u00f6tt id\u0151 alatt egyf\u00e9le szervezeti \u00f6n\u00e9rt\u00e9kel\u00e9sbeli seg\u00edts\u00e9get is kapott. Sz\u00ednes \u00e9s \u00e9rdekes gyakorlatokat pr\u00f3b\u00e1lhattunk ki, \u00f6sszehasonl\u00edthattuk magunkat teljesen m\u00e1s vagy hasonl\u00f3 profil\u00fa szervezetekkel. R\u00e1l\u00e1t\u00e1st kaptunk azokra a dolgokra, j\u00f3 gyakorlatokra, amik motiv\u00e1lnak \u00e9s folyamatos \u00e9l\u0151 \u00e9s meg\u00fajul\u00f3 aktivit\u00e1sban tartanak embereket, akiket k\u00f6z\u00f6s c\u00e9l vagy hasonl\u00f3 \u00e9rdekl\u0151d\u00e9s hozott egy csapatba.<\/i><i><\/i><\/p><p><i>Ezeken k\u00edv\u00fcl sok terv \u00e9s j\u00f6v\u0151beli lehet\u0151s\u00e9g kibontakozott a k\u00e9t tev\u00e9keny nap alatt. H\u00e1l\u00e1s vagyok, hogy megh\u00edv\u00e1st kaptunk a zentai projektbe \u00e9s k\u00edv\u00e1ncsian v\u00e1rjuk a folytat\u00e1st<\/i>.<\/p><p>A \u201eE3 &#8211; Legyen t\u00e1nc!\u201d nemzetk\u00f6zi projekt az <strong>Erasmus+ KA210-YOU \u2013 Kis l\u00e9pt\u00e9k\u0171 ifj\u00fas\u00e1gi partners\u00e9gek<\/strong> keret\u00e9ben val\u00f3sul meg &#8211; <strong>Projektazonos\u00edt\u00f3:<\/strong> <strong>2024-1-HU01-KA210-YOU-000249591<\/strong><\/p>\t\t\t\t\t\t\t\t<\/div>\n\t\t\t\t<\/div>\n\t\t\t\t\t<\/div>\n\t\t\t\t<\/div>\n\t\t<div class=\"elementor-element elementor-element-72660eb e-flex e-con-boxed e-con e-parent\" data-id=\"72660eb\" data-element_type=\"container\">\n\t\t\t\t\t<div class=\"e-con-inner\">\n\t\t<div class=\"elementor-element elementor-element-77b87e2 e-con-full e-flex e-con e-child\" data-id=\"77b87e2\" data-element_type=\"container\">\n\t\t\t\t<div class=\"elementor-element elementor-element-d1854af elementor-widget elementor-widget-image\" data-id=\"d1854af\" data-element_type=\"widget\" data-widget_type=\"image.default\">\n\t\t\t\t<div class=\"elementor-widget-container\">\n\t\t\t\t\t\t\t\t\t\t\t\t\t\t\t<img loading=\"lazy\" decoding=\"async\" width=\"843\" height=\"535\" src=\"https:\/\/www.fotikozszolg.hu\/wp-content\/uploads\/2025\/04\/IMG_2545-ma\u0301solat-e1744275773917.png\" class=\"attachment-large size-large wp-image-4778\" alt=\"\" srcset=\"https:\/\/www.fotikozszolg.hu\/wp-content\/uploads\/2025\/04\/IMG_2545-ma\u0301solat-e1744275773917.png 896w, https:\/\/www.fotikozszolg.hu\/wp-content\/uploads\/2025\/04\/IMG_2545-ma\u0301solat-e1744275773917-300x191.png 300w, https:\/\/www.fotikozszolg.hu\/wp-content\/uploads\/2025\/04\/IMG_2545-ma\u0301solat-e1744275773917-768x488.png 768w\" sizes=\"(max-width: 843px) 100vw, 843px\" \/>\t\t\t\t\t\t\t\t\t\t\t\t\t\t\t<\/div>\n\t\t\t\t<\/div>\n\t\t\t\t<\/div>\n\t\t<div class=\"elementor-element elementor-element-2df96a5 e-con-full e-flex e-con e-child\" data-id=\"2df96a5\" data-element_type=\"container\">\n\t\t\t\t<div class=\"elementor-element elementor-element-4e67adc elementor-widget elementor-widget-image\" data-id=\"4e67adc\" data-element_type=\"widget\" data-widget_type=\"image.default\">\n\t\t\t\t<div class=\"elementor-widget-container\">\n\t\t\t\t\t\t\t\t\t\t\t\t\t\t\t<img loading=\"lazy\" decoding=\"async\" width=\"768\" height=\"498\" src=\"https:\/\/www.fotikozszolg.hu\/wp-content\/uploads\/2025\/04\/IMG_5486-ma\u0301solat-e1744275747510.png\" class=\"attachment-large size-large wp-image-4780\" alt=\"\" srcset=\"https:\/\/www.fotikozszolg.hu\/wp-content\/uploads\/2025\/04\/IMG_5486-ma\u0301solat-e1744275747510.png 768w, https:\/\/www.fotikozszolg.hu\/wp-content\/uploads\/2025\/04\/IMG_5486-ma\u0301solat-e1744275747510-300x195.png 300w\" sizes=\"(max-width: 768px) 100vw, 768px\" \/>\t\t\t\t\t\t\t\t\t\t\t\t\t\t\t<\/div>\n\t\t\t\t<\/div>\n\t\t\t\t<\/div>\n\t\t\t\t\t<\/div>\n\t\t\t\t<\/div>\n\t\t<div class=\"elementor-element elementor-element-43748dc e-flex e-con-boxed e-con e-parent\" data-id=\"43748dc\" data-element_type=\"container\">\n\t\t\t\t\t<div class=\"e-con-inner\">\n\t\t\t\t<div class=\"elementor-element elementor-element-ee7d97d elementor-widget elementor-widget-text-editor\" data-id=\"ee7d97d\" data-element_type=\"widget\" data-widget_type=\"text-editor.default\">\n\t\t\t\t<div class=\"elementor-widget-container\">\n\t\t\t\t\t\t\t\t\t<h3 class=\"p1\"><b>Vajon mi a titka a n\u00e9pt\u00e1nc k\u00f6z\u00f6ss\u00e9g\u00e9p\u00edt\u0151 erej\u00e9nek?<\/b><b><\/b><\/h3><p class=\"p1\"><b>nemzetk\u00f6zi projekt indul v\u00e1rosunkban a civil szervezetek eredm\u00e9nyess\u00e9g\u00e9nek n\u00f6vel\u00e9se \u00e9rdek\u00e9ben<\/b><\/p><p class=\"p1\"><b><\/b>A kultur\u00e1lis tev\u00e9kenys\u00e9gek \u00e9s a n\u00e9pt\u00e1nc k\u00f6z\u00f6ss\u00e9g\u00e9p\u00edt\u0151- \u00e9s megtart\u00f3 erej\u00e9nek vizsg\u00e1lata \u00e1ll az okt\u00f3berben indul\u00f3\u00a0<i>Legyen t\u00e1nc!<\/i>\u00a0Erasmus+ projekt k\u00f6z\u00e9ppontj\u00e1ban, amely h\u00e1rom orsz\u00e1g k\u00f6z\u00f6s p\u00e1ly\u00e1zata eredm\u00e9nyek\u00e9nt, a F\u00f3ti K\u00f6zszolg\u00e1ltat\u00f3 Nonprofit Kft. koordin\u00e1l\u00e1s\u00e1val nyert el eur\u00f3pai uni\u00f3s t\u00e1mogat\u00e1st. A projekt\u00f6tlet a Tempus K\u00f6zalap\u00edtv\u00e1ny \u00e1ltal 2023 j\u00fanius\u00e1ban Tat\u00e1n szervezett \u201eL\u00e9pj \u00e1t a szomsz\u00e9dba\u2026\u201d partners\u00e9g\u00e9p\u00edt\u0151 tal\u00e1lkoz\u00f3n sz\u00fcletett, ahol a p\u00e1ly\u00e1z\u00f3k felismert\u00e9k, hogy a civil szervezetek mindh\u00e1rom orsz\u00e1gban hasonl\u00f3 probl\u00e9m\u00e1kkal k\u00fczdenek, nevezetesen az alacsony tagl\u00e9tsz\u00e1m \u00e9s a jelenlegi tagok megtart\u00e1s\u00e1nak folyamatos neh\u00e9zs\u00e9gei, neh\u00e9z motiv\u00e1lhat\u00f3s\u00e1ga. A projekt kidolgoz\u00e1s\u00e1t els\u0151sorban a n\u00e9pt\u00e1nccal foglalkoz\u00f3 kultur\u00e1lis egyes\u00fcletek pozit\u00edv p\u00e9ld\u00e1i motiv\u00e1lt\u00e1k: vajon \u0151k mit csin\u00e1lnak jobban, mint m\u00e1s civil szervezetek?<\/p><p class=\"p1\">A\u00a0<b>F\u00f3ti K\u00f6zszolg\u00e1ltat\u00f3 Nonprofit Kft. &#8211; mint projekt koordin\u00e1tor<\/b>-, a zentai FLOW-E.R. Egyes\u00fclettel \u00e9s a sz\u00e9kelyhidi \u00c9r Hangja Egyes\u00fclettel partners\u00e9gben a k\u00f6zel m\u00e1sf\u00e9l \u00e9ves projekt id\u0151szak alatt a helyi fiatalok \u00e9s szakemberek bevon\u00e1s\u00e1val a fent eml\u00edtett probl\u00e9m\u00e1k megold\u00e1s\u00e1ra, valamint olyan j\u00f3l m\u0171k\u00f6d\u0151 gyakorlatok azonos\u00edt\u00e1s\u00e1ra \u00e9s sz\u00e9lesk\u00f6r\u0171 terjeszt\u00e9s\u00e9re f\u00f3kusz\u00e1l, amelyek felel\u0151sek a n\u00e9pt\u00e1nccal foglalkoz\u00f3 kultur\u00e1lis egyes\u00fcletek teljes\u00edtm\u00e9ny\u00e9\u00e9rt \u00e9s azok hat\u00e9konys\u00e1g\u00e1t eredm\u00e9nyezik.<\/p><p class=\"p1\">A projekt eredm\u00e9nyek\u00e9nt l\u00e9trej\u00f6n egy m\u00f3dszertani kiadv\u00e1ny \u00e9s vide\u00f3gy\u0171jtem\u00e9ny az ifj\u00fas\u00e1gi \u2013 \u00e9s egy\u00e9b- civil szervezetek kapacit\u00e1s\u00e1nak \u00e9s m\u0171k\u00f6d\u00e9si teljes\u00edtm\u00e9ny\u00e9nek jav\u00edt\u00e1s\u00e1ra. A szervez\u0151k kiemelt c\u00e9lk\u00e9nt tekintenek a h\u00e1tr\u00e1nyos helyzet\u0171 fiatalokat bevon\u00e1s\u00e1ra az eur\u00f3pai szint\u0171 egy\u00fcttm\u0171k\u00f6d\u00e9sekbe, \u00e9s a fiatalok akt\u00edv t\u00e1rsadalmi r\u00e9szv\u00e9tel\u00e9nek \u00f6szt\u00f6nz\u00e9s\u00e9re.<\/p><p class=\"p1\">Ennek \u00e9rdek\u00e9ben mindh\u00e1rom v\u00e1rosban keress\u00fck azokat a 18 \u00e9v feletti fiatalokat \u00e9s civil szervezeteket, akik sz\u00edvesen bekapcsol\u00f3dnak a projektbe, \u00e9s egy magyar nyelv\u0171 nemzetk\u00f6zi projekt r\u00e9v\u00e9n v\u00e9g\u00e9re j\u00e1rnak a k\u00e9rd\u00e9snek:\u00a0<b>Vajon mi a titka a n\u00e9pt\u00e1nc k\u00f6z\u00f6ss\u00e9g\u00e9p\u00edt\u0151 erej\u00e9nek?<\/b><b><\/b><\/p><p class=\"p1\">El\u00e9rhet\u0151s\u00e9gek:<\/p><p class=\"p1\">HU &#8211; F\u00f3ti K\u00f6zszolg\u00e1ltat\u00f3 Nonprofit Kft \u2013 Ers\u00f3k N\u00f3ra projekt koordin\u00e1tor,\u00a0<a href=\"mailto:ersok.nora@fotikozszolg.hu?subject=Legyen%20t%C3%A1nc!&amp;body=\"><span class=\"s1\">ersok.nora@fotikozszolg.hu<\/span><\/a><\/p><p class=\"p1\">A \u201eE3 &#8211; Legyen t\u00e1nc!\u201d nemzetk\u00f6zi projekt az <strong>Erasmus+ KA210-YOU \u2013 Kis l\u00e9pt\u00e9k\u0171 ifj\u00fas\u00e1gi partners\u00e9gek<\/strong> keret\u00e9ben val\u00f3sul meg &#8211; <strong>Projektazonos\u00edt\u00f3:<\/strong> <strong>2024-1-HU01-KA210-YOU-000249591<\/strong><\/p>\t\t\t\t\t\t\t\t<\/div>\n\t\t\t\t<\/div>\n\t\t\t\t\t<\/div>\n\t\t\t\t<\/div>\n\t\t<div class=\"elementor-element elementor-element-6a30251 e-con-full e-flex e-con e-parent\" data-id=\"6a30251\" data-element_type=\"container\">\n\t\t\t\t<div class=\"elementor-element elementor-element-ebf822d elementor-widget elementor-widget-image\" data-id=\"ebf822d\" data-element_type=\"widget\" data-widget_type=\"image.default\">\n\t\t\t\t<div class=\"elementor-widget-container\">\n\t\t\t\t\t\t\t\t\t\t\t\t\t\t\t<img loading=\"lazy\" decoding=\"async\" width=\"843\" height=\"212\" src=\"https:\/\/www.fotikozszolg.hu\/wp-content\/uploads\/2025\/04\/Az-Euro\u0301pai-Unio\u0301.png\" class=\"attachment-large size-large wp-image-4781\" alt=\"\" srcset=\"https:\/\/www.fotikozszolg.hu\/wp-content\/uploads\/2025\/04\/Az-Euro\u0301pai-Unio\u0301.png 863w, https:\/\/www.fotikozszolg.hu\/wp-content\/uploads\/2025\/04\/Az-Euro\u0301pai-Unio\u0301-300x75.png 300w, https:\/\/www.fotikozszolg.hu\/wp-content\/uploads\/2025\/04\/Az-Euro\u0301pai-Unio\u0301-768x193.png 768w\" sizes=\"(max-width: 843px) 100vw, 843px\" \/>\t\t\t\t\t\t\t\t\t\t\t\t\t\t\t<\/div>\n\t\t\t\t<\/div>\n\t\t\t\t<\/div>\n\t\t<div class=\"elementor-element elementor-element-3fee527 e-flex e-con-boxed e-con e-parent\" data-id=\"3fee527\" data-element_type=\"container\">\n\t\t\t\t\t<div class=\"e-con-inner\">\n\t\t\t\t<div class=\"elementor-element elementor-element-3f5de6d elementor-widget elementor-widget-text-editor\" data-id=\"3f5de6d\" data-element_type=\"widget\" data-widget_type=\"text-editor.default\">\n\t\t\t\t<div class=\"elementor-widget-container\">\n\t\t\t\t\t\t\t\t\t<p>\u00a0<\/p><p>\u00a0<\/p>\t\t\t\t\t\t\t\t<\/div>\n\t\t\t\t<\/div>\n\t\t\t\t\t<\/div>\n\t\t\t\t<\/div>\n\t\t\t\t<\/div>\n\t\t","protected":false},"excerpt":{"rendered":"<p>Sikeresen lez\u00e1rult a Legyen t\u00e1nc! nemzetk\u00f6zi projekt: K\u00f6z\u00f6ss\u00e9g\u00e9p\u00edt\u00e9s hat\u00e1rok n\u00e9lk\u00fcl Janu\u00e1r 23-\u00e1n ker\u00fclt sor a Legyen t\u00e1nc! elnevez\u00e9s\u0171 nemzetk\u00f6zi projekt\u00fcnk f\u00f3ti z\u00e1r\u00f3 disszemin\u00e1ci\u00f3s esem\u00e9ny\u00e9re a&hellip;<\/p>\n","protected":false},"author":1,"featured_media":0,"parent":0,"menu_order":0,"comment_status":"closed","ping_status":"closed","template":"","meta":{"footnotes":""},"class_list":["post-4481","page","type-page","status-publish","hentry"],"_links":{"self":[{"href":"https:\/\/www.fotikozszolg.hu\/index.php?rest_route=\/wp\/v2\/pages\/4481","targetHints":{"allow":["GET"]}}],"collection":[{"href":"https:\/\/www.fotikozszolg.hu\/index.php?rest_route=\/wp\/v2\/pages"}],"about":[{"href":"https:\/\/www.fotikozszolg.hu\/index.php?rest_route=\/wp\/v2\/types\/page"}],"author":[{"embeddable":true,"href":"https:\/\/www.fotikozszolg.hu\/index.php?rest_route=\/wp\/v2\/users\/1"}],"replies":[{"embeddable":true,"href":"https:\/\/www.fotikozszolg.hu\/index.php?rest_route=%2Fwp%2Fv2%2Fcomments&post=4481"}],"version-history":[{"count":111,"href":"https:\/\/www.fotikozszolg.hu\/index.php?rest_route=\/wp\/v2\/pages\/4481\/revisions"}],"predecessor-version":[{"id":6471,"href":"https:\/\/www.fotikozszolg.hu\/index.php?rest_route=\/wp\/v2\/pages\/4481\/revisions\/6471"}],"wp:attachment":[{"href":"https:\/\/www.fotikozszolg.hu\/index.php?rest_route=%2Fwp%2Fv2%2Fmedia&parent=4481"}],"curies":[{"name":"wp","href":"https:\/\/api.w.org\/{rel}","templated":true}]}}