{"id":4475,"date":"2025-03-19T12:11:11","date_gmt":"2025-03-19T11:11:11","guid":{"rendered":"https:\/\/www.fotikozszolg.hu\/?page_id=4475"},"modified":"2026-01-06T11:09:29","modified_gmt":"2026-01-06T10:09:29","slug":"breaking-isolation","status":"publish","type":"page","link":"https:\/\/www.fotikozszolg.hu\/?page_id=4475","title":{"rendered":"Breaking Isolation"},"content":{"rendered":"\t\t<div data-elementor-type=\"wp-page\" data-elementor-id=\"4475\" class=\"elementor elementor-4475\">\n\t\t\t\t<div class=\"elementor-element elementor-element-a49bcd3 e-flex e-con-boxed e-con e-parent\" data-id=\"a49bcd3\" data-element_type=\"container\">\n\t\t\t\t\t<div class=\"e-con-inner\">\n\t\t\t\t<div class=\"elementor-element elementor-element-5bad731 elementor-widget elementor-widget-image\" data-id=\"5bad731\" data-element_type=\"widget\" data-widget_type=\"image.default\">\n\t\t\t\t<div class=\"elementor-widget-container\">\n\t\t\t\t\t\t\t\t\t\t\t\t\t\t\t<img fetchpriority=\"high\" decoding=\"async\" width=\"843\" height=\"472\" src=\"https:\/\/www.fotikozszolg.hu\/wp-content\/uploads\/2025\/04\/BREAKING-ma\u0301solat.png\" class=\"attachment-large size-large wp-image-4824\" alt=\"\" srcset=\"https:\/\/www.fotikozszolg.hu\/wp-content\/uploads\/2025\/04\/BREAKING-ma\u0301solat.png 930w, https:\/\/www.fotikozszolg.hu\/wp-content\/uploads\/2025\/04\/BREAKING-ma\u0301solat-300x168.png 300w, https:\/\/www.fotikozszolg.hu\/wp-content\/uploads\/2025\/04\/BREAKING-ma\u0301solat-768x430.png 768w\" sizes=\"(max-width: 843px) 100vw, 843px\" \/>\t\t\t\t\t\t\t\t\t\t\t\t\t\t\t<\/div>\n\t\t\t\t<\/div>\n\t\t\t\t\t<\/div>\n\t\t\t\t<\/div>\n\t\t<div class=\"elementor-element elementor-element-fe9bdae e-flex e-con-boxed e-con e-parent\" data-id=\"fe9bdae\" data-element_type=\"container\">\n\t\t\t\t\t<div class=\"e-con-inner\">\n\t\t\t\t<div class=\"elementor-element elementor-element-9abd252 elementor-widget elementor-widget-text-editor\" data-id=\"9abd252\" data-element_type=\"widget\" data-widget_type=\"text-editor.default\">\n\t\t\t\t<div class=\"elementor-widget-container\">\n\t\t\t\t\t\t\t\t\t<h3 data-start=\"155\" data-end=\"653\">2025. december &#8211; Projektz\u00e1r\u00f3 tal\u00e1lkoz\u00f3 a ULG tagokkal<\/h3><p data-start=\"155\" data-end=\"653\">December 18-\u00e1n k\u00f6z\u00f6s eb\u00e9ddel z\u00e1rult a Breaking Isolation &#8211; Egy\u00fctt a t\u00e1rsadalmi elszigetel\u0151d\u00e9s ellen c\u00edm\u0171 projekt f\u00f3ti ULG-csoportj\u00e1nak k\u00e9t\u00e9ves egy\u00fcttm\u0171k\u00f6d\u00e9se, amelyre a Casa \u00c9tteremben ker\u00fclt sor.<br data-start=\"303\" data-end=\"306\" \/>A tal\u00e1lkoz\u00f3n a projekt koordin\u00e1tora, Ers\u00f3k N\u00f3ra bemutatta az elk\u00e9sz\u00fclt integr\u00e1lt akci\u00f3tervet, majd k\u00f6sz\u00f6net\u00e9t fejezte ki a r\u00e9sztvev\u0151knek az elm\u00falt k\u00e9t \u00e9v sor\u00e1n tan\u00fas\u00edtott elk\u00f6telezett \u00e9s szakmailag \u00e9rt\u00e9kes munk\u00e1juk\u00e9rt, amely jelent\u0151sen hozz\u00e1j\u00e1rult a t\u00e1rsadalmi elszigetel\u0151d\u00e9s elleni fell\u00e9p\u00e9shez \u00e9s a k\u00f6z\u00f6ss\u00e9g\u00e9p\u00edt\u00e9si t\u00f6rekv\u00e9sek meger\u0151s\u00edt\u00e9s\u00e9hez.<\/p><p data-start=\"655\" data-end=\"1020\">B\u00edzunk benne, hogy az egy\u00fcttm\u0171k\u00f6d\u00e9s keret\u00e9ben kialakult szakmai k\u00f6z\u00f6ss\u00e9g a j\u00f6v\u0151ben is fennmarad, \u00e9s F\u00f3t v\u00e1rosa tov\u00e1bbra is sz\u00e1m\u00edthat a csoport tagjainak tud\u00e1s\u00e1ra, tapasztalataira \u00e9s konstrukt\u00edv javaslataira. Rem\u00e9nyeink szerint a r\u00e9sztvev\u0151k a tov\u00e1bbiakban is akt\u00edv szerepet v\u00e1llalnak a t\u00e1rsadalmi elszigetel\u0151d\u00e9s elleni k\u00fczdelemben \u00e9s a helyi k\u00f6z\u00f6ss\u00e9gek er\u0151s\u00edt\u00e9s\u00e9ben.<\/p><p data-start=\"1022\" data-end=\"1136\">Ez\u00faton is k\u00f6sz\u00f6nj\u00fck valamennyi r\u00e9sztvev\u0151nek az akt\u00edv k\u00f6zrem\u0171k\u00f6d\u00e9st, az egy\u00fcttgondolkod\u00e1st \u00e9s az elk\u00f6telezetts\u00e9get.<\/p>\t\t\t\t\t\t\t\t<\/div>\n\t\t\t\t<\/div>\n\t\t\t\t\t<\/div>\n\t\t\t\t<\/div>\n\t\t<div class=\"elementor-element elementor-element-7cf3995 e-flex e-con-boxed e-con e-parent\" data-id=\"7cf3995\" data-element_type=\"container\">\n\t\t\t\t\t<div class=\"e-con-inner\">\n\t\t\t\t<div class=\"elementor-element elementor-element-daa1322 elementor-widget elementor-widget-image\" data-id=\"daa1322\" data-element_type=\"widget\" data-widget_type=\"image.default\">\n\t\t\t\t<div class=\"elementor-widget-container\">\n\t\t\t\t\t\t\t\t\t\t\t\t\t\t\t<img decoding=\"async\" width=\"843\" height=\"632\" src=\"https:\/\/www.fotikozszolg.hu\/wp-content\/uploads\/2026\/01\/IMG_0371-1024x768.jpg\" class=\"attachment-large size-large wp-image-6304\" alt=\"\" srcset=\"https:\/\/www.fotikozszolg.hu\/wp-content\/uploads\/2026\/01\/IMG_0371-1024x768.jpg 1024w, https:\/\/www.fotikozszolg.hu\/wp-content\/uploads\/2026\/01\/IMG_0371-300x225.jpg 300w, https:\/\/www.fotikozszolg.hu\/wp-content\/uploads\/2026\/01\/IMG_0371-768x576.jpg 768w, https:\/\/www.fotikozszolg.hu\/wp-content\/uploads\/2026\/01\/IMG_0371-1536x1152.jpg 1536w, https:\/\/www.fotikozszolg.hu\/wp-content\/uploads\/2026\/01\/IMG_0371-2048x1536.jpg 2048w\" sizes=\"(max-width: 843px) 100vw, 843px\" \/>\t\t\t\t\t\t\t\t\t\t\t\t\t\t\t<\/div>\n\t\t\t\t<\/div>\n\t\t\t\t<div class=\"elementor-element elementor-element-9815901 elementor-widget elementor-widget-text-editor\" data-id=\"9815901\" data-element_type=\"widget\" data-widget_type=\"text-editor.default\">\n\t\t\t\t<div class=\"elementor-widget-container\">\n\t\t\t\t\t\t\t\t\t<h3>2025. december &#8211; Lez\u00e1rult a Breaking Isolation projekt nemzetk\u00f6zi tal\u00e1lkoz\u00f3ja Agenben<\/h3><p>December elej\u00e9n sikeresen lezajlott a Breaking Isolation \u2013 Egy\u00fctt a t\u00e1rsadalmi elszigetel\u0151d\u00e9s ellen c\u00edm\u0171 nemzetk\u00f6zi projekt z\u00e1r\u00f3 tal\u00e1lkoz\u00f3ja, amelynek ez\u00fattal a vezet\u0151 partner, a franciaorsz\u00e1gi Agen v\u00e1rosa adott otthont. A tal\u00e1lkoz\u00f3n F\u00f3t V\u00e1ros \u00d6nkorm\u00e1nyzat\u00e1t szakmai deleg\u00e1ci\u00f3 k\u00e9pviselte, amelyhez csatlakozott Merkwart Kriszti\u00e1n polg\u00e1rmester \u00far is. Ez\u00faton is k\u00f6sz\u00f6nj\u00fck r\u00e9szv\u00e9tel\u00e9t \u00e9s t\u00e1mogat\u00e1s\u00e1t.<\/p><p>A Breaking Isolation projekt c\u00e9lja az volt, hogy 10 eur\u00f3pai v\u00e1ros k\u00f6z\u00f6s gondolkod\u00e1s \u00e9s tapasztalatcsere r\u00e9v\u00e9n hat\u00e9kony v\u00e1laszokat dolgozzon ki a t\u00e1rsadalmi elszigetelts\u00e9g cs\u00f6kkent\u00e9s\u00e9re, k\u00fcl\u00f6n\u00f6s tekintettel a s\u00e9r\u00fcl\u00e9keny t\u00e1rsadalmi csoportokra, mint az id\u0151sek, a fiatalok \u00e9s a kisgyermekes csal\u00e1dok. A projekt id\u0151tartama alatt a r\u00e9szt vev\u0151 telep\u00fcl\u00e9sek j\u00f3 gyakorlatokat osztottak meg egym\u00e1ssal, k\u00f6z\u00f6ss\u00e9gi megold\u00e1sokat teszteltek, valamint olyan m\u00f3dszereket dolgoztak ki, amelyek hossz\u00fa t\u00e1von is hozz\u00e1j\u00e1rulnak a helyi k\u00f6z\u00f6ss\u00e9gek meger\u0151s\u00edt\u00e9s\u00e9hez.<\/p><p>A nemzetk\u00f6zi egy\u00fcttm\u0171k\u00f6d\u00e9s k\u00e9zzelfoghat\u00f3 eredm\u00e9nyeket hozott F\u00f3t sz\u00e1m\u00e1ra is. A projekt keret\u00e9ben elk\u00e9sz\u00fclt a v\u00e1ros Helyi Integr\u00e1lt Akci\u00f3terve, amely konkr\u00e9t, megval\u00f3s\u00edthat\u00f3 int\u00e9zked\u00e9seket tartalmaz a k\u00f6z\u00f6ss\u00e9gi kapcsolatok fejleszt\u00e9s\u00e9re \u00e9s az elszigetelts\u00e9g cs\u00f6kkent\u00e9s\u00e9re. Emellett a r\u00e9sztvev\u0151k sz\u00e1mos, nemzetk\u00f6zileg bev\u00e1lt k\u00f6z\u00f6ss\u00e9g\u00e9p\u00edt\u0151 m\u00f3dszert \u00e9s szeml\u00e9letet ismerhettek meg, amelyek a j\u00f6v\u0151ben helyi szinten is alkalmazhat\u00f3k. A megszerzett tapasztalatok stabil alapot biztos\u00edtanak tov\u00e1bbi fejleszt\u00e9sekhez, partners\u00e9gekhez \u00e9s j\u00f6v\u0151beli p\u00e1ly\u00e1zatok el\u0151k\u00e9sz\u00edt\u00e9s\u00e9hez.<\/p><p>K\u00f6sz\u00f6net\u00fcnket fejezz\u00fck ki nemzetk\u00f6zi partnereinknek az eredm\u00e9nyes egy\u00fcttm\u0171k\u00f6d\u00e9s\u00e9rt, Agen v\u00e1ros\u00e1nak a sz\u00edv\u00e9lyes vend\u00e9gl\u00e1t\u00e1s\u00e9rt, valamint minden f\u00f3ti szakembernek \u00e9s lakosnak, akik akt\u00edvan hozz\u00e1j\u00e1rultak a projekt siker\u00e9hez.<\/p><p>A Breaking Isolation projekt hivatalosan 2025. december 31-\u00e9n z\u00e1rul le, azonban az elind\u00edtott folyamatok \u00e9s a k\u00f6z\u00f6ss\u00e9g\u00e9p\u00edt\u00e9s ir\u00e1nti elk\u00f6telezetts\u00e9g F\u00f3ton a j\u00f6v\u0151ben is folytat\u00f3dik.<\/p>\t\t\t\t\t\t\t\t<\/div>\n\t\t\t\t<\/div>\n\t\t\t\t<div class=\"elementor-element elementor-element-2a9ec21 elementor-widget elementor-widget-image\" data-id=\"2a9ec21\" data-element_type=\"widget\" data-widget_type=\"image.default\">\n\t\t\t\t<div class=\"elementor-widget-container\">\n\t\t\t\t\t\t\t\t\t\t\t\t\t\t\t<img decoding=\"async\" width=\"843\" height=\"632\" src=\"https:\/\/www.fotikozszolg.hu\/wp-content\/uploads\/2026\/01\/IMG_0267-1024x768.jpg\" class=\"attachment-large size-large wp-image-6291\" alt=\"\" srcset=\"https:\/\/www.fotikozszolg.hu\/wp-content\/uploads\/2026\/01\/IMG_0267-1024x768.jpg 1024w, https:\/\/www.fotikozszolg.hu\/wp-content\/uploads\/2026\/01\/IMG_0267-300x225.jpg 300w, https:\/\/www.fotikozszolg.hu\/wp-content\/uploads\/2026\/01\/IMG_0267-768x576.jpg 768w, https:\/\/www.fotikozszolg.hu\/wp-content\/uploads\/2026\/01\/IMG_0267-1536x1152.jpg 1536w, https:\/\/www.fotikozszolg.hu\/wp-content\/uploads\/2026\/01\/IMG_0267.jpg 2048w\" sizes=\"(max-width: 843px) 100vw, 843px\" \/>\t\t\t\t\t\t\t\t\t\t\t\t\t\t\t<\/div>\n\t\t\t\t<\/div>\n\t\t\t\t\t<\/div>\n\t\t\t\t<\/div>\n\t\t<div class=\"elementor-element elementor-element-e0ec662 e-flex e-con-boxed e-con e-parent\" data-id=\"e0ec662\" data-element_type=\"container\">\n\t\t\t\t\t<div class=\"e-con-inner\">\n\t\t\t\t<div class=\"elementor-element elementor-element-d01d11b elementor-widget elementor-widget-text-editor\" data-id=\"d01d11b\" data-element_type=\"widget\" data-widget_type=\"text-editor.default\">\n\t\t\t\t<div class=\"elementor-widget-container\">\n\t\t\t\t\t\t\t\t\t<h3>2025. szeptember &#8211; Nemzetk\u00f6zi vend\u00e9gek F\u00f3ton \u2013 sikeresen lezajlott a Breaking Isolation konferencia<\/h3><p>Igazi nemzetk\u00f6zi pezsg\u00e9s t\u00f6lt\u00f6tte meg v\u00e1rosunkat szeptember 22\u201324. k\u00f6z\u00f6tt: F\u00f3t adott otthont a Breaking Isolation \u2013 Egy\u00fctt a t\u00e1rsadalmi elszigetel\u0151d\u00e9s ellen c\u00edm\u0171 URBACT projekt konferenci\u00e1j\u00e1nak. A tal\u00e1lkoz\u00f3ra t\u00edz eur\u00f3pai orsz\u00e1gb\u00f3l huszonkilenc szakember \u00e9rkezett, akik h\u00e1rom napon \u00e1t vitatt\u00e1k meg, hogyan lehet k\u00f6z\u00f6sen fell\u00e9pni a t\u00e1rsadalmi elszigetel\u0151d\u00e9s egyre s\u00falyosbod\u00f3, vil\u00e1gm\u00e9ret\u0171 probl\u00e9m\u00e1ja ellen. A szakmai besz\u00e9lget\u00e9sek sor\u00e1n mindenki megosztotta saj\u00e1t tapasztalatait \u00e9s \u00f6tleteit, \u00edgy a v\u00e1rosokra szabott megold\u00e1sok mellett rengeteg inspir\u00e1ci\u00f3 is sz\u00fcletett, amelyek seg\u00edthetnek a k\u00f6z\u00f6ss\u00e9gi kapcsolatok er\u0151s\u00edt\u00e9s\u00e9ben.<\/p><p>A szakmai munka mellett a vend\u00e9gek kultur\u00e1lis \u00e9s k\u00f6z\u00f6ss\u00e9gi programokon is r\u00e9szt vettek. A deleg\u00e1ci\u00f3 ell\u00e1togatott olyan helyi int\u00e9zm\u00e9nyekbe, amelyek p\u00e9lda\u00e9rt\u00e9k\u0171 munk\u00e1t v\u00e9geznek a k\u00f6z\u00f6ss\u00e9g\u00e9p\u00edt\u00e9sben, mint a baba-mama klub \u00e9s az Id\u0151sek Napk\u00f6zi Otthona, valamint tal\u00e1lkoztak az Otthon Seg\u00edt\u00fcnk Alap\u00edtv\u00e1ny f\u00f3ti csapat\u00e1val, \u00e9s az \u00e1ltaluk seg\u00edtett anyuk\u00e1kkal.<\/p><p>Vend\u00e9geink nemcsak tan\u00e1cskoztak, hanem felfedezt\u00e9k F\u00f3t sz\u00e9ps\u00e9geit is. Megcsod\u00e1lt\u00e1k a Szepl\u0151telen Fogantat\u00e1s katolikus templomot \u00e9s a T\u00e1jh\u00e1zat, \u00e9s unik\u00e1lis \u00e9lm\u00e9nnyel gazdagodtak a Muharay Sz\u00ednpad fiataljainak \u201eMagyar versek\u201d c\u00edm\u0171 el\u0151ad\u00e1s\u00e1n.<\/p><p>Christophe Gouache, a projekt vezet\u0151 szak\u00e9rt\u0151je Br\u00fcsszelb\u0151l \u00e9rkezett, \u00e9s k\u00fcl\u00f6n kiemelte F\u00f3t eredm\u00e9nyeit: \u201eSz\u00e1mos olyan m\u00e1r l\u00e9tez\u0151 program m\u0171k\u00f6dik a v\u00e1rosban, amely p\u00e9lda\u00e9rt\u00e9k\u0171 lehet a network t\u00f6bbi tagja sz\u00e1m\u00e1ra. Ez\u00e9rt is ilyen hasznos egy kisv\u00e1rosnak r\u00e9szt vennie az URBACT projektekben: nemcsak eur\u00f3pai uni\u00f3s t\u00e1mogat\u00e1ssal dolgozhatja ki a saj\u00e1t m\u00f3dszereit a j\u00f6v\u0151re n\u00e9zve, hanem m\u00e1s partner v\u00e1rosokt\u00f3l is tanulhat j\u00f3 gyakorlatokat.\u201d<\/p><p>A konferencia j\u00f3 hangulatban z\u00e1rult: a r\u00e9sztvev\u0151k egy k\u00fcl\u00f6nleges Hungarikum est keret\u00e9ben \u00e9lvezhett\u00e9k a csik\u00f3s bemutat\u00f3t, a cig\u00e1nyzen\u00e9t \u00e9s a n\u00e9pt\u00e1ncot. Ez\u00faton is k\u00f6sz\u00f6netet mondunk mindenkinek, aki hozz\u00e1j\u00e1rult a rendezv\u00e9ny \u00e9s a projekt siker\u00e9hez \u2013 szakmai \u00e9szrev\u00e9teleivel, tapasztalataival vagy \u00f6nk\u00e9ntes munk\u00e1j\u00e1val \u2013, \u00e9s ezzel seg\u00edti a t\u00e1rsadalmi elszigetel\u0151d\u00e9s elleni k\u00fczdelmet.<\/p>\t\t\t\t\t\t\t\t<\/div>\n\t\t\t\t<\/div>\n\t\t\t\t\t<\/div>\n\t\t\t\t<\/div>\n\t\t<div class=\"elementor-element elementor-element-3667b43 e-flex e-con-boxed e-con e-parent\" data-id=\"3667b43\" data-element_type=\"container\">\n\t\t\t\t\t<div class=\"e-con-inner\">\n\t\t\t\t\t<\/div>\n\t\t\t\t<\/div>\n\t\t<div class=\"elementor-element elementor-element-008a8e8 e-grid e-con-boxed e-con e-parent\" data-id=\"008a8e8\" data-element_type=\"container\">\n\t\t\t\t\t<div class=\"e-con-inner\">\n\t\t\t\t<div class=\"elementor-element elementor-element-d5e36ba elementor-widget elementor-widget-image\" data-id=\"d5e36ba\" data-element_type=\"widget\" data-widget_type=\"image.default\">\n\t\t\t\t<div class=\"elementor-widget-container\">\n\t\t\t\t\t\t\t\t\t\t\t\t\t\t\t<img loading=\"lazy\" decoding=\"async\" width=\"843\" height=\"633\" src=\"https:\/\/www.fotikozszolg.hu\/wp-content\/uploads\/2025\/10\/Csaoportkep-1024x769.jpg\" class=\"attachment-large size-large wp-image-6212\" alt=\"\" srcset=\"https:\/\/www.fotikozszolg.hu\/wp-content\/uploads\/2025\/10\/Csaoportkep-1024x769.jpg 1024w, https:\/\/www.fotikozszolg.hu\/wp-content\/uploads\/2025\/10\/Csaoportkep-300x225.jpg 300w, https:\/\/www.fotikozszolg.hu\/wp-content\/uploads\/2025\/10\/Csaoportkep-768x576.jpg 768w, https:\/\/www.fotikozszolg.hu\/wp-content\/uploads\/2025\/10\/Csaoportkep.jpg 1171w\" sizes=\"(max-width: 843px) 100vw, 843px\" \/>\t\t\t\t\t\t\t\t\t\t\t\t\t\t\t<\/div>\n\t\t\t\t<\/div>\n\t\t\t\t<div class=\"elementor-element elementor-element-c1d334a elementor-widget elementor-widget-image\" data-id=\"c1d334a\" data-element_type=\"widget\" data-widget_type=\"image.default\">\n\t\t\t\t<div class=\"elementor-widget-container\">\n\t\t\t\t\t\t\t\t\t\t\t\t\t\t\t<img loading=\"lazy\" decoding=\"async\" width=\"843\" height=\"633\" src=\"https:\/\/www.fotikozszolg.hu\/wp-content\/uploads\/2025\/10\/IMG_9062-1024x769.jpg\" class=\"attachment-large size-large wp-image-6213\" alt=\"\" srcset=\"https:\/\/www.fotikozszolg.hu\/wp-content\/uploads\/2025\/10\/IMG_9062-1024x769.jpg 1024w, https:\/\/www.fotikozszolg.hu\/wp-content\/uploads\/2025\/10\/IMG_9062-300x225.jpg 300w, https:\/\/www.fotikozszolg.hu\/wp-content\/uploads\/2025\/10\/IMG_9062-768x576.jpg 768w, https:\/\/www.fotikozszolg.hu\/wp-content\/uploads\/2025\/10\/IMG_9062.jpg 1171w\" sizes=\"(max-width: 843px) 100vw, 843px\" \/>\t\t\t\t\t\t\t\t\t\t\t\t\t\t\t<\/div>\n\t\t\t\t<\/div>\n\t\t\t\t<div class=\"elementor-element elementor-element-629990a elementor-widget elementor-widget-image\" data-id=\"629990a\" data-element_type=\"widget\" data-widget_type=\"image.default\">\n\t\t\t\t<div class=\"elementor-widget-container\">\n\t\t\t\t\t\t\t\t\t\t\t\t\t\t\t<img loading=\"lazy\" decoding=\"async\" width=\"843\" height=\"633\" src=\"https:\/\/www.fotikozszolg.hu\/wp-content\/uploads\/2025\/10\/IMG_9079-1024x769.jpg\" class=\"attachment-large size-large wp-image-6215\" alt=\"\" srcset=\"https:\/\/www.fotikozszolg.hu\/wp-content\/uploads\/2025\/10\/IMG_9079-1024x769.jpg 1024w, https:\/\/www.fotikozszolg.hu\/wp-content\/uploads\/2025\/10\/IMG_9079-300x225.jpg 300w, https:\/\/www.fotikozszolg.hu\/wp-content\/uploads\/2025\/10\/IMG_9079-768x576.jpg 768w, https:\/\/www.fotikozszolg.hu\/wp-content\/uploads\/2025\/10\/IMG_9079.jpg 1171w\" sizes=\"(max-width: 843px) 100vw, 843px\" \/>\t\t\t\t\t\t\t\t\t\t\t\t\t\t\t<\/div>\n\t\t\t\t<\/div>\n\t\t\t\t<div class=\"elementor-element elementor-element-487683f elementor-widget elementor-widget-image\" data-id=\"487683f\" data-element_type=\"widget\" data-widget_type=\"image.default\">\n\t\t\t\t<div class=\"elementor-widget-container\">\n\t\t\t\t\t\t\t\t\t\t\t\t\t\t\t<img loading=\"lazy\" decoding=\"async\" width=\"843\" height=\"633\" src=\"https:\/\/www.fotikozszolg.hu\/wp-content\/uploads\/2025\/10\/IMG_9117-1024x769.jpg\" class=\"attachment-large size-large wp-image-6217\" alt=\"\" srcset=\"https:\/\/www.fotikozszolg.hu\/wp-content\/uploads\/2025\/10\/IMG_9117-1024x769.jpg 1024w, https:\/\/www.fotikozszolg.hu\/wp-content\/uploads\/2025\/10\/IMG_9117-300x225.jpg 300w, https:\/\/www.fotikozszolg.hu\/wp-content\/uploads\/2025\/10\/IMG_9117-768x576.jpg 768w, https:\/\/www.fotikozszolg.hu\/wp-content\/uploads\/2025\/10\/IMG_9117.jpg 1171w\" sizes=\"(max-width: 843px) 100vw, 843px\" \/>\t\t\t\t\t\t\t\t\t\t\t\t\t\t\t<\/div>\n\t\t\t\t<\/div>\n\t\t\t\t\t<\/div>\n\t\t\t\t<\/div>\n\t\t<div class=\"elementor-element elementor-element-708d277 e-flex e-con-boxed e-con e-parent\" data-id=\"708d277\" data-element_type=\"container\">\n\t\t\t\t\t<div class=\"e-con-inner\">\n\t\t\t\t<div class=\"elementor-element elementor-element-899a934 elementor-widget elementor-widget-text-editor\" data-id=\"899a934\" data-element_type=\"widget\" data-widget_type=\"text-editor.default\">\n\t\t\t\t<div class=\"elementor-widget-container\">\n\t\t\t\t\t\t\t\t\t<h3 data-start=\"0\" data-end=\"57\">Breaking Isolation \u2013 K\u00f6z\u00f6s munka az er\u0151s \u00e9s \u00f6sszetart\u00f3 f\u00f3ti k\u00f6z\u00f6ss\u00e9gek\u00e9rt<\/h3><p data-start=\"59\" data-end=\"552\">A <em data-start=\"61\" data-end=\"81\">Breaking Isolation<\/em> projekt keret\u00e9ben a f\u00f3ti ULG (helyi t\u00e1mogat\u00f3i csoport) tagjai a ny\u00e1r folyam\u00e1n t\u00f6bb alkalommal is kiscsoportos tal\u00e1lkoz\u00f3kon vettek r\u00e9szt, ahol k\u00f6z\u00f6sen dolgoztak az <strong data-start=\"245\" data-end=\"268\">Integr\u00e1lt Akci\u00f3terv<\/strong> (IAP) kidolgoz\u00e1s\u00e1n. A megbesz\u00e9l\u00e9sek sor\u00e1n a r\u00e9sztvev\u0151k megosztott\u00e1k tapasztalataikat \u00e9s javaslataikat, \u00e9rt\u00e9kelt\u00e9k a projekt sor\u00e1n <strong data-start=\"399\" data-end=\"420\">tesztelt akci\u00f3kat<\/strong>, valamint k\u00f6z\u00f6sen kerest\u00e9k a leghat\u00e9konyabb megold\u00e1sokat a <strong data-start=\"480\" data-end=\"549\">mag\u00e1ny \u00e9s t\u00e1rsadalmi elszigetel\u0151d\u00e9s megel\u0151z\u00e9s\u00e9re \u00e9s cs\u00f6kkent\u00e9s\u00e9re<\/strong>.<\/p><p data-start=\"554\" data-end=\"985\" data-is-last-node=\"\" data-is-only-node=\"\">A k\u00f6z\u00f6s munka c\u00e9lja, hogy 2025 v\u00e9g\u00e9re <strong data-start=\"592\" data-end=\"681\">F\u00f3t v\u00e1ros\u00e1nak egy olyan, sz\u00e9les t\u00e1rsadalmi konszenzuson alapul\u00f3, integr\u00e1lt akci\u00f3terve<\/strong> sz\u00fclessen, amely hossz\u00fa t\u00e1von is t\u00e1mogatja a k\u00f6z\u00f6ss\u00e9g \u00f6sszetart\u00e1s\u00e1t, a lakosok j\u00f3ll\u00e9t\u00e9t \u00e9s a t\u00e1rsadalmi kapcsolatok er\u0151s\u00edt\u00e9s\u00e9t. A projektmunka sor\u00e1n kialakult nyitott, egy\u00fcttm\u0171k\u00f6d\u0151 l\u00e9gk\u00f6r megalapozta azt a partners\u00e9get, amelyre a v\u00e1ros a j\u00f6v\u0151ben is \u00e9p\u00edthet a k\u00f6z\u00f6ss\u00e9gi izol\u00e1ci\u00f3 elleni k\u00fczdelemben.<\/p>\t\t\t\t\t\t\t\t<\/div>\n\t\t\t\t<\/div>\n\t\t\t\t\t<\/div>\n\t\t\t\t<\/div>\n\t\t<div class=\"elementor-element elementor-element-469b5cb e-grid e-con-boxed e-con e-parent\" data-id=\"469b5cb\" data-element_type=\"container\">\n\t\t\t\t\t<div class=\"e-con-inner\">\n\t\t\t\t<div class=\"elementor-element elementor-element-4f15147 elementor-widget elementor-widget-image\" data-id=\"4f15147\" data-element_type=\"widget\" data-widget_type=\"image.default\">\n\t\t\t\t<div class=\"elementor-widget-container\">\n\t\t\t\t\t\t\t\t\t\t\t\t\t\t\t<img loading=\"lazy\" decoding=\"async\" width=\"843\" height=\"633\" src=\"https:\/\/www.fotikozszolg.hu\/wp-content\/uploads\/2025\/10\/IMG_8448-1024x769.jpg\" class=\"attachment-large size-large wp-image-6199\" alt=\"\" srcset=\"https:\/\/www.fotikozszolg.hu\/wp-content\/uploads\/2025\/10\/IMG_8448-1024x769.jpg 1024w, https:\/\/www.fotikozszolg.hu\/wp-content\/uploads\/2025\/10\/IMG_8448-300x225.jpg 300w, https:\/\/www.fotikozszolg.hu\/wp-content\/uploads\/2025\/10\/IMG_8448-768x576.jpg 768w, https:\/\/www.fotikozszolg.hu\/wp-content\/uploads\/2025\/10\/IMG_8448.jpg 1171w\" sizes=\"(max-width: 843px) 100vw, 843px\" \/>\t\t\t\t\t\t\t\t\t\t\t\t\t\t\t<\/div>\n\t\t\t\t<\/div>\n\t\t\t\t<div class=\"elementor-element elementor-element-011810d elementor-widget elementor-widget-image\" data-id=\"011810d\" data-element_type=\"widget\" data-widget_type=\"image.default\">\n\t\t\t\t<div class=\"elementor-widget-container\">\n\t\t\t\t\t\t\t\t\t\t\t\t\t\t\t<img loading=\"lazy\" decoding=\"async\" width=\"843\" height=\"633\" src=\"https:\/\/www.fotikozszolg.hu\/wp-content\/uploads\/2025\/10\/IMG_8392-1024x769.jpg\" class=\"attachment-large size-large wp-image-6198\" alt=\"\" srcset=\"https:\/\/www.fotikozszolg.hu\/wp-content\/uploads\/2025\/10\/IMG_8392-1024x769.jpg 1024w, https:\/\/www.fotikozszolg.hu\/wp-content\/uploads\/2025\/10\/IMG_8392-300x225.jpg 300w, https:\/\/www.fotikozszolg.hu\/wp-content\/uploads\/2025\/10\/IMG_8392-768x576.jpg 768w, https:\/\/www.fotikozszolg.hu\/wp-content\/uploads\/2025\/10\/IMG_8392.jpg 1171w\" sizes=\"(max-width: 843px) 100vw, 843px\" \/>\t\t\t\t\t\t\t\t\t\t\t\t\t\t\t<\/div>\n\t\t\t\t<\/div>\n\t\t\t\t<div class=\"elementor-element elementor-element-35e664f elementor-widget elementor-widget-image\" data-id=\"35e664f\" data-element_type=\"widget\" data-widget_type=\"image.default\">\n\t\t\t\t<div class=\"elementor-widget-container\">\n\t\t\t\t\t\t\t\t\t\t\t\t\t\t\t<img loading=\"lazy\" decoding=\"async\" width=\"843\" height=\"633\" src=\"https:\/\/www.fotikozszolg.hu\/wp-content\/uploads\/2025\/10\/IMG_8424-1024x769.jpg\" class=\"attachment-large size-large wp-image-6201\" alt=\"\" srcset=\"https:\/\/www.fotikozszolg.hu\/wp-content\/uploads\/2025\/10\/IMG_8424-1024x769.jpg 1024w, https:\/\/www.fotikozszolg.hu\/wp-content\/uploads\/2025\/10\/IMG_8424-300x225.jpg 300w, https:\/\/www.fotikozszolg.hu\/wp-content\/uploads\/2025\/10\/IMG_8424-768x576.jpg 768w, https:\/\/www.fotikozszolg.hu\/wp-content\/uploads\/2025\/10\/IMG_8424.jpg 1171w\" sizes=\"(max-width: 843px) 100vw, 843px\" \/>\t\t\t\t\t\t\t\t\t\t\t\t\t\t\t<\/div>\n\t\t\t\t<\/div>\n\t\t\t\t<div class=\"elementor-element elementor-element-5868838 elementor-widget elementor-widget-image\" data-id=\"5868838\" data-element_type=\"widget\" data-widget_type=\"image.default\">\n\t\t\t\t<div class=\"elementor-widget-container\">\n\t\t\t\t\t\t\t\t\t\t\t\t\t\t\t<img loading=\"lazy\" decoding=\"async\" width=\"843\" height=\"633\" src=\"https:\/\/www.fotikozszolg.hu\/wp-content\/uploads\/2025\/10\/IMG_8450-1024x769.jpg\" class=\"attachment-large size-large wp-image-6204\" alt=\"\" srcset=\"https:\/\/www.fotikozszolg.hu\/wp-content\/uploads\/2025\/10\/IMG_8450-1024x769.jpg 1024w, https:\/\/www.fotikozszolg.hu\/wp-content\/uploads\/2025\/10\/IMG_8450-300x225.jpg 300w, https:\/\/www.fotikozszolg.hu\/wp-content\/uploads\/2025\/10\/IMG_8450-768x576.jpg 768w, https:\/\/www.fotikozszolg.hu\/wp-content\/uploads\/2025\/10\/IMG_8450.jpg 1171w\" sizes=\"(max-width: 843px) 100vw, 843px\" \/>\t\t\t\t\t\t\t\t\t\t\t\t\t\t\t<\/div>\n\t\t\t\t<\/div>\n\t\t\t\t\t<\/div>\n\t\t\t\t<\/div>\n\t\t<div class=\"elementor-element elementor-element-30c05b1 e-flex e-con-boxed e-con e-parent\" data-id=\"30c05b1\" data-element_type=\"container\">\n\t\t\t\t\t<div class=\"e-con-inner\">\n\t\t\t\t<div class=\"elementor-element elementor-element-97fe1c6 elementor-widget elementor-widget-text-editor\" data-id=\"97fe1c6\" data-element_type=\"widget\" data-widget_type=\"text-editor.default\">\n\t\t\t\t<div class=\"elementor-widget-container\">\n\t\t\t\t\t\t\t\t\t<h3>A zene \u00f6sszek\u00f6t \u2013 k\u00f6z\u00f6ss\u00e9gi dallamok F\u00f3ton<\/h3><p>A ny\u00e1r folyam\u00e1n h\u00e1rom alkalommal telt meg \u00e9lettel \u00e9s muzsik\u00e1val v\u00e1rosunk: <strong>A zene \u00f6sszek\u00f6t <\/strong>c\u00edm\u0171 esem\u00e9nysorozat a Breaking Isolation \u2013 Egy\u00fctt a t\u00e1rsadalmi elszigetel\u0151d\u00e9s ellen projekt keretein bel\u00fcl val\u00f3sult meg. A program c\u00e9lja az volt, hogy a f\u00f3ti emberek tal\u00e1lkozzanak, besz\u00e9lgessenek, \u00e9s \u00faj kapcsolatok sz\u00f6v\u0151djenek \u2013 mindezt a zene egyetemes nyelv\u00e9nkereszt\u00fcl.<\/p><p>K\u00e9t alkalommal szombat d\u00e9lel\u0151tt a helyi piacon csend\u00fcltek fel a dallamok: a projekt helyi csoportj\u00e1nak tagjai zen\u00e9vel t\u00f6lt\u00f6tt\u00e9k meg a piacteret \u2013 t\u00f6bb st\u00edlus, sok mosoly \u00e9s k\u00f6z\u00f6s \u00e9nekl\u00e9s jellemezte ezeket a d\u00e9lel\u0151tt\u00f6ket. A t\u00e9r \u00e9lettel telt meg, a j\u00e1r\u00f3kel\u0151k meg\u00e1lltak egy-egy dal erej\u00e9ig, \u00e9s hamarosan m\u00e1r egy\u00fctt d\u00fadolta mindenki a j\u00f3l ismert dallamokat.<\/p><p>A harmadik alkalommal az Otthon Seg\u00edt\u00fcnk Alap\u00edtv\u00e1ny \u00e1ltal szervezett Mesemaraton rendezv\u00e9nyen, a Somly\u00f3-t\u00f3n\u00e1l sz\u00f3lt a zene, ahol a term\u00e9szet k\u00f6zels\u00e9ge \u00e9s a k\u00f6z\u00f6ss\u00e9gi \u00e9lm\u00e9ny k\u00fcl\u00f6nleges hangulatot teremtett.<\/p><p>A hangulat minden alkalommal bizony\u00edtotta, hogy a zene val\u00f3ban k\u00e9pes hidakat \u00e9p\u00edteni emberek k\u00f6z\u00f6tt \u2013 kort\u00f3l, h\u00e1tt\u00e9rt\u0151l, vagy \u00e9rdekl\u0151d\u00e9st\u0151l f\u00fcggetlen\u00fcl. K\u00f6sz\u00f6nj\u00fck mindenkinek, aki vel\u00fcnk volt, aki meg\u00e1llt, aki kapcsol\u00f3dott!<\/p><p>H\u00e1l\u00e1s k\u00f6sz\u00f6net illeti a Somly\u00f3 M\u0171v\u00e9szeti Egyes\u00fclet tagjait \u00e9s bar\u00e1taikat, valamint a F\u00f3ti Zenebar\u00e1tok K\u00f3rus\u00e1nak k\u00e9pviselet\u00e9ben R\u00e1kosi Lill\u00e1t, akik lelkesed\u00e9s\u00fckkel \u00e9s zen\u00e9j\u00fckkel ism\u00e9t bebizony\u00edtott\u00e1k: a zene \u00f6sszek\u00f6t!<\/p>\t\t\t\t\t\t\t\t<\/div>\n\t\t\t\t<\/div>\n\t\t\t\t<div class=\"elementor-element elementor-element-ca0ceac elementor-widget elementor-widget-image\" data-id=\"ca0ceac\" data-element_type=\"widget\" data-widget_type=\"image.default\">\n\t\t\t\t<div class=\"elementor-widget-container\">\n\t\t\t\t\t\t\t\t\t\t\t\t\t\t\t<img loading=\"lazy\" decoding=\"async\" width=\"843\" height=\"843\" src=\"https:\/\/www.fotikozszolg.hu\/wp-content\/uploads\/2025\/10\/518405657_122148555560645422_7902922874838362776_n-1024x1024.jpg\" class=\"attachment-large size-large wp-image-6188\" alt=\"\" srcset=\"https:\/\/www.fotikozszolg.hu\/wp-content\/uploads\/2025\/10\/518405657_122148555560645422_7902922874838362776_n-1024x1024.jpg 1024w, https:\/\/www.fotikozszolg.hu\/wp-content\/uploads\/2025\/10\/518405657_122148555560645422_7902922874838362776_n-300x300.jpg 300w, https:\/\/www.fotikozszolg.hu\/wp-content\/uploads\/2025\/10\/518405657_122148555560645422_7902922874838362776_n-150x150.jpg 150w, https:\/\/www.fotikozszolg.hu\/wp-content\/uploads\/2025\/10\/518405657_122148555560645422_7902922874838362776_n-768x768.jpg 768w, https:\/\/www.fotikozszolg.hu\/wp-content\/uploads\/2025\/10\/518405657_122148555560645422_7902922874838362776_n.jpg 1080w\" sizes=\"(max-width: 843px) 100vw, 843px\" \/>\t\t\t\t\t\t\t\t\t\t\t\t\t\t\t<\/div>\n\t\t\t\t<\/div>\n\t\t\t\t\t<\/div>\n\t\t\t\t<\/div>\n\t\t<div class=\"elementor-element elementor-element-e5c04a2 e-flex e-con-boxed e-con e-parent\" data-id=\"e5c04a2\" data-element_type=\"container\">\n\t\t\t\t\t<div class=\"e-con-inner\">\n\t\t\t\t<div class=\"elementor-element elementor-element-ab87433 elementor-widget elementor-widget-text-editor\" data-id=\"ab87433\" data-element_type=\"widget\" data-widget_type=\"text-editor.default\">\n\t\t\t\t<div class=\"elementor-widget-container\">\n\t\t\t\t\t\t\t\t\t<h3>2025 nyara &#8211; Pszichol\u00f3giai el\u0151ad\u00e1sokkal seg\u00edt\u00fcnk a mag\u00e1ny \u00e9s az elszigetel\u0151d\u00e9s ellen<\/h3><p>Nagy \u00e9rdekl\u0151d\u00e9s k\u00eds\u00e9rte a k\u00f6zelm\u00faltban megrendezett pszichol\u00f3giai el\u0151ad\u00e1sokat v\u00e1rosunkban, amelyek c\u00e9lja a lelki eg\u00e9szs\u00e9g meger\u0151s\u00edt\u00e9se \u00e9s a t\u00e1rsadalmi elszigetel\u0151d\u00e9s old\u00e1sa volt.<\/p><p>Az <strong>\u201eEr\u0151s\u00edtsd meg a lelki immunrendszeredet\u201d<\/strong> c\u00edm\u0171 programon j\u00fanius 27-\u00e9n d\u00e9lut\u00e1n a f\u00f3ti V\u00f6r\u00f6smarty M\u0171vel\u0151d\u00e9si H\u00e1zban T\u00f6r\u00f6k \u00c1gnes pszichol\u00f3gus, kr\u00edzistan\u00e1csad\u00f3 adott hasznos tan\u00e1csokat \u00e9s b\u00e1tor\u00edt\u00f3 gondolatokat arr\u00f3l, mik\u00e9nt k\u00fczdhet\u00fcnk meg a mag\u00e1nnyal \u00e9s az elszigetel\u0151d\u00e9ssel a mai rohan\u00f3 vil\u00e1gban. Az el\u0151ad\u00e1s sor\u00e1n szem\u00e9lyes t\u00f6rt\u00e9netek is elhangzottak, amelyek sokakat meg\u00e9rintettek, \u00e9s k\u00f6z\u00f6s gondolkod\u00e1sra \u00f6szt\u00f6n\u00f6ztek. J\u00f3 volt l\u00e1tni, hogy senki sincs egyed\u00fcl ezekben a k\u00e9rd\u00e9sekben.<\/p><p>Szint\u00e9n nagy sikert aratott j\u00falius 8-\u00e1n a <strong>\u201eDigit\u00e1lis vil\u00e1g: \u00f6sszek\u00f6t vagy elv\u00e1laszt?\u201d<\/strong> c\u00edm\u0171 besz\u00e9lget\u00e9s, amelyre a F\u00f3t V\u00e1rosi K\u00f6nyvt\u00e1r \u0151sf\u00e1s kertj\u00e9ben ker\u00fclt sor. Dr. Cs\u00f6nge \u00c9va Krisztina gyermekpszichi\u00e1ter lebilincsel\u0151 el\u0151ad\u00e1s\u00e1ban a k\u00f6z\u00f6ns\u00e9ggel egy\u00fctt gondolkodott a digit\u00e1lis eszk\u00f6zhaszn\u00e1lat hat\u00e1sair\u00f3l, a tudatos k\u00e9perny\u0151id\u0151 \u00e9s tudatos kapcsolat\u00e9p\u00edt\u00e9s fontoss\u00e1g\u00e1r\u00f3l, valamint a k\u00f6z\u00f6ss\u00e9g \u00e9s a szem\u00e9lyes besz\u00e9lget\u00e9sek p\u00f3tolhatatlan szerep\u00e9r\u0151l. Az esem\u00e9ny m\u00e1sodik fel\u00e9ben egy nyitott \u00e9s \u0151szinte p\u00e1rbesz\u00e9d alakult ki, ahol a r\u00e9sztvev\u0151k megoszthatt\u00e1k saj\u00e1t tapasztalataikat \u00e9s gondolataikat, valamint elmondhatt\u00e1k a projekttel kapcsolatos j\u00f6v\u0151beli \u00f6tleteiket.<\/p><p>A programok a Breaking Isolation \u2013 Egy\u00fctt a t\u00e1rsadalmi elszigetel\u0151d\u00e9s ellen c\u00edm\u0171 eur\u00f3pai uni\u00f3s projekt keret\u00e9ben val\u00f3sultak meg, k\u00f6z\u00f6s c\u00e9lk\u00e9nt kit\u0171zve, megtal\u00e1ljuk \u00e9s letesztelj\u00fck mindazokat a hat\u00e9kony megold\u00e1sokat, melyek seg\u00edtenek a mag\u00e1ny \u00e9s az elszigetel\u0151d\u00e9s ellen.<\/p><p>K\u00f6sz\u00f6nj\u00fck az akt\u00edv r\u00e9szv\u00e9telt minden r\u00e9sztvev\u0151nek: <em>egy\u00fctt minden k\u00f6nnyebb<\/em>.<\/p>\t\t\t\t\t\t\t\t<\/div>\n\t\t\t\t<\/div>\n\t\t\t\t\t<\/div>\n\t\t\t\t<\/div>\n\t\t<div class=\"elementor-element elementor-element-ccdfc54 e-flex e-con-boxed e-con e-parent\" data-id=\"ccdfc54\" data-element_type=\"container\">\n\t\t\t\t\t<div class=\"e-con-inner\">\n\t\t<div class=\"elementor-element elementor-element-aab8f33 e-con-full e-flex e-con e-child\" data-id=\"aab8f33\" data-element_type=\"container\">\n\t\t\t\t<div class=\"elementor-element elementor-element-4f5261b elementor-widget elementor-widget-image\" data-id=\"4f5261b\" data-element_type=\"widget\" data-widget_type=\"image.default\">\n\t\t\t\t<div class=\"elementor-widget-container\">\n\t\t\t\t\t\t\t\t\t\t\t\t\t\t\t<img loading=\"lazy\" decoding=\"async\" width=\"553\" height=\"415\" src=\"https:\/\/www.fotikozszolg.hu\/wp-content\/uploads\/2025\/07\/IMG_3494s.jpg\" class=\"attachment-large size-large wp-image-6024\" alt=\"\" srcset=\"https:\/\/www.fotikozszolg.hu\/wp-content\/uploads\/2025\/07\/IMG_3494s.jpg 553w, https:\/\/www.fotikozszolg.hu\/wp-content\/uploads\/2025\/07\/IMG_3494s-300x225.jpg 300w\" sizes=\"(max-width: 553px) 100vw, 553px\" \/>\t\t\t\t\t\t\t\t\t\t\t\t\t\t\t<\/div>\n\t\t\t\t<\/div>\n\t\t\t\t<\/div>\n\t\t<div class=\"elementor-element elementor-element-3aa040b e-con-full e-flex e-con e-child\" data-id=\"3aa040b\" data-element_type=\"container\">\n\t\t\t\t<div class=\"elementor-element elementor-element-073ae6b elementor-widget elementor-widget-image\" data-id=\"073ae6b\" data-element_type=\"widget\" data-widget_type=\"image.default\">\n\t\t\t\t<div class=\"elementor-widget-container\">\n\t\t\t\t\t\t\t\t\t\t\t\t\t\t\t<img loading=\"lazy\" decoding=\"async\" width=\"553\" height=\"415\" src=\"https:\/\/www.fotikozszolg.hu\/wp-content\/uploads\/2025\/07\/IMG_8236s.jpg\" class=\"attachment-large size-large wp-image-6025\" alt=\"\" srcset=\"https:\/\/www.fotikozszolg.hu\/wp-content\/uploads\/2025\/07\/IMG_8236s.jpg 553w, https:\/\/www.fotikozszolg.hu\/wp-content\/uploads\/2025\/07\/IMG_8236s-300x225.jpg 300w\" sizes=\"(max-width: 553px) 100vw, 553px\" \/>\t\t\t\t\t\t\t\t\t\t\t\t\t\t\t<\/div>\n\t\t\t\t<\/div>\n\t\t\t\t<\/div>\n\t\t<div class=\"elementor-element elementor-element-93a1820 e-con-full e-flex e-con e-child\" data-id=\"93a1820\" data-element_type=\"container\">\n\t\t\t\t<div class=\"elementor-element elementor-element-d2537ec elementor-widget elementor-widget-image\" data-id=\"d2537ec\" data-element_type=\"widget\" data-widget_type=\"image.default\">\n\t\t\t\t<div class=\"elementor-widget-container\">\n\t\t\t\t\t\t\t\t\t\t\t\t\t\t\t<img loading=\"lazy\" decoding=\"async\" width=\"843\" height=\"632\" src=\"https:\/\/www.fotikozszolg.hu\/wp-content\/uploads\/2025\/07\/IMG_8243s-1024x768.jpg\" class=\"attachment-large size-large wp-image-6026\" alt=\"\" srcset=\"https:\/\/www.fotikozszolg.hu\/wp-content\/uploads\/2025\/07\/IMG_8243s-1024x768.jpg 1024w, https:\/\/www.fotikozszolg.hu\/wp-content\/uploads\/2025\/07\/IMG_8243s-300x225.jpg 300w, https:\/\/www.fotikozszolg.hu\/wp-content\/uploads\/2025\/07\/IMG_8243s-768x576.jpg 768w, https:\/\/www.fotikozszolg.hu\/wp-content\/uploads\/2025\/07\/IMG_8243s-1536x1152.jpg 1536w, https:\/\/www.fotikozszolg.hu\/wp-content\/uploads\/2025\/07\/IMG_8243s.jpg 2016w\" sizes=\"(max-width: 843px) 100vw, 843px\" \/>\t\t\t\t\t\t\t\t\t\t\t\t\t\t\t<\/div>\n\t\t\t\t<\/div>\n\t\t\t\t<\/div>\n\t\t<div class=\"elementor-element elementor-element-f62fdcb e-con-full e-flex e-con e-child\" data-id=\"f62fdcb\" data-element_type=\"container\">\n\t\t\t\t<div class=\"elementor-element elementor-element-b7afa16 elementor-widget elementor-widget-image\" data-id=\"b7afa16\" data-element_type=\"widget\" data-widget_type=\"image.default\">\n\t\t\t\t<div class=\"elementor-widget-container\">\n\t\t\t\t\t\t\t\t\t\t\t\t\t\t\t<img loading=\"lazy\" decoding=\"async\" width=\"843\" height=\"632\" src=\"https:\/\/www.fotikozszolg.hu\/wp-content\/uploads\/2025\/07\/IMG_8354s-1024x768.jpg\" class=\"attachment-large size-large wp-image-6027\" alt=\"\" srcset=\"https:\/\/www.fotikozszolg.hu\/wp-content\/uploads\/2025\/07\/IMG_8354s-1024x768.jpg 1024w, https:\/\/www.fotikozszolg.hu\/wp-content\/uploads\/2025\/07\/IMG_8354s-300x225.jpg 300w, https:\/\/www.fotikozszolg.hu\/wp-content\/uploads\/2025\/07\/IMG_8354s-768x576.jpg 768w, https:\/\/www.fotikozszolg.hu\/wp-content\/uploads\/2025\/07\/IMG_8354s-1536x1152.jpg 1536w, https:\/\/www.fotikozszolg.hu\/wp-content\/uploads\/2025\/07\/IMG_8354s.jpg 2016w\" sizes=\"(max-width: 843px) 100vw, 843px\" \/>\t\t\t\t\t\t\t\t\t\t\t\t\t\t\t<\/div>\n\t\t\t\t<\/div>\n\t\t\t\t<\/div>\n\t\t<div class=\"elementor-element elementor-element-6e5f741 e-con-full e-flex e-con e-child\" data-id=\"6e5f741\" data-element_type=\"container\">\n\t\t\t\t<div class=\"elementor-element elementor-element-a232d94 elementor-widget elementor-widget-image\" data-id=\"a232d94\" data-element_type=\"widget\" data-widget_type=\"image.default\">\n\t\t\t\t<div class=\"elementor-widget-container\">\n\t\t\t\t\t\t\t\t\t\t\t\t\t\t\t<img loading=\"lazy\" decoding=\"async\" width=\"843\" height=\"632\" src=\"https:\/\/www.fotikozszolg.hu\/wp-content\/uploads\/2025\/07\/IMG_8364s-1024x768.jpg\" class=\"attachment-large size-large wp-image-6028\" alt=\"\" srcset=\"https:\/\/www.fotikozszolg.hu\/wp-content\/uploads\/2025\/07\/IMG_8364s-1024x768.jpg 1024w, https:\/\/www.fotikozszolg.hu\/wp-content\/uploads\/2025\/07\/IMG_8364s-300x225.jpg 300w, https:\/\/www.fotikozszolg.hu\/wp-content\/uploads\/2025\/07\/IMG_8364s-768x576.jpg 768w, https:\/\/www.fotikozszolg.hu\/wp-content\/uploads\/2025\/07\/IMG_8364s-1536x1152.jpg 1536w, https:\/\/www.fotikozszolg.hu\/wp-content\/uploads\/2025\/07\/IMG_8364s.jpg 2016w\" sizes=\"(max-width: 843px) 100vw, 843px\" \/>\t\t\t\t\t\t\t\t\t\t\t\t\t\t\t<\/div>\n\t\t\t\t<\/div>\n\t\t\t\t<\/div>\n\t\t<div class=\"elementor-element elementor-element-a739fa7 e-con-full e-flex e-con e-child\" data-id=\"a739fa7\" data-element_type=\"container\">\n\t\t\t\t<div class=\"elementor-element elementor-element-37c01b7 elementor-widget elementor-widget-image\" data-id=\"37c01b7\" data-element_type=\"widget\" data-widget_type=\"image.default\">\n\t\t\t\t<div class=\"elementor-widget-container\">\n\t\t\t\t\t\t\t\t\t\t\t\t\t\t\t<img loading=\"lazy\" decoding=\"async\" width=\"843\" height=\"632\" src=\"https:\/\/www.fotikozszolg.hu\/wp-content\/uploads\/2025\/07\/IMG_8371s-1024x768.jpg\" class=\"attachment-large size-large wp-image-6029\" alt=\"\" srcset=\"https:\/\/www.fotikozszolg.hu\/wp-content\/uploads\/2025\/07\/IMG_8371s-1024x768.jpg 1024w, https:\/\/www.fotikozszolg.hu\/wp-content\/uploads\/2025\/07\/IMG_8371s-300x225.jpg 300w, https:\/\/www.fotikozszolg.hu\/wp-content\/uploads\/2025\/07\/IMG_8371s-768x576.jpg 768w, https:\/\/www.fotikozszolg.hu\/wp-content\/uploads\/2025\/07\/IMG_8371s-1536x1152.jpg 1536w, https:\/\/www.fotikozszolg.hu\/wp-content\/uploads\/2025\/07\/IMG_8371s.jpg 2016w\" sizes=\"(max-width: 843px) 100vw, 843px\" \/>\t\t\t\t\t\t\t\t\t\t\t\t\t\t\t<\/div>\n\t\t\t\t<\/div>\n\t\t\t\t<\/div>\n\t\t\t\t\t<\/div>\n\t\t\t\t<\/div>\n\t\t<div class=\"elementor-element elementor-element-73d5d54 e-flex e-con-boxed e-con e-parent\" data-id=\"73d5d54\" data-element_type=\"container\">\n\t\t\t\t\t<div class=\"e-con-inner\">\n\t\t\t\t<div class=\"elementor-element elementor-element-80c2f5c elementor-widget elementor-widget-text-editor\" data-id=\"80c2f5c\" data-element_type=\"widget\" data-widget_type=\"text-editor.default\">\n\t\t\t\t<div class=\"elementor-widget-container\">\n\t\t\t\t\t\t\t\t\t<h3>2025.06.16. Tonderi tal\u00e1lkoz\u00f3<\/h3><p>J\u00fanius 10-12. k\u00f6z\u00f6tt a d\u00e1niai Tonder v\u00e1rosa adott otthont a Breaking isolation projekt soron k\u00f6vetkez\u0151 nemzetk\u00f6zi tal\u00e1lkoz\u00f3j\u00e1nak. A f\u00f3ti csapatot Ers\u00f3k N\u00f3ra projektkoordin\u00e1tor, Merkwart Kriszti\u00e1n v\u00e1rosunk polg\u00e1rmestere \u00e9s Dr. Nagy Bogl\u00e1rka a ULG csoport egyik tagja k\u00e9pviselte.<\/p><p>A hivatalos tal\u00e1lkoz\u00f3n a 10 orsz\u00e1g k\u00e9pvisel\u0151i, k\u00f6zt\u00fck a f\u00f3ti deleg\u00e1ci\u00f3, besz\u00e1moltak a projekt helyi eredm\u00e9nyeir\u0151l, a ULG csoport \u00e1ltal teljes\u00edtett tesztekr\u0151l \u00e9s az integr\u00e1lt akci\u00f3terv st\u00e1tusz\u00e1r\u00f3l, valamint bemutatt\u00e1k a helyi kommunik\u00e1ci\u00f3s terveket \u00e9s eredm\u00e9nyeket.\u00a0<\/p><p>A szakmai tal\u00e1lkoz\u00f3 m\u00e1sodik fel\u00e9ben a vezet\u0151 partner \u00e9s a vezet\u0151 szak\u00e9rt\u0151 megosztotta vel\u00fcnk a j\u00f6v\u0151ben el\u0151tt\u00fcnk \u00e1ll\u00f3 feladatokat \u00e9s hat\u00e9kony szakmai seg\u00edts\u00e9get kaptunk a helyi integr\u00e1lt akci\u00f3terv min\u00e9l eredm\u00e9nyesebb \u00f6ssze\u00e1ll\u00edt\u00e1s\u00e1hoz.<\/p><p>A szakmai programok mellett a tonderi szervez\u0151 csapat seg\u00edts\u00e9g\u00e9vel megismerhett\u00fck a skandin\u00e1v t\u00e9rs\u00e9g term\u00e9szeti, kultur\u00e1lis \u00e9s gasztron\u00f3miai saj\u00e1toss\u00e1gait.<\/p><p>A tal\u00e1lkoz\u00f3 sor\u00e1n szerzett szakmai \u00e9s k\u00f6z\u00f6ss\u00e9gi tapasztalatokr\u00f3l Merkwart Kriszti\u00e1n polg\u00e1rmester a k\u00f6vetkez\u0151k\u00e9ppen sz\u00e1molt be:<\/p><p>Nagy megtiszteltet\u00e9s volt sz\u00e1momra, hogy v\u00e1rosunkat k\u00e9pviselhettem a T\u00f8nderben megrendezett nemzetk\u00f6zi tal\u00e1lkoz\u00f3n. A Breaking isolation projekt nemcsak lehet\u0151s\u00e9get ny\u00fajt arra, hogy megosszuk egym\u00e1ssal tapasztalatainkat \u00e9s j\u00f3 gyakorlati p\u00e9ld\u00e1inkat, hanem arra is, hogy val\u00f3di, \u00e9l\u0151 kapcsolatokat \u00e9p\u00edts\u00fcnk ki m\u00e1s eur\u00f3pai v\u00e1rosokkal. J\u00f3 \u00e9rz\u00e9s volt megtapasztalni, hogy F\u00f3t munk\u00e1ja, k\u00f6z\u00f6ss\u00e9gi elk\u00f6telezetts\u00e9ge \u00e9s kezdem\u00e9nyez\u00e9sei m\u00e1s orsz\u00e1gokban is figyelmet \u00e9s elismer\u00e9st v\u00e1ltanak ki.<\/p><p>K\u00fcl\u00f6n\u00f6sen \u00e9rt\u00e9kesnek tartottam azokat a m\u0171helymunk\u00e1kat, ahol konkr\u00e9t, a t\u00e1rsadalmi elszigetelts\u00e9g cs\u00f6kkent\u00e9s\u00e9t c\u00e9lz\u00f3 megold\u00e1sokat vitattunk meg. A skandin\u00e1v orsz\u00e1g szoci\u00e1lis megk\u00f6zel\u00edt\u00e9se inspir\u00e1l\u00f3 p\u00e9ld\u00e1t mutatott arra, hogyan lehet emberk\u00f6zpont\u00faan \u00e9s rendszerszinten is gondolkodni, amikor helyi k\u00f6z\u00f6ss\u00e9geink meger\u0151s\u00edt\u00e9se a c\u00e9l.<\/p><p>Alig v\u00e1rjuk, hogy 2025 szeptember\u00e9ben vend\u00e9g\u00fcl l\u00e1thassuk a projekt r\u00e9sztvev\u0151it F\u00f3ton. Ez az esem\u00e9ny nemcsak bemutatkoz\u00e1s lesz, hanem val\u00f3di lehet\u0151s\u00e9g arra, hogy meger\u0151s\u00edts\u00fck v\u00e1rosunk szerep\u00e9t ebben az eur\u00f3pai egy\u00fcttm\u0171k\u00f6d\u00e9sben, \u00e9s bemutassuk F\u00f3t \u00e9rt\u00e9keit egy t\u00edz eur\u00f3pai v\u00e1rosb\u00f3l \u00e1ll\u00f3 szakmai h\u00e1l\u00f3zat sz\u00e1m\u00e1ra. B\u00edzom benne, hogy mindaz, amit k\u00f6z\u00f6sen l\u00e9trehozunk, nem csup\u00e1n a projekt ideje alatt, hanem hossz\u00fa t\u00e1von is hat\u00e1ssal lesz k\u00f6z\u00f6ss\u00e9geink \u00e9let\u00e9re.<\/p><p>Breaking isolation!<\/p>\t\t\t\t\t\t\t\t<\/div>\n\t\t\t\t<\/div>\n\t\t\t\t\t<\/div>\n\t\t\t\t<\/div>\n\t\t<div class=\"elementor-element elementor-element-e499859 e-flex e-con-boxed e-con e-parent\" data-id=\"e499859\" data-element_type=\"container\">\n\t\t\t\t\t<div class=\"e-con-inner\">\n\t\t<div class=\"elementor-element elementor-element-353b6f6 e-con-full e-flex e-con e-child\" data-id=\"353b6f6\" data-element_type=\"container\">\n\t\t\t\t<div class=\"elementor-element elementor-element-493c928 elementor-widget elementor-widget-image\" data-id=\"493c928\" data-element_type=\"widget\" data-widget_type=\"image.default\">\n\t\t\t\t<div class=\"elementor-widget-container\">\n\t\t\t\t\t\t\t\t\t\t\t\t\t\t\t<img loading=\"lazy\" decoding=\"async\" width=\"843\" height=\"632\" src=\"https:\/\/www.fotikozszolg.hu\/wp-content\/uploads\/2025\/07\/Csoportkep-1024x768.jpg\" class=\"attachment-large size-large wp-image-6016\" alt=\"\" srcset=\"https:\/\/www.fotikozszolg.hu\/wp-content\/uploads\/2025\/07\/Csoportkep-1024x768.jpg 1024w, https:\/\/www.fotikozszolg.hu\/wp-content\/uploads\/2025\/07\/Csoportkep-300x225.jpg 300w, https:\/\/www.fotikozszolg.hu\/wp-content\/uploads\/2025\/07\/Csoportkep-768x576.jpg 768w, https:\/\/www.fotikozszolg.hu\/wp-content\/uploads\/2025\/07\/Csoportkep-1536x1152.jpg 1536w, https:\/\/www.fotikozszolg.hu\/wp-content\/uploads\/2025\/07\/Csoportkep.jpg 1600w\" sizes=\"(max-width: 843px) 100vw, 843px\" \/>\t\t\t\t\t\t\t\t\t\t\t\t\t\t\t<\/div>\n\t\t\t\t<\/div>\n\t\t\t\t<\/div>\n\t\t<div class=\"elementor-element elementor-element-8b9aeeb e-con-full e-flex e-con e-child\" data-id=\"8b9aeeb\" data-element_type=\"container\">\n\t\t\t\t<div class=\"elementor-element elementor-element-db40a97 elementor-widget elementor-widget-image\" data-id=\"db40a97\" data-element_type=\"widget\" data-widget_type=\"image.default\">\n\t\t\t\t<div class=\"elementor-widget-container\">\n\t\t\t\t\t\t\t\t\t\t\t\t\t\t\t<img loading=\"lazy\" decoding=\"async\" width=\"843\" height=\"632\" src=\"https:\/\/www.fotikozszolg.hu\/wp-content\/uploads\/2025\/07\/01_Fot_prez-1024x768.jpg\" class=\"attachment-large size-large wp-image-6014\" alt=\"\" srcset=\"https:\/\/www.fotikozszolg.hu\/wp-content\/uploads\/2025\/07\/01_Fot_prez-1024x768.jpg 1024w, https:\/\/www.fotikozszolg.hu\/wp-content\/uploads\/2025\/07\/01_Fot_prez-300x225.jpg 300w, https:\/\/www.fotikozszolg.hu\/wp-content\/uploads\/2025\/07\/01_Fot_prez-768x576.jpg 768w, https:\/\/www.fotikozszolg.hu\/wp-content\/uploads\/2025\/07\/01_Fot_prez-1536x1152.jpg 1536w, https:\/\/www.fotikozszolg.hu\/wp-content\/uploads\/2025\/07\/01_Fot_prez.jpg 2048w\" sizes=\"(max-width: 843px) 100vw, 843px\" \/>\t\t\t\t\t\t\t\t\t\t\t\t\t\t\t<\/div>\n\t\t\t\t<\/div>\n\t\t\t\t<\/div>\n\t\t<div class=\"elementor-element elementor-element-094ef36 e-con-full e-flex e-con e-child\" data-id=\"094ef36\" data-element_type=\"container\">\n\t\t\t\t<div class=\"elementor-element elementor-element-164e3e5 elementor-widget elementor-widget-image\" data-id=\"164e3e5\" data-element_type=\"widget\" data-widget_type=\"image.default\">\n\t\t\t\t<div class=\"elementor-widget-container\">\n\t\t\t\t\t\t\t\t\t\t\t\t\t\t\t<img loading=\"lazy\" decoding=\"async\" width=\"843\" height=\"632\" src=\"https:\/\/www.fotikozszolg.hu\/wp-content\/uploads\/2025\/07\/IMG_8002-1024x768.jpg\" class=\"attachment-large size-large wp-image-6017\" alt=\"\" srcset=\"https:\/\/www.fotikozszolg.hu\/wp-content\/uploads\/2025\/07\/IMG_8002-1024x768.jpg 1024w, https:\/\/www.fotikozszolg.hu\/wp-content\/uploads\/2025\/07\/IMG_8002-300x225.jpg 300w, https:\/\/www.fotikozszolg.hu\/wp-content\/uploads\/2025\/07\/IMG_8002-768x576.jpg 768w, https:\/\/www.fotikozszolg.hu\/wp-content\/uploads\/2025\/07\/IMG_8002-1536x1152.jpg 1536w, https:\/\/www.fotikozszolg.hu\/wp-content\/uploads\/2025\/07\/IMG_8002-2048x1536.jpg 2048w\" sizes=\"(max-width: 843px) 100vw, 843px\" \/>\t\t\t\t\t\t\t\t\t\t\t\t\t\t\t<\/div>\n\t\t\t\t<\/div>\n\t\t\t\t<\/div>\n\t\t<div class=\"elementor-element elementor-element-3e7faf7 e-con-full e-flex e-con e-child\" data-id=\"3e7faf7\" data-element_type=\"container\">\n\t\t\t\t<div class=\"elementor-element elementor-element-d5f48e5 elementor-widget elementor-widget-image\" data-id=\"d5f48e5\" data-element_type=\"widget\" data-widget_type=\"image.default\">\n\t\t\t\t<div class=\"elementor-widget-container\">\n\t\t\t\t\t\t\t\t\t\t\t\t\t\t\t<img loading=\"lazy\" decoding=\"async\" width=\"843\" height=\"632\" src=\"https:\/\/www.fotikozszolg.hu\/wp-content\/uploads\/2025\/07\/05_Fot-1024x768.jpg\" class=\"attachment-large size-large wp-image-6015\" alt=\"\" srcset=\"https:\/\/www.fotikozszolg.hu\/wp-content\/uploads\/2025\/07\/05_Fot-1024x768.jpg 1024w, https:\/\/www.fotikozszolg.hu\/wp-content\/uploads\/2025\/07\/05_Fot-300x225.jpg 300w, https:\/\/www.fotikozszolg.hu\/wp-content\/uploads\/2025\/07\/05_Fot-768x576.jpg 768w, https:\/\/www.fotikozszolg.hu\/wp-content\/uploads\/2025\/07\/05_Fot-1536x1152.jpg 1536w, https:\/\/www.fotikozszolg.hu\/wp-content\/uploads\/2025\/07\/05_Fot.jpg 2016w\" sizes=\"(max-width: 843px) 100vw, 843px\" \/>\t\t\t\t\t\t\t\t\t\t\t\t\t\t\t<\/div>\n\t\t\t\t<\/div>\n\t\t\t\t<\/div>\n\t\t\t\t\t<\/div>\n\t\t\t\t<\/div>\n\t\t<div class=\"elementor-element elementor-element-6815c27 e-flex e-con-boxed e-con e-parent\" data-id=\"6815c27\" data-element_type=\"container\">\n\t\t\t\t\t<div class=\"e-con-inner\">\n\t\t\t\t<div class=\"elementor-element elementor-element-8b577cc elementor-widget elementor-widget-text-editor\" data-id=\"8b577cc\" data-element_type=\"widget\" data-widget_type=\"text-editor.default\">\n\t\t\t\t<div class=\"elementor-widget-container\">\n\t\t\t\t\t\t\t\t\t<h3>2025. j\u00fanius &#8211; K\u00f6z\u00f6ss\u00e9gi workshopok v\u00e1rosunkban<\/h3><p>J\u00fanius 7-\u00e9n a F\u00f3ti V\u00e1rosi K\u00f6nyvt\u00e1r adott otthont egy k\u00fcl\u00f6nleges, kiscsoportos k\u00f6nyvk\u00f6t\u00e9szeti foglalkoz\u00e1snak. A workshop c\u00e9lja az volt, hogy a r\u00e9sztvev\u0151k \u00faj k\u00e9szs\u00e9gekkel gazdagodjanak, mik\u00f6zben k\u00f6z\u00f6s alkot\u00e1son kereszt\u00fcl kapcsol\u00f3dhattak egym\u00e1shoz. A program sor\u00e1n a t\u00edz f\u0151b\u0151l \u00e1ll\u00f3 csoport tagjai leporell\u00f3t \u00e9s egyedi mapp\u00e1t k\u00e9sz\u00edtettek saj\u00e1t kez\u0171leg, k\u00fcl\u00f6nb\u00f6z\u0151 f\u0171z\u00e9si technik\u00e1kat \u00e9s az aranyoz\u00e1s alapjait is kipr\u00f3b\u00e1lva. A m\u0171helyt Rajczi J\u00e1nos k\u00e9pz\u0151m\u0171v\u00e9sztan\u00e1r \u00e9s k\u00f6nyvk\u00f6t\u0151 vezette, aki nemcsak technikai tud\u00e1s\u00e1t adta \u00e1t, hanem seg\u00edtett megteremteni egy elm\u00e9ly\u00fclt, figyelmes, inspir\u00e1l\u00f3 alkot\u00f3i l\u00e9gk\u00f6rt is.<\/p><p>Ezt k\u00f6vet\u0151en j\u00fanius 14-\u00e9n szombaton t\u00edzf\u0151s kis csapat gy\u0171lt \u00f6ssze a f\u00f3ti Somly\u00f3 t\u00f3 partj\u00e1n, hogy k\u00f6z\u00f6sen ismerkedjen meg a gyapj\u00fafeldolgoz\u00e1s egyik \u0151si technik\u00e1j\u00e1val, a szappanos nemezel\u00e9ssel.\u00a0 A r\u00e9sztvev\u0151k j\u00e1t\u00e9kos \u00e9s alkot\u00f3 hangulatban pr\u00f3b\u00e1lhatt\u00e1k ki a k\u00e9zm\u0171ves technik\u00e1t: k\u00fcl\u00f6nf\u00e9le nemezt\u00e1rgyakat k\u00e9sz\u00edthettek saj\u00e1t \u00edzl\u00e9s\u00fck szerint \u2013 p\u00e9ld\u00e1ul \u00e9kszereket, d\u00f6rzsszappanokat vagy vid\u00e1m kis labd\u00e1kat. A foglalkoz\u00e1s lebonyol\u00edt\u00e1s\u00e1ban R\u00e9v\u00e9sz Melinda dr\u00e1mapedag\u00f3gus ny\u00fajtott inspir\u00e1l\u00f3 t\u00e1mogat\u00e1st.<\/p><p>Fiatalok \u00e9s id\u0151sebbek egyar\u00e1nt lelkesen kapcsol\u00f3dtak be az alkot\u00e1sba mindk\u00e9t alkalommal. Az elm\u00e9ly\u00fclt munka \u00e9s az egym\u00e1sra hangol\u00f3d\u00e1s \u00e9lm\u00e9nye nemcsak maradand\u00f3 eml\u00e9keket, hanem \u00faj terveket is sz\u00fclt: \u00edg\u00e9ret sz\u00fcletett arra, hogy a program folytat\u00f3dik, hiszen a teszt alkalmak sor\u00e1n bebizonyosodott, hogy mindezen tevkenys\u00e9gek hat\u00e9konyan veszik fel a keszty\u0171t a mag\u00e1ny \u00e9s az elszigetel\u0151d\u00e9s ellen. A szervez\u0151k minden sz\u00fcks\u00e9ges eszk\u00f6zt t\u00e9r\u00edt\u00e9smentesen biztos\u00edtottak.<\/p><p>A d\u00e9lel\u0151tt\u00f6k hangulata, az egy\u00fctt t\u00f6lt\u00f6tt id\u0151 \u00e9s az elk\u00e9sz\u00fclt alkot\u00e1sok mind azt bizony\u00edtott\u00e1k, hogy a k\u00f6z\u00f6s tev\u00e9kenys\u00e9g er\u0151s\u00edti a k\u00f6z\u00f6ss\u00e9gi \u00e9lm\u00e9nyt, \u00e9s k\u00e9pes \u00e1thidalni a t\u00e1rsadalmi elszigetelts\u00e9g \u00e9rz\u00e9s\u00e9t \u2013 k\u00e9zr\u0151l k\u00e9zre, emberr\u0151l emberre. Csatlakozz hozz\u00e1nk, T\u00e9ged is v\u00e1runk k\u00f6z\u00e9nk legk\u00f6zelebbi esem\u00e9ny\u00fcnk\u00f6n!<\/p>\t\t\t\t\t\t\t\t<\/div>\n\t\t\t\t<\/div>\n\t\t\t\t\t<\/div>\n\t\t\t\t<\/div>\n\t\t<div class=\"elementor-element elementor-element-b52b28b e-flex e-con-boxed e-con e-parent\" data-id=\"b52b28b\" data-element_type=\"container\">\n\t\t\t\t\t<div class=\"e-con-inner\">\n\t\t<div class=\"elementor-element elementor-element-efd2f2b e-con-full e-flex e-con e-child\" data-id=\"efd2f2b\" data-element_type=\"container\">\n\t\t\t\t<div class=\"elementor-element elementor-element-0d9db86 elementor-widget elementor-widget-image\" data-id=\"0d9db86\" data-element_type=\"widget\" data-widget_type=\"image.default\">\n\t\t\t\t<div class=\"elementor-widget-container\">\n\t\t\t\t\t\t\t\t\t\t\t\t\t\t\t<img loading=\"lazy\" decoding=\"async\" width=\"843\" height=\"843\" src=\"https:\/\/www.fotikozszolg.hu\/wp-content\/uploads\/2025\/07\/PHOTO-2025-06-09-10-34-00-1-1024x1024.jpg\" class=\"attachment-large size-large wp-image-5997\" alt=\"\" srcset=\"https:\/\/www.fotikozszolg.hu\/wp-content\/uploads\/2025\/07\/PHOTO-2025-06-09-10-34-00-1-1024x1024.jpg 1024w, https:\/\/www.fotikozszolg.hu\/wp-content\/uploads\/2025\/07\/PHOTO-2025-06-09-10-34-00-1-300x300.jpg 300w, https:\/\/www.fotikozszolg.hu\/wp-content\/uploads\/2025\/07\/PHOTO-2025-06-09-10-34-00-1-150x150.jpg 150w, https:\/\/www.fotikozszolg.hu\/wp-content\/uploads\/2025\/07\/PHOTO-2025-06-09-10-34-00-1-768x768.jpg 768w, https:\/\/www.fotikozszolg.hu\/wp-content\/uploads\/2025\/07\/PHOTO-2025-06-09-10-34-00-1.jpg 1536w\" sizes=\"(max-width: 843px) 100vw, 843px\" \/>\t\t\t\t\t\t\t\t\t\t\t\t\t\t\t<\/div>\n\t\t\t\t<\/div>\n\t\t\t\t<\/div>\n\t\t<div class=\"elementor-element elementor-element-41ee523 e-con-full e-flex e-con e-child\" data-id=\"41ee523\" data-element_type=\"container\">\n\t\t\t\t<div class=\"elementor-element elementor-element-bf93a36 elementor-widget elementor-widget-image\" data-id=\"bf93a36\" data-element_type=\"widget\" data-widget_type=\"image.default\">\n\t\t\t\t<div class=\"elementor-widget-container\">\n\t\t\t\t\t\t\t\t\t\t\t\t\t\t\t<img loading=\"lazy\" decoding=\"async\" width=\"843\" height=\"843\" src=\"https:\/\/www.fotikozszolg.hu\/wp-content\/uploads\/2025\/07\/IMG_20250614_113436-1-1024x1024.jpg\" class=\"attachment-large size-large wp-image-5996\" alt=\"\" srcset=\"https:\/\/www.fotikozszolg.hu\/wp-content\/uploads\/2025\/07\/IMG_20250614_113436-1-1024x1024.jpg 1024w, https:\/\/www.fotikozszolg.hu\/wp-content\/uploads\/2025\/07\/IMG_20250614_113436-1-300x300.jpg 300w, https:\/\/www.fotikozszolg.hu\/wp-content\/uploads\/2025\/07\/IMG_20250614_113436-1-150x150.jpg 150w, https:\/\/www.fotikozszolg.hu\/wp-content\/uploads\/2025\/07\/IMG_20250614_113436-1-768x768.jpg 768w, https:\/\/www.fotikozszolg.hu\/wp-content\/uploads\/2025\/07\/IMG_20250614_113436-1-1536x1536.jpg 1536w, https:\/\/www.fotikozszolg.hu\/wp-content\/uploads\/2025\/07\/IMG_20250614_113436-1-2048x2048.jpg 2048w\" sizes=\"(max-width: 843px) 100vw, 843px\" \/>\t\t\t\t\t\t\t\t\t\t\t\t\t\t\t<\/div>\n\t\t\t\t<\/div>\n\t\t\t\t<\/div>\n\t\t\t\t\t<\/div>\n\t\t\t\t<\/div>\n\t\t<div class=\"elementor-element elementor-element-6e5f9df e-flex e-con-boxed e-con e-parent\" data-id=\"6e5f9df\" data-element_type=\"container\">\n\t\t\t\t\t<div class=\"e-con-inner\">\n\t\t\t\t<div class=\"elementor-element elementor-element-37d9a00 elementor-widget elementor-widget-text-editor\" data-id=\"37d9a00\" data-element_type=\"widget\" data-widget_type=\"text-editor.default\">\n\t\t\t\t<div class=\"elementor-widget-container\">\n\t\t\t\t\t\t\t\t\t<div class=\"xdj266r x11i5rnm xat24cr x1mh8g0r x1vvkbs x126k92a\"><h3 dir=\"auto\">2025.05.26. V\u00e1rosi Gyereknap<\/h3><div dir=\"auto\">Nagy \u00f6r\u00f6mmel vett\u00fcnk r\u00e9szt m\u00e1jus 24-\u00e9n a v\u00e1rosi gyereknapon, ahol bemutathattuk a <em>Breaking Isolation &#8211; Egy\u00fctt a t\u00e1rsadalmi elszigetel\u0151d\u00e9s ellen<\/em> c\u00edm\u0171 projekt\u00fcnket egy igaz\u00e1n sz\u00ednes \u00e9s vid\u00e1m nap keret\u00e9ben!\u00a0<\/div><\/div><div class=\"x11i5rnm xat24cr x1mh8g0r x1vvkbs xtlvy1s x126k92a\"><div dir=\"auto\">\u00a0<\/div><div dir=\"auto\">Kicsik \u00e9s nagyok egyar\u00e1nt lelkesen kapcsol\u00f3dtak be a programjainkba:<\/div><div dir=\"auto\">&#8220;K\u00e9z a k\u00e9zben &#8211; Tanulj vel\u00fcnk!&#8221; workshopunkon b\u00e1rki megtanulhatta a h\u00e1zi t\u00e9sztak\u00e9sz\u00edt\u00e9s fort\u00e9lyait a rendk\u00edv\u00fcl kedves Anik\u00f3 n\u00e9ni seg\u00edts\u00e9g\u00e9vel, aki t\u00f6bb \u00e9vtizede szak\u00e9rt\u0151je a t\u00e9m\u00e1nak, \u00e9s sz\u00edvesen tan\u00edtotta a fiatalabb gener\u00e1ci\u00f3t! Majd k\u00e9t ULG tagunk seg\u00edts\u00e9g\u00e9vel \u00e9s ir\u00e1nymutat\u00e1s\u00e1val a gyerekek csod\u00e1s kukoricacsuh\u00e9 d\u00edszeket k\u00e9sz\u00edtettek, amit azt\u00e1n mindenki b\u00fcszk\u00e9n vitt haza.<\/div><div dir=\"auto\">\u00a0<\/div><div dir=\"auto\">A gyerekek izgatottan vettek r\u00e9szt a v\u00e1rosi pontgy\u0171jt\u0151 j\u00e1t\u00e9kban is, ahol j\u00e1t\u00e9kos kirak\u00f3k r\u00e9v\u00e9n ismertett\u00fck meg az Eur\u00f3pai Uni\u00f3 \u00e9s a projekt jelk\u00e9peit.<\/div><\/div><div class=\"x11i5rnm xat24cr x1mh8g0r x1vvkbs xtlvy1s x126k92a\"><div dir=\"auto\">\u00a0<\/div><div dir=\"auto\">K\u00f6sz\u00f6nj\u00fck mindenkinek, aki meg\u00e1llt n\u00e1lunk, bekapcsol\u00f3dott, besz\u00e9lgetett vel\u00fcnk, \u00e9s hozz\u00e1j\u00e1rult ahhoz, hogy ez a nap ilyen k\u00fcl\u00f6nleges legyen!<\/div><\/div>\t\t\t\t\t\t\t\t<\/div>\n\t\t\t\t<\/div>\n\t\t\t\t\t<\/div>\n\t\t\t\t<\/div>\n\t\t<div class=\"elementor-element elementor-element-a5795ac e-flex e-con-boxed e-con e-parent\" data-id=\"a5795ac\" data-element_type=\"container\">\n\t\t\t\t\t<div class=\"e-con-inner\">\n\t\t<div class=\"elementor-element elementor-element-7d5b1f6 e-con-full e-flex e-con e-child\" data-id=\"7d5b1f6\" data-element_type=\"container\">\n\t\t\t\t<div class=\"elementor-element elementor-element-c3c2a15 elementor-widget elementor-widget-image\" data-id=\"c3c2a15\" data-element_type=\"widget\" data-widget_type=\"image.default\">\n\t\t\t\t<div class=\"elementor-widget-container\">\n\t\t\t\t\t\t\t\t\t\t\t\t\t\t\t<img loading=\"lazy\" decoding=\"async\" width=\"843\" height=\"843\" src=\"https:\/\/www.fotikozszolg.hu\/wp-content\/uploads\/2025\/05\/20c88649-3d9f-4aed-b122-6552d0679407-1024x1024.jpg\" class=\"attachment-large size-large wp-image-5939\" alt=\"\" srcset=\"https:\/\/www.fotikozszolg.hu\/wp-content\/uploads\/2025\/05\/20c88649-3d9f-4aed-b122-6552d0679407-1024x1024.jpg 1024w, https:\/\/www.fotikozszolg.hu\/wp-content\/uploads\/2025\/05\/20c88649-3d9f-4aed-b122-6552d0679407-300x300.jpg 300w, https:\/\/www.fotikozszolg.hu\/wp-content\/uploads\/2025\/05\/20c88649-3d9f-4aed-b122-6552d0679407-150x150.jpg 150w, https:\/\/www.fotikozszolg.hu\/wp-content\/uploads\/2025\/05\/20c88649-3d9f-4aed-b122-6552d0679407-768x768.jpg 768w, https:\/\/www.fotikozszolg.hu\/wp-content\/uploads\/2025\/05\/20c88649-3d9f-4aed-b122-6552d0679407-1536x1536.jpg 1536w, https:\/\/www.fotikozszolg.hu\/wp-content\/uploads\/2025\/05\/20c88649-3d9f-4aed-b122-6552d0679407.jpg 2048w\" sizes=\"(max-width: 843px) 100vw, 843px\" \/>\t\t\t\t\t\t\t\t\t\t\t\t\t\t\t<\/div>\n\t\t\t\t<\/div>\n\t\t\t\t<\/div>\n\t\t<div class=\"elementor-element elementor-element-0604a7b e-con-full e-flex e-con e-child\" data-id=\"0604a7b\" data-element_type=\"container\">\n\t\t\t\t<div class=\"elementor-element elementor-element-78d8e64 elementor-widget elementor-widget-image\" data-id=\"78d8e64\" data-element_type=\"widget\" data-widget_type=\"image.default\">\n\t\t\t\t<div class=\"elementor-widget-container\">\n\t\t\t\t\t\t\t\t\t\t\t\t\t\t\t<img loading=\"lazy\" decoding=\"async\" width=\"843\" height=\"843\" src=\"https:\/\/www.fotikozszolg.hu\/wp-content\/uploads\/2025\/05\/IMG_20250524_103514-1024x1024.jpg\" class=\"attachment-large size-large wp-image-5944\" alt=\"\" srcset=\"https:\/\/www.fotikozszolg.hu\/wp-content\/uploads\/2025\/05\/IMG_20250524_103514-1024x1024.jpg 1024w, https:\/\/www.fotikozszolg.hu\/wp-content\/uploads\/2025\/05\/IMG_20250524_103514-300x300.jpg 300w, https:\/\/www.fotikozszolg.hu\/wp-content\/uploads\/2025\/05\/IMG_20250524_103514-150x150.jpg 150w, https:\/\/www.fotikozszolg.hu\/wp-content\/uploads\/2025\/05\/IMG_20250524_103514-768x768.jpg 768w, https:\/\/www.fotikozszolg.hu\/wp-content\/uploads\/2025\/05\/IMG_20250524_103514-1536x1536.jpg 1536w, https:\/\/www.fotikozszolg.hu\/wp-content\/uploads\/2025\/05\/IMG_20250524_103514-2048x2048.jpg 2048w\" sizes=\"(max-width: 843px) 100vw, 843px\" \/>\t\t\t\t\t\t\t\t\t\t\t\t\t\t\t<\/div>\n\t\t\t\t<\/div>\n\t\t\t\t<\/div>\n\t\t<div class=\"elementor-element elementor-element-abbd09a e-con-full e-flex e-con e-child\" data-id=\"abbd09a\" data-element_type=\"container\">\n\t\t\t\t<div class=\"elementor-element elementor-element-0983f6c elementor-widget elementor-widget-image\" data-id=\"0983f6c\" data-element_type=\"widget\" data-widget_type=\"image.default\">\n\t\t\t\t<div class=\"elementor-widget-container\">\n\t\t\t\t\t\t\t\t\t\t\t\t\t\t\t<img loading=\"lazy\" decoding=\"async\" width=\"843\" height=\"843\" src=\"https:\/\/www.fotikozszolg.hu\/wp-content\/uploads\/2025\/05\/IMG_20250524_105930-1024x1024.jpg\" class=\"attachment-large size-large wp-image-5946\" alt=\"\" srcset=\"https:\/\/www.fotikozszolg.hu\/wp-content\/uploads\/2025\/05\/IMG_20250524_105930-1024x1024.jpg 1024w, https:\/\/www.fotikozszolg.hu\/wp-content\/uploads\/2025\/05\/IMG_20250524_105930-300x300.jpg 300w, https:\/\/www.fotikozszolg.hu\/wp-content\/uploads\/2025\/05\/IMG_20250524_105930-150x150.jpg 150w, https:\/\/www.fotikozszolg.hu\/wp-content\/uploads\/2025\/05\/IMG_20250524_105930-768x768.jpg 768w, https:\/\/www.fotikozszolg.hu\/wp-content\/uploads\/2025\/05\/IMG_20250524_105930-1536x1536.jpg 1536w, https:\/\/www.fotikozszolg.hu\/wp-content\/uploads\/2025\/05\/IMG_20250524_105930-2048x2048.jpg 2048w\" sizes=\"(max-width: 843px) 100vw, 843px\" \/>\t\t\t\t\t\t\t\t\t\t\t\t\t\t\t<\/div>\n\t\t\t\t<\/div>\n\t\t\t\t<\/div>\n\t\t<div class=\"elementor-element elementor-element-50f7a1f e-con-full e-flex e-con e-child\" data-id=\"50f7a1f\" data-element_type=\"container\">\n\t\t\t\t<div class=\"elementor-element elementor-element-31594d4 elementor-widget elementor-widget-image\" data-id=\"31594d4\" data-element_type=\"widget\" data-widget_type=\"image.default\">\n\t\t\t\t<div class=\"elementor-widget-container\">\n\t\t\t\t\t\t\t\t\t\t\t\t\t\t\t<img loading=\"lazy\" decoding=\"async\" width=\"843\" height=\"843\" src=\"https:\/\/www.fotikozszolg.hu\/wp-content\/uploads\/2025\/05\/IMG_20250524_150604-1024x1024.jpg\" class=\"attachment-large size-large wp-image-5950\" alt=\"\" srcset=\"https:\/\/www.fotikozszolg.hu\/wp-content\/uploads\/2025\/05\/IMG_20250524_150604-1024x1024.jpg 1024w, https:\/\/www.fotikozszolg.hu\/wp-content\/uploads\/2025\/05\/IMG_20250524_150604-300x300.jpg 300w, https:\/\/www.fotikozszolg.hu\/wp-content\/uploads\/2025\/05\/IMG_20250524_150604-150x150.jpg 150w, https:\/\/www.fotikozszolg.hu\/wp-content\/uploads\/2025\/05\/IMG_20250524_150604-768x768.jpg 768w, https:\/\/www.fotikozszolg.hu\/wp-content\/uploads\/2025\/05\/IMG_20250524_150604-1536x1536.jpg 1536w, https:\/\/www.fotikozszolg.hu\/wp-content\/uploads\/2025\/05\/IMG_20250524_150604-2048x2048.jpg 2048w\" sizes=\"(max-width: 843px) 100vw, 843px\" \/>\t\t\t\t\t\t\t\t\t\t\t\t\t\t\t<\/div>\n\t\t\t\t<\/div>\n\t\t\t\t<\/div>\n\t\t<div class=\"elementor-element elementor-element-b225ce9 e-con-full e-flex e-con e-child\" data-id=\"b225ce9\" data-element_type=\"container\">\n\t\t\t\t<div class=\"elementor-element elementor-element-13b82bf elementor-widget elementor-widget-image\" data-id=\"13b82bf\" data-element_type=\"widget\" data-widget_type=\"image.default\">\n\t\t\t\t<div class=\"elementor-widget-container\">\n\t\t\t\t\t\t\t\t\t\t\t\t\t\t\t<img loading=\"lazy\" decoding=\"async\" width=\"843\" height=\"843\" src=\"https:\/\/www.fotikozszolg.hu\/wp-content\/uploads\/2025\/05\/IMG_20250524_102309-1024x1024.jpg\" class=\"attachment-large size-large wp-image-5942\" alt=\"\" srcset=\"https:\/\/www.fotikozszolg.hu\/wp-content\/uploads\/2025\/05\/IMG_20250524_102309-1024x1024.jpg 1024w, https:\/\/www.fotikozszolg.hu\/wp-content\/uploads\/2025\/05\/IMG_20250524_102309-300x300.jpg 300w, https:\/\/www.fotikozszolg.hu\/wp-content\/uploads\/2025\/05\/IMG_20250524_102309-150x150.jpg 150w, https:\/\/www.fotikozszolg.hu\/wp-content\/uploads\/2025\/05\/IMG_20250524_102309-768x768.jpg 768w, https:\/\/www.fotikozszolg.hu\/wp-content\/uploads\/2025\/05\/IMG_20250524_102309-1536x1536.jpg 1536w, https:\/\/www.fotikozszolg.hu\/wp-content\/uploads\/2025\/05\/IMG_20250524_102309-2048x2048.jpg 2048w\" sizes=\"(max-width: 843px) 100vw, 843px\" \/>\t\t\t\t\t\t\t\t\t\t\t\t\t\t\t<\/div>\n\t\t\t\t<\/div>\n\t\t\t\t<\/div>\n\t\t<div class=\"elementor-element elementor-element-916a2ee e-con-full e-flex e-con e-child\" data-id=\"916a2ee\" data-element_type=\"container\">\n\t\t\t\t<div class=\"elementor-element elementor-element-799ea23 elementor-widget elementor-widget-image\" data-id=\"799ea23\" data-element_type=\"widget\" data-widget_type=\"image.default\">\n\t\t\t\t<div class=\"elementor-widget-container\">\n\t\t\t\t\t\t\t\t\t\t\t\t\t\t\t<img loading=\"lazy\" decoding=\"async\" width=\"843\" height=\"843\" src=\"https:\/\/www.fotikozszolg.hu\/wp-content\/uploads\/2025\/05\/5e72a927-8430-48b3-acf5-d36a9cfe1fdc-e1748508428733-1024x1024.jpg\" class=\"attachment-large size-large wp-image-5938\" alt=\"\" srcset=\"https:\/\/www.fotikozszolg.hu\/wp-content\/uploads\/2025\/05\/5e72a927-8430-48b3-acf5-d36a9cfe1fdc-e1748508428733-1024x1024.jpg 1024w, https:\/\/www.fotikozszolg.hu\/wp-content\/uploads\/2025\/05\/5e72a927-8430-48b3-acf5-d36a9cfe1fdc-e1748508428733-300x300.jpg 300w, https:\/\/www.fotikozszolg.hu\/wp-content\/uploads\/2025\/05\/5e72a927-8430-48b3-acf5-d36a9cfe1fdc-e1748508428733-150x150.jpg 150w, https:\/\/www.fotikozszolg.hu\/wp-content\/uploads\/2025\/05\/5e72a927-8430-48b3-acf5-d36a9cfe1fdc-e1748508428733-768x768.jpg 768w, https:\/\/www.fotikozszolg.hu\/wp-content\/uploads\/2025\/05\/5e72a927-8430-48b3-acf5-d36a9cfe1fdc-e1748508428733-1536x1536.jpg 1536w, https:\/\/www.fotikozszolg.hu\/wp-content\/uploads\/2025\/05\/5e72a927-8430-48b3-acf5-d36a9cfe1fdc-e1748508428733.jpg 2048w\" sizes=\"(max-width: 843px) 100vw, 843px\" \/>\t\t\t\t\t\t\t\t\t\t\t\t\t\t\t<\/div>\n\t\t\t\t<\/div>\n\t\t\t\t<\/div>\n\t\t\t\t\t<\/div>\n\t\t\t\t<\/div>\n\t\t<div class=\"elementor-element elementor-element-fbc17ee e-flex e-con-boxed e-con e-parent\" data-id=\"fbc17ee\" data-element_type=\"container\">\n\t\t\t\t\t<div class=\"e-con-inner\">\n\t\t\t\t<div class=\"elementor-element elementor-element-83bb515 elementor-widget elementor-widget-text-editor\" data-id=\"83bb515\" data-element_type=\"widget\" data-widget_type=\"text-editor.default\">\n\t\t\t\t<div class=\"elementor-widget-container\">\n\t\t\t\t\t\t\t\t\t<div class=\"xdj266r x11i5rnm xat24cr x1mh8g0r x1vvkbs x126k92a\"><h3 dir=\"auto\">2025.05.16. Lakoss\u00e1gi f\u00f3rum a Breaking isolation k\u00e1v\u00e9z\u00f3-besz\u00e9lget\u0151sarokban<\/h3><\/div><div class=\"x11i5rnm xat24cr x1mh8g0r x1vvkbs xtlvy1s x126k92a\"><div dir=\"auto\">M\u00e1jus 15-\u00e9n este egy igaz\u00e1n inspir\u00e1l\u00f3 esem\u00e9nynek adott otthont a nemr\u00e9g megny\u00edlt Breaking Isolation k\u00e1v\u00e9z\u00f3-besz\u00e9lget\u0151sarok a F\u00f3ti V\u00e1rosi K\u00f6nyvt\u00e1rban. Merkwart Kriszti\u00e1n polg\u00e1rmester \u00far, Nov\u00e1kovics Zolt\u00e1nn\u00e9 k\u00e9pvisel\u0151 asszony \u00e9s Lehoczki S\u00e1ndor k\u00e9pvisel\u0151 \u00far t\u00e1rsas\u00e1g\u00e1ban, polg\u00e1rmesteri lakoss\u00e1gi f\u00f3rumot tartott.<\/div><\/div><div class=\"x11i5rnm xat24cr x1mh8g0r x1vvkbs xtlvy1s x126k92a\"><div dir=\"auto\">\u00a0<\/div><div dir=\"auto\">Ez a k\u00fcl\u00f6nleges t\u00e9r nem csup\u00e1n egy helysz\u00edn, hanem egy \u00fajfajta szeml\u00e9letet is k\u00e9pvisel: teret ad a tal\u00e1lkoz\u00e1snak, a p\u00e1rbesz\u00e9dnek \u00e9s a k\u00f6z\u00f6ss\u00e9g\u00e9p\u00edt\u00e9snek, ami bebizonyosott ezen a programon is.<\/div><div dir=\"auto\">\u00a0<\/div><div dir=\"auto\">A f\u00f3rum t\u00e9m\u00e1i k\u00f6z\u00f6tt sz\u00f3 esett v\u00e1rosunk j\u00f6v\u0151j\u00e9r\u0151l, a t\u00e1rsadalmi elszigetelts\u00e9g probl\u00e9m\u00e1ir\u00f3l \u00e9s azokr\u00f3l a lehet\u0151s\u00e9gekr\u0151l, amelyeket a Breaking Isolation \u2013 a t\u00edz eur\u00f3pai v\u00e1rost \u00f6sszek\u00f6t\u0151 uni\u00f3s projekt \u2013 k\u00edn\u00e1l v\u00e1rosunk sz\u00e1m\u00e1ra.<\/div><\/div><div class=\"x11i5rnm xat24cr x1mh8g0r x1vvkbs xtlvy1s x126k92a\"><div dir=\"auto\">\u00a0<\/div><div dir=\"auto\">K\u00f6sz\u00f6nj\u00fck mindenkinek, aki elj\u00f6tt, hozz\u00e1sz\u00f3lt, k\u00e9rdezett, vagy egyszer\u0171en csak jelen volt! Az ilyen est\u00e9k mutatj\u00e1k meg, mennyire fontos, hogy figyelj\u00fcnk egym\u00e1sra, \u00e9s k\u00f6z\u00f6sen keress\u00fcnk megold\u00e1sokat a minket \u00e9rint\u0151 k\u00e9rd\u00e9sekre.\u00a0<\/div><\/div><div class=\"x11i5rnm xat24cr x1mh8g0r x1vvkbs xtlvy1s x126k92a\"><div dir=\"auto\">\u00a0<\/div><\/div>\t\t\t\t\t\t\t\t<\/div>\n\t\t\t\t<\/div>\n\t\t\t\t\t<\/div>\n\t\t\t\t<\/div>\n\t\t<div class=\"elementor-element elementor-element-a836723 e-flex e-con-boxed e-con e-parent\" data-id=\"a836723\" data-element_type=\"container\">\n\t\t\t\t\t<div class=\"e-con-inner\">\n\t\t<div class=\"elementor-element elementor-element-5d89a99 e-con-full e-flex e-con e-child\" data-id=\"5d89a99\" data-element_type=\"container\">\n\t\t\t\t<div class=\"elementor-element elementor-element-5f3bddb elementor-widget elementor-widget-image\" data-id=\"5f3bddb\" data-element_type=\"widget\" data-widget_type=\"image.default\">\n\t\t\t\t<div class=\"elementor-widget-container\">\n\t\t\t\t\t\t\t\t\t\t\t\t\t\t\t<img loading=\"lazy\" decoding=\"async\" width=\"843\" height=\"632\" src=\"https:\/\/www.fotikozszolg.hu\/wp-content\/uploads\/2025\/05\/IMG_7604-1024x768.jpg\" class=\"attachment-large size-large wp-image-5933\" alt=\"\" srcset=\"https:\/\/www.fotikozszolg.hu\/wp-content\/uploads\/2025\/05\/IMG_7604-1024x768.jpg 1024w, https:\/\/www.fotikozszolg.hu\/wp-content\/uploads\/2025\/05\/IMG_7604-300x225.jpg 300w, https:\/\/www.fotikozszolg.hu\/wp-content\/uploads\/2025\/05\/IMG_7604-768x576.jpg 768w, https:\/\/www.fotikozszolg.hu\/wp-content\/uploads\/2025\/05\/IMG_7604-1536x1152.jpg 1536w, https:\/\/www.fotikozszolg.hu\/wp-content\/uploads\/2025\/05\/IMG_7604-2048x1536.jpg 2048w\" sizes=\"(max-width: 843px) 100vw, 843px\" \/>\t\t\t\t\t\t\t\t\t\t\t\t\t\t\t<\/div>\n\t\t\t\t<\/div>\n\t\t\t\t<\/div>\n\t\t<div class=\"elementor-element elementor-element-c9df567 e-con-full e-flex e-con e-child\" data-id=\"c9df567\" data-element_type=\"container\">\n\t\t\t\t<div class=\"elementor-element elementor-element-66b763d elementor-widget elementor-widget-image\" data-id=\"66b763d\" data-element_type=\"widget\" data-widget_type=\"image.default\">\n\t\t\t\t<div class=\"elementor-widget-container\">\n\t\t\t\t\t\t\t\t\t\t\t\t\t\t\t<img loading=\"lazy\" decoding=\"async\" width=\"843\" height=\"632\" src=\"https:\/\/www.fotikozszolg.hu\/wp-content\/uploads\/2025\/05\/IMG_7597-1024x768.jpg\" class=\"attachment-large size-large wp-image-5932\" alt=\"\" srcset=\"https:\/\/www.fotikozszolg.hu\/wp-content\/uploads\/2025\/05\/IMG_7597-1024x768.jpg 1024w, https:\/\/www.fotikozszolg.hu\/wp-content\/uploads\/2025\/05\/IMG_7597-300x225.jpg 300w, https:\/\/www.fotikozszolg.hu\/wp-content\/uploads\/2025\/05\/IMG_7597-768x576.jpg 768w, https:\/\/www.fotikozszolg.hu\/wp-content\/uploads\/2025\/05\/IMG_7597-1536x1152.jpg 1536w, https:\/\/www.fotikozszolg.hu\/wp-content\/uploads\/2025\/05\/IMG_7597-2048x1536.jpg 2048w\" sizes=\"(max-width: 843px) 100vw, 843px\" \/>\t\t\t\t\t\t\t\t\t\t\t\t\t\t\t<\/div>\n\t\t\t\t<\/div>\n\t\t\t\t<\/div>\n\t\t\t\t\t<\/div>\n\t\t\t\t<\/div>\n\t\t<div class=\"elementor-element elementor-element-abee290 e-flex e-con-boxed e-con e-parent\" data-id=\"abee290\" data-element_type=\"container\">\n\t\t\t\t\t<div class=\"e-con-inner\">\n\t\t\t\t<div class=\"elementor-element elementor-element-ae194f7 elementor-widget elementor-widget-text-editor\" data-id=\"ae194f7\" data-element_type=\"widget\" data-widget_type=\"text-editor.default\">\n\t\t\t\t<div class=\"elementor-widget-container\">\n\t\t\t\t\t\t\t\t\t<h3 dir=\"auto\">2025.05.15. Kapcsol\u00f3dj F\u00f3thoz!<\/h3><div dir=\"auto\">A F\u00f3ti H\u00edrn\u00f6k m\u00e1jusi sz\u00e1m\u00e1ban megjelent a Breaking isolation &#8211; Kapcsol\u00f3dj F\u00f3thoz! c\u00edm\u0171 kiadv\u00e1nyunk.<\/div><div dir=\"auto\">\u00a0<\/div><div dir=\"auto\">A 8 oldalas mell\u00e9kletben bemutat\u00e1sra ker\u00fclnek a projekt f\u0151bb c\u00e9ljai, \u00e9s mindazok a f\u00f3ti civil szervezetek, akik szeretettel v\u00e1rj\u00e1k a hozz\u00e1juk csatlakozni v\u00e1gy\u00f3 \u00e9s F\u00f3t\u00e9rt akt\u00edvan tenni akar\u00f3 lakosokat. A projekten bel\u00fcl c\u00e9lunk, hogy mindenki megtal\u00e1lja a hozz\u00e1 hasonl\u00f3 \u00e9rdekl\u0151d\u00e9s\u0171 k\u00f6r\u0171 csoportokat \u00e9s szem\u00e9lyeket, \u00e9s egy\u00fctt, k\u00f6z\u00f6sen tegy\u00fcnk F\u00f3t\u00e9rt.<\/div><div dir=\"auto\">\u00a0<\/div><div dir=\"auto\">Tegy\u00fcnk egy\u00fctt egy akt\u00edvabb \u00e9s er\u0151sebb v\u00e1ros\u00e9rt! Vegy\u00fck fel egy\u00fctt a keszty\u0171t a t\u00e1rsadalmi elszigetel\u0151d\u00e9s \u00e9s a mag\u00e1ny ellen!<\/div><div dir=\"auto\">\u00a0<\/div><div dir=\"auto\">A mell\u00e9klet megtal\u00e1lhat\u00f3 a F\u00f3ti H\u00edrn\u00f6k m\u00e1jusi sz\u00e1m\u00e1val egy\u00fctt minden f\u00f3ti postal\u00e1d\u00e1ban, \u00e9s let\u00f6lthet\u0151 <a href=\"https:\/\/www.fotikozszolg.hu\/wp-content\/uploads\/2025\/05\/BI_2025.pdf\">INNEN<\/a>.<\/div>\t\t\t\t\t\t\t\t<\/div>\n\t\t\t\t<\/div>\n\t\t\t\t\t<\/div>\n\t\t\t\t<\/div>\n\t\t<div class=\"elementor-element elementor-element-b06f812 e-flex e-con-boxed e-con e-parent\" data-id=\"b06f812\" data-element_type=\"container\">\n\t\t\t\t\t<div class=\"e-con-inner\">\n\t\t<div class=\"elementor-element elementor-element-b2159ec e-con-full e-flex e-con e-child\" data-id=\"b2159ec\" data-element_type=\"container\">\n\t\t\t\t<div class=\"elementor-element elementor-element-46c8250 elementor-widget elementor-widget-image\" data-id=\"46c8250\" data-element_type=\"widget\" data-widget_type=\"image.default\">\n\t\t\t\t<div class=\"elementor-widget-container\">\n\t\t\t\t\t\t\t\t\t\t\t\t\t\t\t<img loading=\"lazy\" decoding=\"async\" width=\"724\" height=\"1024\" src=\"https:\/\/www.fotikozszolg.hu\/wp-content\/uploads\/2025\/05\/BI_2025_8oldal-Layout-1-724x1024.jpg\" class=\"attachment-large size-large wp-image-5923\" alt=\"\" srcset=\"https:\/\/www.fotikozszolg.hu\/wp-content\/uploads\/2025\/05\/BI_2025_8oldal-Layout-1-724x1024.jpg 724w, https:\/\/www.fotikozszolg.hu\/wp-content\/uploads\/2025\/05\/BI_2025_8oldal-Layout-1-212x300.jpg 212w, https:\/\/www.fotikozszolg.hu\/wp-content\/uploads\/2025\/05\/BI_2025_8oldal-Layout-1-768x1087.jpg 768w, https:\/\/www.fotikozszolg.hu\/wp-content\/uploads\/2025\/05\/BI_2025_8oldal-Layout-1.jpg 992w\" sizes=\"(max-width: 724px) 100vw, 724px\" \/>\t\t\t\t\t\t\t\t\t\t\t\t\t\t\t<\/div>\n\t\t\t\t<\/div>\n\t\t\t\t<\/div>\n\t\t<div class=\"elementor-element elementor-element-da3f63b e-con-full e-flex e-con e-child\" data-id=\"da3f63b\" data-element_type=\"container\">\n\t\t\t\t<div class=\"elementor-element elementor-element-fbd6938 elementor-widget elementor-widget-image\" data-id=\"fbd6938\" data-element_type=\"widget\" data-widget_type=\"image.default\">\n\t\t\t\t<div class=\"elementor-widget-container\">\n\t\t\t\t\t\t\t\t\t\t\t\t\t\t\t<img loading=\"lazy\" decoding=\"async\" width=\"724\" height=\"1024\" src=\"https:\/\/www.fotikozszolg.hu\/wp-content\/uploads\/2025\/05\/BI_2025_8oldal-Layout-1-2-724x1024.jpg\" class=\"attachment-large size-large wp-image-5916\" alt=\"\" srcset=\"https:\/\/www.fotikozszolg.hu\/wp-content\/uploads\/2025\/05\/BI_2025_8oldal-Layout-1-2-724x1024.jpg 724w, https:\/\/www.fotikozszolg.hu\/wp-content\/uploads\/2025\/05\/BI_2025_8oldal-Layout-1-2-212x300.jpg 212w, https:\/\/www.fotikozszolg.hu\/wp-content\/uploads\/2025\/05\/BI_2025_8oldal-Layout-1-2-768x1087.jpg 768w, https:\/\/www.fotikozszolg.hu\/wp-content\/uploads\/2025\/05\/BI_2025_8oldal-Layout-1-2.jpg 992w\" sizes=\"(max-width: 724px) 100vw, 724px\" \/>\t\t\t\t\t\t\t\t\t\t\t\t\t\t\t<\/div>\n\t\t\t\t<\/div>\n\t\t\t\t<\/div>\n\t\t<div class=\"elementor-element elementor-element-c82b194 e-con-full e-flex e-con e-child\" data-id=\"c82b194\" data-element_type=\"container\">\n\t\t\t\t<div class=\"elementor-element elementor-element-2e32808 elementor-widget elementor-widget-image\" data-id=\"2e32808\" data-element_type=\"widget\" data-widget_type=\"image.default\">\n\t\t\t\t<div class=\"elementor-widget-container\">\n\t\t\t\t\t\t\t\t\t\t\t\t\t\t\t<img loading=\"lazy\" decoding=\"async\" width=\"724\" height=\"1024\" src=\"https:\/\/www.fotikozszolg.hu\/wp-content\/uploads\/2025\/05\/BI_2025_8oldal-Layout-1-3-724x1024.jpg\" class=\"attachment-large size-large wp-image-5917\" alt=\"\" srcset=\"https:\/\/www.fotikozszolg.hu\/wp-content\/uploads\/2025\/05\/BI_2025_8oldal-Layout-1-3-724x1024.jpg 724w, https:\/\/www.fotikozszolg.hu\/wp-content\/uploads\/2025\/05\/BI_2025_8oldal-Layout-1-3-212x300.jpg 212w, https:\/\/www.fotikozszolg.hu\/wp-content\/uploads\/2025\/05\/BI_2025_8oldal-Layout-1-3-768x1087.jpg 768w, https:\/\/www.fotikozszolg.hu\/wp-content\/uploads\/2025\/05\/BI_2025_8oldal-Layout-1-3.jpg 992w\" sizes=\"(max-width: 724px) 100vw, 724px\" \/>\t\t\t\t\t\t\t\t\t\t\t\t\t\t\t<\/div>\n\t\t\t\t<\/div>\n\t\t\t\t<\/div>\n\t\t<div class=\"elementor-element elementor-element-dff2cf9 e-con-full e-flex e-con e-child\" data-id=\"dff2cf9\" data-element_type=\"container\">\n\t\t\t\t<div class=\"elementor-element elementor-element-0ea5f19 elementor-widget elementor-widget-image\" data-id=\"0ea5f19\" data-element_type=\"widget\" data-widget_type=\"image.default\">\n\t\t\t\t<div class=\"elementor-widget-container\">\n\t\t\t\t\t\t\t\t\t\t\t\t\t\t\t<img loading=\"lazy\" decoding=\"async\" width=\"724\" height=\"1024\" src=\"https:\/\/www.fotikozszolg.hu\/wp-content\/uploads\/2025\/05\/BI_2025_8oldal-Layout-1-4-724x1024.jpg\" class=\"attachment-large size-large wp-image-5918\" alt=\"\" srcset=\"https:\/\/www.fotikozszolg.hu\/wp-content\/uploads\/2025\/05\/BI_2025_8oldal-Layout-1-4-724x1024.jpg 724w, https:\/\/www.fotikozszolg.hu\/wp-content\/uploads\/2025\/05\/BI_2025_8oldal-Layout-1-4-212x300.jpg 212w, https:\/\/www.fotikozszolg.hu\/wp-content\/uploads\/2025\/05\/BI_2025_8oldal-Layout-1-4-768x1087.jpg 768w, https:\/\/www.fotikozszolg.hu\/wp-content\/uploads\/2025\/05\/BI_2025_8oldal-Layout-1-4.jpg 992w\" sizes=\"(max-width: 724px) 100vw, 724px\" \/>\t\t\t\t\t\t\t\t\t\t\t\t\t\t\t<\/div>\n\t\t\t\t<\/div>\n\t\t\t\t<\/div>\n\t\t\t\t\t<\/div>\n\t\t\t\t<\/div>\n\t\t<div class=\"elementor-element elementor-element-8684266 e-flex e-con-boxed e-con e-parent\" data-id=\"8684266\" data-element_type=\"container\">\n\t\t\t\t\t<div class=\"e-con-inner\">\n\t\t<div class=\"elementor-element elementor-element-27417be e-con-full e-flex e-con e-child\" data-id=\"27417be\" data-element_type=\"container\">\n\t\t\t\t<div class=\"elementor-element elementor-element-13bc776 elementor-widget elementor-widget-image\" data-id=\"13bc776\" data-element_type=\"widget\" data-widget_type=\"image.default\">\n\t\t\t\t<div class=\"elementor-widget-container\">\n\t\t\t\t\t\t\t\t\t\t\t\t\t\t\t<img loading=\"lazy\" decoding=\"async\" width=\"724\" height=\"1024\" src=\"https:\/\/www.fotikozszolg.hu\/wp-content\/uploads\/2025\/05\/BI_2025_8oldal-Layout-1-5-724x1024.jpg\" class=\"attachment-large size-large wp-image-5919\" alt=\"\" srcset=\"https:\/\/www.fotikozszolg.hu\/wp-content\/uploads\/2025\/05\/BI_2025_8oldal-Layout-1-5-724x1024.jpg 724w, https:\/\/www.fotikozszolg.hu\/wp-content\/uploads\/2025\/05\/BI_2025_8oldal-Layout-1-5-212x300.jpg 212w, https:\/\/www.fotikozszolg.hu\/wp-content\/uploads\/2025\/05\/BI_2025_8oldal-Layout-1-5-768x1087.jpg 768w, https:\/\/www.fotikozszolg.hu\/wp-content\/uploads\/2025\/05\/BI_2025_8oldal-Layout-1-5.jpg 992w\" sizes=\"(max-width: 724px) 100vw, 724px\" \/>\t\t\t\t\t\t\t\t\t\t\t\t\t\t\t<\/div>\n\t\t\t\t<\/div>\n\t\t\t\t<\/div>\n\t\t<div class=\"elementor-element elementor-element-e0ebbc8 e-con-full e-flex e-con e-child\" data-id=\"e0ebbc8\" data-element_type=\"container\">\n\t\t\t\t<div class=\"elementor-element elementor-element-186e7b2 elementor-widget elementor-widget-image\" data-id=\"186e7b2\" data-element_type=\"widget\" data-widget_type=\"image.default\">\n\t\t\t\t<div class=\"elementor-widget-container\">\n\t\t\t\t\t\t\t\t\t\t\t\t\t\t\t<img loading=\"lazy\" decoding=\"async\" width=\"724\" height=\"1024\" src=\"https:\/\/www.fotikozszolg.hu\/wp-content\/uploads\/2025\/05\/BI_2025_8oldal-Layout-1-6-724x1024.jpg\" class=\"attachment-large size-large wp-image-5920\" alt=\"\" srcset=\"https:\/\/www.fotikozszolg.hu\/wp-content\/uploads\/2025\/05\/BI_2025_8oldal-Layout-1-6-724x1024.jpg 724w, https:\/\/www.fotikozszolg.hu\/wp-content\/uploads\/2025\/05\/BI_2025_8oldal-Layout-1-6-212x300.jpg 212w, https:\/\/www.fotikozszolg.hu\/wp-content\/uploads\/2025\/05\/BI_2025_8oldal-Layout-1-6-768x1087.jpg 768w, https:\/\/www.fotikozszolg.hu\/wp-content\/uploads\/2025\/05\/BI_2025_8oldal-Layout-1-6.jpg 992w\" sizes=\"(max-width: 724px) 100vw, 724px\" \/>\t\t\t\t\t\t\t\t\t\t\t\t\t\t\t<\/div>\n\t\t\t\t<\/div>\n\t\t\t\t<\/div>\n\t\t<div class=\"elementor-element elementor-element-99b06ab e-con-full e-flex e-con e-child\" data-id=\"99b06ab\" data-element_type=\"container\">\n\t\t\t\t<div class=\"elementor-element elementor-element-cbf85e7 elementor-widget elementor-widget-image\" data-id=\"cbf85e7\" data-element_type=\"widget\" data-widget_type=\"image.default\">\n\t\t\t\t<div class=\"elementor-widget-container\">\n\t\t\t\t\t\t\t\t\t\t\t\t\t\t\t<img loading=\"lazy\" decoding=\"async\" width=\"724\" height=\"1024\" src=\"https:\/\/www.fotikozszolg.hu\/wp-content\/uploads\/2025\/05\/BI_2025_8oldal-Layout-1-7-724x1024.jpg\" class=\"attachment-large size-large wp-image-5921\" alt=\"\" srcset=\"https:\/\/www.fotikozszolg.hu\/wp-content\/uploads\/2025\/05\/BI_2025_8oldal-Layout-1-7-724x1024.jpg 724w, https:\/\/www.fotikozszolg.hu\/wp-content\/uploads\/2025\/05\/BI_2025_8oldal-Layout-1-7-212x300.jpg 212w, https:\/\/www.fotikozszolg.hu\/wp-content\/uploads\/2025\/05\/BI_2025_8oldal-Layout-1-7-768x1087.jpg 768w, https:\/\/www.fotikozszolg.hu\/wp-content\/uploads\/2025\/05\/BI_2025_8oldal-Layout-1-7.jpg 992w\" sizes=\"(max-width: 724px) 100vw, 724px\" \/>\t\t\t\t\t\t\t\t\t\t\t\t\t\t\t<\/div>\n\t\t\t\t<\/div>\n\t\t\t\t<\/div>\n\t\t<div class=\"elementor-element elementor-element-d983354 e-con-full e-flex e-con e-child\" data-id=\"d983354\" data-element_type=\"container\">\n\t\t\t\t<div class=\"elementor-element elementor-element-0f0217a elementor-widget elementor-widget-image\" data-id=\"0f0217a\" data-element_type=\"widget\" data-widget_type=\"image.default\">\n\t\t\t\t<div class=\"elementor-widget-container\">\n\t\t\t\t\t\t\t\t\t\t\t\t\t\t\t<img loading=\"lazy\" decoding=\"async\" width=\"724\" height=\"1024\" src=\"https:\/\/www.fotikozszolg.hu\/wp-content\/uploads\/2025\/05\/BI_2025_8oldal-Layout-1-8-724x1024.jpg\" class=\"attachment-large size-large wp-image-5922\" alt=\"\" srcset=\"https:\/\/www.fotikozszolg.hu\/wp-content\/uploads\/2025\/05\/BI_2025_8oldal-Layout-1-8-724x1024.jpg 724w, https:\/\/www.fotikozszolg.hu\/wp-content\/uploads\/2025\/05\/BI_2025_8oldal-Layout-1-8-212x300.jpg 212w, https:\/\/www.fotikozszolg.hu\/wp-content\/uploads\/2025\/05\/BI_2025_8oldal-Layout-1-8-768x1087.jpg 768w, https:\/\/www.fotikozszolg.hu\/wp-content\/uploads\/2025\/05\/BI_2025_8oldal-Layout-1-8.jpg 992w\" sizes=\"(max-width: 724px) 100vw, 724px\" \/>\t\t\t\t\t\t\t\t\t\t\t\t\t\t\t<\/div>\n\t\t\t\t<\/div>\n\t\t\t\t<\/div>\n\t\t\t\t\t<\/div>\n\t\t\t\t<\/div>\n\t\t<div class=\"elementor-element elementor-element-26948b2 e-flex e-con-boxed e-con e-parent\" data-id=\"26948b2\" data-element_type=\"container\">\n\t\t\t\t\t<div class=\"e-con-inner\">\n\t\t\t\t<div class=\"elementor-element elementor-element-7bc9c13 elementor-widget elementor-widget-text-editor\" data-id=\"7bc9c13\" data-element_type=\"widget\" data-widget_type=\"text-editor.default\">\n\t\t\t\t<div class=\"elementor-widget-container\">\n\t\t\t\t\t\t\t\t\t<h3>2025.05.05 R\u00e9szt vett\u00fcnk a Maj\u00e1lison!<\/h3><p>K\u00f6sz\u00f6nj\u00fck mindenkinek, aki megl\u00e1togatta a Breaking Isolation s\u00e1trat a v\u00e1rosi Maj\u00e1lison! Rengetegen \u00e9rdekl\u0151dtek a mag\u00e1ny \u00e9s a t\u00e1rsadalmi elszigetel\u0151d\u00e9s t\u00e9m\u00e1ja ir\u00e1nt, sokan t\u00e9rtek be hozz\u00e1nk egy j\u00f3 besz\u00e9lget\u00e9sre, \u00e9s \u00f6r\u00f6mmel tapasztaltuk, hogy milyen nyitottan \u00e9s k\u00edv\u00e1ncsian fogadt\u00e1k a l\u00e1togat\u00f3k a programunkat.<\/p><p>A Meghallgatlak s\u00e1torban jelen l\u00e9v\u0151 pszichol\u00f3gus szakemberek \u00e9rt\u00e9kes, t\u00e1mogat\u00f3 besz\u00e9lget\u00e9seket folytattak az \u00e9rdekl\u0151d\u0151kkel, \u00e9s mindezek mellett egy m\u00e1sik fontos t\u00e9ma &#8211; a Digit\u00e1lis eszk\u00f6z\u00f6k haszn\u00e1lat\u00e1nak kock\u00e1zata a fiatalokra \u00e9s gyerekekre n\u00e9zve- is teret kapott. Mindenkit egy elfogad\u00f3, biztons\u00e1gos t\u00e9r fogadott, ahol minden \u00e9rz\u00e9snek \u00e9s megl\u00e1t\u00e1snak helye volt.<\/p><p>Nagy \u00f6r\u00f6m sz\u00e1munkra, hogy sok \u00faj ember is megismerte a helyi csoport (ULG) munk\u00e1j\u00e1t, \u00e9s t\u00f6bben jelezt\u00e9k, hogy sz\u00edvesen csatlakozn\u00e1nak a k\u00f6z\u00f6ss\u00e9ghez. \u00c9rt\u00e9kes \u00e9szrev\u00e9telekkel \u00e9s javaslatokkal, j\u00f3 hangulattal, nyitotts\u00e1ggal \u00e9s \u0151szinte \u00e9rdekl\u0151d\u00e9ssel telt meg a s\u00e1tor \u2014 val\u00f3ban \u00fagy \u00e9rezt\u00fck, senki sem maradt egyed\u00fcl.<\/p><p>K\u00f6sz\u00f6nj\u00fck mindenkinek, aki ell\u00e1togatott hozz\u00e1nk, tal\u00e1lkozzunk legk\u00f6zelebb is!<\/p>\t\t\t\t\t\t\t\t<\/div>\n\t\t\t\t<\/div>\n\t\t\t\t\t<\/div>\n\t\t\t\t<\/div>\n\t\t<div class=\"elementor-element elementor-element-b5ddc8b e-flex e-con-boxed e-con e-parent\" data-id=\"b5ddc8b\" data-element_type=\"container\">\n\t\t\t\t\t<div class=\"e-con-inner\">\n\t\t<div class=\"elementor-element elementor-element-5ca1626 e-con-full e-flex e-con e-child\" data-id=\"5ca1626\" data-element_type=\"container\">\n\t\t\t\t<div class=\"elementor-element elementor-element-c9bc116 elementor-widget elementor-widget-image\" data-id=\"c9bc116\" data-element_type=\"widget\" data-widget_type=\"image.default\">\n\t\t\t\t<div class=\"elementor-widget-container\">\n\t\t\t\t\t\t\t\t\t\t\t\t\t\t\t<img loading=\"lazy\" decoding=\"async\" width=\"843\" height=\"632\" src=\"https:\/\/www.fotikozszolg.hu\/wp-content\/uploads\/2025\/05\/IMG_7502s-1024x768.jpg\" class=\"attachment-large size-large wp-image-5868\" alt=\"\" srcset=\"https:\/\/www.fotikozszolg.hu\/wp-content\/uploads\/2025\/05\/IMG_7502s-1024x768.jpg 1024w, https:\/\/www.fotikozszolg.hu\/wp-content\/uploads\/2025\/05\/IMG_7502s-300x225.jpg 300w, https:\/\/www.fotikozszolg.hu\/wp-content\/uploads\/2025\/05\/IMG_7502s-768x576.jpg 768w, https:\/\/www.fotikozszolg.hu\/wp-content\/uploads\/2025\/05\/IMG_7502s-1536x1152.jpg 1536w, https:\/\/www.fotikozszolg.hu\/wp-content\/uploads\/2025\/05\/IMG_7502s.jpg 2016w\" sizes=\"(max-width: 843px) 100vw, 843px\" \/>\t\t\t\t\t\t\t\t\t\t\t\t\t\t\t<\/div>\n\t\t\t\t<\/div>\n\t\t\t\t<\/div>\n\t\t<div class=\"elementor-element elementor-element-c67d4c5 e-con-full e-flex e-con e-child\" data-id=\"c67d4c5\" data-element_type=\"container\">\n\t\t\t\t<div class=\"elementor-element elementor-element-fa6ee06 elementor-widget elementor-widget-image\" data-id=\"fa6ee06\" data-element_type=\"widget\" data-widget_type=\"image.default\">\n\t\t\t\t<div class=\"elementor-widget-container\">\n\t\t\t\t\t\t\t\t\t\t\t\t\t\t\t<img loading=\"lazy\" decoding=\"async\" width=\"843\" height=\"535\" src=\"https:\/\/www.fotikozszolg.hu\/wp-content\/uploads\/2025\/05\/IMG_7515s-rotated-e1748340524279-1024x650.jpg\" class=\"attachment-large size-large wp-image-5870\" alt=\"\" srcset=\"https:\/\/www.fotikozszolg.hu\/wp-content\/uploads\/2025\/05\/IMG_7515s-rotated-e1748340524279-1024x650.jpg 1024w, https:\/\/www.fotikozszolg.hu\/wp-content\/uploads\/2025\/05\/IMG_7515s-rotated-e1748340524279-300x190.jpg 300w, https:\/\/www.fotikozszolg.hu\/wp-content\/uploads\/2025\/05\/IMG_7515s-rotated-e1748340524279-768x488.jpg 768w, https:\/\/www.fotikozszolg.hu\/wp-content\/uploads\/2025\/05\/IMG_7515s-rotated-e1748340524279.jpg 1512w\" sizes=\"(max-width: 843px) 100vw, 843px\" \/>\t\t\t\t\t\t\t\t\t\t\t\t\t\t\t<\/div>\n\t\t\t\t<\/div>\n\t\t\t\t<\/div>\n\t\t<div class=\"elementor-element elementor-element-8d26aa2 e-con-full e-flex e-con e-child\" data-id=\"8d26aa2\" data-element_type=\"container\">\n\t\t\t\t<div class=\"elementor-element elementor-element-f910e59 elementor-widget elementor-widget-image\" data-id=\"f910e59\" data-element_type=\"widget\" data-widget_type=\"image.default\">\n\t\t\t\t<div class=\"elementor-widget-container\">\n\t\t\t\t\t\t\t\t\t\t\t\t\t\t\t<img loading=\"lazy\" decoding=\"async\" width=\"843\" height=\"632\" src=\"https:\/\/www.fotikozszolg.hu\/wp-content\/uploads\/2025\/05\/IMG_7520s-1024x768.jpg\" class=\"attachment-large size-large wp-image-5872\" alt=\"\" srcset=\"https:\/\/www.fotikozszolg.hu\/wp-content\/uploads\/2025\/05\/IMG_7520s-1024x768.jpg 1024w, https:\/\/www.fotikozszolg.hu\/wp-content\/uploads\/2025\/05\/IMG_7520s-300x225.jpg 300w, https:\/\/www.fotikozszolg.hu\/wp-content\/uploads\/2025\/05\/IMG_7520s-768x576.jpg 768w, https:\/\/www.fotikozszolg.hu\/wp-content\/uploads\/2025\/05\/IMG_7520s-1536x1152.jpg 1536w, https:\/\/www.fotikozszolg.hu\/wp-content\/uploads\/2025\/05\/IMG_7520s.jpg 2016w\" sizes=\"(max-width: 843px) 100vw, 843px\" \/>\t\t\t\t\t\t\t\t\t\t\t\t\t\t\t<\/div>\n\t\t\t\t<\/div>\n\t\t\t\t<\/div>\n\t\t<div class=\"elementor-element elementor-element-4cb1720 e-con-full e-flex e-con e-child\" data-id=\"4cb1720\" data-element_type=\"container\">\n\t\t\t\t<div class=\"elementor-element elementor-element-a2e4420 elementor-widget elementor-widget-image\" data-id=\"a2e4420\" data-element_type=\"widget\" data-widget_type=\"image.default\">\n\t\t\t\t<div class=\"elementor-widget-container\">\n\t\t\t\t\t\t\t\t\t\t\t\t\t\t\t<img loading=\"lazy\" decoding=\"async\" width=\"843\" height=\"632\" src=\"https:\/\/www.fotikozszolg.hu\/wp-content\/uploads\/2025\/05\/IMG_7530s-1024x768.jpg\" class=\"attachment-large size-large wp-image-5873\" alt=\"\" srcset=\"https:\/\/www.fotikozszolg.hu\/wp-content\/uploads\/2025\/05\/IMG_7530s-1024x768.jpg 1024w, https:\/\/www.fotikozszolg.hu\/wp-content\/uploads\/2025\/05\/IMG_7530s-300x225.jpg 300w, https:\/\/www.fotikozszolg.hu\/wp-content\/uploads\/2025\/05\/IMG_7530s-768x576.jpg 768w, https:\/\/www.fotikozszolg.hu\/wp-content\/uploads\/2025\/05\/IMG_7530s-1536x1152.jpg 1536w, https:\/\/www.fotikozszolg.hu\/wp-content\/uploads\/2025\/05\/IMG_7530s.jpg 2016w\" sizes=\"(max-width: 843px) 100vw, 843px\" \/>\t\t\t\t\t\t\t\t\t\t\t\t\t\t\t<\/div>\n\t\t\t\t<\/div>\n\t\t\t\t<\/div>\n\t\t\t\t\t<\/div>\n\t\t\t\t<\/div>\n\t\t<div class=\"elementor-element elementor-element-764b13c e-flex e-con-boxed e-con e-parent\" data-id=\"764b13c\" data-element_type=\"container\">\n\t\t\t\t\t<div class=\"e-con-inner\">\n\t\t\t\t<div class=\"elementor-element elementor-element-b466233 elementor-widget elementor-widget-text-editor\" data-id=\"b466233\" data-element_type=\"widget\" data-widget_type=\"text-editor.default\">\n\t\t\t\t<div class=\"elementor-widget-container\">\n\t\t\t\t\t\t\t\t\t<h3>2025.04.28. Jumill\u00e1ban j\u00e1rt a szak\u00e9rt\u0151 csapatunk<\/h3><p>2025. \u00e1prilis 23-25. k\u00f6z\u00f6tt v\u00e1rosunk ULG csapata (Ers\u00f3k N\u00f3ra projektkoordin\u00e1tor, Rab Szil\u00e1rd, R\u00e9v\u00e9sz Melinda, Kaba Eszter) Jumill\u00e1ban vend\u00e9geskedett.<\/p><p>Az al\u00e1bbiakban Kaba Eszter k\u00f6nyvt\u00e1rvezet\u0151 besz\u00e1mol\u00f3ja olvashat\u00f3:<\/p><p>Szerda reggel \u00e9rkezt\u00fcnk meg a 25.000 lelkes spanyol kisv\u00e1rosba \u00e9s m\u00e1ris kezdet\u00e9t vette a munka. A d\u00e9lel\u0151tt folyam\u00e1n a projektben r\u00e9sztvev\u0151 v\u00e1rosok k\u00e9pvisel\u0151i sz\u00e1moltak be az elm\u00falt id\u0151szak esem\u00e9nyeir\u0151l, azokr\u00f3l a k\u00f6z\u00f6ss\u00e9g\u00e9p\u00edt\u0151 k\u00eds\u00e9rletekr\u0151l, amiket a saj\u00e1t k\u00f6zeg\u00fckben pr\u00f3b\u00e1ltak meghonos\u00edtani. A m\u00e1r m\u0171k\u00f6d\u0151 \u00e9s form\u00e1l\u00f3d\u00f3 gyakorlatok k\u00f6z\u00fcl k\u00f6nyvt\u00e1rosk\u00e9nt a rom\u00e1niai Roman v\u00e1roska \u00f6tlete ragadott meg legink\u00e1bb. Az \u201c\u00e9l\u0151 k\u00f6nyvt\u00e1r\u201d projekt l\u00e9nyege, hogy a telep\u00fcl\u00e9sen \u00e9l\u0151ket sz\u00f3laltatja meg, \u00edgy \u00f6r\u00f6k\u00edtve tov\u00e1bb a k\u00f6z\u00f6ss\u00e9gben \u00e9l\u0151 t\u00f6rt\u00e9neteket, hagyom\u00e1nyokat. A t\u00f6rt\u00e9netmes\u00e9l\u00e9s k\u00f6z\u00f6ss\u00e9gform\u00e1l\u00f3 erej\u00e9vel helyben is tal\u00e1lkoztunk: a projekt esem\u00e9nyeinek otthont ad\u00f3 \u00e9p\u00fcletben m\u0171k\u00f6dik a gyermekk\u00f6nyvt\u00e1r, ahol az egyik d\u00e9lut\u00e1n \u00e9l\u0151szavas meseolvas\u00e1st tartott a k\u00f6nyvt\u00e1ros. Sz\u00e1mtalan sz\u00fcl\u0151 \u00e9rkezett a gyermek\u00e9vel a k\u00f6z\u00f6s b\u00e1boz\u00e1sra, mes\u00e9l\u00e9sre \u2013 a k\u00f6z\u00f6ss\u00e9g\u00e9p\u00edt\u00e9s sz\u00e9p p\u00e9ld\u00e1j\u00e1val tal\u00e1lkoztunk.<\/p><p>Jumill\u00e1ban a konferencia szakmai programja mellett a m\u00e1r m\u0171k\u00f6d\u0151 j\u00f3 gyakorlatokat is volt alkalmunk megn\u00e9zni. A v\u00e1ros rendk\u00edv\u00fcl j\u00f3l felszerelt id\u0151sotthont m\u0171k\u00f6dtet, ahol a szabadid\u0151s tev\u00e9kenys\u00e9gek mellett az id\u0151seket k\u00fcl\u00f6nb\u00f6z\u0151 orvosi szolg\u00e1ltat\u00e1sok \u00e9s pszichol\u00f3gus is v\u00e1rja. Ugyanakkor az id\u0151sebb gener\u00e1ci\u00f3t a v\u00e1rosban nem tekintik \u201cdologtalan nemzed\u00e9knek\u201d, azt a fajta tud\u00e1st, amit gener\u00e1ci\u00f3kon \u00e1t felhalmoztak, az otthon \u00e1ltal szervezett programok keretein bel\u00fcl adhatj\u00e1k tov\u00e1bb. Mi is r\u00e9szt vehett\u00fcnk egy ilyen programon, a helyb\u00e9li id\u0151s asszonyok a sajtk\u00e9sz\u00edt\u00e9s titkaiba avatt\u00e1k be a csoportot. Aki akarta, ki is pr\u00f3b\u00e1lhatta a sajtpr\u00e9sel\u00e9st. A v\u00e9geredm\u00e9nyt a csoport egy\u00fctt fogyasztotta el.<\/p><p>Spanyolorsz\u00e1gban ugyan\u00fagy vannak margin\u00e1lis csoportok, mint b\u00e1rhol m\u00e1sutt Eur\u00f3p\u00e1ban. Jumill\u00e1ban nagyon sok a bev\u00e1ndorl\u00f3, akiknek az integr\u00e1ci\u00f3j\u00e1t hathat\u00f3san seg\u00edti a v\u00e1rosban m\u0171k\u00f6d\u0151 f\u00fav\u00f3szenekar. A v\u00e1rosi sz\u00ednh\u00e1zban \u2013 amely egy 16. sz\u00e1zadban \u00e9p\u00edtett, az\u00f3ta is gondosan \u00e1polt \u00e9s \u00f3vott, karbantartott \u00e9p\u00fclet \u2013 r\u00f6vid m\u0171sort adtak az ULG tagok r\u00e9sz\u00e9re, illetve azok a fiatal zen\u00e9szek, akik \u00e9pp a zenekarnak k\u00f6sz\u00f6nhet\u0151en \u00e9rzik magukat otthon a v\u00e1rosban, elmondt\u00e1k saj\u00e1t t\u00f6rt\u00e9net\u00fcket.<\/p><p>Jumilla a saj\u00e1t t\u00f6rt\u00e9nelm\u00e9nek, hagyom\u00e1nyainak bemutat\u00e1s\u00e1t is fontosnak tartja. A telep\u00fcl\u00e9snek t\u00f6bb marketingkiadv\u00e1nya is van, hogy t\u00e1j\u00e9koztassa a turist\u00e1kat \u2013 ezek egyike a l\u00e1togathat\u00f3 m\u00fazeumokat, a nyilv\u00e1nos k\u00f6z\u00e9p\u00fcleteket mutatja be, m\u00edg a m\u00e1sik a v\u00e1ros kultur\u00e1lis programjait \u00f6sszegzi.<\/p><p>A Spanyolorsz\u00e1gban t\u00f6lt\u00f6tt n\u00e9h\u00e1ny nap hasznos \u00e9s \u00f6tletad\u00f3 volt. Szeptemberben l\u00e1togatnak el F\u00f3tra a projektben r\u00e9sztvev\u0151 v\u00e1rosok, b\u00edzzunk benne, hogy \u0151k is j\u00f3 \u00e9lm\u00e9nyekkel t\u00e1voznak t\u0151l\u00fcnk.<\/p>\t\t\t\t\t\t\t\t<\/div>\n\t\t\t\t<\/div>\n\t\t\t\t\t<\/div>\n\t\t\t\t<\/div>\n\t\t<div class=\"elementor-element elementor-element-7ef02da e-flex e-con-boxed e-con e-parent\" data-id=\"7ef02da\" data-element_type=\"container\">\n\t\t\t\t\t<div class=\"e-con-inner\">\n\t\t<div class=\"elementor-element elementor-element-dc28170 e-con-full e-flex e-con e-child\" data-id=\"dc28170\" data-element_type=\"container\">\n\t\t\t\t<div class=\"elementor-element elementor-element-0c3bec6 elementor-widget elementor-widget-image\" data-id=\"0c3bec6\" data-element_type=\"widget\" data-widget_type=\"image.default\">\n\t\t\t\t<div class=\"elementor-widget-container\">\n\t\t\t\t\t\t\t\t\t\t\t\t\t\t\t<img loading=\"lazy\" decoding=\"async\" width=\"843\" height=\"632\" src=\"https:\/\/www.fotikozszolg.hu\/wp-content\/uploads\/2025\/05\/IMG_7308s-1024x768.jpg\" class=\"attachment-large size-large wp-image-5859\" alt=\"\" srcset=\"https:\/\/www.fotikozszolg.hu\/wp-content\/uploads\/2025\/05\/IMG_7308s-1024x768.jpg 1024w, https:\/\/www.fotikozszolg.hu\/wp-content\/uploads\/2025\/05\/IMG_7308s-300x225.jpg 300w, https:\/\/www.fotikozszolg.hu\/wp-content\/uploads\/2025\/05\/IMG_7308s-768x576.jpg 768w, https:\/\/www.fotikozszolg.hu\/wp-content\/uploads\/2025\/05\/IMG_7308s-1536x1152.jpg 1536w, https:\/\/www.fotikozszolg.hu\/wp-content\/uploads\/2025\/05\/IMG_7308s-rotated.jpg 2016w\" sizes=\"(max-width: 843px) 100vw, 843px\" \/>\t\t\t\t\t\t\t\t\t\t\t\t\t\t\t<\/div>\n\t\t\t\t<\/div>\n\t\t\t\t<\/div>\n\t\t<div class=\"elementor-element elementor-element-38fd093 e-con-full e-flex e-con e-child\" data-id=\"38fd093\" data-element_type=\"container\">\n\t\t\t\t<div class=\"elementor-element elementor-element-7017729 elementor-widget elementor-widget-image\" data-id=\"7017729\" data-element_type=\"widget\" data-widget_type=\"image.default\">\n\t\t\t\t<div class=\"elementor-widget-container\">\n\t\t\t\t\t\t\t\t\t\t\t\t\t\t\t<img loading=\"lazy\" decoding=\"async\" width=\"530\" height=\"398\" src=\"https:\/\/www.fotikozszolg.hu\/wp-content\/uploads\/2025\/05\/IMG_7334s.jpg\" class=\"attachment-large size-large wp-image-5860\" alt=\"\" srcset=\"https:\/\/www.fotikozszolg.hu\/wp-content\/uploads\/2025\/05\/IMG_7334s.jpg 530w, https:\/\/www.fotikozszolg.hu\/wp-content\/uploads\/2025\/05\/IMG_7334s-300x225.jpg 300w\" sizes=\"(max-width: 530px) 100vw, 530px\" \/>\t\t\t\t\t\t\t\t\t\t\t\t\t\t\t<\/div>\n\t\t\t\t<\/div>\n\t\t\t\t<\/div>\n\t\t<div class=\"elementor-element elementor-element-6d64a51 e-con-full e-flex e-con e-child\" data-id=\"6d64a51\" data-element_type=\"container\">\n\t\t\t\t<div class=\"elementor-element elementor-element-a0774aa elementor-widget elementor-widget-image\" data-id=\"a0774aa\" data-element_type=\"widget\" data-widget_type=\"image.default\">\n\t\t\t\t<div class=\"elementor-widget-container\">\n\t\t\t\t\t\t\t\t\t\t\t\t\t\t\t<img loading=\"lazy\" decoding=\"async\" width=\"843\" height=\"632\" src=\"https:\/\/www.fotikozszolg.hu\/wp-content\/uploads\/2025\/05\/IMG_7407s-1024x768.jpg\" class=\"attachment-large size-large wp-image-5862\" alt=\"\" srcset=\"https:\/\/www.fotikozszolg.hu\/wp-content\/uploads\/2025\/05\/IMG_7407s-1024x768.jpg 1024w, https:\/\/www.fotikozszolg.hu\/wp-content\/uploads\/2025\/05\/IMG_7407s-300x225.jpg 300w, https:\/\/www.fotikozszolg.hu\/wp-content\/uploads\/2025\/05\/IMG_7407s-768x576.jpg 768w, https:\/\/www.fotikozszolg.hu\/wp-content\/uploads\/2025\/05\/IMG_7407s-1536x1152.jpg 1536w, https:\/\/www.fotikozszolg.hu\/wp-content\/uploads\/2025\/05\/IMG_7407s.jpg 2016w\" sizes=\"(max-width: 843px) 100vw, 843px\" \/>\t\t\t\t\t\t\t\t\t\t\t\t\t\t\t<\/div>\n\t\t\t\t<\/div>\n\t\t\t\t<\/div>\n\t\t<div class=\"elementor-element elementor-element-ad2105f e-con-full e-flex e-con e-child\" data-id=\"ad2105f\" data-element_type=\"container\">\n\t\t\t\t<div class=\"elementor-element elementor-element-63ef220 elementor-widget elementor-widget-image\" data-id=\"63ef220\" data-element_type=\"widget\" data-widget_type=\"image.default\">\n\t\t\t\t<div class=\"elementor-widget-container\">\n\t\t\t\t\t\t\t\t\t\t\t\t\t\t\t<img loading=\"lazy\" decoding=\"async\" width=\"843\" height=\"632\" src=\"https:\/\/www.fotikozszolg.hu\/wp-content\/uploads\/2025\/05\/IMG_7403s-1024x768.jpg\" class=\"attachment-large size-large wp-image-5861\" alt=\"\" srcset=\"https:\/\/www.fotikozszolg.hu\/wp-content\/uploads\/2025\/05\/IMG_7403s-1024x768.jpg 1024w, https:\/\/www.fotikozszolg.hu\/wp-content\/uploads\/2025\/05\/IMG_7403s-300x225.jpg 300w, https:\/\/www.fotikozszolg.hu\/wp-content\/uploads\/2025\/05\/IMG_7403s-768x576.jpg 768w, https:\/\/www.fotikozszolg.hu\/wp-content\/uploads\/2025\/05\/IMG_7403s-1536x1152.jpg 1536w, https:\/\/www.fotikozszolg.hu\/wp-content\/uploads\/2025\/05\/IMG_7403s-rotated.jpg 2016w\" sizes=\"(max-width: 843px) 100vw, 843px\" \/>\t\t\t\t\t\t\t\t\t\t\t\t\t\t\t<\/div>\n\t\t\t\t<\/div>\n\t\t\t\t<\/div>\n\t\t\t\t\t<\/div>\n\t\t\t\t<\/div>\n\t\t<div class=\"elementor-element elementor-element-2e98bb6 e-flex e-con-boxed e-con e-parent\" data-id=\"2e98bb6\" data-element_type=\"container\">\n\t\t\t\t\t<div class=\"e-con-inner\">\n\t\t\t\t<div class=\"elementor-element elementor-element-bfa6466 elementor-widget elementor-widget-text-editor\" data-id=\"bfa6466\" data-element_type=\"widget\" data-widget_type=\"text-editor.default\">\n\t\t\t\t<div class=\"elementor-widget-container\">\n\t\t\t\t\t\t\t\t\t<h3 class=\"s3\"><span class=\"s2\">202<\/span><span class=\"s2\">5<\/span><span class=\"s2\">.<\/span><span class=\"s2\">03<\/span><span class=\"s2\">.<\/span><span class=\"s2\">31<\/span><span class=\"s2\">. \u2013 A Helyi URBACT <\/span><span class=\"s2\">C<\/span><span class=\"s2\">soport <\/span><span class=\"s2\">hatodik<\/span><span class=\"s2\"> tal\u00e1lkoz\u00f3ja<\/span><\/h3><p class=\"s3\"><span class=\"s4\">202<\/span><span class=\"s4\">5<\/span><span class=\"s4\">. <\/span><span class=\"s4\">m\u00e1rcius\u00e1ban<\/span> <span class=\"s4\">imm\u00e1r hatodik alkalommal <\/span><span class=\"s4\">tal\u00e1lkozott <\/span><span class=\"s4\">a <\/span><span class=\"s5\">Breaking<\/span> <span class=\"s5\">isolation<\/span><span class=\"s5\"> \u2013 Egy\u00fctt a t\u00e1rsadalmi <\/span><span class=\"s5\">elszigetel\u0151d\u00e9s<\/span><span class=\"s5\"> ellen<\/span><span class=\"s4\"> c\u00edm\u0171 URBACT projekt<\/span><span class=\"s4\">\u00fcnk<\/span> <span class=\"s4\">ULG <\/span><span class=\"s4\">csoportja<\/span><span class=\"s4\">. <\/span><\/p><p class=\"s3\"><span class=\"s4\">A tal\u00e1lkoz\u00f3n <\/span><span class=\"s4\">a projekt f\u0151 c\u00e9lkit\u0171z\u00e9sei \u00e9s m\u00e9rf\u00f6ldk\u00f6vei<\/span><span class=\"s4\"> mellett<\/span> <span class=\"s4\">a ULG csoport tagjai betekint\u00e9st nyerhettek a montenegr\u00f3i<\/span><span class=\"s4\"> nemzetk\u00f6zi tal\u00e1lkoz\u00f3 esem\u00e9nyei<\/span><span class=\"s4\">be T\u00edm\u00e1rn\u00e9 El\u0151d T\u00fcnde \u00e9s L\u00e1nyin\u00e9 Tasi Annam\u00e1ria v\u00e9d\u0151n\u0151k elmes\u00e9l\u00e9se r\u00e9v\u00e9n, akik a ULG tagokk\u00e9nt vettek r\u00e9szt az utaz\u00e1son.<\/span><\/p><p class=\"s3\"><span class=\"s4\">A ULG tal\u00e1lkoz\u00f3<\/span><span class=\"s4\"> m\u00e1sodik fel\u00e9ben<\/span> <span class=\"s4\">a <\/span><span class=\"s4\">2025 <\/span><span class=\"s4\">tavasz\u00e1n<\/span><span class=\"s4\"> indul<\/span><span class=\"s4\">t \u00e9s indul\u00f3<\/span> <span class=\"s4\">tesztelend\u0151 akci\u00f3k r\u00e9szleteit vitatta meg a csoport.<\/span><\/p><p class=\"s3\"><strong><span class=\"s4\">A tesztelend\u0151 akci\u00f3ink:<\/span><\/strong><\/p><ul><li><span class=\"s6\">\u00a0<\/span><strong><span class=\"s2\">K\u00e1v\u00e9z\u00f3-besz\u00e9lget\u0151 sarok<\/span><span class=\"s2\">: <\/span><\/strong><span class=\"s4\">mely 2025 febru\u00e1rja \u00f3ta m\u0171k\u00f6dik<\/span><span class=\"s4\"> a F\u00f3ti V\u00e1rosi K\u00f6nyvt\u00e1rban<\/span><span class=\"s4\">azzal a c\u00e9llal, hogy a t\u00e1rsas\u00e1gra \u00e9s besz\u00e9lget\u00e9sre v\u00e1r\u00f3 f\u00f3ti lakosok egy cs\u00e9sze finom k\u00e1v\u00e9 mellett tal\u00e1lhassanak egym\u00e1sra a K\u00f6nyvt\u00e1r nyitvatart\u00e1si idej\u00e9ben.<\/span><\/li><li><strong><span class=\"s6\">\u00a0<\/span><span class=\"s2\">\u201eKap<\/span><span class=\"s2\">csol\u00f3dj F\u00f3thoz<\/span><span class=\"s2\">\u201d<\/span><\/strong> <span class=\"s4\">program <\/span><span class=\"s4\">elind\u00edt\u00e1sa <\/span><span class=\"s4\">m\u00e1rciusban <\/span><span class=\"s4\">\u2013 <\/span><span class=\"s4\">a programmal c\u00e9lunk <\/span><span class=\"s4\">a k\u00f6z\u00f6ss\u00e9g\u00fcket keres\u0151 f\u00f3ti lakosok <\/span><span class=\"s4\">\u00f6sszekapcsol\u00e1sa az akt\u00edvan m\u0171k\u00f6d\u0151 f\u00f3ti civil szervezetekkel \u00e9s k\u00f6z\u00f6ss\u00e9gekkel<\/span><span class=\"s4\">. Jelenleg a civil szervezetek megkeres\u00e9se \u00e9s az online fel\u00fclet kialak\u00edt\u00e1sa zajlik.<\/span><\/li><li><span class=\"s6\">\u00a0<\/span><strong><span class=\"s2\">\u201eK\u00f6z\u00f6s Hang\u201d<\/span><\/strong><span class=\"s4\"> \u2013 a <\/span><span class=\"s4\">Zene \u00e9s <\/span><span class=\"s4\">a <\/span><span class=\"s4\">K\u00f6z\u00f6ss\u00e9g <\/span><span class=\"s4\">\u00f6sszekapcsol\u00e1sa a<\/span><span class=\"s4\">z \u00e1prilisban \u00faj helysz\u00ednen megny\u00edl\u00f3<\/span><span class=\"s4\"> f\u00f3ti termel\u0151i piacon egy szabadon haszn\u00e1lhat\u00f3 k\u00f6z\u00f6ss\u00e9gi zongora seg\u00edts\u00e9g\u00e9vel<\/span><span class=\"s4\">. A zongora kihelyez\u00e9se \u00e1prilis v\u00e9g\u00e9n, a stabil j\u00f3 id\u0151 meg\u00e9rkez\u00e9sekor v\u00e1rhat\u00f3.<\/span><\/li><li><span class=\"s6\">\u00a0<\/span><strong><span class=\"s2\">\u201e<\/span><span class=\"s2\">K\u00e9z a K\u00e9zben \u2013 Tanulj vel\u00fcnk!<\/span><span class=\"s2\">\u201d<\/span><\/strong><span class=\"s4\"> gener\u00e1ci\u00f3k k\u00f6zti tud\u00e1smegoszt\u00e1son alapul\u00f3 k\u00f6z\u00f6ss\u00e9gi program<\/span><span class=\"s4\">, workshopok<\/span><span class=\"s4\"> a <\/span><span class=\"s4\">m\u00e1jusi <\/span><span class=\"s4\">rendezv\u00e9nyeken<\/span><span class=\"s4\"> (2025. m\u00e1jus 1. &#8211; Maj\u00e1lis, 2025. m\u00e1jus 24. &#8211; Gyermeknap \u00e9s F\u0151z\u0151verseny)<\/span><\/li><\/ul><p><span class=\"s4\">A szakmai munk\u00e1t <\/span><span class=\"s4\">finom<\/span><span class=\"s4\"> eb\u00e9ddel<\/span> <span class=\"s4\">\u00e9s besz\u00e9lget\u00e9ssel <\/span><span class=\"s4\">z\u00e1rtuk<\/span><span class=\"s4\">.<\/span><\/p><p class=\"s3\"><span class=\"s4\">Ez\u00faton is k\u00f6sz\u00f6nj\u00fck minden megjelent vend\u00e9gnek, hogy \u00e9szrev\u00e9teleivel \u00e9s szakmai tapasztalataival seg\u00edti munk\u00e1nkat \u00e9s hozz\u00e1j\u00e1rul a projekt eredm\u00e9nyeihez. <\/span><span class=\"s4\">Szeretettel v\u00e1runk minden \u00e9rdekl\u0151d\u0151t \u00e9s akt\u00edvan tenni v\u00e1gy\u00f3t a munkacsoportba a<\/span><span class=\"s4\">z<\/span> <a href=\"mailto:ersok.nora@fotikozszolg.hu\"><span class=\"s8\">ersok.nora@fotikozszolg.hu <\/span><\/a><span class=\"s4\">e-mail c\u00edmen.<\/span><\/p><p class=\"s3\"><span class=\"s4\">Breaking<\/span> <span class=\"s4\">isolation<\/span><span class=\"s4\">!<\/span><\/p>\t\t\t\t\t\t\t\t<\/div>\n\t\t\t\t<\/div>\n\t\t\t\t\t<\/div>\n\t\t\t\t<\/div>\n\t\t<div class=\"elementor-element elementor-element-7e77405 e-flex e-con-boxed e-con e-parent\" data-id=\"7e77405\" data-element_type=\"container\">\n\t\t\t\t\t<div class=\"e-con-inner\">\n\t\t<div class=\"elementor-element elementor-element-5c48aa3 e-con-full e-flex e-con e-child\" data-id=\"5c48aa3\" data-element_type=\"container\">\n\t\t\t\t<div class=\"elementor-element elementor-element-1f8ff67 elementor-widget elementor-widget-image\" data-id=\"1f8ff67\" data-element_type=\"widget\" data-widget_type=\"image.default\">\n\t\t\t\t<div class=\"elementor-widget-container\">\n\t\t\t\t\t\t\t\t\t\t\t\t\t\t\t<img loading=\"lazy\" decoding=\"async\" width=\"843\" height=\"632\" src=\"https:\/\/www.fotikozszolg.hu\/wp-content\/uploads\/2025\/05\/IMG_7118-1024x768.jpg\" class=\"attachment-large size-large wp-image-5878\" alt=\"\" srcset=\"https:\/\/www.fotikozszolg.hu\/wp-content\/uploads\/2025\/05\/IMG_7118-1024x768.jpg 1024w, https:\/\/www.fotikozszolg.hu\/wp-content\/uploads\/2025\/05\/IMG_7118-300x225.jpg 300w, https:\/\/www.fotikozszolg.hu\/wp-content\/uploads\/2025\/05\/IMG_7118-768x576.jpg 768w, https:\/\/www.fotikozszolg.hu\/wp-content\/uploads\/2025\/05\/IMG_7118-1536x1152.jpg 1536w, https:\/\/www.fotikozszolg.hu\/wp-content\/uploads\/2025\/05\/IMG_7118-2048x1536.jpg 2048w\" sizes=\"(max-width: 843px) 100vw, 843px\" \/>\t\t\t\t\t\t\t\t\t\t\t\t\t\t\t<\/div>\n\t\t\t\t<\/div>\n\t\t\t\t<\/div>\n\t\t<div class=\"elementor-element elementor-element-c481ffc e-con-full e-flex e-con e-child\" data-id=\"c481ffc\" data-element_type=\"container\">\n\t\t\t\t<div class=\"elementor-element elementor-element-3a4790f elementor-widget elementor-widget-image\" data-id=\"3a4790f\" data-element_type=\"widget\" data-widget_type=\"image.default\">\n\t\t\t\t<div class=\"elementor-widget-container\">\n\t\t\t\t\t\t\t\t\t\t\t\t\t\t\t<img loading=\"lazy\" decoding=\"async\" width=\"843\" height=\"629\" src=\"https:\/\/www.fotikozszolg.hu\/wp-content\/uploads\/2025\/05\/1743145383587-scaled-e1748344144433-1024x764.jpg\" class=\"attachment-large size-large wp-image-5880\" alt=\"\" srcset=\"https:\/\/www.fotikozszolg.hu\/wp-content\/uploads\/2025\/05\/1743145383587-scaled-e1748344144433-1024x764.jpg 1024w, https:\/\/www.fotikozszolg.hu\/wp-content\/uploads\/2025\/05\/1743145383587-scaled-e1748344144433-300x224.jpg 300w, https:\/\/www.fotikozszolg.hu\/wp-content\/uploads\/2025\/05\/1743145383587-scaled-e1748344144433-768x573.jpg 768w, https:\/\/www.fotikozszolg.hu\/wp-content\/uploads\/2025\/05\/1743145383587-scaled-e1748344144433-1536x1146.jpg 1536w, https:\/\/www.fotikozszolg.hu\/wp-content\/uploads\/2025\/05\/1743145383587-scaled-e1748344144433-2048x1528.jpg 2048w\" sizes=\"(max-width: 843px) 100vw, 843px\" \/>\t\t\t\t\t\t\t\t\t\t\t\t\t\t\t<\/div>\n\t\t\t\t<\/div>\n\t\t\t\t<\/div>\n\t\t<div class=\"elementor-element elementor-element-f5d66ad e-con-full e-flex e-con e-child\" data-id=\"f5d66ad\" data-element_type=\"container\">\n\t\t\t\t<div class=\"elementor-element elementor-element-83e0801 elementor-widget elementor-widget-image\" data-id=\"83e0801\" data-element_type=\"widget\" data-widget_type=\"image.default\">\n\t\t\t\t<div class=\"elementor-widget-container\">\n\t\t\t\t\t\t\t\t\t\t\t\t\t\t\t<img loading=\"lazy\" decoding=\"async\" width=\"843\" height=\"632\" src=\"https:\/\/www.fotikozszolg.hu\/wp-content\/uploads\/2025\/05\/IMG_7131-1024x768.jpg\" class=\"attachment-large size-large wp-image-5882\" alt=\"\" srcset=\"https:\/\/www.fotikozszolg.hu\/wp-content\/uploads\/2025\/05\/IMG_7131-1024x768.jpg 1024w, https:\/\/www.fotikozszolg.hu\/wp-content\/uploads\/2025\/05\/IMG_7131-300x225.jpg 300w, https:\/\/www.fotikozszolg.hu\/wp-content\/uploads\/2025\/05\/IMG_7131-768x576.jpg 768w, https:\/\/www.fotikozszolg.hu\/wp-content\/uploads\/2025\/05\/IMG_7131-1536x1152.jpg 1536w, https:\/\/www.fotikozszolg.hu\/wp-content\/uploads\/2025\/05\/IMG_7131-2048x1536.jpg 2048w\" sizes=\"(max-width: 843px) 100vw, 843px\" \/>\t\t\t\t\t\t\t\t\t\t\t\t\t\t\t<\/div>\n\t\t\t\t<\/div>\n\t\t\t\t<\/div>\n\t\t<div class=\"elementor-element elementor-element-8ee3177 e-con-full e-flex e-con e-child\" data-id=\"8ee3177\" data-element_type=\"container\">\n\t\t\t\t<div class=\"elementor-element elementor-element-372bcf7 elementor-widget elementor-widget-image\" data-id=\"372bcf7\" data-element_type=\"widget\" data-widget_type=\"image.default\">\n\t\t\t\t<div class=\"elementor-widget-container\">\n\t\t\t\t\t\t\t\t\t\t\t\t\t\t\t<img loading=\"lazy\" decoding=\"async\" width=\"843\" height=\"632\" src=\"https:\/\/www.fotikozszolg.hu\/wp-content\/uploads\/2025\/05\/IMG_7179s2-1024x768.jpg\" class=\"attachment-large size-large wp-image-5883\" alt=\"\" srcset=\"https:\/\/www.fotikozszolg.hu\/wp-content\/uploads\/2025\/05\/IMG_7179s2-1024x768.jpg 1024w, https:\/\/www.fotikozszolg.hu\/wp-content\/uploads\/2025\/05\/IMG_7179s2-300x225.jpg 300w, https:\/\/www.fotikozszolg.hu\/wp-content\/uploads\/2025\/05\/IMG_7179s2-768x576.jpg 768w, https:\/\/www.fotikozszolg.hu\/wp-content\/uploads\/2025\/05\/IMG_7179s2.jpg 1171w\" sizes=\"(max-width: 843px) 100vw, 843px\" \/>\t\t\t\t\t\t\t\t\t\t\t\t\t\t\t<\/div>\n\t\t\t\t<\/div>\n\t\t\t\t<\/div>\n\t\t\t\t\t<\/div>\n\t\t\t\t<\/div>\n\t\t<div class=\"elementor-element elementor-element-c817f7d e-flex e-con-boxed e-con e-parent\" data-id=\"c817f7d\" data-element_type=\"container\">\n\t\t\t\t\t<div class=\"e-con-inner\">\n\t\t\t\t<div class=\"elementor-element elementor-element-8241ac3 elementor-widget elementor-widget-text-editor\" data-id=\"8241ac3\" data-element_type=\"widget\" data-widget_type=\"text-editor.default\">\n\t\t\t\t<div class=\"elementor-widget-container\">\n\t\t\t\t\t\t\t\t\t<h3><strong><span class=\"s2\">202<\/span><span class=\"s2\">5<\/span><span class=\"s2\">.<\/span><span class=\"s2\">02<\/span><span class=\"s2\">.<\/span><span class=\"s2\">28<\/span><span class=\"s2\">. \u2013 <\/span>Montenegr\u00f3ban j\u00e1rt a f\u00f3ti Breaking Isolation csapat<\/strong><\/h3><p>Febru\u00e1r v\u00e9g\u00e9n F\u00f3tr\u00f3l h\u00e1rom f\u0151s csapat utazott Bijelo Polj\u00e9ba, hogy r\u00e9szt vegyen a soron k\u00f6vetkez\u0151, imm\u00e1r nyolcadik nemzetk\u00f6zi szakmai tan\u00e1cskoz\u00e1son.<\/p><p>A tal\u00e1lkoz\u00f3n T\u00edm\u00e1rn\u00e9 El\u0151d T\u00fcnde \u00e9s Tasin\u00e9 L\u00e1nyi Annam\u00e1ria f\u00f3ti v\u00e9d\u0151n\u0151k, valamint Ers\u00f3k N\u00f3ra projektkoordin\u00e1tor az izol\u00e1ci\u00f3 megel\u0151z\u00e9s\u00e9nek fontoss\u00e1g\u00e1r\u00f3l egyeztettek a k\u00fclf\u00f6ldi koll\u00e9g\u00e1kkal, k\u00fcl\u00f6n\u00f6s figyelmet szentelve a fiatal csal\u00e1dok \u00e9letm\u00f3dbeli v\u00e1ltoz\u00e1sai miatti elszigetel\u0151d\u00e9si vesz\u00e9lyeknek, \u00e9s a gener\u00e1ci\u00f3k k\u00f6z\u00f6tti kapcsolatok er\u0151s\u00edt\u00e9s\u00e9nek.<\/p><p>A projekttal\u00e1lkoz\u00f3 els\u0151 napj\u00e1n minden v\u00e1ros bemutatta, hogy az elm\u00falt h\u00f3napokban milyen, a t\u00e1rsadalmi elszigetel\u0151d\u00e9s megsz\u00fcntet\u00e9s\u00e9re vonatkoz\u00f3 akci\u00f3terveket dolgozott ki. A m\u00e1sodik szakmai napon a tapasztalatok megoszt\u00e1sa mellett a kommunik\u00e1ci\u00f3s feladatok \u00e9s eredm\u00e9nyek, illetve a p\u00e9nz\u00fcgyi adminisztr\u00e1ci\u00f3 t\u00f6lt\u00f6tte be a f\u0151 szerepet \u00e9s a h\u00e1zigazd\u00e1k bemutatt\u00e1k egy\u00e9b eur\u00f3pai uni\u00f3s projektjeiket \u00e9s a v\u00e1rosi bentlak\u00e1sos id\u0151sotthont, ahol rendhagy\u00f3 m\u00f3dszereket alkalmaznak \u00e9s k\u00fcl\u00f6nf\u00e9le szolg\u00e1ltat\u00e1sokat k\u00edn\u00e1lnak az id\u0151s emberek elszigetel\u0151d\u00e9se, elmag\u00e1nyosod\u00e1sa ellen.<\/p><p>A t\u00e1rgyal\u00e1sok sz\u00fcnet\u00e9ben \u00e9s az esti programokon megismerhett\u00fck a montenegr\u00f3in\u00e9pm\u0171v\u00e9szet \u00e9s kult\u00fara saj\u00e1toss\u00e1gait, valamint a gasztron\u00f3miai hagyom\u00e1nyokat.<\/p><p>A f\u00f3ti csapat sz\u00e1m\u00e1ra a montenegr\u00f3i tal\u00e1lkoz\u00f3 egy \u00fajabb fontos l\u00e9p\u00e9s volt a t\u00e1rsadalmi koh\u00e9zi\u00f3 er\u0151s\u00edt\u00e9se \u00e9rdek\u00e9ben, hiszen az ott szerzett tud\u00e1s \u00e9s tapasztalat seg\u00edthet a helyi probl\u00e9m\u00e1k hat\u00e9konyabb kezel\u00e9s\u00e9ben.<\/p><p>Breaking isolation<\/p>\t\t\t\t\t\t\t\t<\/div>\n\t\t\t\t<\/div>\n\t\t\t\t\t<\/div>\n\t\t\t\t<\/div>\n\t\t<div class=\"elementor-element elementor-element-c4e9ceb e-flex e-con-boxed e-con e-parent\" data-id=\"c4e9ceb\" data-element_type=\"container\">\n\t\t\t\t\t<div class=\"e-con-inner\">\n\t\t\t\t<div class=\"elementor-element elementor-element-a3ebcdf elementor-widget elementor-widget-image\" data-id=\"a3ebcdf\" data-element_type=\"widget\" data-widget_type=\"image.default\">\n\t\t\t\t<div class=\"elementor-widget-container\">\n\t\t\t\t\t\t\t\t\t\t\t\t\t\t\t<img loading=\"lazy\" decoding=\"async\" width=\"843\" height=\"449\" src=\"https:\/\/www.fotikozszolg.hu\/wp-content\/uploads\/2025\/04\/att.7phSsJuQxxwl2Y7tiRwAgZG0Q1bPa8R-VUVZhGZCprE-e1748343715957-1024x546.jpg\" class=\"attachment-large size-large wp-image-5177\" alt=\"\" srcset=\"https:\/\/www.fotikozszolg.hu\/wp-content\/uploads\/2025\/04\/att.7phSsJuQxxwl2Y7tiRwAgZG0Q1bPa8R-VUVZhGZCprE-e1748343715957-1024x546.jpg 1024w, https:\/\/www.fotikozszolg.hu\/wp-content\/uploads\/2025\/04\/att.7phSsJuQxxwl2Y7tiRwAgZG0Q1bPa8R-VUVZhGZCprE-e1748343715957-300x160.jpg 300w, https:\/\/www.fotikozszolg.hu\/wp-content\/uploads\/2025\/04\/att.7phSsJuQxxwl2Y7tiRwAgZG0Q1bPa8R-VUVZhGZCprE-e1748343715957-768x409.jpg 768w, https:\/\/www.fotikozszolg.hu\/wp-content\/uploads\/2025\/04\/att.7phSsJuQxxwl2Y7tiRwAgZG0Q1bPa8R-VUVZhGZCprE-e1748343715957-1536x819.jpg 1536w, https:\/\/www.fotikozszolg.hu\/wp-content\/uploads\/2025\/04\/att.7phSsJuQxxwl2Y7tiRwAgZG0Q1bPa8R-VUVZhGZCprE-e1748343715957.jpg 1600w\" sizes=\"(max-width: 843px) 100vw, 843px\" \/>\t\t\t\t\t\t\t\t\t\t\t\t\t\t\t<\/div>\n\t\t\t\t<\/div>\n\t\t\t\t\t<\/div>\n\t\t\t\t<\/div>\n\t\t<div class=\"elementor-element elementor-element-37baee6 e-flex e-con-boxed e-con e-parent\" data-id=\"37baee6\" data-element_type=\"container\">\n\t\t\t\t\t<div class=\"e-con-inner\">\n\t\t\t\t<div class=\"elementor-element elementor-element-6e4b8eb elementor-widget elementor-widget-text-editor\" data-id=\"6e4b8eb\" data-element_type=\"widget\" data-widget_type=\"text-editor.default\">\n\t\t\t\t<div class=\"elementor-widget-container\">\n\t\t\t\t\t\t\t\t\t<h3><strong>2024.12.20. \u2013 A Helyi URBACT Csoport \u00f6t\u00f6dik tal\u00e1lkoz\u00f3ja<\/strong><\/h3><p>2024. december\u00e9ben a Cheerio K\u00e1v\u00e9z\u00f3ban ker\u00fclt megrendez\u00e9sre a <em>Breaking isolation \u2013 Egy\u00fctt a t\u00e1rsadalmi elszigetel\u0151d\u00e9s ellen<\/em> c\u00edm\u0171 URBACT projekt kar\u00e1csonyi ULG tal\u00e1lkoz\u00f3ja, 18 f\u0151 r\u00e9szv\u00e9tel\u00e9vel.<\/p><p>A tal\u00e1lkoz\u00f3n Ers\u00f3k N\u00f3ra projekt koordin\u00e1tor \u00e9s ULG vezet\u0151 prezent\u00e1ci\u00f3j\u00e1ban feleleven\u00edtette a visszat\u00e9r\u0151 \u00e9s az \u00faj ULG tagok sz\u00e1m\u00e1ra a projekt f\u0151 c\u00e9lkit\u0171z\u00e9seit \u00e9s m\u00e9rf\u00f6ldk\u00f6veit, \u00e9s besz\u00e1molt a rom\u00e1niai nemzetk\u00f6zi tal\u00e1lkoz\u00f3 esem\u00e9nyeir\u0151l, eredm\u00e9nyeir\u0151l \u00e9s tanuls\u00e1gair\u00f3l.<\/p><p>A ULG tal\u00e1lkoz\u00f3 m\u00e1sodik fel\u00e9ben az el\u0151z\u0151 id\u0151szakban felmer\u00fclt, az\u00f3ta a kiscsoportos tal\u00e1lkoz\u00f3kon rendszerezett, tesztelend\u0151 \u00f6tleteteket vitattuk meg. 2025 febru\u00e1rj\u00e1t\u00f3l indul a teszt id\u0151szak a v\u00e1rosban, amikor havonta \u00faj programok \u00e9s esem\u00e9nyek seg\u00edts\u00e9g\u00e9vel pr\u00f3b\u00e1ljuk ki, hogy melyek azok az eszk\u00f6z\u00f6k, amelyek seg\u00edtenek felvenni a k\u00fczdelmet az elmag\u00e1nyosod\u00e1s ellen, \u00e9s seg\u00edtenek k\u00f6zelebb hozni egym\u00e1shoz az embereket.<\/p><p><strong>A tesztelend\u0151 akci\u00f3ink:<\/strong><\/p><ul><li><p><strong>K\u00e1v\u00e9z\u00f3-besz\u00e9lget\u0151 sarok<\/strong> l\u00e9trehoz\u00e1sa a F\u00f3ti V\u00e1rosi K\u00f6nyvt\u00e1rban<\/p><\/li><li><p><strong>\u201eKapcsol\u00f3dj F\u00f3thoz\u201d<\/strong> program elind\u00edt\u00e1sa \u2013 a k\u00f6z\u00f6ss\u00e9g\u00fcket keres\u0151 f\u00f3ti lakosok \u00f6sszekapcsol\u00e1sa az akt\u00edvan m\u0171k\u00f6d\u0151 f\u00f3ti civil szervezetekkel \u00e9s k\u00f6z\u00f6ss\u00e9gekkel<\/p><\/li><li><p><strong>\u201eK\u00f6z\u00f6s Hang\u201d<\/strong> \u2013 a Zene \u00e9s a K\u00f6z\u00f6ss\u00e9g \u00f6sszekapcsol\u00e1sa a f\u00f3ti termel\u0151i piacon egy szabadon haszn\u00e1lhat\u00f3 k\u00f6z\u00f6ss\u00e9gi zongora seg\u00edts\u00e9g\u00e9vel<\/p><\/li><li><p><strong>\u201eK\u00e9z a K\u00e9zben \u2013 Tanulj vel\u00fcnk!\u201d<\/strong> gener\u00e1ci\u00f3k k\u00f6zti tud\u00e1smegoszt\u00e1son alapul\u00f3 k\u00f6z\u00f6ss\u00e9gi program a v\u00e1rosi rendezv\u00e9nyeken<\/p><\/li><\/ul><p>A szakmai munk\u00e1t egy kellemes, kar\u00e1csonyi eb\u00e9ddel \u00e9s besz\u00e9lget\u00e9ssel z\u00e1rtuk.<\/p><p>Ez\u00faton is k\u00f6sz\u00f6nj\u00fck minden megjelent vend\u00e9gnek, hogy \u00e9szrev\u00e9teleivel \u00e9s szakmai tapasztalataival seg\u00edti munk\u00e1nkat \u00e9s hozz\u00e1j\u00e1rul a projekt eredm\u00e9nyeihez. Szeretettel v\u00e1runk minden \u00e9rdekl\u0151d\u0151t \u00e9s akt\u00edvan tenni v\u00e1gy\u00f3t a munkacsoportba az <a href=\"mailto:ersok.nora@fotikozszolg.hu\">ersok.nora@fotikozszolg.hu<\/a> e-mail c\u00edmen.<\/p><p>Breaking isolation!<\/p>\t\t\t\t\t\t\t\t<\/div>\n\t\t\t\t<\/div>\n\t\t\t\t\t<\/div>\n\t\t\t\t<\/div>\n\t\t<div class=\"elementor-element elementor-element-9e839a8 e-flex e-con-boxed e-con e-parent\" data-id=\"9e839a8\" data-element_type=\"container\">\n\t\t\t\t\t<div class=\"e-con-inner\">\n\t\t<div class=\"elementor-element elementor-element-b665cef e-con-full e-flex e-con e-child\" data-id=\"b665cef\" data-element_type=\"container\">\n\t\t\t\t<div class=\"elementor-element elementor-element-3c93e2e elementor-widget elementor-widget-image\" data-id=\"3c93e2e\" data-element_type=\"widget\" data-widget_type=\"image.default\">\n\t\t\t\t<div class=\"elementor-widget-container\">\n\t\t\t\t\t\t\t\t\t\t\t\t\t\t\t<img loading=\"lazy\" decoding=\"async\" width=\"843\" height=\"717\" src=\"https:\/\/www.fotikozszolg.hu\/wp-content\/uploads\/2025\/05\/51f213dc-0ff6-4667-966d-62600e25359e-e1748343939818-1024x871.jpg\" class=\"attachment-large size-large wp-image-5890\" alt=\"\" srcset=\"https:\/\/www.fotikozszolg.hu\/wp-content\/uploads\/2025\/05\/51f213dc-0ff6-4667-966d-62600e25359e-e1748343939818-1024x871.jpg 1024w, https:\/\/www.fotikozszolg.hu\/wp-content\/uploads\/2025\/05\/51f213dc-0ff6-4667-966d-62600e25359e-e1748343939818-300x255.jpg 300w, https:\/\/www.fotikozszolg.hu\/wp-content\/uploads\/2025\/05\/51f213dc-0ff6-4667-966d-62600e25359e-e1748343939818-768x653.jpg 768w, https:\/\/www.fotikozszolg.hu\/wp-content\/uploads\/2025\/05\/51f213dc-0ff6-4667-966d-62600e25359e-e1748343939818.jpg 1536w\" sizes=\"(max-width: 843px) 100vw, 843px\" \/>\t\t\t\t\t\t\t\t\t\t\t\t\t\t\t<\/div>\n\t\t\t\t<\/div>\n\t\t\t\t<\/div>\n\t\t<div class=\"elementor-element elementor-element-9b24e36 e-con-full e-flex e-con e-child\" data-id=\"9b24e36\" data-element_type=\"container\">\n\t\t\t\t<div class=\"elementor-element elementor-element-f06ca0a elementor-widget elementor-widget-image\" data-id=\"f06ca0a\" data-element_type=\"widget\" data-widget_type=\"image.default\">\n\t\t\t\t<div class=\"elementor-widget-container\">\n\t\t\t\t\t\t\t\t\t\t\t\t\t\t\t<img loading=\"lazy\" decoding=\"async\" width=\"843\" height=\"632\" src=\"https:\/\/www.fotikozszolg.hu\/wp-content\/uploads\/2025\/05\/IMG_6129-1024x768.jpg\" class=\"attachment-large size-large wp-image-5892\" alt=\"\" srcset=\"https:\/\/www.fotikozszolg.hu\/wp-content\/uploads\/2025\/05\/IMG_6129-1024x768.jpg 1024w, https:\/\/www.fotikozszolg.hu\/wp-content\/uploads\/2025\/05\/IMG_6129-300x225.jpg 300w, https:\/\/www.fotikozszolg.hu\/wp-content\/uploads\/2025\/05\/IMG_6129-768x576.jpg 768w, https:\/\/www.fotikozszolg.hu\/wp-content\/uploads\/2025\/05\/IMG_6129-1536x1152.jpg 1536w, https:\/\/www.fotikozszolg.hu\/wp-content\/uploads\/2025\/05\/IMG_6129-2048x1536.jpg 2048w\" sizes=\"(max-width: 843px) 100vw, 843px\" \/>\t\t\t\t\t\t\t\t\t\t\t\t\t\t\t<\/div>\n\t\t\t\t<\/div>\n\t\t\t\t<\/div>\n\t\t<div class=\"elementor-element elementor-element-c4e6e3d e-con-full e-flex e-con e-child\" data-id=\"c4e6e3d\" data-element_type=\"container\">\n\t\t\t\t<div class=\"elementor-element elementor-element-672ead4 elementor-widget elementor-widget-image\" data-id=\"672ead4\" data-element_type=\"widget\" data-widget_type=\"image.default\">\n\t\t\t\t<div class=\"elementor-widget-container\">\n\t\t\t\t\t\t\t\t\t\t\t\t\t\t\t<img loading=\"lazy\" decoding=\"async\" width=\"843\" height=\"632\" src=\"https:\/\/www.fotikozszolg.hu\/wp-content\/uploads\/2025\/05\/IMG_6139-1024x768.jpg\" class=\"attachment-large size-large wp-image-5893\" alt=\"\" srcset=\"https:\/\/www.fotikozszolg.hu\/wp-content\/uploads\/2025\/05\/IMG_6139-1024x768.jpg 1024w, https:\/\/www.fotikozszolg.hu\/wp-content\/uploads\/2025\/05\/IMG_6139-300x225.jpg 300w, https:\/\/www.fotikozszolg.hu\/wp-content\/uploads\/2025\/05\/IMG_6139-768x576.jpg 768w, https:\/\/www.fotikozszolg.hu\/wp-content\/uploads\/2025\/05\/IMG_6139-1536x1152.jpg 1536w, https:\/\/www.fotikozszolg.hu\/wp-content\/uploads\/2025\/05\/IMG_6139-2048x1536.jpg 2048w\" sizes=\"(max-width: 843px) 100vw, 843px\" \/>\t\t\t\t\t\t\t\t\t\t\t\t\t\t\t<\/div>\n\t\t\t\t<\/div>\n\t\t\t\t<\/div>\n\t\t<div class=\"elementor-element elementor-element-c51bfb6 e-con-full e-flex e-con e-child\" data-id=\"c51bfb6\" data-element_type=\"container\">\n\t\t\t\t<div class=\"elementor-element elementor-element-f2c4ea3 elementor-widget elementor-widget-image\" data-id=\"f2c4ea3\" data-element_type=\"widget\" data-widget_type=\"image.default\">\n\t\t\t\t<div class=\"elementor-widget-container\">\n\t\t\t\t\t\t\t\t\t\t\t\t\t\t\t<img loading=\"lazy\" decoding=\"async\" width=\"843\" height=\"632\" src=\"https:\/\/www.fotikozszolg.hu\/wp-content\/uploads\/2025\/05\/IMG_6140-1024x768.jpg\" class=\"attachment-large size-large wp-image-5894\" alt=\"\" srcset=\"https:\/\/www.fotikozszolg.hu\/wp-content\/uploads\/2025\/05\/IMG_6140-1024x768.jpg 1024w, https:\/\/www.fotikozszolg.hu\/wp-content\/uploads\/2025\/05\/IMG_6140-300x225.jpg 300w, https:\/\/www.fotikozszolg.hu\/wp-content\/uploads\/2025\/05\/IMG_6140-768x576.jpg 768w, https:\/\/www.fotikozszolg.hu\/wp-content\/uploads\/2025\/05\/IMG_6140-1536x1152.jpg 1536w, https:\/\/www.fotikozszolg.hu\/wp-content\/uploads\/2025\/05\/IMG_6140-2048x1536.jpg 2048w\" sizes=\"(max-width: 843px) 100vw, 843px\" \/>\t\t\t\t\t\t\t\t\t\t\t\t\t\t\t<\/div>\n\t\t\t\t<\/div>\n\t\t\t\t<\/div>\n\t\t\t\t\t<\/div>\n\t\t\t\t<\/div>\n\t\t<div class=\"elementor-element elementor-element-213d651 e-flex e-con-boxed e-con e-parent\" data-id=\"213d651\" data-element_type=\"container\">\n\t\t\t\t\t<div class=\"e-con-inner\">\n\t\t\t\t<div class=\"elementor-element elementor-element-6caf226 elementor-widget elementor-widget-text-editor\" data-id=\"6caf226\" data-element_type=\"widget\" data-widget_type=\"text-editor.default\">\n\t\t\t\t<div class=\"elementor-widget-container\">\n\t\t\t\t\t\t\t\t\t<h3 class=\"p1\"><b>2024.12.05. \u2013 Rom\u00e1niai partner\u00fcnkn\u00e9l j\u00e1rt a Breaking isolation h\u00e1l\u00f3zat<\/b><b><\/b><\/h3><p class=\"p4\">A v\u00e1rosfejleszt\u00e9si projekt hetedik nemzetk\u00f6zi partnertal\u00e1lkoz\u00f3j\u00e1ra a rom\u00e1niai Rom\u00e1nv\u00e1rosban ker\u00fclt sor december 3-4. k\u00f6z\u00f6tt.<\/p><p class=\"p4\">A f\u00f3ti csapatot Ers\u00f3k N\u00f3ra projekt koordin\u00e1tor \u00e9s Seb\u0151kn\u00e9 B\u00e1der J\u00e1zmin jelz\u0151rendszeri felel\u0151s (ESZEI), a helyi URBACT csoportunk egyik tagja k\u00e9pviselte.<\/p><p class=\"p4\">A projekttal\u00e1lkoz\u00f3 els\u0151 napj\u00e1n minden v\u00e1ros bemutatta, hogy az elm\u00falt h\u00f3napokban milyen, a t\u00e1rsadalmi elszigetel\u0151d\u00e9s felismer\u00e9s\u00e9re \u00e9s megsz\u00fcntet\u00e9s\u00e9re vonatkoz\u00f3 terveket dolgozott ki. Sz\u00e1mos hasznos \u00f6tlet \u00e9s fontos visszajelz\u00e9s \u00e9rdekezett nemzetk\u00f6zi szinten, mely nagyban megk\u00f6nny\u00edti a k\u00f6vetkez\u0151 h\u00f3napok munk\u00e1j\u00e1t.<\/p><p class=\"p4\">A m\u00e1sodik szakmai napon a tapasztalatok megoszt\u00e1sa mellett a kommunik\u00e1ci\u00f3s feladatok \u00e9s eredm\u00e9nyek, illetve az adminisztr\u00e1ci\u00f3 t\u00f6lt\u00f6tte be a f\u0151 szerepet.<\/p><p class=\"p4\">A szakmai t\u00e1rgyal\u00e1sok sz\u00fcnet\u00e9ben \u00e9s az esti programokon megismerhett\u00fck a rom\u00e1niai n\u00e9pm\u0171v\u00e9szet \u00e9s kult\u00fara saj\u00e1toss\u00e1gait. Nagy szeretettel \u00e9s kedvess\u00e9ggel fogadtak benn\u00fcnket a helyi id\u0151sek otthon\u00e1ban, ahol a k\u00f3rus kar\u00e1csonyi m\u0171sor\u00e1t hallgattuk meg, majd a program tov\u00e1bbi r\u00e9sz\u00e9ben lehet\u0151s\u00e9g\u00fcnk volt a helyi \u00e1ltal\u00e1nos iskol\u00e1sok \u00e9s gimnazist\u00e1k \u00e9nek \u00e9s n\u00e9pt\u00e1nc m\u0171sor\u00e1n is r\u00e9szt venni.<\/p><p class=\"p4\">Sz\u00e1mos hasznos szakmai inform\u00e1ci\u00f3val gazdagodva t\u00e9rt\u00fcnk haza, hogy \u00fajult er\u0151vel adjuk \u00e1t a ULG tagoknak a tud\u00e1st \u00e9s folytassuk a Testing id\u0151szakot annak \u00e9rdek\u00e9ben, hogy 2025 \u00e9v v\u00e9g\u00e9re elk\u00e9sz\u00fclhessen a k\u00e9pvisel\u0151 test\u00fclet \u00e1ltal elfogadott, horizont\u00e1lisan \u00e9s vertik\u00e1lisan integr\u00e1lt akci\u00f3terv\u00fcnk.<\/p><p class=\"p4\">Breaking isolation!<\/p>\t\t\t\t\t\t\t\t<\/div>\n\t\t\t\t<\/div>\n\t\t\t\t\t<\/div>\n\t\t\t\t<\/div>\n\t\t<div class=\"elementor-element elementor-element-42a54d8 e-flex e-con-boxed e-con e-parent\" data-id=\"42a54d8\" data-element_type=\"container\">\n\t\t\t\t\t<div class=\"e-con-inner\">\n\t\t<div class=\"elementor-element elementor-element-600943d e-con-full e-flex e-con e-child\" data-id=\"600943d\" data-element_type=\"container\">\n\t\t\t\t<div class=\"elementor-element elementor-element-11fc8aa elementor-widget elementor-widget-image\" data-id=\"11fc8aa\" data-element_type=\"widget\" data-widget_type=\"image.default\">\n\t\t\t\t<div class=\"elementor-widget-container\">\n\t\t\t\t\t\t\t\t\t\t\t\t\t\t\t<img loading=\"lazy\" decoding=\"async\" width=\"767\" height=\"576\" src=\"https:\/\/www.fotikozszolg.hu\/wp-content\/uploads\/2025\/04\/5da388d0-048e-46a4-89d4-098439e058c4-ma\u0301solat.png\" class=\"attachment-large size-large wp-image-4826\" alt=\"\" srcset=\"https:\/\/www.fotikozszolg.hu\/wp-content\/uploads\/2025\/04\/5da388d0-048e-46a4-89d4-098439e058c4-ma\u0301solat.png 767w, https:\/\/www.fotikozszolg.hu\/wp-content\/uploads\/2025\/04\/5da388d0-048e-46a4-89d4-098439e058c4-ma\u0301solat-300x225.png 300w\" sizes=\"(max-width: 767px) 100vw, 767px\" \/>\t\t\t\t\t\t\t\t\t\t\t\t\t\t\t<\/div>\n\t\t\t\t<\/div>\n\t\t\t\t<\/div>\n\t\t<div class=\"elementor-element elementor-element-6c16ea9 e-con-full e-flex e-con e-child\" data-id=\"6c16ea9\" data-element_type=\"container\">\n\t\t\t\t<div class=\"elementor-element elementor-element-114f9f8 elementor-widget elementor-widget-image\" data-id=\"114f9f8\" data-element_type=\"widget\" data-widget_type=\"image.default\">\n\t\t\t\t<div class=\"elementor-widget-container\">\n\t\t\t\t\t\t\t\t\t\t\t\t\t\t\t<img loading=\"lazy\" decoding=\"async\" width=\"768\" height=\"550\" src=\"https:\/\/www.fotikozszolg.hu\/wp-content\/uploads\/2025\/04\/IMG_5765-ma\u0301solat-e1744105613936.png\" class=\"attachment-large size-large wp-image-4827\" alt=\"\" srcset=\"https:\/\/www.fotikozszolg.hu\/wp-content\/uploads\/2025\/04\/IMG_5765-ma\u0301solat-e1744105613936.png 768w, https:\/\/www.fotikozszolg.hu\/wp-content\/uploads\/2025\/04\/IMG_5765-ma\u0301solat-e1744105613936-300x215.png 300w\" sizes=\"(max-width: 768px) 100vw, 768px\" \/>\t\t\t\t\t\t\t\t\t\t\t\t\t\t\t<\/div>\n\t\t\t\t<\/div>\n\t\t\t\t<\/div>\n\t\t<div class=\"elementor-element elementor-element-b163c17 e-con-full e-flex e-con e-child\" data-id=\"b163c17\" data-element_type=\"container\">\n\t\t\t\t<div class=\"elementor-element elementor-element-c8faa7d elementor-widget elementor-widget-image\" data-id=\"c8faa7d\" data-element_type=\"widget\" data-widget_type=\"image.default\">\n\t\t\t\t<div class=\"elementor-widget-container\">\n\t\t\t\t\t\t\t\t\t\t\t\t\t\t\t<img loading=\"lazy\" decoding=\"async\" width=\"768\" height=\"576\" src=\"https:\/\/www.fotikozszolg.hu\/wp-content\/uploads\/2025\/04\/THE-IDEAS-TO-BECOME-TESTING-ACTIONS-ma\u0301solat.png\" class=\"attachment-large size-large wp-image-4828\" alt=\"\" srcset=\"https:\/\/www.fotikozszolg.hu\/wp-content\/uploads\/2025\/04\/THE-IDEAS-TO-BECOME-TESTING-ACTIONS-ma\u0301solat.png 768w, https:\/\/www.fotikozszolg.hu\/wp-content\/uploads\/2025\/04\/THE-IDEAS-TO-BECOME-TESTING-ACTIONS-ma\u0301solat-300x225.png 300w\" sizes=\"(max-width: 768px) 100vw, 768px\" \/>\t\t\t\t\t\t\t\t\t\t\t\t\t\t\t<\/div>\n\t\t\t\t<\/div>\n\t\t\t\t<\/div>\n\t\t<div class=\"elementor-element elementor-element-8d357aa e-con-full e-flex e-con e-child\" data-id=\"8d357aa\" data-element_type=\"container\">\n\t\t\t\t<div class=\"elementor-element elementor-element-09a07eb elementor-widget elementor-widget-image\" data-id=\"09a07eb\" data-element_type=\"widget\" data-widget_type=\"image.default\">\n\t\t\t\t<div class=\"elementor-widget-container\">\n\t\t\t\t\t\t\t\t\t\t\t\t\t\t\t<img loading=\"lazy\" decoding=\"async\" width=\"768\" height=\"576\" src=\"https:\/\/www.fotikozszolg.hu\/wp-content\/uploads\/2025\/04\/IMG_5809-ma\u0301solat.png\" class=\"attachment-large size-large wp-image-4830\" alt=\"\" srcset=\"https:\/\/www.fotikozszolg.hu\/wp-content\/uploads\/2025\/04\/IMG_5809-ma\u0301solat.png 768w, https:\/\/www.fotikozszolg.hu\/wp-content\/uploads\/2025\/04\/IMG_5809-ma\u0301solat-300x225.png 300w\" sizes=\"(max-width: 768px) 100vw, 768px\" \/>\t\t\t\t\t\t\t\t\t\t\t\t\t\t\t<\/div>\n\t\t\t\t<\/div>\n\t\t\t\t<\/div>\n\t\t\t\t\t<\/div>\n\t\t\t\t<\/div>\n\t\t<div class=\"elementor-element elementor-element-a11dd41 e-flex e-con-boxed e-con e-parent\" data-id=\"a11dd41\" data-element_type=\"container\">\n\t\t\t\t\t<div class=\"e-con-inner\">\n\t\t\t\t<div class=\"elementor-element elementor-element-499b452 elementor-widget elementor-widget-image\" data-id=\"499b452\" data-element_type=\"widget\" data-widget_type=\"image.default\">\n\t\t\t\t<div class=\"elementor-widget-container\">\n\t\t\t\t\t\t\t\t\t\t\t\t\t\t\t<img loading=\"lazy\" decoding=\"async\" width=\"225\" height=\"300\" src=\"https:\/\/www.fotikozszolg.hu\/wp-content\/uploads\/2025\/04\/ISOLATION-ma\u0301solat-225x300.png\" class=\"attachment-medium size-medium wp-image-4829\" alt=\"\" srcset=\"https:\/\/www.fotikozszolg.hu\/wp-content\/uploads\/2025\/04\/ISOLATION-ma\u0301solat-225x300.png 225w, https:\/\/www.fotikozszolg.hu\/wp-content\/uploads\/2025\/04\/ISOLATION-ma\u0301solat.png 561w\" sizes=\"(max-width: 225px) 100vw, 225px\" \/>\t\t\t\t\t\t\t\t\t\t\t\t\t\t\t<\/div>\n\t\t\t\t<\/div>\n\t\t\t\t\t<\/div>\n\t\t\t\t<\/div>\n\t\t<div class=\"elementor-element elementor-element-fdf1873 e-flex e-con-boxed e-con e-parent\" data-id=\"fdf1873\" data-element_type=\"container\">\n\t\t\t\t\t<div class=\"e-con-inner\">\n\t\t\t\t<div class=\"elementor-element elementor-element-be0c083 elementor-widget elementor-widget-text-editor\" data-id=\"be0c083\" data-element_type=\"widget\" data-widget_type=\"text-editor.default\">\n\t\t\t\t<div class=\"elementor-widget-container\">\n\t\t\t\t\t\t\t\t\t<h3 class=\"p1\"><b>2024.10.02.-<\/b><b>Br\u00fcsszelben j\u00e1rtak az URBACT ULG csoportunk fiatal k\u00e9pvisel\u0151i<\/b><b><\/b><\/h3><p class=\"p4\">A v\u00e1rosfejleszt\u00e9si h\u00e1l\u00f3zat hatodik, unik\u00e1lis nemzetk\u00f6zi partnertal\u00e1lkoz\u00f3j\u00e1ra Br\u00fcsszelben ker\u00fclt sor szeptember 23-25. k\u00f6z\u00f6tt.<\/p><p class=\"p4\">A f\u00f3ti deleg\u00e1ci\u00f3 egyik tagj\u00e1t, M\u00e9sz\u00e1ros N\u00f3r\u00e1t k\u00e9rt\u00fck meg, hogy \u00edrjon \u00e9lm\u00e9nybesz\u00e1mol\u00f3t a szakmai utaz\u00e1sr\u00f3l.<\/p><p class=\"p4\">Utunk izgalmasnak bizonyult m\u00e1r a kezdetekt\u0151l fogva. Nagyon \u00f6r\u00fclt\u00fcnk, hogy a szervez\u0151k h\u00e1rmunkat v\u00e1lasztott\u00e1k ki erre a feledhetetlen 3 napra Br\u00fcsszelbe. (Szegesdi Eszter, M\u00e9sz\u00e1ros N\u00f3ra, Angler Igor). Szeptember 23-\u00e1n el is indultunk Belgiumba. Szerencs\u00e9s landol\u00e1sunk ut\u00e1n \u00f6ssze\u00fclt\u00fcnk \u00e1tbesz\u00e9lni a r\u00e9szleteket, illetve csin\u00e1ltunk egy angol nyelv\u0171 prezent\u00e1ci\u00f3t is. Kreat\u00edvan \u00f6tletelt\u00fcnk mindannyian \u00e9s \u00f6ssze\u00e1ll\u00edtottuk az eddigi \u00e9lm\u00e9nyeinket \u00e9s tapasztalatainkat bemutat\u00f3 anyagot az itthon l\u00e9v\u0151 ULG tal\u00e1lkoz\u00f3kr\u00f3l. Az els\u0151 este egy \u00fcdv\u00f6zl\u0151 vacsor\u00e1n tal\u00e1lkozhattunk a Breaking isolation tagorsz\u00e1gok k\u00e9pvisel\u0151ivel. 10 orsz\u00e1g vett r\u00e9szt a konferenci\u00e1n, k\u00f6zt\u00fck a franci\u00e1k, ahonnan indult az eg\u00e9sz uni\u00f3s p\u00e1ly\u00e1zat.<\/p><p class=\"p4\">A m\u00e1sodik napon el\u0151re megtervezett programokon vett\u00fcnk r\u00e9szt. Interakt\u00edv el\u0151ad\u00e1sokon tudhattunk meg \u00fajdons\u00e1gokat a \u201cBreak the social isolation\u201d programmal kapcsolatban. M\u00e9g aznap lehet\u0151s\u00e9g\u00fcnk volt megl\u00e1togatni a br\u00fcsszeli v\u00e1rosh\u00e1z\u00e1t, majd felfedezhett\u00fck a v\u00e1ros l\u00e1tnival\u00f3it. K\u00e9s\u0151bb a h\u00edres Boom k\u00e1v\u00e9h\u00e1zba vezetett az utunk, ami a szoci\u00e1lis seg\u00edts\u00e9gad\u00e1s t\u00e1mogat\u00f3ja.<\/p><p class=\"p4\">Utols\u00f3 napunk is sok programot tartalmazott, kezdve az Eur\u00f3pai Parlament megl\u00e1togat\u00e1s\u00e1val, ahol t\u00f6bbet megtudhattunk annak m\u0171k\u00f6d\u00e9s\u00e9r\u0151l. D\u00e9lut\u00e1n \u00f6ssze\u00fclt\u00fcnk a ULG csapatokkal, \u00e9s mindenki bemutathatta, amit az elm\u00falt h\u00e1rom h\u00f3napban tev\u00e9kenykedett. \u00cdgy jobban megismerhett\u00fck a t\u00e1rsainkat, \u00e9s seg\u00edthett\u00fck egym\u00e1s munk\u00e1j\u00e1t. Nagyon sz\u00e9pen k\u00f6sz\u00f6nj\u00fck a lehet\u0151s\u00e9get, hogy k\u00e9pviselhett\u00fck a f\u00f3ti ULG csapatot.<\/p><p class=\"p4\">K\u00f6sz\u00f6nj\u00fck a fiataloknak, \u00e9s a ULG csoport valamennyi tagj\u00e1nak, hogy szakmai tapasztalataikkal \u00e9s megl\u00e1t\u00e1saikkal seg\u00edtik a projekt \u00e9p\u00fcl\u00e9s\u00e9t.<\/p><p class=\"p4\">Breaking isolation!<\/p>\t\t\t\t\t\t\t\t<\/div>\n\t\t\t\t<\/div>\n\t\t\t\t\t<\/div>\n\t\t\t\t<\/div>\n\t\t<div class=\"elementor-element elementor-element-161f135 e-flex e-con-boxed e-con e-parent\" data-id=\"161f135\" data-element_type=\"container\">\n\t\t\t\t\t<div class=\"e-con-inner\">\n\t\t\t\t<div class=\"elementor-element elementor-element-7e5c6d1 elementor-widget__width-initial elementor-widget elementor-widget-image\" data-id=\"7e5c6d1\" data-element_type=\"widget\" data-widget_type=\"image.default\">\n\t\t\t\t<div class=\"elementor-widget-container\">\n\t\t\t\t\t\t\t\t\t\t\t\t\t\t\t<img loading=\"lazy\" decoding=\"async\" width=\"640\" height=\"480\" src=\"https:\/\/www.fotikozszolg.hu\/wp-content\/uploads\/2025\/04\/462566723_1973594776447521_5597742650456579466_n-ma\u0301solat.png\" class=\"attachment-large size-large wp-image-4831\" alt=\"\" srcset=\"https:\/\/www.fotikozszolg.hu\/wp-content\/uploads\/2025\/04\/462566723_1973594776447521_5597742650456579466_n-ma\u0301solat.png 640w, https:\/\/www.fotikozszolg.hu\/wp-content\/uploads\/2025\/04\/462566723_1973594776447521_5597742650456579466_n-ma\u0301solat-300x225.png 300w\" sizes=\"(max-width: 640px) 100vw, 640px\" \/>\t\t\t\t\t\t\t\t\t\t\t\t\t\t\t<\/div>\n\t\t\t\t<\/div>\n\t\t\t\t\t<\/div>\n\t\t\t\t<\/div>\n\t\t<div class=\"elementor-element elementor-element-281d1cd e-flex e-con-boxed e-con e-parent\" data-id=\"281d1cd\" data-element_type=\"container\">\n\t\t\t\t\t<div class=\"e-con-inner\">\n\t\t\t\t<div class=\"elementor-element elementor-element-2c8d2eb elementor-widget elementor-widget-text-editor\" data-id=\"2c8d2eb\" data-element_type=\"widget\" data-widget_type=\"text-editor.default\">\n\t\t\t\t<div class=\"elementor-widget-container\">\n\t\t\t\t\t\t\t\t\t<h3 class=\"p1\"><b>2024.08.26.-<\/b><b>Breaking isolation \u2013 Egy\u00fctt a t\u00e1rsadalmi elszigetelts\u00e9g ellen \u2013 LAKOSS\u00c1GI FELM\u00c9R\u00c9S<\/b><b><\/b><\/h3><p class=\"p3\">F\u00f3t V\u00e1ros \u2013 kilenc m\u00e1sik eur\u00f3pai v\u00e1rossal egy\u00fcttm\u0171k\u00f6dve &#8211; az Eur\u00f3pai Uni\u00f3 URBACT IV. programj\u00e1ban megval\u00f3sul\u00f3\u00a0<b><i>Breaking isolation \u2013 Egy\u00fctt a t\u00e1rsadalmi elszigetelts\u00e9g ellen<\/i><\/b>\u00a0c\u00edm\u0171 h\u00e1l\u00f3zat partnere.<\/p><p class=\"p3\">C\u00e9lunk, hogy bevonjuk az embereket, a fiatalokat \u00e9s az id\u0151seket egyar\u00e1nt, a korcsoportjuk \u00e9s a gener\u00e1ci\u00f3k k\u00f6zti t\u00e1rsadalmi kapcsolatok elmozd\u00edt\u00e1s\u00e1ba, a kapcsolatok \u00fajj\u00e1\u00e9p\u00edt\u00e9s\u00e9be \u00e9s \u00f6szt\u00f6nz\u00e9s\u00e9be.<\/p><p class=\"p3\">A projekt 2,5 \u00e9ves, 2023. j\u00fanius\u00e1t\u00f3l 2025. december\u00e9ig tart. A projektid\u0151szak alatt a helyi lakosokb\u00f3l \u00e9s szakemberekb\u0151l \u00e1ll\u00f3 Helyi URBACT Csoport \u00e9s a nemzetk\u00f6zi szakemberek k\u00f6z\u00f6s munk\u00e1ja r\u00e9v\u00e9n 2025 \u00e9v v\u00e9g\u00e9re l\u00e9trej\u00f6n egy akci\u00f3terv, amely a k\u00e9pvisel\u0151test\u00fclet elfogad\u00e1s\u00e1t k\u00f6vet\u0151en ir\u00e1nymutat\u00f3k\u00e9nt szolg\u00e1l majd a t\u00e1rsadalmi elszigetel\u0151d\u00e9s \u00e9s elmag\u00e1nyosod\u00e1s ellen v\u00e1rosunkban.<\/p><p class=\"p3\">K\u00e9rj\u00fck, seg\u00edtse \u00d6n is munk\u00e1nkat egy k\u00e9rd\u0151\u00edv kit\u00f6lt\u00e9s\u00e9vel a feliratra kattintva:<\/p><p class=\"p1\"><span class=\"s1\"><a href=\"https:\/\/docs.google.com\/forms\/d\/e\/1FAIpQLSdznKOPexKsGJVcq6GHwgusSasLv4hD9B6YR5vLwiYG_c2jgw\/viewform?fbclid=IwY2xjawFCn6VleHRuA2FlbQIxMAABHe03RjQHzl6MNYz2jcCoXCL2Ou7dOskwm2TcSpJVIbyzU5SgV7Vg7CqqlQ_aem_ZUWFy3k6BM_rsepaVrbHRA\"><b>K\u00c9RD\u0150\u00cdV<\/b><b><\/b><\/a><\/span><\/p><p class=\"p3\">Amennyiben \u00d6n sz\u00edvesebben venne r\u00e9szt a felm\u00e9r\u00e9sben nyomtatott, pap\u00edr alapon, 2024. szeptember 16-t\u00f3l okt\u00f3ber 31-ig az al\u00e1bbi helysz\u00edneken kinyomtatva felveheti, majd leadhatja a k\u00e9rd\u0151\u00edvet:<\/p><p class=\"p3\">1. \u00a0\u00a0\u00a0\u00a0\u00a0F\u00f3ti K\u00f6z\u00f6s \u00d6nkorm\u00e1nyzati Hivatal \u00dcgyf\u00e9lszolg\u00e1lati Iroda<\/p><p class=\"p3\">2. \u00a0\u00a0\u00a0\u00a0\u00a0V\u00f6r\u00f6smarty M\u0171vel\u0151d\u00e9si H\u00e1z Inform\u00e1ci\u00f3s Iroda<\/p><p class=\"p3\">3. \u00a0\u00a0\u00a0\u00a0\u00a0F\u00f3t V\u00e1rosi K\u00f6nyvt\u00e1r \u00e9s Inform\u00e1ci\u00f3s K\u00f6zpont<\/p><p class=\"p3\">K\u00f6sz\u00f6nj\u00fck!<\/p>\t\t\t\t\t\t\t\t<\/div>\n\t\t\t\t<\/div>\n\t\t\t\t\t<\/div>\n\t\t\t\t<\/div>\n\t\t<div class=\"elementor-element elementor-element-39ea769 e-flex e-con-boxed e-con e-parent\" data-id=\"39ea769\" data-element_type=\"container\">\n\t\t\t\t\t<div class=\"e-con-inner\">\n\t\t\t\t<div class=\"elementor-element elementor-element-a46fa2c elementor-widget__width-initial elementor-widget elementor-widget-image\" data-id=\"a46fa2c\" data-element_type=\"widget\" data-widget_type=\"image.default\">\n\t\t\t\t<div class=\"elementor-widget-container\">\n\t\t\t\t\t\t\t\t\t\t\t\t\t\t\t<img loading=\"lazy\" decoding=\"async\" width=\"691\" height=\"326\" src=\"https:\/\/www.fotikozszolg.hu\/wp-content\/uploads\/2025\/04\/MIKOR-KERESTED-SZERETTEIDET-ma\u0301solat.png\" class=\"attachment-medium_large size-medium_large wp-image-4832\" alt=\"\" srcset=\"https:\/\/www.fotikozszolg.hu\/wp-content\/uploads\/2025\/04\/MIKOR-KERESTED-SZERETTEIDET-ma\u0301solat.png 691w, https:\/\/www.fotikozszolg.hu\/wp-content\/uploads\/2025\/04\/MIKOR-KERESTED-SZERETTEIDET-ma\u0301solat-300x142.png 300w\" sizes=\"(max-width: 691px) 100vw, 691px\" \/>\t\t\t\t\t\t\t\t\t\t\t\t\t\t\t<\/div>\n\t\t\t\t<\/div>\n\t\t\t\t\t<\/div>\n\t\t\t\t<\/div>\n\t\t<div class=\"elementor-element elementor-element-84ecd96 e-flex e-con-boxed e-con e-parent\" data-id=\"84ecd96\" data-element_type=\"container\">\n\t\t\t\t\t<div class=\"e-con-inner\">\n\t\t\t\t<div class=\"elementor-element elementor-element-f4b8f59 elementor-widget elementor-widget-text-editor\" data-id=\"f4b8f59\" data-element_type=\"widget\" data-widget_type=\"text-editor.default\">\n\t\t\t\t<div class=\"elementor-widget-container\">\n\t\t\t\t\t\t\t\t\t<h3 class=\"p1\"><b>2024.06.28.-<\/b><b>Iserniai l\u00e1togat\u00e1s<\/b><b><\/b><\/h3><p class=\"p4\">A Breaking isolation h\u00e1l\u00f3zat \u00f6t\u00f6dik nemzetk\u00f6zi partnertal\u00e1lkoz\u00f3ja j\u00fanius 17-19-\u00e9n az olasz Isernia v\u00e1ros\u00e1ban ker\u00fclt megrendez\u00e9sre. A hivatalos tal\u00e1lkoz\u00f3n a 10 orsz\u00e1g k\u00e9pvisel\u0151i, k\u00f6zt\u00fck a f\u00f3ti deleg\u00e1ci\u00f3, besz\u00e1moltak a projekt helyi el\u0151rehalad\u00e1si eredm\u00e9nyeir\u0151l \u00e9s a ULG csoportok \u00e1ltal a harmadik tal\u00e1lkoz\u00f3kon teljes\u00edtett feladatokr\u00f3l.<\/p><p class=\"p4\">A tal\u00e1lkoz\u00f3n a vezet\u0151 szak\u00e9rt\u0151 prezent\u00e1lta a francia URBACT Titk\u00e1rs\u00e1g \u00e1ltal elfogadott\u00a0<i>100 Stories of<\/i>\u00a0<i>Isolation\u00a0<\/i>anyagot, majd a nemzetk\u00f6zi kommunik\u00e1ci\u00f3s tervek \u00e9s aktualit\u00e1sok, valamint az adminisztr\u00e1ci\u00f3s feladatok ismertet\u00e9se k\u00f6vetkezett. A szakmai tal\u00e1lkoz\u00f3 m\u00e1sodik fel\u00e9ben a vezet\u0151 partner megosztotta vel\u00fcnk a k\u00f6vetkez\u0151 id\u0151szak tesztel\u00e9si feladatait \u00e9s tov\u00e1bbi szakmai seg\u00edts\u00e9get kaptunk a helyi URBACT csoport eredm\u00e9nyes m\u0171k\u00f6d\u00e9s\u00e9vel \u00e9s a strakeholderek bevon\u00e1s\u00e1val kapcsolatban.<\/p><p class=\"p4\">A nemzetk\u00f6zi tal\u00e1lkoz\u00f3n ULG tagk\u00e9nt r\u00e9szt vett R\u00e1kosi Lilla. Az al\u00e1bbiakban az \u0151 besz\u00e1mol\u00f3ja olvashat\u00f3.<\/p><p class=\"p4\">\u201eA k\u00e9t napos konferencia sor\u00e1n bar\u00e1ts\u00e1gos emberek, lelkes \u00f6nk\u00e9ntesek, befogad\u00f3 k\u00f6z\u00f6ss\u00e9g fogadott. A k\u00f6z\u00f6s programok sor\u00e1n sz\u00e1mtalan el\u0151remutat\u00f3 gondolat ment\u00e9n tapasztalhattuk meg, mennyi k\u00fcl\u00f6nb\u00f6z\u0151 megk\u00f6zel\u00edt\u00e9sb\u0151l keress\u00fck a megold\u00e1st ugyanarra az egyszer\u0171 probl\u00e9m\u00e1ra, hogyan tudunk mind t\u00e1mogat\u00f3 k\u00f6z\u00f6ss\u00e9gben, egy\u00fctt \u00e9lni.<\/p><p class=\"p4\">Minden v\u00e1rosnak lehet\u0151s\u00e9ge volt bemutatni, hogy a helyi URBACT csoportjuk milyen koncepci\u00f3kkal, program\u00f6tletekkel, tervekkel v\u00e1g neki az el\u0151tt\u00fcnk \u00e1ll\u00f3 id\u0151szaknak.<\/p><p class=\"p4\">A szervez\u0151k b\u00edztattak mindenkit, hogy b\u00e1tran mer\u00edts\u00fcnk \u00f6tleteket a t\u00f6bbi v\u00e1rost\u00f3l, amelyeket saj\u00e1t k\u00f6z\u00f6ss\u00e9g\u00fcnkben megval\u00f3s\u00edthat\u00f3nak, vagy tov\u00e1bbfejlesztve a mindennapjainkba be\u00e9p\u00edthet\u0151nek tal\u00e1lunk. Az \u00f6tletgy\u0171jt\u00e9s ezen a ponton az\u00e9rt is fontos, mert a k\u00f6vetkez\u0151 id\u0151szakban a helyi csoportok feladata, hogy az elk\u00e9pzel\u00e9seket kicsiben megval\u00f3s\u00edtsuk. Gyakorlati tapasztalatokat gy\u0171jthet\u00fcnk arr\u00f3l, hogy mi az, ami n\u00e1lunk m\u0171k\u00f6dik, amivel a legt\u00e1volabbi embereket is el tudjuk \u00e9rni, illetve mi az, amire kev\u00e9sb\u00e9 fog\u00e9konyak a helyiek.<\/p><p class=\"p4\">Rengeteg gyakorlati tan\u00e1csot kaptunk arra vonatkoz\u00f3an, hogyan lehet egy-egy \u00f6tletet eredm\u00e9nyesen tesztelni. A hangs\u00faly f\u0151k\u00e9nt a megfelel\u0151 el\u0151k\u00e9sz\u00edt\u00e9sen, min\u00e9l t\u00f6bb \u00f6nk\u00e9ntes bevon\u00e1s\u00e1n \u00e9s a tapasztalatok ki\u00e9rt\u00e9kel\u00e9s\u00e9n lesz. A c\u00e9l olyan j\u00f3 gyakorlatok meghonos\u00edt\u00e1s F\u00f3ton, ami fenntarthat\u00f3 m\u00f3don ny\u00fajt seg\u00edt\u0151 kezet b\u00e1rkinek, aki egy kicsit is n\u00e9ha mag\u00e1nyosnak \u00e9rzi mag\u00e1t.<\/p><p class=\"p4\">A program r\u00e9szek\u00e9nt l\u00e1togat\u00e1st tett\u00fcnk az Isernia-ban m\u0171k\u00f6d\u0151 szoci\u00e1lis sz\u00f6vetkezet k\u00f6zpontj\u00e1ban. Betekint\u00e9st nyerhett\u00fcnk a szoci\u00e1lis munk\u00e1sok napi feladataiba, melynek c\u00e9lkit\u0171z\u00e9se sok\u00e1ig a h\u00e1tr\u00e1nyos helyzet\u0171 emberek t\u00e1rsadalomba val\u00f3 integr\u00e1l\u00e1sa volt. Az ut\u00f3bbi \u00e9vekben egy m\u00e1sik jelent\u0151s feladatot is magukra v\u00e1llaltak, ami mag\u00e1ba foglalja az Afrik\u00e1b\u00f3l \u00e9rkez\u0151 menek\u00fcltek \u00e9s k\u00eds\u00e9r\u0151 n\u00e9lk\u00fcli kiskor\u00faak befogad\u00e1s\u00e1t, t\u00e1mogat\u00e1s\u00e1t, nyelvi \u00e9s szakmai k\u00e9pz\u00e9s\u00e9t, k\u00f6zigazgat\u00e1sban val\u00f3 eligazod\u00e1s\u00e1t.<\/p><p class=\"p4\">\u00c9letre sz\u0151l\u0151 \u00e9lm\u00e9nyekkel gazdagodtam a tal\u00e1lkoz\u00e1sok sor\u00e1n. Felemel\u0151 volt megtapasztalni, hogy ebben a mostanra k\u00f6z\u00f6ss\u00e9gg\u00e9 form\u00e1l\u00f3dott URBACT csapatban mennyi pozit\u00edv energia, m\u00e9rhetetlen \u00f6nzetlens\u00e9g, kreativit\u00e1s \u00e9s seg\u00edt\u0151 sz\u00e1nd\u00e9k munk\u00e1lkodik.<\/p><p class=\"p4\">Ha az itt meg\u00e9lt lelkesed\u00e9sb\u0151l siker\u00fcl egy kis r\u00e9szt \u00e1tmenteni a h\u00e9tk\u00f6znapokra, akkor k\u00f6z\u00f6s er\u0151vel megtal\u00e1lhatjuk a megold\u00e1sokat.\u201d<\/p><p class=\"p4\">K\u00f6sz\u00f6nj\u00fck R\u00e1kosi Lill\u00e1nak, \u00e9s a ULG csoport valamennyi tagj\u00e1nak, hogy szakmai tapasztalataikkal \u00e9s megl\u00e1t\u00e1saikkal seg\u00edtik a projekt \u00e9p\u00fcl\u00e9s\u00e9t.<\/p><p class=\"p4\"><b>Breaking isolation!<\/b><\/p>\t\t\t\t\t\t\t\t<\/div>\n\t\t\t\t<\/div>\n\t\t\t\t\t<\/div>\n\t\t\t\t<\/div>\n\t\t<div class=\"elementor-element elementor-element-117d454 e-flex e-con-boxed e-con e-parent\" data-id=\"117d454\" data-element_type=\"container\">\n\t\t\t\t\t<div class=\"e-con-inner\">\n\t\t<div class=\"elementor-element elementor-element-92facc0 e-con-full e-flex e-con e-child\" data-id=\"92facc0\" data-element_type=\"container\">\n\t\t\t\t<div class=\"elementor-element elementor-element-fc57816 elementor-widget elementor-widget-image\" data-id=\"fc57816\" data-element_type=\"widget\" data-widget_type=\"image.default\">\n\t\t\t\t<div class=\"elementor-widget-container\">\n\t\t\t\t\t\t\t\t\t\t\t\t\t\t\t<img loading=\"lazy\" decoding=\"async\" width=\"768\" height=\"576\" src=\"https:\/\/www.fotikozszolg.hu\/wp-content\/uploads\/2025\/04\/IMG_6816-ma\u0301solat.png\" class=\"attachment-large size-large wp-image-4833\" alt=\"\" srcset=\"https:\/\/www.fotikozszolg.hu\/wp-content\/uploads\/2025\/04\/IMG_6816-ma\u0301solat.png 768w, https:\/\/www.fotikozszolg.hu\/wp-content\/uploads\/2025\/04\/IMG_6816-ma\u0301solat-300x225.png 300w\" sizes=\"(max-width: 768px) 100vw, 768px\" \/>\t\t\t\t\t\t\t\t\t\t\t\t\t\t\t<\/div>\n\t\t\t\t<\/div>\n\t\t\t\t<\/div>\n\t\t<div class=\"elementor-element elementor-element-2e8d955 e-con-full e-flex e-con e-child\" data-id=\"2e8d955\" data-element_type=\"container\">\n\t\t\t\t<div class=\"elementor-element elementor-element-7770022 elementor-widget elementor-widget-image\" data-id=\"7770022\" data-element_type=\"widget\" data-widget_type=\"image.default\">\n\t\t\t\t<div class=\"elementor-widget-container\">\n\t\t\t\t\t\t\t\t\t\t\t\t\t\t\t<img loading=\"lazy\" decoding=\"async\" width=\"768\" height=\"576\" src=\"https:\/\/www.fotikozszolg.hu\/wp-content\/uploads\/2025\/04\/IMG_6888-ma\u0301solat.png\" class=\"attachment-large size-large wp-image-4834\" alt=\"\" srcset=\"https:\/\/www.fotikozszolg.hu\/wp-content\/uploads\/2025\/04\/IMG_6888-ma\u0301solat.png 768w, https:\/\/www.fotikozszolg.hu\/wp-content\/uploads\/2025\/04\/IMG_6888-ma\u0301solat-300x225.png 300w\" sizes=\"(max-width: 768px) 100vw, 768px\" \/>\t\t\t\t\t\t\t\t\t\t\t\t\t\t\t<\/div>\n\t\t\t\t<\/div>\n\t\t\t\t<\/div>\n\t\t\t\t\t<\/div>\n\t\t\t\t<\/div>\n\t\t<div class=\"elementor-element elementor-element-3d8191d e-flex e-con-boxed e-con e-parent\" data-id=\"3d8191d\" data-element_type=\"container\">\n\t\t\t\t\t<div class=\"e-con-inner\">\n\t\t<div class=\"elementor-element elementor-element-e6af1b8 e-con-full e-flex e-con e-child\" data-id=\"e6af1b8\" data-element_type=\"container\">\n\t\t\t\t<div class=\"elementor-element elementor-element-e418d5a elementor-widget elementor-widget-image\" data-id=\"e418d5a\" data-element_type=\"widget\" data-widget_type=\"image.default\">\n\t\t\t\t<div class=\"elementor-widget-container\">\n\t\t\t\t\t\t\t\t\t\t\t\t\t\t\t<img loading=\"lazy\" decoding=\"async\" width=\"768\" height=\"576\" src=\"https:\/\/www.fotikozszolg.hu\/wp-content\/uploads\/2025\/04\/IMG_6897-ma\u0301solat.png\" class=\"attachment-large size-large wp-image-4835\" alt=\"\" srcset=\"https:\/\/www.fotikozszolg.hu\/wp-content\/uploads\/2025\/04\/IMG_6897-ma\u0301solat.png 768w, https:\/\/www.fotikozszolg.hu\/wp-content\/uploads\/2025\/04\/IMG_6897-ma\u0301solat-300x225.png 300w\" sizes=\"(max-width: 768px) 100vw, 768px\" \/>\t\t\t\t\t\t\t\t\t\t\t\t\t\t\t<\/div>\n\t\t\t\t<\/div>\n\t\t\t\t<\/div>\n\t\t<div class=\"elementor-element elementor-element-49d6f32 e-con-full e-flex e-con e-child\" data-id=\"49d6f32\" data-element_type=\"container\">\n\t\t\t\t<div class=\"elementor-element elementor-element-1cbe588 elementor-widget elementor-widget-image\" data-id=\"1cbe588\" data-element_type=\"widget\" data-widget_type=\"image.default\">\n\t\t\t\t<div class=\"elementor-widget-container\">\n\t\t\t\t\t\t\t\t\t\t\t\t\t\t\t<img loading=\"lazy\" decoding=\"async\" width=\"618\" height=\"463\" src=\"https:\/\/www.fotikozszolg.hu\/wp-content\/uploads\/2025\/04\/WhatsApp-Image-2024-06-28-at-17.14.22-ma\u0301solat.png\" class=\"attachment-large size-large wp-image-4836\" alt=\"\" srcset=\"https:\/\/www.fotikozszolg.hu\/wp-content\/uploads\/2025\/04\/WhatsApp-Image-2024-06-28-at-17.14.22-ma\u0301solat.png 618w, https:\/\/www.fotikozszolg.hu\/wp-content\/uploads\/2025\/04\/WhatsApp-Image-2024-06-28-at-17.14.22-ma\u0301solat-300x225.png 300w\" sizes=\"(max-width: 618px) 100vw, 618px\" \/>\t\t\t\t\t\t\t\t\t\t\t\t\t\t\t<\/div>\n\t\t\t\t<\/div>\n\t\t\t\t<\/div>\n\t\t\t\t\t<\/div>\n\t\t\t\t<\/div>\n\t\t<div class=\"elementor-element elementor-element-1147955 e-flex e-con-boxed e-con e-parent\" data-id=\"1147955\" data-element_type=\"container\">\n\t\t\t\t\t<div class=\"e-con-inner\">\n\t\t\t\t<div class=\"elementor-element elementor-element-fb52324 elementor-widget elementor-widget-text-editor\" data-id=\"fb52324\" data-element_type=\"widget\" data-widget_type=\"text-editor.default\">\n\t\t\t\t<div class=\"elementor-widget-container\">\n\t\t\t\t\t\t\t\t\t<h3 class=\"p1\"><b>2024.06.17. &#8211;<\/b><b>A Helyi URBACT Csoport harmadik tal\u00e1lkoz\u00f3ja<\/b><b><\/b><\/h3><p class=\"p4\">2024. j\u00fanius 11-\u00e9n unik\u00e1lis helyen, a Somly\u00f3 t\u00f3n\u00e1l tal\u00e1lhat\u00f3 EB szurkol\u00f3i Z\u00f3n\u00e1ban ker\u00fclt megrendez\u00e9sre a\u00a0<i>Breaking isolation \u2013 Egy\u00fctt a t\u00e1rsadalmi elszigetel\u0151d\u00e9s ellen<\/i>\u00a0c\u00edm\u0171 URBACT projekt harmadik ULG tal\u00e1lkoz\u00f3ja, 18 f\u0151 r\u00e9szv\u00e9tel\u00e9vel.<\/p><p class=\"p4\">A tal\u00e1lkoz\u00f3n Ers\u00f3k N\u00f3ra projekt koordin\u00e1tor prezent\u00e1ci\u00f3j\u00e1ban feleleven\u00edtette a ULG tagok sz\u00e1m\u00e1ra a projekt f\u0151 c\u00e9lkit\u0171z\u00e9seit \u00e9s m\u00e9rf\u00f6ldk\u00f6veit, majd a projekt els\u0151 eredm\u00e9nyenk\u00e9nt elk\u00e9sz\u00fclt nemzetk\u00f6zi Baseline Study dokumentumb\u00f3l bemutatott 3 k\u00fclf\u00f6ldi j\u00f3 gyakorlatot. Ezek, a nemzetk\u00f6zi projekt tal\u00e1lkoz\u00f3kon szem\u00e9lyesen is megismert j\u00f3 gyakorlatok k\u00f6vetend\u0151 p\u00e9ld\u00e1k lehetnek a h\u00e1l\u00f3zat b\u00e1rmely tagja sz\u00e1m\u00e1ra. F\u00f3t sz\u00e1m\u00e1ra k\u00fcl\u00f6n\u00f6sen hasznosnak v\u00e9lj\u00fck az Agen-ban tal\u00e1lhat\u00f3, \u00f6nk\u00e9ntesek \u00e1ltal m\u0171k\u00f6dtetett szoci\u00e1lis k\u00e1v\u00e9z\u00f3-bolt, a pombali senior \u201eegyetem\u201d \u00e9s a skofja lokai NEET fiatalokat seg\u00edt\u0151 k\u00f6zpont m\u0171k\u00f6d\u00e9s\u00e9nek megismer\u00e9s\u00e9t.<\/p><p class=\"p4\">A ULG tal\u00e1lkoz\u00f3 m\u00e1sodik szakasz\u00e1ban B\u00e9rcin\u00e9 Berke Szilvia &#8211; a helyi URBACT munkacsoport vezet\u0151je- \u00f6tletgener\u00e1l\u00e1sra, brainstormingra h\u00edvta a jelenl\u00e9v\u0151ket. H\u00e1rom csoportra osztva dolgoztak ki koncepci\u00f3kat a ULG tagok, melyek a t\u00e1rsadalmi elszigetel\u0151d\u00e9s probl\u00e9m\u00e1j\u00e1nak egy-egy r\u00e9sz\u00e9re h\u00edvt\u00e1k fel a figyelmet vagy arra igyekeztek megold\u00e1st tal\u00e1lni. Sz\u00e1mos olyan j\u00f3 \u00f6tlet \u00e9s gondolat l\u00e1tott napvil\u00e1got, melyeket a k\u00f6vetkez\u0151 h\u00f3napokban lehet\u0151s\u00e9g\u00fcnk lesz ebben a k\u00f6rben \u00e9s m\u00e1s szakemberek seg\u00edts\u00e9g\u00e9vel tov\u00e1bbgondolni.<\/p><p class=\"p1\">A tal\u00e1lkoz\u00f3 m\u00e1sodik szakmai kih\u00edv\u00e1sa egy kor\u00e1bbi \u2013 febru\u00e1ri- feladat \u00e1tdolgoz\u00e1sa, \u00e1tform\u00e1l\u00e1sa volt. A Breaking isolation projekt els\u0151 nemzeti ULG feladata \u00e9v elej\u00e9n 10-10 db isolation story meg\u00edr\u00e1sa volt. Ezek a t\u00f6rt\u00e9netek kiv\u00e9tel n\u00e9lk\u00fcl elszigetelt f\u00f3ti emberek val\u00f3s t\u00f6rt\u00e9netei. A mostani ULG tal\u00e1lkoz\u00f3 egyik f\u0151 feladata volt, hogy teljes csoportban, ny\u00edltan megvitatva \u00e9s egy\u00fctt gondolkozva dolgozzunk ki n\u00e9h\u00e1ny t\u00f6rt\u00e9nethez pozit\u00edv befejez\u00e9st. Kikre, mely szakemberekre, ismer\u0151s\u00f6kre lett volna sz\u00fcks\u00e9ge az adott t\u00e1rsunknak, hogy ne szigetel\u0151dj\u00f6n el? Ezek mennyire \u00e1llnak ma rendelkez\u00e9s\u00fcnkre itt a v\u00e1rosban? Mekkora ig\u00e9ny, sz\u00fcks\u00e9g lenne a jelenl\u00e9t\u00fckre?<\/p><p class=\"p1\">A szakmai programon ism\u00e9t bebizonyosodott, hogy F\u00f3t v\u00e1ros lak\u00f3i \u00f6r\u00f6mmel fogadj\u00e1k a projektet, sz\u00edvesen mondanak v\u00e9lem\u00e9nyt \u00e9s osztj\u00e1k meg vel\u00fcnk gondolataikat a t\u00e1rsadalmi elszigetel\u0151d\u00e9s \u00e9s a v\u00e1rost \u00e9rint\u0151 egy\u00e9b \u2013 szoci\u00e1lis- t\u00e9m\u00e1kban is.<\/p><p class=\"p1\">A szakmai munk\u00e1t egy kellemes, csapat\u00e9p\u00edt\u0151 grillez\u00e9ssel \u00e9s besz\u00e9lget\u00e9ssel z\u00e1rtuk.<\/p><p class=\"p1\">Ez\u00faton is k\u00f6sz\u00f6nj\u00fck minden megjelent vend\u00e9gnek, hogy \u00e9szrev\u00e9teleivel \u00e9s szakmai tapasztalataival seg\u00edti munk\u00e1nkat \u00e9s hozz\u00e1j\u00e1rul a projekt eredm\u00e9nyeihez. Szeretettel v\u00e1runk minden \u00e9rdekl\u0151d\u0151t \u00e9s akt\u00edvan tenni v\u00e1gy\u00f3t a munkacsoportba a\u00a0<a href=\"mailto:bercine.berke.szilvia@fotikozszolg.hu?subject=&amp;body=\"><span class=\"s1\">bercine.berke.szilvia@fotikozszolg.hu<\/span><\/a>\u00a0e-mail c\u00edmen.<\/p><p class=\"p2\"><b>Breaking isolation!<\/b><b><\/b><\/p>\t\t\t\t\t\t\t\t<\/div>\n\t\t\t\t<\/div>\n\t\t\t\t\t<\/div>\n\t\t\t\t<\/div>\n\t\t<div class=\"elementor-element elementor-element-5914033 e-flex e-con-boxed e-con e-parent\" data-id=\"5914033\" data-element_type=\"container\">\n\t\t\t\t\t<div class=\"e-con-inner\">\n\t\t<div class=\"elementor-element elementor-element-f011907 e-con-full e-flex e-con e-child\" data-id=\"f011907\" data-element_type=\"container\">\n\t\t\t\t<div class=\"elementor-element elementor-element-8d4b89c elementor-widget elementor-widget-image\" data-id=\"8d4b89c\" data-element_type=\"widget\" data-widget_type=\"image.default\">\n\t\t\t\t<div class=\"elementor-widget-container\">\n\t\t\t\t\t\t\t\t\t\t\t\t\t\t\t<img loading=\"lazy\" decoding=\"async\" width=\"768\" height=\"576\" src=\"https:\/\/www.fotikozszolg.hu\/wp-content\/uploads\/2025\/04\/IMG_3435s-ma\u0301solat.png\" class=\"attachment-large size-large wp-image-4837\" alt=\"\" srcset=\"https:\/\/www.fotikozszolg.hu\/wp-content\/uploads\/2025\/04\/IMG_3435s-ma\u0301solat.png 768w, https:\/\/www.fotikozszolg.hu\/wp-content\/uploads\/2025\/04\/IMG_3435s-ma\u0301solat-300x225.png 300w\" sizes=\"(max-width: 768px) 100vw, 768px\" \/>\t\t\t\t\t\t\t\t\t\t\t\t\t\t\t<\/div>\n\t\t\t\t<\/div>\n\t\t\t\t<\/div>\n\t\t<div class=\"elementor-element elementor-element-0189855 e-con-full e-flex e-con e-child\" data-id=\"0189855\" data-element_type=\"container\">\n\t\t<div class=\"elementor-element elementor-element-e6404a2 e-con-full e-flex e-con e-child\" data-id=\"e6404a2\" data-element_type=\"container\">\n\t\t\t\t<div class=\"elementor-element elementor-element-8e4e0e3 elementor-widget elementor-widget-image\" data-id=\"8e4e0e3\" data-element_type=\"widget\" data-widget_type=\"image.default\">\n\t\t\t\t<div class=\"elementor-widget-container\">\n\t\t\t\t\t\t\t\t\t\t\t\t\t\t\t<img loading=\"lazy\" decoding=\"async\" width=\"768\" height=\"576\" src=\"https:\/\/www.fotikozszolg.hu\/wp-content\/uploads\/2025\/04\/IMG_3444s-ma\u0301solat.png\" class=\"attachment-large size-large wp-image-4838\" alt=\"\" srcset=\"https:\/\/www.fotikozszolg.hu\/wp-content\/uploads\/2025\/04\/IMG_3444s-ma\u0301solat.png 768w, https:\/\/www.fotikozszolg.hu\/wp-content\/uploads\/2025\/04\/IMG_3444s-ma\u0301solat-300x225.png 300w\" sizes=\"(max-width: 768px) 100vw, 768px\" \/>\t\t\t\t\t\t\t\t\t\t\t\t\t\t\t<\/div>\n\t\t\t\t<\/div>\n\t\t\t\t<\/div>\n\t\t<div class=\"elementor-element elementor-element-de4d787 e-con-full e-flex e-con e-child\" data-id=\"de4d787\" data-element_type=\"container\">\n\t\t\t\t<div class=\"elementor-element elementor-element-fcb8b5c elementor-widget elementor-widget-image\" data-id=\"fcb8b5c\" data-element_type=\"widget\" data-widget_type=\"image.default\">\n\t\t\t\t<div class=\"elementor-widget-container\">\n\t\t\t\t\t\t\t\t\t\t\t\t\t\t\t<img loading=\"lazy\" decoding=\"async\" width=\"768\" height=\"576\" src=\"https:\/\/www.fotikozszolg.hu\/wp-content\/uploads\/2025\/04\/IMG_3465s-ma\u0301solat.png\" class=\"attachment-large size-large wp-image-4839\" alt=\"\" srcset=\"https:\/\/www.fotikozszolg.hu\/wp-content\/uploads\/2025\/04\/IMG_3465s-ma\u0301solat.png 768w, https:\/\/www.fotikozszolg.hu\/wp-content\/uploads\/2025\/04\/IMG_3465s-ma\u0301solat-300x225.png 300w\" sizes=\"(max-width: 768px) 100vw, 768px\" \/>\t\t\t\t\t\t\t\t\t\t\t\t\t\t\t<\/div>\n\t\t\t\t<\/div>\n\t\t\t\t<\/div>\n\t\t\t\t<\/div>\n\t\t\t\t\t<\/div>\n\t\t\t\t<\/div>\n\t\t<div class=\"elementor-element elementor-element-8c36114 e-flex e-con-boxed e-con e-parent\" data-id=\"8c36114\" data-element_type=\"container\">\n\t\t\t\t\t<div class=\"e-con-inner\">\n\t\t\t\t<div class=\"elementor-element elementor-element-7e56643 elementor-widget elementor-widget-text-editor\" data-id=\"7e56643\" data-element_type=\"widget\" data-widget_type=\"text-editor.default\">\n\t\t\t\t<div class=\"elementor-widget-container\">\n\t\t\t\t\t\t\t\t\t<h3 class=\"p1\"><b>2024.05.02.-<\/b><b>Serresben j\u00e1rt az URBACT csoportunk<\/b><b><\/b><\/h3><p class=\"p4\">A v\u00e1rosfejleszt\u00e9si h\u00e1l\u00f3zat negyedik nemzetk\u00f6zi partnertal\u00e1lkoz\u00f3j\u00e1nak a g\u00f6r\u00f6g Serres v\u00e1rosa adott otthont \u00e1prilis 16-18-\u00e1n. A hivatalos tal\u00e1lkoz\u00f3n a 10 orsz\u00e1g k\u00e9pvisel\u0151i, k\u00f6zt\u00fck a f\u00f3ti deleg\u00e1ci\u00f3, besz\u00e1moltak a projekt helyi el\u0151rehalad\u00e1si eredm\u00e9nyeir\u0151l, a ULG csoportok \u00e1ltal teljes\u00edtett mental time travel feladatr\u00f3l &#8211; 2050-ben elk\u00e9pzelt\u00fcnk egy vil\u00e1got, melyben az emberek teljes elszigetel\u0151d\u00e9sben \u00e9lnek, majd egy \u00fajabb \u201eutaz\u00e1s\u201d seg\u00edts\u00e9g\u00e9vel a r\u00e9sztvev\u0151k vizion\u00e1lt\u00e1k F\u00f3tot 2050-ben, imm\u00e1r mag\u00e1ny \u00e9s elszigetel\u0151d\u00e9s n\u00e9lk\u00fcl.<\/p><p class=\"p4\">A serres-i tal\u00e1lkoz\u00f3n a vezet\u0151 szak\u00e9rt\u0151 prezent\u00e1lta a francia URBACT Titk\u00e1rs\u00e1g \u00e1ltal elfogadott \u00e9s v\u00e9gleges\u00edtett Baseline Study-t, majd a nemzetk\u00f6zi \u00e9s a helyi kommunik\u00e1ci\u00f3s tervek \u00e9s aktualit\u00e1sok ismertet\u00e9se k\u00f6vetkezett. A szakmai tal\u00e1lkoz\u00f3 m\u00e1sodik fel\u00e9ben a vezet\u0151 partner workshop form\u00e1j\u00e1ban megosztotta vel\u00fcnk a k\u00f6vetkez\u0151 id\u0151szak feladatait \u00e9s szakmai seg\u00edts\u00e9get kaptunk a helyi URBACT csoport eredm\u00e9nyes m\u0171k\u00f6d\u00e9s\u00e9vel kapcsolatban.<\/p><p class=\"p4\">A f\u00f3ti deleg\u00e1ci\u00f3 egyik tagja, Seb\u0151kn\u00e9 B\u00e1der J\u00e1zmin &#8211; az Egyes\u00edtett Szoci\u00e1lis \u00e9s Eg\u00e9szs\u00e9g\u00fcgyi Int\u00e9zm\u00e9ny jelz\u0151rendszeri felel\u0151se \u2013 az al\u00e1bbiakban \u00f6sszefoglalta a nemzetk\u00f6zi koll\u00e9g\u00e1kkal val\u00f3 tal\u00e1lkoz\u00e1s szakmai tapasztalatait, \u00e9lm\u00e9nyeit.<\/p><p class=\"p4\">A f\u00f3ti urbact local group tagjak\u00e9nt vettem r\u00e9szt a serresi \u201eBreaking Isolation\u201d konferenci\u00e1n, melyet ez\u00faton is h\u00e1l\u00e1san k\u00f6sz\u00f6n\u00f6k, \u00e9letre sz\u00f3l\u00f3 \u00e9lm\u00e9nyekkel gazdagodtam. A nemzetk\u00f6zi koll\u00e9g\u00e1k bar\u00e1ts\u00e1gosan fogadtak, komfortosan \u00e9reztem magam mind a szakmai meetingeken, mind a v\u00e1rosl\u00e1togat\u00e1sok sor\u00e1n.<\/p><p class=\"p4\">J\u00f3l szervezett, v\u00e1ltozatos, interakt\u00edv programok sora v\u00e1rt r\u00e1nk.<\/p><p class=\"p4\">A tagok besz\u00e1moltak r\u00f3la, hogy az el\u0151z\u0151 pombali tal\u00e1lkoz\u00e1s sor\u00e1n kipr\u00f3b\u00e1lt vezetett medit\u00e1ci\u00f3 milyen eredm\u00e9nyeket hozott a saj\u00e1t csapatukban. A medit\u00e1ci\u00f3 t\u00e9m\u00e1ja: k\u00e9pzelj\u00fck el v\u00e1rosunkat 2050-ben \u00fagy, hogy az emberek teljes m\u00e9rt\u00e9kben szoci\u00e1lisan izol\u00e1ltak, illetve \u00fagyis, hogy egy\u00e1ltal\u00e1n nincsen izol\u00e1ci\u00f3. Eg\u00e9szen hasonl\u00f3 v\u00e1laszok \u00e9rkeztek minden orsz\u00e1gb\u00f3l. J\u00f3 volt meg\u00e9lni a k\u00f6z\u00f6s \u00e9lm\u00e9nyt \u00e9s tapasztal\u00e1st.<\/p><p class=\"p4\">Szoci\u00e1lis munk\u00e1sk\u00e9nt \u00e9rt\u00e9keltem, hogy bemutatt\u00e1k a g\u00f6r\u00f6g szoci\u00e1lis ell\u00e1t\u00f3rendszer m\u0171k\u00f6d\u00e9s\u00e9t. A helyi szoci\u00e1lis munk\u00e1s k\u00f6rbevezetett benn\u00fcnket az adom\u00e1nyoszt\u00f3 k\u00f6zpontjukban, ahol a r\u00e1szorultak szem\u00e9lyesen tudj\u00e1k \u00e1tvenni az adom\u00e1nyokat (f\u0151k\u00e9nt \u00e9lelmiszert), illetve akik sz\u00e1m\u00e1ra ez nem megoldhat\u00f3, azoknak h\u00e1zhoz sz\u00e1ll\u00edtj\u00e1k.<\/p><p class=\"p4\">Megl\u00e1togattunk egy kis \u00e9kszerdobozhoz hasonl\u00f3 \u00fczlethelyis\u00e9get, ahol a helyi fogyat\u00e9kkal \u00e9l\u0151k \u00e1ltal k\u00e9sz\u00edtett aj\u00e1nd\u00e9kt\u00e1rgyakat lehet megv\u00e1s\u00e1rolni, a bev\u00e9telb\u0151l pedig \u0151ket t\u00e1mogatj\u00e1k.<\/p><p class=\"p4\">Bemutatt\u00e1k a serresi kerekessz\u00e9kes kos\u00e1rlabda paralimpikonokat, akik leny\u0171g\u00f6z\u0151 sportteljes\u00edtm\u00e9nnyel b\u00edrnak. A b\u00e1trak kipr\u00f3b\u00e1lhatt\u00e1k a kerekessz\u00e9kes kos\u00e1rlabd\u00e1z\u00e1st is. \u00a0\u00a0<\/p><p class=\"p4\">Tal\u00e1lkozhattunk Serres v\u00e1ros els\u0151 n\u0151i polg\u00e1rmester\u00e9vel is, aki sz\u00f3lt n\u00e9h\u00e1ny elismer\u0151 sz\u00f3t az izol\u00e1ci\u00f3 felsz\u00e1mol\u00e1s\u00e1t, felismer\u00e9s\u00e9t c\u00e9lz\u00f3 tev\u00e9kenys\u00e9gr\u0151l. \u00a0<\/p><p class=\"p4\">Lelkesen v\u00e1rom a k\u00f6vetkez\u0151 f\u00f3ti ULG tal\u00e1lkoz\u00f3t, ahol a Serresben bemutatott t\u00e1rsasj\u00e1t\u00e9kkal juthatunk k\u00f6zelebb a \u201eBreaking Isolation\u201d cselekv\u00e9si terv kidolgoz\u00e1s\u00e1hoz!<\/p><p class=\"p4\">K\u00f6sz\u00f6nj\u00fck Seb\u0151kn\u00e9 B\u00e1der J\u00e1zminnak, \u00e9s a ULG csoport valamennyi tagj\u00e1nak, hogy szakmai tapasztalataikkal \u00e9s megl\u00e1t\u00e1saikkal seg\u00edtik a projekt \u00e9p\u00fcl\u00e9s\u00e9t.<\/p><p class=\"p4\"><b>Breaking isolation!<\/b><\/p>\t\t\t\t\t\t\t\t<\/div>\n\t\t\t\t<\/div>\n\t\t\t\t\t<\/div>\n\t\t\t\t<\/div>\n\t\t<div class=\"elementor-element elementor-element-4f9e85b e-flex e-con-boxed e-con e-parent\" data-id=\"4f9e85b\" data-element_type=\"container\">\n\t\t\t\t\t<div class=\"e-con-inner\">\n\t\t<div class=\"elementor-element elementor-element-1df7b75 e-con-full e-flex e-con e-child\" data-id=\"1df7b75\" data-element_type=\"container\">\n\t\t\t\t<div class=\"elementor-element elementor-element-3730160 elementor-widget elementor-widget-image\" data-id=\"3730160\" data-element_type=\"widget\" data-widget_type=\"image.default\">\n\t\t\t\t<div class=\"elementor-widget-container\">\n\t\t\t\t\t\t\t\t\t\t\t\t\t\t\t<img loading=\"lazy\" decoding=\"async\" width=\"768\" height=\"576\" src=\"https:\/\/www.fotikozszolg.hu\/wp-content\/uploads\/2025\/04\/IMG_2709s-ma\u0301solat.png\" class=\"attachment-large size-large wp-image-4840\" alt=\"\" srcset=\"https:\/\/www.fotikozszolg.hu\/wp-content\/uploads\/2025\/04\/IMG_2709s-ma\u0301solat.png 768w, https:\/\/www.fotikozszolg.hu\/wp-content\/uploads\/2025\/04\/IMG_2709s-ma\u0301solat-300x225.png 300w\" sizes=\"(max-width: 768px) 100vw, 768px\" \/>\t\t\t\t\t\t\t\t\t\t\t\t\t\t\t<\/div>\n\t\t\t\t<\/div>\n\t\t\t\t<\/div>\n\t\t<div class=\"elementor-element elementor-element-56cb080 e-con-full e-flex e-con e-child\" data-id=\"56cb080\" data-element_type=\"container\">\n\t\t\t\t<div class=\"elementor-element elementor-element-59f0e00 elementor-widget elementor-widget-image\" data-id=\"59f0e00\" data-element_type=\"widget\" data-widget_type=\"image.default\">\n\t\t\t\t<div class=\"elementor-widget-container\">\n\t\t\t\t\t\t\t\t\t\t\t\t\t\t\t<img loading=\"lazy\" decoding=\"async\" width=\"768\" height=\"578\" src=\"https:\/\/www.fotikozszolg.hu\/wp-content\/uploads\/2025\/04\/IMG_3110-ma\u0301solat.png\" class=\"attachment-large size-large wp-image-4842\" alt=\"\" srcset=\"https:\/\/www.fotikozszolg.hu\/wp-content\/uploads\/2025\/04\/IMG_3110-ma\u0301solat.png 768w, https:\/\/www.fotikozszolg.hu\/wp-content\/uploads\/2025\/04\/IMG_3110-ma\u0301solat-300x226.png 300w\" sizes=\"(max-width: 768px) 100vw, 768px\" \/>\t\t\t\t\t\t\t\t\t\t\t\t\t\t\t<\/div>\n\t\t\t\t<\/div>\n\t\t\t\t<\/div>\n\t\t\t\t\t<\/div>\n\t\t\t\t<\/div>\n\t\t<div class=\"elementor-element elementor-element-d1ced04 e-flex e-con-boxed e-con e-parent\" data-id=\"d1ced04\" data-element_type=\"container\">\n\t\t\t\t\t<div class=\"e-con-inner\">\n\t\t\t\t<div class=\"elementor-element elementor-element-71beb86 elementor-widget elementor-widget-image\" data-id=\"71beb86\" data-element_type=\"widget\" data-widget_type=\"image.default\">\n\t\t\t\t<div class=\"elementor-widget-container\">\n\t\t\t\t\t\t\t\t\t\t\t\t\t\t\t<img loading=\"lazy\" decoding=\"async\" width=\"300\" height=\"225\" src=\"https:\/\/www.fotikozszolg.hu\/wp-content\/uploads\/2025\/04\/TERRIBLE-ma\u0301solat-300x225.png\" class=\"attachment-medium size-medium wp-image-4841\" alt=\"\" srcset=\"https:\/\/www.fotikozszolg.hu\/wp-content\/uploads\/2025\/04\/TERRIBLE-ma\u0301solat-300x225.png 300w, https:\/\/www.fotikozszolg.hu\/wp-content\/uploads\/2025\/04\/TERRIBLE-ma\u0301solat.png 768w\" sizes=\"(max-width: 300px) 100vw, 300px\" \/>\t\t\t\t\t\t\t\t\t\t\t\t\t\t\t<\/div>\n\t\t\t\t<\/div>\n\t\t\t\t\t<\/div>\n\t\t\t\t<\/div>\n\t\t<div class=\"elementor-element elementor-element-60b769d e-flex e-con-boxed e-con e-parent\" data-id=\"60b769d\" data-element_type=\"container\">\n\t\t\t\t\t<div class=\"e-con-inner\">\n\t\t\t\t<div class=\"elementor-element elementor-element-70fdbbc elementor-widget elementor-widget-text-editor\" data-id=\"70fdbbc\" data-element_type=\"widget\" data-widget_type=\"text-editor.default\">\n\t\t\t\t<div class=\"elementor-widget-container\">\n\t\t\t\t\t\t\t\t\t<h3 class=\"p1\"><b>\u00a02024.04.08.-<\/b><b>A Helyi URBACT Csoport m\u00e1sodik tal\u00e1lkoz\u00f3ja<\/b><b><\/b><\/h3><p class=\"p4\">2024. \u00e1prilis 5-\u00e9n p\u00e9nteken, a Somly\u00f3 t\u00f3n\u00e1l tal\u00e1lhat\u00f3 Ifj\u00fas\u00e1gi H\u00e1zban ker\u00fclt megrendez\u00e9sre a\u00a0<i>Breaking isolation \u2013 Egy\u00fctt a t\u00e1rsadalmi elszigetel\u0151d\u00e9s ellen<\/i>\u00a0c\u00edm\u0171 URBACT projekt m\u00e1sodik ULG tal\u00e1lkoz\u00f3ja, 22 f\u0151 r\u00e9szv\u00e9tel\u00e9vel.<\/p><p class=\"p4\">A projekt c\u00e9lja, hogy a p\u00e1ly\u00e1zat 2,5 \u00e9ves id\u0151tartama alatt olyan akci\u00f3tervet dolgozzunk ki, melyet a v\u00e1ros k\u00e9pvisel\u0151test\u00fclete elfogad 2025 v\u00e9g\u00e9n, majd ezt k\u00f6vet\u0151en be\u00e9p\u00edti a szoci\u00e1lis strat\u00e9gi\u00e1j\u00e1ba. C\u00e9lunk, hogy a projekt \u00e1ltal k\u00f6zelebb hozzuk az embereket, a k\u00fcl\u00f6nb\u00f6z\u0151 gener\u00e1ci\u00f3kat, \u00e9s el\u0151mozd\u00edtsuk a soksz\u00edn\u0171s\u00e9get. A helyi k\u00f6z\u00f6ss\u00e9gek akt\u00edv r\u00e9szesei a v\u00e1ltoz\u00e1snak, a nemzetk\u00f6zi szak\u00e9rt\u0151k \u00e9s a helyi szerepl\u0151k szorosan egy\u00fcttm\u0171k\u00f6dnek.<\/p><p class=\"p4\">A tal\u00e1lkoz\u00f3n Ers\u00f3k N\u00f3ra projekt koordin\u00e1tor \u00e9s B\u00e9rcin\u00e9 Berke Szilvia a helyi URBACT munkacsoport vezet\u0151je az \u00fajonnan csatlakoz\u00f3k \u00e9s az \u00faj \u00e9rdekl\u0151d\u0151k sz\u00e1m\u00e1ra bemutatt\u00e1k a projektet, a t\u00e1rsadalmi elszigetel\u0151d\u00e9s vil\u00e1gm\u00e9ret\u0171 probl\u00e9m\u00e1j\u00e1t, majd kit\u00e9rtek az el\u0151tt\u00fcnk \u00e1ll\u00f3 2 \u00e9ves munkaid\u0151szak feladataira.<\/p><p class=\"p4\">Ezt k\u00f6vet\u0151en egy ment\u00e1lis id\u0151utaz\u00e1sra h\u00edvtuk a ULG tagokat. 2050-ben elk\u00e9pzelt\u00fcnk egy vil\u00e1got, melyben az emberek teljes elszigetel\u0151d\u00e9sben \u00e9lnek, majd egy \u00fajabb \u201eutaz\u00e1s\u201d seg\u00edts\u00e9g\u00e9vel a r\u00e9sztvev\u0151k vizion\u00e1lt\u00e1k F\u00f3tot 2050-ben, imm\u00e1r mag\u00e1ny \u00e9s elszigetel\u0151d\u00e9s n\u00e9lk\u00fcl.<\/p><p class=\"p4\">A m\u0171helymunka egyik leg\u00e9rdekesebb eredm\u00e9nye, hogy az elszigetelt vil\u00e1gban a fiatalok a high tech \u00e9s modern, de pozit\u00edv vonalat l\u00e1tt\u00e1k meg, m\u00edg az id\u0151sebb koroszt\u00e1ly tagjai sz\u00fcrk\u00e9nek, arctalannak, robotszer\u0171nek l\u00e1tt\u00e1k az embereket, mosoly, vid\u00e1ms\u00e1g \u00e9s gyerekek n\u00e9lk\u00fcl.<\/p><p class=\"p4\">A r\u00e9sztvev\u0151k mindannyian egyet\u00e9rtettek, hogy 2050-re F\u00f3tot egy \u00f6sszetart\u00f3, egym\u00e1st seg\u00edt\u0151 k\u00f6z\u00f6ss\u00e9gekkel rendelkez\u0151, z\u00f6ld v\u00e1rosnak szeretn\u00e9k l\u00e1tni. Ezen fogunk dolgozni. Ez\u00e9rt j\u00f6tt l\u00e9tre a projekt.<\/p><p class=\"p4\">A szakmai munk\u00e1t egy kellemes, csapat\u00e9p\u00edt\u0151 hamburgerez\u00e9ssel z\u00e1rtuk gy\u00f6ny\u00f6r\u0171, t\u00f3parti k\u00f6rnyezetben.<\/p><p class=\"p4\">Ez\u00faton is k\u00f6sz\u00f6nj\u00fck minden megjelent vend\u00e9gnek, hogy \u00e9szrev\u00e9teleivel \u00e9s szakmai tapasztalataival seg\u00edti munk\u00e1nkat \u00e9s hozz\u00e1j\u00e1rul a projekt eredm\u00e9nyeihez. Szeretettel v\u00e1runk minden \u00e9rdekl\u0151d\u0151t \u00e9s akt\u00edvan tenni v\u00e1gy\u00f3t a munkacsoportba a\u00a0<a href=\"mailto:bercine.berke.szilvia@fotikozszolg.hu?subject=Breaking%20isolation&amp;body=\"><span class=\"s1\">bercine.berke.szilvia@fotikozszolg.hu<\/span><\/a>\u00a0e-mail c\u00edmen.<\/p><p class=\"p4\">Breaking isolation!<\/p>\t\t\t\t\t\t\t\t<\/div>\n\t\t\t\t<\/div>\n\t\t\t\t\t<\/div>\n\t\t\t\t<\/div>\n\t\t<div class=\"elementor-element elementor-element-3ccc232 e-flex e-con-boxed e-con e-parent\" data-id=\"3ccc232\" data-element_type=\"container\">\n\t\t\t\t\t<div class=\"e-con-inner\">\n\t\t<div class=\"elementor-element elementor-element-55ed7e3 e-con-full e-flex e-con e-child\" data-id=\"55ed7e3\" data-element_type=\"container\">\n\t\t\t\t<div class=\"elementor-element elementor-element-4754abc elementor-widget elementor-widget-image\" data-id=\"4754abc\" data-element_type=\"widget\" data-widget_type=\"image.default\">\n\t\t\t\t<div class=\"elementor-widget-container\">\n\t\t\t\t\t\t\t\t\t\t\t\t\t\t\t<img loading=\"lazy\" decoding=\"async\" width=\"768\" height=\"576\" src=\"https:\/\/www.fotikozszolg.hu\/wp-content\/uploads\/2025\/04\/IMG_2391_s-ma\u0301solat.png\" class=\"attachment-large size-large wp-image-4843\" alt=\"\" srcset=\"https:\/\/www.fotikozszolg.hu\/wp-content\/uploads\/2025\/04\/IMG_2391_s-ma\u0301solat.png 768w, https:\/\/www.fotikozszolg.hu\/wp-content\/uploads\/2025\/04\/IMG_2391_s-ma\u0301solat-300x225.png 300w\" sizes=\"(max-width: 768px) 100vw, 768px\" \/>\t\t\t\t\t\t\t\t\t\t\t\t\t\t\t<\/div>\n\t\t\t\t<\/div>\n\t\t\t\t<\/div>\n\t\t<div class=\"elementor-element elementor-element-f024853 e-con-full e-flex e-con e-child\" data-id=\"f024853\" data-element_type=\"container\">\n\t\t\t\t<div class=\"elementor-element elementor-element-1a0d366 elementor-widget elementor-widget-image\" data-id=\"1a0d366\" data-element_type=\"widget\" data-widget_type=\"image.default\">\n\t\t\t\t<div class=\"elementor-widget-container\">\n\t\t\t\t\t\t\t\t\t\t\t\t\t\t\t<img loading=\"lazy\" decoding=\"async\" width=\"768\" height=\"576\" src=\"https:\/\/www.fotikozszolg.hu\/wp-content\/uploads\/2025\/04\/IMG_2426s-ma\u0301solat.png\" class=\"attachment-large size-large wp-image-4844\" alt=\"\" srcset=\"https:\/\/www.fotikozszolg.hu\/wp-content\/uploads\/2025\/04\/IMG_2426s-ma\u0301solat.png 768w, https:\/\/www.fotikozszolg.hu\/wp-content\/uploads\/2025\/04\/IMG_2426s-ma\u0301solat-300x225.png 300w\" sizes=\"(max-width: 768px) 100vw, 768px\" \/>\t\t\t\t\t\t\t\t\t\t\t\t\t\t\t<\/div>\n\t\t\t\t<\/div>\n\t\t\t\t<\/div>\n\t\t\t\t\t<\/div>\n\t\t\t\t<\/div>\n\t\t<div class=\"elementor-element elementor-element-bd0a317 e-flex e-con-boxed e-con e-parent\" data-id=\"bd0a317\" data-element_type=\"container\">\n\t\t\t\t\t<div class=\"e-con-inner\">\n\t\t\t\t<div class=\"elementor-element elementor-element-3dd7bd1 elementor-widget__width-initial elementor-widget elementor-widget-image\" data-id=\"3dd7bd1\" data-element_type=\"widget\" data-widget_type=\"image.default\">\n\t\t\t\t<div class=\"elementor-widget-container\">\n\t\t\t\t\t\t\t\t\t\t\t\t\t\t\t<img loading=\"lazy\" decoding=\"async\" width=\"300\" height=\"225\" src=\"https:\/\/www.fotikozszolg.hu\/wp-content\/uploads\/2025\/04\/IMG_2465-ma\u0301solat-300x225.png\" class=\"attachment-medium size-medium wp-image-4845\" alt=\"\" srcset=\"https:\/\/www.fotikozszolg.hu\/wp-content\/uploads\/2025\/04\/IMG_2465-ma\u0301solat-300x225.png 300w, https:\/\/www.fotikozszolg.hu\/wp-content\/uploads\/2025\/04\/IMG_2465-ma\u0301solat.png 768w\" sizes=\"(max-width: 300px) 100vw, 300px\" \/>\t\t\t\t\t\t\t\t\t\t\t\t\t\t\t<\/div>\n\t\t\t\t<\/div>\n\t\t\t\t\t<\/div>\n\t\t\t\t<\/div>\n\t\t<div class=\"elementor-element elementor-element-b960b3b e-flex e-con-boxed e-con e-parent\" data-id=\"b960b3b\" data-element_type=\"container\">\n\t\t\t\t\t<div class=\"e-con-inner\">\n\t\t\t\t<div class=\"elementor-element elementor-element-1132c1d elementor-widget elementor-widget-text-editor\" data-id=\"1132c1d\" data-element_type=\"widget\" data-widget_type=\"text-editor.default\">\n\t\t\t\t<div class=\"elementor-widget-container\">\n\t\t\t\t\t\t\t\t\t<h3 class=\"p1\"><b>2024.03.05.-<\/b><b>Harmadik nemzetk\u00f6zi projekt tal\u00e1lkoz\u00f3 a\u00a0<\/b><b><i>Breaking isolation \u2013 egy\u00fctt a t\u00e1rsadalmi elszigetel\u0151d\u00e9s ellen<\/i><\/b><b>\u00a0c\u00edm\u0171 URBACT projektben<\/b><b><\/b><\/h3><p class=\"p4\">A v\u00e1rosfejleszt\u00e9si h\u00e1l\u00f3zat harmadik partnertal\u00e1lkoz\u00f3ja a portug\u00e1l Pombal v\u00e1ros\u00e1ban ker\u00fclt megrendez\u00e9sre febru\u00e1r v\u00e9g\u00e9n. A hivatalos tal\u00e1lkoz\u00f3n a 10 orsz\u00e1g k\u00e9pvisel\u0151i, k\u00f6zt\u00fck a f\u00f3ti deleg\u00e1ci\u00f3, besz\u00e1moltak a projekt helyi el\u0151rehalad\u00e1si eredm\u00e9nyeir\u0151l, a ULG csoportok megalakul\u00e1s\u00e1r\u00f3l \u00e9s az \u00e1ltaluk teljes\u00edtett els\u0151 feladatr\u00f3l &#8211; A ULG tagoknak a saj\u00e1t k\u00f6rnyezet\u00fckben \u00e9l\u0151, \u00e1ltaluk ismert ember t\u00f6rt\u00e9net\u00e9t kellett felid\u00e9zni\u00fck, aki szenved a t\u00e1rsadalmi elszigetel\u0151d\u00e9st\u0151l, majd a csoporttagokkal megosztva, B\u00e9rcin\u00e9 Berke Szilvia csoportvezet\u0151 szakmai ir\u00e1ny\u00edt\u00e1s\u00e1val, k\u00f6rvonalazt\u00e1k a probl\u00e9m\u00e1t, \u00e9s k\u00f6z\u00f6sen pr\u00f3b\u00e1ltak megold\u00e1st keresni.<\/p><p class=\"p4\">A portug\u00e1l tal\u00e1lkoz\u00f3n a vezet\u0151 szak\u00e9rt\u0151 prezent\u00e1lta a francia URBACT Titk\u00e1rs\u00e1g \u00e1ltal elfogadott Baseline Study-t, majd a nemzetk\u00f6zi \u00e9s a helyi kommunik\u00e1ci\u00f3s tervek \u00e9s eredm\u00e9nyek ismertet\u00e9se k\u00f6vetkezett. A szakmai tal\u00e1lkoz\u00f3 m\u00e1sodik fel\u00e9ben a vezet\u0151 partner megosztotta vel\u00fcnk a j\u00f6v\u0151ben el\u0151tt\u00fcnk \u00e1ll\u00f3 feladatokat \u00e9s szakmai seg\u00edts\u00e9get kaptunk a helyi URBACT csoport eredm\u00e9nyes m\u0171k\u00f6d\u00e9s\u00e9vel \u00e9s soron k\u00f6vetkez\u0151 feladataival kapcsolatban.<\/p>\t\t\t\t\t\t\t\t<\/div>\n\t\t\t\t<\/div>\n\t\t\t\t\t<\/div>\n\t\t\t\t<\/div>\n\t\t<div class=\"elementor-element elementor-element-e6ca079 e-flex e-con-boxed e-con e-parent\" data-id=\"e6ca079\" data-element_type=\"container\">\n\t\t\t\t\t<div class=\"e-con-inner\">\n\t\t\t\t<div class=\"elementor-element elementor-element-0410c16 elementor-widget__width-initial elementor-widget elementor-widget-image\" data-id=\"0410c16\" data-element_type=\"widget\" data-widget_type=\"image.default\">\n\t\t\t\t<div class=\"elementor-widget-container\">\n\t\t\t\t\t\t\t\t\t\t\t\t\t\t\t<img loading=\"lazy\" decoding=\"async\" width=\"300\" height=\"225\" src=\"https:\/\/www.fotikozszolg.hu\/wp-content\/uploads\/2025\/04\/Image1-ma\u0301solat-300x225.png\" class=\"attachment-medium size-medium wp-image-4846\" alt=\"\" srcset=\"https:\/\/www.fotikozszolg.hu\/wp-content\/uploads\/2025\/04\/Image1-ma\u0301solat-300x225.png 300w, https:\/\/www.fotikozszolg.hu\/wp-content\/uploads\/2025\/04\/Image1-ma\u0301solat.png 768w\" sizes=\"(max-width: 300px) 100vw, 300px\" \/>\t\t\t\t\t\t\t\t\t\t\t\t\t\t\t<\/div>\n\t\t\t\t<\/div>\n\t\t\t\t\t<\/div>\n\t\t\t\t<\/div>\n\t\t<div class=\"elementor-element elementor-element-9cbb135 e-flex e-con-boxed e-con e-parent\" data-id=\"9cbb135\" data-element_type=\"container\">\n\t\t\t\t\t<div class=\"e-con-inner\">\n\t\t\t\t<div class=\"elementor-element elementor-element-092e99d elementor-widget elementor-widget-text-editor\" data-id=\"092e99d\" data-element_type=\"widget\" data-widget_type=\"text-editor.default\">\n\t\t\t\t<div class=\"elementor-widget-container\">\n\t\t\t\t\t\t\t\t\t<h3 class=\"p1\"><b>2024.02.16.-<\/b><b>A Breaking isolation projekt f\u00f3ti nyit\u00f3rendezv\u00e9nye \u00e9s a Helyi URBACT csoport megalakul\u00e1sa<\/b><b><\/b><\/h3><p class=\"p4\">2024. febru\u00e1r 16-\u00e1n p\u00e9nteken, a V\u00f6r\u00f6smarty M\u0171vel\u0151d\u00e9si H\u00e1zban ker\u00fclt megrendez\u00e9sre a\u00a0<i>Breaking isolation \u2013 Egy\u00fctt a t\u00e1rsadalmi elszigetel\u0151d\u00e9s ellen<\/i>\u00a0c\u00edm\u0171 URBACT projekt nyit\u00f3 esem\u00e9nye k\u00f6zel \u00f6tven f\u0151 r\u00e9szv\u00e9tel\u00e9vel.<\/p><p class=\"p4\">A megh\u00edvott vend\u00e9geket a F\u00f3ti K\u00f6zszolg\u00e1ltat\u00f3 Nonprofit Kft. nev\u00e9ben Ivanov \u2013 Kiss Melinda gazdas\u00e1gi vezet\u0151 fogadta, majd a jelenl\u00e9v\u0151k meghallgathatt\u00e1k dr. Vass Gy\u00f6rgy polg\u00e1rmester \u00far k\u00f6sz\u00f6nt\u0151j\u00e9t. Ezt k\u00f6vet\u0151en Ers\u00f3k N\u00f3ra projekt koordin\u00e1tor \u00e9s B\u00e9rcin\u00e9 Berke Szilvia a helyi URBACT munkacsoport koordin\u00e1tora r\u00e9szletesen bemutatt\u00e1k a projektet, a t\u00e1rsadalmi elszigetel\u0151d\u00e9s vil\u00e1gm\u00e9ret\u0171 probl\u00e9m\u00e1j\u00e1t, majd kit\u00e9tek az el\u0151tt\u00fcnk \u00e1ll\u00f3 2 \u00e9ves munkaid\u0151szak feladataira.<\/p><p class=\"p4\">A projekt c\u00e9lja, hogy k\u00f6zelebb hozza az embereket, a k\u00fcl\u00f6nb\u00f6z\u0151 gener\u00e1ci\u00f3kat, \u00e9s el\u0151mozd\u00edtsa a soksz\u00edn\u0171s\u00e9get. K\u00fcl\u00f6nlegess\u00e9ge abban rejlik, hogy a helyi k\u00f6z\u00f6ss\u00e9gek akt\u00edv r\u00e9szesei a v\u00e1ltoz\u00e1snak, k\u00f6sz\u00f6nhet\u0151en a nemzetk\u00f6zi szak\u00e9rt\u0151k \u00e9s a helyi szerepl\u0151k szoros egy\u00fcttm\u0171k\u00f6d\u00e9s\u00e9nek.<\/p><p class=\"p4\">F\u00f3t v\u00e1rosa k\u00fcl\u00f6nleges helyzetben van: egyre t\u00f6bben dolgoznak t\u00e1vol a k\u00f6z\u00f6ss\u00e9gt\u0151l, m\u00edg m\u00e1sok \u00fajonnan \u00e9rkeztek v\u00e1rosunkba, keresve a kapcsol\u00f3d\u00e1si pontokat, \u00e9s az egyed\u00fcl \u00e9l\u0151 id\u0151seknek is probl\u00e9m\u00e1t okoz a kapcsolatok hi\u00e1nya. A c\u00e9l az, hogy min\u00e9l t\u00f6bb f\u00f3ti lakosnak seg\u00edts\u00fcnk a projekt \u00e1ltal, \u00e9s egy\u00fctt \u00e9p\u00edts\u00fcnk egy er\u0151sebb, \u00f6sszetart\u00f3 k\u00f6z\u00f6ss\u00e9get.<\/p><p class=\"p4\">A k\u00e9t \u00e9s f\u00e9l \u00e9ves projekt v\u00e9gc\u00e9lja, hogy F\u00f3t v\u00e1ros K\u00e9pvisel\u0151-test\u00fclete 2025 december\u00e9ben elfogadja a t\u00e1rsadalmi elszigetel\u0151d\u00e9s elleni strat\u00e9gi\u00e1nkat.<\/p><p class=\"p4\">Ez\u00faton is k\u00f6sz\u00f6nj\u00fck minden megjelent vend\u00e9gnek, hogy \u00e9szrev\u00e9teleivel \u00e9s szakmai tapasztalataival seg\u00edti munk\u00e1nkat \u00e9s hozz\u00e1j\u00e1rul a projekt eredm\u00e9nyeihez. Szeretettel v\u00e1runk minden \u00e9rdekl\u0151d\u0151t \u00e9s akt\u00edvan tenni v\u00e1gy\u00f3t a munkacsoportba a\u00a0<a href=\"mailto:bercine.berke.szilvia@fotikozszolg.hu?subject=Breaking%20isolation%20projekt%20&amp;body=\"><span class=\"s1\">bercine.berke.szilvia@fotikozszolg.hu<\/span><\/a>\u00a0e-mail c\u00edmen.<\/p><p class=\"p4\"><b>Breaking\u00a0isolation<\/b>!<\/p><p class=\"p4\">A rendezv\u00e9nyr\u0151l besz\u00e1molt a\u00a0<a href=\"https:\/\/fotinfo.hu\/\"><span class=\"s1\">www.fotinfo.hu<\/span><\/a>\u00a0(<a href=\"https:\/\/fotinfo.hu\/elindult-a-breaking-isolation-egyutt-a-tarsadalmi-elszigeteltseg-ellen-program-foton\/\"><span class=\"s1\">https:\/\/fotinfo.hu\/elindult-a-breaking-isolation-egyutt-a-tarsadalmi-elszigeteltseg-ellen-program-foton\/<\/span><\/a>) valamint olvashat\u00f3 lesz a F\u00f3ti H\u00edrn\u00f6k m\u00e1rciusi sz\u00e1m\u00e1ban. K\u00f6sz\u00f6nj\u00fck a sajt\u00f3 akt\u00edv r\u00e9szv\u00e9tel\u00e9t!<\/p>\t\t\t\t\t\t\t\t<\/div>\n\t\t\t\t<\/div>\n\t\t\t\t\t<\/div>\n\t\t\t\t<\/div>\n\t\t<div class=\"elementor-element elementor-element-6084c2e e-flex e-con-boxed e-con e-parent\" data-id=\"6084c2e\" data-element_type=\"container\">\n\t\t\t\t\t<div class=\"e-con-inner\">\n\t\t\t\t<div class=\"elementor-element elementor-element-ef3ef97 elementor-widget__width-initial elementor-widget elementor-widget-image\" data-id=\"ef3ef97\" data-element_type=\"widget\" data-widget_type=\"image.default\">\n\t\t\t\t<div class=\"elementor-widget-container\">\n\t\t\t\t\t\t\t\t\t\t\t\t\t\t\t<img loading=\"lazy\" decoding=\"async\" width=\"768\" height=\"508\" src=\"https:\/\/www.fotikozszolg.hu\/wp-content\/uploads\/2025\/04\/BREAKING-ma\u0301solat-1.png\" class=\"attachment-medium_large size-medium_large wp-image-4847\" alt=\"\" srcset=\"https:\/\/www.fotikozszolg.hu\/wp-content\/uploads\/2025\/04\/BREAKING-ma\u0301solat-1.png 768w, https:\/\/www.fotikozszolg.hu\/wp-content\/uploads\/2025\/04\/BREAKING-ma\u0301solat-1-300x198.png 300w\" sizes=\"(max-width: 768px) 100vw, 768px\" \/>\t\t\t\t\t\t\t\t\t\t\t\t\t\t\t<\/div>\n\t\t\t\t<\/div>\n\t\t\t\t\t<\/div>\n\t\t\t\t<\/div>\n\t\t<div class=\"elementor-element elementor-element-871d8c8 e-flex e-con-boxed e-con e-parent\" data-id=\"871d8c8\" data-element_type=\"container\">\n\t\t\t\t\t<div class=\"e-con-inner\">\n\t\t<div class=\"elementor-element elementor-element-3966048 e-con-full e-flex e-con e-child\" data-id=\"3966048\" data-element_type=\"container\">\n\t\t\t\t<div class=\"elementor-element elementor-element-04eee55 elementor-widget elementor-widget-image\" data-id=\"04eee55\" data-element_type=\"widget\" data-widget_type=\"image.default\">\n\t\t\t\t<div class=\"elementor-widget-container\">\n\t\t\t\t\t\t\t\t\t\t\t\t\t\t\t<img loading=\"lazy\" decoding=\"async\" width=\"768\" height=\"508\" src=\"https:\/\/www.fotikozszolg.hu\/wp-content\/uploads\/2025\/04\/BREAKING-ma\u0301solat-2.png\" class=\"attachment-large size-large wp-image-4848\" alt=\"\" srcset=\"https:\/\/www.fotikozszolg.hu\/wp-content\/uploads\/2025\/04\/BREAKING-ma\u0301solat-2.png 768w, https:\/\/www.fotikozszolg.hu\/wp-content\/uploads\/2025\/04\/BREAKING-ma\u0301solat-2-300x198.png 300w\" sizes=\"(max-width: 768px) 100vw, 768px\" \/>\t\t\t\t\t\t\t\t\t\t\t\t\t\t\t<\/div>\n\t\t\t\t<\/div>\n\t\t\t\t<\/div>\n\t\t<div class=\"elementor-element elementor-element-41d1bdf e-con-full e-flex e-con e-child\" data-id=\"41d1bdf\" data-element_type=\"container\">\n\t\t\t\t<div class=\"elementor-element elementor-element-8e58d53 elementor-widget elementor-widget-image\" data-id=\"8e58d53\" data-element_type=\"widget\" data-widget_type=\"image.default\">\n\t\t\t\t<div class=\"elementor-widget-container\">\n\t\t\t\t\t\t\t\t\t\t\t\t\t\t\t<img loading=\"lazy\" decoding=\"async\" width=\"768\" height=\"508\" src=\"https:\/\/www.fotikozszolg.hu\/wp-content\/uploads\/2025\/04\/BREAKING-ma\u0301solat-3.png\" class=\"attachment-large size-large wp-image-4849\" alt=\"\" srcset=\"https:\/\/www.fotikozszolg.hu\/wp-content\/uploads\/2025\/04\/BREAKING-ma\u0301solat-3.png 768w, https:\/\/www.fotikozszolg.hu\/wp-content\/uploads\/2025\/04\/BREAKING-ma\u0301solat-3-300x198.png 300w\" sizes=\"(max-width: 768px) 100vw, 768px\" \/>\t\t\t\t\t\t\t\t\t\t\t\t\t\t\t<\/div>\n\t\t\t\t<\/div>\n\t\t\t\t<\/div>\n\t\t<div class=\"elementor-element elementor-element-b3d2039 e-con-full e-flex e-con e-child\" data-id=\"b3d2039\" data-element_type=\"container\">\n\t\t\t\t<div class=\"elementor-element elementor-element-0ec99a2 elementor-widget elementor-widget-image\" data-id=\"0ec99a2\" data-element_type=\"widget\" data-widget_type=\"image.default\">\n\t\t\t\t<div class=\"elementor-widget-container\">\n\t\t\t\t\t\t\t\t\t\t\t\t\t\t\t<img loading=\"lazy\" decoding=\"async\" width=\"768\" height=\"576\" src=\"https:\/\/www.fotikozszolg.hu\/wp-content\/uploads\/2025\/04\/IMG_1951-ma\u0301solat.png\" class=\"attachment-large size-large wp-image-4850\" alt=\"\" srcset=\"https:\/\/www.fotikozszolg.hu\/wp-content\/uploads\/2025\/04\/IMG_1951-ma\u0301solat.png 768w, https:\/\/www.fotikozszolg.hu\/wp-content\/uploads\/2025\/04\/IMG_1951-ma\u0301solat-300x225.png 300w\" sizes=\"(max-width: 768px) 100vw, 768px\" \/>\t\t\t\t\t\t\t\t\t\t\t\t\t\t\t<\/div>\n\t\t\t\t<\/div>\n\t\t\t\t<\/div>\n\t\t<div class=\"elementor-element elementor-element-ced63a7 e-con-full e-flex e-con e-child\" data-id=\"ced63a7\" data-element_type=\"container\">\n\t\t\t\t<div class=\"elementor-element elementor-element-6d52401 elementor-widget elementor-widget-image\" data-id=\"6d52401\" data-element_type=\"widget\" data-widget_type=\"image.default\">\n\t\t\t\t<div class=\"elementor-widget-container\">\n\t\t\t\t\t\t\t\t\t\t\t\t\t\t\t<img loading=\"lazy\" decoding=\"async\" width=\"768\" height=\"576\" src=\"https:\/\/www.fotikozszolg.hu\/wp-content\/uploads\/2025\/04\/IMG_1958-ma\u0301solat.png\" class=\"attachment-large size-large wp-image-4851\" alt=\"\" srcset=\"https:\/\/www.fotikozszolg.hu\/wp-content\/uploads\/2025\/04\/IMG_1958-ma\u0301solat.png 768w, https:\/\/www.fotikozszolg.hu\/wp-content\/uploads\/2025\/04\/IMG_1958-ma\u0301solat-300x225.png 300w\" sizes=\"(max-width: 768px) 100vw, 768px\" \/>\t\t\t\t\t\t\t\t\t\t\t\t\t\t\t<\/div>\n\t\t\t\t<\/div>\n\t\t\t\t<\/div>\n\t\t\t\t\t<\/div>\n\t\t\t\t<\/div>\n\t\t<div class=\"elementor-element elementor-element-e0a899e e-flex e-con-boxed e-con e-parent\" data-id=\"e0a899e\" data-element_type=\"container\">\n\t\t\t\t\t<div class=\"e-con-inner\">\n\t\t\t\t<div class=\"elementor-element elementor-element-0032730 elementor-widget elementor-widget-text-editor\" data-id=\"0032730\" data-element_type=\"widget\" data-widget_type=\"text-editor.default\">\n\t\t\t\t<div class=\"elementor-widget-container\">\n\t\t\t\t\t\t\t\t\t<h3 class=\"p1\"><b>2023.12.18.-<\/b><b>M\u00e1sodik nemzetk\u00f6zi projekt tal\u00e1lkoz\u00f3 a\u00a0<\/b><b><i>Breaking isolation \u2013 egy\u00fctt a t\u00e1rsadalmi elszigetel\u0151d\u00e9s ellen<\/i><\/b><b>\u00a0c\u00edm\u0171 URBACT projektben<\/b><b><\/b><\/h3><p class=\"p3\">A v\u00e1rosfejleszt\u00e9si h\u00e1l\u00f3zat m\u00e1sodik \u00fcl\u00e9se a szlov\u00e9n partner v\u00e1ros\u00e1ban, Skofja Loka-ban ker\u00fclt megrendez\u00e9sre december k\u00f6zep\u00e9n. A 10 orsz\u00e1g k\u00e9pvisel\u0151i, k\u00f6zt\u00fck a f\u00f3ti deleg\u00e1ci\u00f3, besz\u00e1moltak a projekt helyi el\u0151rehalad\u00e1si eredm\u00e9nyeir\u0151l, majd a vezet\u0151 szak\u00e9rt\u0151 prezent\u00e1lta minden v\u00e1ros sz\u00e1m\u00e1ra a Study tour tal\u00e1lkoz\u00f3kon tapasztaltakat. A szakmai tal\u00e1lkoz\u00f3 m\u00e1sodik fel\u00e9ben a vezet\u0151 partner megosztotta vel\u00fcnk a j\u00f6v\u0151ben el\u0151tt\u00fcnk \u00e1ll\u00f3 feladatokat \u00e9s szakmai seg\u00edts\u00e9get kaptunk a helyi URBACT csoport l\u00e9trehoz\u00e1s\u00e1val kapcsolatban.<\/p><p class=\"p3\">A 3 napos nemzetk\u00f6zi tal\u00e1lkoz\u00f3 sor\u00e1n lehet\u0151s\u00e9g\u00fcnk ny\u00edlt a projekt partnerekkel val\u00f3 m\u00e9lyebb ismerked\u00e9sre \u00e9s a kapcsolat\u00e9p\u00edt\u00e9sre is.<\/p>\t\t\t\t\t\t\t\t<\/div>\n\t\t\t\t<\/div>\n\t\t\t\t\t<\/div>\n\t\t\t\t<\/div>\n\t\t<div class=\"elementor-element elementor-element-46084c4 e-flex e-con-boxed e-con e-parent\" data-id=\"46084c4\" data-element_type=\"container\">\n\t\t\t\t\t<div class=\"e-con-inner\">\n\t\t\t\t<div class=\"elementor-element elementor-element-1fa1ee7 elementor-widget__width-initial elementor-widget elementor-widget-image\" data-id=\"1fa1ee7\" data-element_type=\"widget\" data-widget_type=\"image.default\">\n\t\t\t\t<div class=\"elementor-widget-container\">\n\t\t\t\t\t\t\t\t\t\t\t\t\t\t\t<img loading=\"lazy\" decoding=\"async\" width=\"768\" height=\"574\" src=\"https:\/\/www.fotikozszolg.hu\/wp-content\/uploads\/2025\/04\/130e1c5e-7e28-47b0-ad5c-1496d63edf63-ma\u0301solat.png\" class=\"attachment-large size-large wp-image-4852\" alt=\"\" srcset=\"https:\/\/www.fotikozszolg.hu\/wp-content\/uploads\/2025\/04\/130e1c5e-7e28-47b0-ad5c-1496d63edf63-ma\u0301solat.png 768w, https:\/\/www.fotikozszolg.hu\/wp-content\/uploads\/2025\/04\/130e1c5e-7e28-47b0-ad5c-1496d63edf63-ma\u0301solat-300x224.png 300w\" sizes=\"(max-width: 768px) 100vw, 768px\" \/>\t\t\t\t\t\t\t\t\t\t\t\t\t\t\t<\/div>\n\t\t\t\t<\/div>\n\t\t\t\t\t<\/div>\n\t\t\t\t<\/div>\n\t\t<div class=\"elementor-element elementor-element-3a9a3f4 e-flex e-con-boxed e-con e-parent\" data-id=\"3a9a3f4\" data-element_type=\"container\">\n\t\t\t\t\t<div class=\"e-con-inner\">\n\t\t\t\t<div class=\"elementor-element elementor-element-d7636a9 elementor-widget elementor-widget-text-editor\" data-id=\"d7636a9\" data-element_type=\"widget\" data-widget_type=\"text-editor.default\">\n\t\t\t\t<div class=\"elementor-widget-container\">\n\t\t\t\t\t\t\t\t\t<h3 class=\"p1\"><b>2023.11.13.<\/b><\/h3><p class=\"p4\">November elej\u00e9n v\u00e1rosunkban k\u00f6sz\u00f6nthett\u00fck a\u00a0<b><i>Breaking isolation \u2013 Egy\u00fctt a t\u00e1rsadalmi elszigetel\u0151d\u00e9s ellen<\/i><\/b>\u00a0c\u00edm\u0171 eur\u00f3pai uni\u00f3s projekt\u00fcnk k\u00e9t k\u00fclf\u00f6ldi szak\u00e9rt\u0151j\u00e9t.<\/p><p class=\"p4\">Christophe Gouache-t (Belgium) \u00e9s Nicolas Castet-t (Franciaorsz\u00e1g) els\u0151k\u00e9nt Dr. Vass Gy\u00f6rgy polg\u00e1rmester \u00far fogadta B\u00edr\u00f3 Zolt\u00e1n alpolg\u00e1rmester \u00far \u00e9s Dr. Mih\u00e1lyi Zsolt Apor jegyz\u0151 \u00far t\u00e1rsas\u00e1g\u00e1ban.<\/p><p class=\"p4\">Ezt k\u00f6vet\u0151en a k\u00e9t szak\u00e9rt\u0151 a f\u00f3ti projekt csapat vezet\u00e9s\u00e9vel megl\u00e1togatta a v\u00e1ros szoci\u00e1lis, eg\u00e9szs\u00e9g\u00fcgyi \u00e9s sport l\u00e9tes\u00edtm\u00e9nyeit, sz\u00e1mos szakember tal\u00e1lkoz\u00f3n vett r\u00e9szt. Ezeken az alkalmakon mind a szakemberek mind pedig a t\u00e1rsadalmi elszigetel\u0151d\u00e9sben \u00e9rintett emberek nagy \u00e9rdekl\u0151d\u00e9ssel fogadt\u00e1k a projektet, sz\u00edvesen osztott\u00e1k meg vel\u00fcnk az elmag\u00e1nyosod\u00e1ssal kapcsolatos tapasztalataikat, gondolataikat.<\/p><p class=\"p4\">K\u00f6sz\u00f6nj\u00fck az \u00d6nkorm\u00e1nyzat, az ESZEI, a V\u00e9d\u0151n\u0151i Szolg\u00e1lat, a F\u00f3ti Sportegyes\u00fclet, a F\u00d6KE, a F\u00f3ti K\u00e1rolyiak Alap\u00edtv\u00e1ny \u00e9s a F\u00f3ton tev\u00e9kenyked\u0151, fiatalokkal dolgoz\u00f3 egyh\u00e1zi csoportok seg\u00edts\u00e9g\u00e9t \u00e9s szakmai egy\u00fcttm\u0171k\u00f6d\u00e9s\u00e9t, melynek k\u00f6sz\u00f6nhet\u0151en a 2025-\u00f6s projekt id\u0151szak v\u00e9g\u00e9re elk\u00e9sz\u00fclhet varosunkban egy akci\u00f3terv a F\u00f3ton \u00e9l\u0151 emberek jelenlegi \u00e9s potenci\u00e1lis t\u00e1rsadalmi elszigetel\u0151d\u00e9se ellen.<\/p>\t\t\t\t\t\t\t\t<\/div>\n\t\t\t\t<\/div>\n\t\t\t\t\t<\/div>\n\t\t\t\t<\/div>\n\t\t<div class=\"elementor-element elementor-element-773128a e-flex e-con-boxed e-con e-parent\" data-id=\"773128a\" data-element_type=\"container\">\n\t\t\t\t\t<div class=\"e-con-inner\">\n\t\t<div class=\"elementor-element elementor-element-af7e556 e-con-full e-flex e-con e-child\" data-id=\"af7e556\" data-element_type=\"container\">\n\t\t\t\t<div class=\"elementor-element elementor-element-e7b22b0 elementor-widget elementor-widget-image\" data-id=\"e7b22b0\" data-element_type=\"widget\" data-widget_type=\"image.default\">\n\t\t\t\t<div class=\"elementor-widget-container\">\n\t\t\t\t\t\t\t\t\t\t\t\t\t\t\t<img loading=\"lazy\" decoding=\"async\" width=\"768\" height=\"576\" src=\"https:\/\/www.fotikozszolg.hu\/wp-content\/uploads\/2025\/04\/IMG_0905-ma\u0301solat.png\" class=\"attachment-large size-large wp-image-4853\" alt=\"\" srcset=\"https:\/\/www.fotikozszolg.hu\/wp-content\/uploads\/2025\/04\/IMG_0905-ma\u0301solat.png 768w, https:\/\/www.fotikozszolg.hu\/wp-content\/uploads\/2025\/04\/IMG_0905-ma\u0301solat-300x225.png 300w\" sizes=\"(max-width: 768px) 100vw, 768px\" \/>\t\t\t\t\t\t\t\t\t\t\t\t\t\t\t<\/div>\n\t\t\t\t<\/div>\n\t\t\t\t<\/div>\n\t\t<div class=\"elementor-element elementor-element-2b6bbde e-con-full e-flex e-con e-child\" data-id=\"2b6bbde\" data-element_type=\"container\">\n\t\t\t\t<div class=\"elementor-element elementor-element-d27312b elementor-widget elementor-widget-image\" data-id=\"d27312b\" data-element_type=\"widget\" data-widget_type=\"image.default\">\n\t\t\t\t<div class=\"elementor-widget-container\">\n\t\t\t\t\t\t\t\t\t\t\t\t\t\t\t<img loading=\"lazy\" decoding=\"async\" width=\"768\" height=\"576\" src=\"https:\/\/www.fotikozszolg.hu\/wp-content\/uploads\/2025\/04\/IMG_0912-ma\u0301solat.png\" class=\"attachment-large size-large wp-image-4854\" alt=\"\" srcset=\"https:\/\/www.fotikozszolg.hu\/wp-content\/uploads\/2025\/04\/IMG_0912-ma\u0301solat.png 768w, https:\/\/www.fotikozszolg.hu\/wp-content\/uploads\/2025\/04\/IMG_0912-ma\u0301solat-300x225.png 300w\" sizes=\"(max-width: 768px) 100vw, 768px\" \/>\t\t\t\t\t\t\t\t\t\t\t\t\t\t\t<\/div>\n\t\t\t\t<\/div>\n\t\t\t\t<\/div>\n\t\t<div class=\"elementor-element elementor-element-fe9262f e-con-full e-flex e-con e-child\" data-id=\"fe9262f\" data-element_type=\"container\">\n\t\t\t\t<div class=\"elementor-element elementor-element-3dbecb6 elementor-widget elementor-widget-image\" data-id=\"3dbecb6\" data-element_type=\"widget\" data-widget_type=\"image.default\">\n\t\t\t\t<div class=\"elementor-widget-container\">\n\t\t\t\t\t\t\t\t\t\t\t\t\t\t\t<img loading=\"lazy\" decoding=\"async\" width=\"768\" height=\"576\" src=\"https:\/\/www.fotikozszolg.hu\/wp-content\/uploads\/2025\/04\/IMG_0914-ma\u0301solat.png\" class=\"attachment-large size-large wp-image-4855\" alt=\"\" srcset=\"https:\/\/www.fotikozszolg.hu\/wp-content\/uploads\/2025\/04\/IMG_0914-ma\u0301solat.png 768w, https:\/\/www.fotikozszolg.hu\/wp-content\/uploads\/2025\/04\/IMG_0914-ma\u0301solat-300x225.png 300w\" sizes=\"(max-width: 768px) 100vw, 768px\" \/>\t\t\t\t\t\t\t\t\t\t\t\t\t\t\t<\/div>\n\t\t\t\t<\/div>\n\t\t\t\t<\/div>\n\t\t<div class=\"elementor-element elementor-element-3d3ce9d e-con-full e-flex e-con e-child\" data-id=\"3d3ce9d\" data-element_type=\"container\">\n\t\t\t\t<div class=\"elementor-element elementor-element-c36fab3 elementor-widget elementor-widget-image\" data-id=\"c36fab3\" data-element_type=\"widget\" data-widget_type=\"image.default\">\n\t\t\t\t<div class=\"elementor-widget-container\">\n\t\t\t\t\t\t\t\t\t\t\t\t\t\t\t<img loading=\"lazy\" decoding=\"async\" width=\"768\" height=\"576\" src=\"https:\/\/www.fotikozszolg.hu\/wp-content\/uploads\/2025\/04\/IMG_0916-ma\u0301solat.png\" class=\"attachment-large size-large wp-image-4856\" alt=\"\" srcset=\"https:\/\/www.fotikozszolg.hu\/wp-content\/uploads\/2025\/04\/IMG_0916-ma\u0301solat.png 768w, https:\/\/www.fotikozszolg.hu\/wp-content\/uploads\/2025\/04\/IMG_0916-ma\u0301solat-300x225.png 300w\" sizes=\"(max-width: 768px) 100vw, 768px\" \/>\t\t\t\t\t\t\t\t\t\t\t\t\t\t\t<\/div>\n\t\t\t\t<\/div>\n\t\t\t\t<\/div>\n\t\t<div class=\"elementor-element elementor-element-8b64dc9 e-con-full e-flex e-con e-child\" data-id=\"8b64dc9\" data-element_type=\"container\">\n\t\t\t\t<div class=\"elementor-element elementor-element-96d3c55 elementor-widget elementor-widget-image\" data-id=\"96d3c55\" data-element_type=\"widget\" data-widget_type=\"image.default\">\n\t\t\t\t<div class=\"elementor-widget-container\">\n\t\t\t\t\t\t\t\t\t\t\t\t\t\t\t<img loading=\"lazy\" decoding=\"async\" width=\"768\" height=\"576\" src=\"https:\/\/www.fotikozszolg.hu\/wp-content\/uploads\/2025\/04\/IMG_0922-ma\u0301solat.png\" class=\"attachment-large size-large wp-image-4857\" alt=\"\" srcset=\"https:\/\/www.fotikozszolg.hu\/wp-content\/uploads\/2025\/04\/IMG_0922-ma\u0301solat.png 768w, https:\/\/www.fotikozszolg.hu\/wp-content\/uploads\/2025\/04\/IMG_0922-ma\u0301solat-300x225.png 300w\" sizes=\"(max-width: 768px) 100vw, 768px\" \/>\t\t\t\t\t\t\t\t\t\t\t\t\t\t\t<\/div>\n\t\t\t\t<\/div>\n\t\t\t\t<\/div>\n\t\t<div class=\"elementor-element elementor-element-b06d4c0 e-con-full e-flex e-con e-child\" data-id=\"b06d4c0\" data-element_type=\"container\">\n\t\t\t\t<div class=\"elementor-element elementor-element-427eed1 elementor-widget elementor-widget-image\" data-id=\"427eed1\" data-element_type=\"widget\" data-widget_type=\"image.default\">\n\t\t\t\t<div class=\"elementor-widget-container\">\n\t\t\t\t\t\t\t\t\t\t\t\t\t\t\t<img loading=\"lazy\" decoding=\"async\" width=\"768\" height=\"576\" src=\"https:\/\/www.fotikozszolg.hu\/wp-content\/uploads\/2025\/04\/IMG_0936-ma\u0301solat.png\" class=\"attachment-large size-large wp-image-4858\" alt=\"\" srcset=\"https:\/\/www.fotikozszolg.hu\/wp-content\/uploads\/2025\/04\/IMG_0936-ma\u0301solat.png 768w, https:\/\/www.fotikozszolg.hu\/wp-content\/uploads\/2025\/04\/IMG_0936-ma\u0301solat-300x225.png 300w\" sizes=\"(max-width: 768px) 100vw, 768px\" \/>\t\t\t\t\t\t\t\t\t\t\t\t\t\t\t<\/div>\n\t\t\t\t<\/div>\n\t\t\t\t<\/div>\n\t\t\t\t\t<\/div>\n\t\t\t\t<\/div>\n\t\t<div class=\"elementor-element elementor-element-5e98009 e-flex e-con-boxed e-con e-parent\" data-id=\"5e98009\" data-element_type=\"container\">\n\t\t\t\t\t<div class=\"e-con-inner\">\n\t\t<div class=\"elementor-element elementor-element-3a26102 e-con-full e-flex e-con e-child\" data-id=\"3a26102\" data-element_type=\"container\">\n\t\t\t\t<div class=\"elementor-element elementor-element-059ba34 elementor-widget elementor-widget-image\" data-id=\"059ba34\" data-element_type=\"widget\" data-widget_type=\"image.default\">\n\t\t\t\t<div class=\"elementor-widget-container\">\n\t\t\t\t\t\t\t\t\t\t\t\t\t\t\t<img loading=\"lazy\" decoding=\"async\" width=\"768\" height=\"576\" src=\"https:\/\/www.fotikozszolg.hu\/wp-content\/uploads\/2025\/04\/IMG_0943-ma\u0301solat.png\" class=\"attachment-large size-large wp-image-4859\" alt=\"\" srcset=\"https:\/\/www.fotikozszolg.hu\/wp-content\/uploads\/2025\/04\/IMG_0943-ma\u0301solat.png 768w, https:\/\/www.fotikozszolg.hu\/wp-content\/uploads\/2025\/04\/IMG_0943-ma\u0301solat-300x225.png 300w\" sizes=\"(max-width: 768px) 100vw, 768px\" \/>\t\t\t\t\t\t\t\t\t\t\t\t\t\t\t<\/div>\n\t\t\t\t<\/div>\n\t\t\t\t<\/div>\n\t\t<div class=\"elementor-element elementor-element-c6253f4 e-con-full e-flex e-con e-child\" data-id=\"c6253f4\" data-element_type=\"container\">\n\t\t\t\t<div class=\"elementor-element elementor-element-1f81c13 elementor-widget elementor-widget-image\" data-id=\"1f81c13\" data-element_type=\"widget\" data-widget_type=\"image.default\">\n\t\t\t\t<div class=\"elementor-widget-container\">\n\t\t\t\t\t\t\t\t\t\t\t\t\t\t\t<img loading=\"lazy\" decoding=\"async\" width=\"768\" height=\"576\" src=\"https:\/\/www.fotikozszolg.hu\/wp-content\/uploads\/2025\/04\/IMG_0946-ma\u0301solat.png\" class=\"attachment-large size-large wp-image-4860\" alt=\"\" srcset=\"https:\/\/www.fotikozszolg.hu\/wp-content\/uploads\/2025\/04\/IMG_0946-ma\u0301solat.png 768w, https:\/\/www.fotikozszolg.hu\/wp-content\/uploads\/2025\/04\/IMG_0946-ma\u0301solat-300x225.png 300w\" sizes=\"(max-width: 768px) 100vw, 768px\" \/>\t\t\t\t\t\t\t\t\t\t\t\t\t\t\t<\/div>\n\t\t\t\t<\/div>\n\t\t\t\t<\/div>\n\t\t<div class=\"elementor-element elementor-element-8f5f60e e-con-full e-flex e-con e-child\" data-id=\"8f5f60e\" data-element_type=\"container\">\n\t\t\t\t<div class=\"elementor-element elementor-element-6e7c347 elementor-widget elementor-widget-image\" data-id=\"6e7c347\" data-element_type=\"widget\" data-widget_type=\"image.default\">\n\t\t\t\t<div class=\"elementor-widget-container\">\n\t\t\t\t\t\t\t\t\t\t\t\t\t\t\t<img loading=\"lazy\" decoding=\"async\" width=\"768\" height=\"576\" src=\"https:\/\/www.fotikozszolg.hu\/wp-content\/uploads\/2025\/04\/IMG_0951-ma\u0301solat.png\" class=\"attachment-large size-large wp-image-4861\" alt=\"\" srcset=\"https:\/\/www.fotikozszolg.hu\/wp-content\/uploads\/2025\/04\/IMG_0951-ma\u0301solat.png 768w, https:\/\/www.fotikozszolg.hu\/wp-content\/uploads\/2025\/04\/IMG_0951-ma\u0301solat-300x225.png 300w\" sizes=\"(max-width: 768px) 100vw, 768px\" \/>\t\t\t\t\t\t\t\t\t\t\t\t\t\t\t<\/div>\n\t\t\t\t<\/div>\n\t\t\t\t<\/div>\n\t\t<div class=\"elementor-element elementor-element-791a346 e-con-full e-flex e-con e-child\" data-id=\"791a346\" data-element_type=\"container\">\n\t\t\t\t<div class=\"elementor-element elementor-element-a5acb18 elementor-widget elementor-widget-image\" data-id=\"a5acb18\" data-element_type=\"widget\" data-widget_type=\"image.default\">\n\t\t\t\t<div class=\"elementor-widget-container\">\n\t\t\t\t\t\t\t\t\t\t\t\t\t\t\t<img loading=\"lazy\" decoding=\"async\" width=\"768\" height=\"576\" src=\"https:\/\/www.fotikozszolg.hu\/wp-content\/uploads\/2025\/04\/IMG_0977-ma\u0301solat.png\" class=\"attachment-large size-large wp-image-4863\" alt=\"\" srcset=\"https:\/\/www.fotikozszolg.hu\/wp-content\/uploads\/2025\/04\/IMG_0977-ma\u0301solat.png 768w, https:\/\/www.fotikozszolg.hu\/wp-content\/uploads\/2025\/04\/IMG_0977-ma\u0301solat-300x225.png 300w\" sizes=\"(max-width: 768px) 100vw, 768px\" \/>\t\t\t\t\t\t\t\t\t\t\t\t\t\t\t<\/div>\n\t\t\t\t<\/div>\n\t\t\t\t<\/div>\n\t\t\t\t\t<\/div>\n\t\t\t\t<\/div>\n\t\t<div class=\"elementor-element elementor-element-b98d564 e-flex e-con-boxed e-con e-parent\" data-id=\"b98d564\" data-element_type=\"container\">\n\t\t\t\t\t<div class=\"e-con-inner\">\n\t\t\t\t<div class=\"elementor-element elementor-element-476fedf elementor-widget elementor-widget-text-editor\" data-id=\"476fedf\" data-element_type=\"widget\" data-widget_type=\"text-editor.default\">\n\t\t\t\t<div class=\"elementor-widget-container\">\n\t\t\t\t\t\t\t\t\t<h3 class=\"p1\"><b>2023.10.17.-<\/b><b>F\u00f3t v\u00e1ros r\u00e9szv\u00e9tele a\u00a0<\/b><b><i>Breaking isolation \u2013 egy\u00fctt a t\u00e1rsadalmi elszigetel\u0151d\u00e9s ellen<\/i><\/b><b>\u00a0c\u00edm\u0171 URBACT projektben<\/b><b><\/b><\/h3><p class=\"p3\">Az Eur\u00f3pai Uni\u00f3 Monitoring Bizotts\u00e1g\u00e1nak 2023. m\u00e1jus 31-i\u00a0<\/p><p class=\"p3\">d\u00f6nt\u00e9se alapj\u00e1n a beny\u00fajtott 52 p\u00e1ly\u00e1zatb\u00f3l \u00f6sszesen 30, k\u00f6zt\u00fck a francia vezet\u00e9s\u0171\u00a0<b>Breaking isolation\u00a0<\/b>projekt \u2013 melyben projekt partnerk\u00e9nt szerepel v\u00e1rosunk- elnyerte az Eur\u00f3pai Uni\u00f3 t\u00e1mogat\u00e1s\u00e1t.<\/p><p class=\"p3\">Az akci\u00f3terv megval\u00f3s\u00edt\u00e1s\u00e1ra kilenc m\u00e1sik uni\u00f3s orsz\u00e1ggal p\u00e1ly\u00e1ztunk, \u00e9s nyert\u00fcnk forr\u00e1st. A projekt keretein bel\u00fcl a t\u00e1rsadalom k\u00fcl\u00f6nb\u00f6z\u0151 csoportjainak \u2013 kiemelten a v\u00e1rosunkban \u00e9l\u0151 fiatalok \u2013 elmag\u00e1nyosod\u00e1sa, elszigetel\u0151d\u00e9se ellen k\u00fczd\u00fcnk, kicser\u00e9lj\u00fck a tapasztalatainkat, \u00e9s j\u00f3 p\u00e9ld\u00e1kat mutatunk egym\u00e1snak.<\/p><p class=\"p3\">Kiemelten fontos sz\u00e1munkra a fiatalok megsz\u00f3l\u00edt\u00e1sa, hiszen ez a program a j\u00f6v\u0151 v\u00e1ros\u00e1r\u00f3l sz\u00f3l. Civil szervezetekkel, mag\u00e1nemberekkel, \u00e9s v\u00e1rosunk int\u00e9zm\u00e9nyeinek k\u00e9pvisel\u0151ivel egy\u00fctt dolgozunk majd a k\u00eds\u00e9rlet siker\u00e9n. Az URBACT projektbe igyeksz\u00fcnk a lehet\u0151 legt\u00f6bb fiatalt bevonni annak \u00e9rdek\u00e9ben, hogy egy\u00fctt form\u00e1ljuk a j\u00f6v\u0151t, melynek r\u00e9v\u00e9n er\u0151s, \u00f6sszetart\u00f3 k\u00f6z\u00f6ss\u00e9geket \u00e9s a main\u00e1l \u00e9lhet\u0151bb v\u00e1rost teremthet\u00fcnk.<\/p><p class=\"p3\">A v\u00e1rosfejleszt\u00e9si h\u00e1l\u00f3zat els\u0151, alakul\u00f3 \u00fcl\u00e9se a francia Agen v\u00e1ros\u00e1ban volt szeptember k\u00f6zep\u00e9n, ahol a 10 orsz\u00e1g k\u00e9pvisel\u0151i, k\u00f6zt\u00fck a f\u00f3ti deleg\u00e1ci\u00f3 megismerkedtek a projekt partnerekkel \u00e9s a j\u00f6v\u0151ben el\u0151tt\u00fcnk \u00e1ll\u00f3 feladatokkal.<\/p>\t\t\t\t\t\t\t\t<\/div>\n\t\t\t\t<\/div>\n\t\t\t\t\t<\/div>\n\t\t\t\t<\/div>\n\t\t<div class=\"elementor-element elementor-element-26aafea e-con-full e-flex e-con e-parent\" data-id=\"26aafea\" data-element_type=\"container\">\n\t\t\t\t<div class=\"elementor-element elementor-element-9ae7c6a elementor-widget__width-initial elementor-widget elementor-widget-image\" data-id=\"9ae7c6a\" data-element_type=\"widget\" data-widget_type=\"image.default\">\n\t\t\t\t<div class=\"elementor-widget-container\">\n\t\t\t\t\t\t\t\t\t\t\t\t\t\t\t<img loading=\"lazy\" decoding=\"async\" width=\"512\" height=\"683\" src=\"https:\/\/www.fotikozszolg.hu\/wp-content\/uploads\/2025\/04\/URBACT_Agen_3-ma\u0301solat.png\" class=\"attachment-medium_large size-medium_large wp-image-4864\" alt=\"\" srcset=\"https:\/\/www.fotikozszolg.hu\/wp-content\/uploads\/2025\/04\/URBACT_Agen_3-ma\u0301solat.png 512w, https:\/\/www.fotikozszolg.hu\/wp-content\/uploads\/2025\/04\/URBACT_Agen_3-ma\u0301solat-225x300.png 225w\" sizes=\"(max-width: 512px) 100vw, 512px\" \/>\t\t\t\t\t\t\t\t\t\t\t\t\t\t\t<\/div>\n\t\t\t\t<\/div>\n\t\t\t\t<\/div>\n\t\t<div class=\"elementor-element elementor-element-4ae0bbc e-flex e-con-boxed e-con e-parent\" data-id=\"4ae0bbc\" data-element_type=\"container\">\n\t\t\t\t\t<div class=\"e-con-inner\">\n\t\t\t\t<div class=\"elementor-element elementor-element-25b7ade elementor-widget__width-initial elementor-widget elementor-widget-image\" data-id=\"25b7ade\" data-element_type=\"widget\" data-widget_type=\"image.default\">\n\t\t\t\t<div class=\"elementor-widget-container\">\n\t\t\t\t\t\t\t\t\t\t\t\t\t\t\t<img loading=\"lazy\" decoding=\"async\" width=\"768\" height=\"576\" src=\"https:\/\/www.fotikozszolg.hu\/wp-content\/uploads\/2025\/04\/URBACT_Agen_4-ma\u0301solat.png\" class=\"attachment-large size-large wp-image-4865\" alt=\"\" srcset=\"https:\/\/www.fotikozszolg.hu\/wp-content\/uploads\/2025\/04\/URBACT_Agen_4-ma\u0301solat.png 768w, https:\/\/www.fotikozszolg.hu\/wp-content\/uploads\/2025\/04\/URBACT_Agen_4-ma\u0301solat-300x225.png 300w\" sizes=\"(max-width: 768px) 100vw, 768px\" \/>\t\t\t\t\t\t\t\t\t\t\t\t\t\t\t<\/div>\n\t\t\t\t<\/div>\n\t\t\t\t\t<\/div>\n\t\t\t\t<\/div>\n\t\t<div class=\"elementor-element elementor-element-3cefb70 e-flex e-con-boxed e-con e-parent\" data-id=\"3cefb70\" data-element_type=\"container\">\n\t\t\t\t\t<div class=\"e-con-inner\">\n\t\t\t\t<div class=\"elementor-element elementor-element-1f8db45 elementor-widget elementor-widget-text-editor\" data-id=\"1f8db45\" data-element_type=\"widget\" data-widget_type=\"text-editor.default\">\n\t\t\t\t<div class=\"elementor-widget-container\">\n\t\t\t\t\t\t\t\t\t<p class=\"p1\"><b>2023.04.15.<\/b><\/p>\t\t\t\t\t\t\t\t<\/div>\n\t\t\t\t<\/div>\n\t\t\t\t\t<\/div>\n\t\t\t\t<\/div>\n\t\t<div class=\"elementor-element elementor-element-c1ac33a e-flex e-con-boxed e-con e-parent\" data-id=\"c1ac33a\" data-element_type=\"container\">\n\t\t\t\t\t<div class=\"e-con-inner\">\n\t\t\t\t<div class=\"elementor-element elementor-element-45f64d3 elementor-widget__width-initial elementor-widget elementor-widget-image\" data-id=\"45f64d3\" data-element_type=\"widget\" data-widget_type=\"image.default\">\n\t\t\t\t<div class=\"elementor-widget-container\">\n\t\t\t\t\t\t\t\t\t\t\t\t\t\t\t<img loading=\"lazy\" decoding=\"async\" width=\"512\" height=\"409\" src=\"https:\/\/www.fotikozszolg.hu\/wp-content\/uploads\/2025\/04\/Driving-change-for-ma\u0301solat.png\" class=\"attachment-large size-large wp-image-4866\" alt=\"\" srcset=\"https:\/\/www.fotikozszolg.hu\/wp-content\/uploads\/2025\/04\/Driving-change-for-ma\u0301solat.png 512w, https:\/\/www.fotikozszolg.hu\/wp-content\/uploads\/2025\/04\/Driving-change-for-ma\u0301solat-300x240.png 300w\" sizes=\"(max-width: 512px) 100vw, 512px\" \/>\t\t\t\t\t\t\t\t\t\t\t\t\t\t\t<\/div>\n\t\t\t\t<\/div>\n\t\t\t\t\t<\/div>\n\t\t\t\t<\/div>\n\t\t<div class=\"elementor-element elementor-element-c43e254 e-flex e-con-boxed e-con e-parent\" data-id=\"c43e254\" data-element_type=\"container\">\n\t\t\t\t\t<div class=\"e-con-inner\">\n\t\t\t\t<div class=\"elementor-element elementor-element-ca06b70 elementor-widget elementor-widget-text-editor\" data-id=\"ca06b70\" data-element_type=\"widget\" data-widget_type=\"text-editor.default\">\n\t\t\t\t<div class=\"elementor-widget-container\">\n\t\t\t\t\t\t\t\t\t<p class=\"p1\"><b>V\u00e1rosunk \u00a0a j\u00f6v\u0151ben kiemelt c\u00e9lj\u00e1nak tekinti az Eur\u00f3pai Uni\u00f3 \u00e9s a vil\u00e1g m\u00e1s \u00a0orsz\u00e1gaival val\u00f3 kapcsolatrendszer fejleszt\u00e9s\u00e9t. Ennek r\u00e9szek\u00e9nt eur\u00f3pai \u00a0uni\u00f3s p\u00e1ly\u00e1zatok r\u00e9v\u00e9n v\u00e1rosfejleszt\u00e9si h\u00e1l\u00f3zatokhoz \u00e9s \u00a0tud\u00e1smegoszt\u00e1son alapul\u00f3 projektekhez k\u00edv\u00e1nunk csatlakozni.<\/b><b><\/b><\/p><p class=\"p1\"><b>Projekt \u00a0csapatunk els\u0151 eredm\u00e9nyek\u00e9nt \u00f6r\u00f6mmel adunk h\u00edrt arr\u00f3l, hogy a \u00a02021-2027-es id\u0151szakban az eur\u00f3pai uni\u00f3s URBACT IV v\u00e1rosfejleszt\u00e9si \u00a0program keretein bel\u00fcl v\u00e1rosunk egy francia vezet\u00e9s\u0171 networkben \u00a0megp\u00e1ly\u00e1zta a projekt partnerk\u00e9nt val\u00f3 r\u00e9szv\u00e9tel lehet\u0151s\u00e9g\u00e9t. A projekt \u00a0c\u00edme: \u201eBreaking isolation \u2013 Egy\u00fctt a t\u00e1rsadalmi elszigetel\u0151d\u00e9s ellen\u201d. A \u00a0projektben az elk\u00f6vetkezend\u0151 \u00e9vekben szeretn\u00e9nk F\u00f3ton \u00f6sszetart\u00f3 \u00e9s \u00a0egym\u00e1st t\u00e1mogat\u00f3 k\u00f6z\u00f6ss\u00e9geket l\u00e9trehozni. C\u00e9lunk, hogy a v\u00e1rosunkban \u00a0\u00e9l\u0151k \u00e9s az \u00fajonnan ide k\u00f6lt\u00f6z\u0151k megismerj\u00e9k \u00e9s seg\u00edts\u00e9k egym\u00e1st, \u00a0maguk\u00e9nak \u00e9rezve a v\u00e1rost, annak c\u00e9ljait \u00e9s eredm\u00e9nyeit.<\/b><b><\/b><\/p><p class=\"p1\"><b>A projekt el\u0151rehalad\u00e1s\u00e1r\u00f3l hamarosan ism\u00e9t h\u00edrt adunk!<\/b><b><\/b><\/p><p class=\"p3\">Tov\u00e1bbi inform\u00e1ci\u00f3 az\u00a0<b>URBACT &#8211; Eur\u00f3pai fenntarthat\u00f3 v\u00e1rosfejleszt\u00e9si programokr\u00f3l<\/b>\u00a0az al\u00e1bbi linkre kattintva \u00e9rhet\u0151 el.<\/p><p class=\"p1\"><span class=\"s1\"><a href=\"https:\/\/urbact.eu\/\"><b>https:\/\/urbact.eu\/<\/b><b><\/b><\/a><\/span><\/p>\t\t\t\t\t\t\t\t<\/div>\n\t\t\t\t<\/div>\n\t\t\t\t\t<\/div>\n\t\t\t\t<\/div>\n\t\t\t\t<\/div>\n\t\t","protected":false},"excerpt":{"rendered":"<p>2025. december &#8211; Projektz\u00e1r\u00f3 tal\u00e1lkoz\u00f3 a ULG tagokkal December 18-\u00e1n k\u00f6z\u00f6s eb\u00e9ddel z\u00e1rult a Breaking Isolation &#8211; Egy\u00fctt a t\u00e1rsadalmi elszigetel\u0151d\u00e9s ellen c\u00edm\u0171 projekt f\u00f3ti&hellip;<\/p>\n","protected":false},"author":1,"featured_media":0,"parent":0,"menu_order":0,"comment_status":"closed","ping_status":"closed","template":"","meta":{"footnotes":""},"class_list":["post-4475","page","type-page","status-publish","hentry"],"_links":{"self":[{"href":"https:\/\/www.fotikozszolg.hu\/index.php?rest_route=\/wp\/v2\/pages\/4475","targetHints":{"allow":["GET"]}}],"collection":[{"href":"https:\/\/www.fotikozszolg.hu\/index.php?rest_route=\/wp\/v2\/pages"}],"about":[{"href":"https:\/\/www.fotikozszolg.hu\/index.php?rest_route=\/wp\/v2\/types\/page"}],"author":[{"embeddable":true,"href":"https:\/\/www.fotikozszolg.hu\/index.php?rest_route=\/wp\/v2\/users\/1"}],"replies":[{"embeddable":true,"href":"https:\/\/www.fotikozszolg.hu\/index.php?rest_route=%2Fwp%2Fv2%2Fcomments&post=4475"}],"version-history":[{"count":226,"href":"https:\/\/www.fotikozszolg.hu\/index.php?rest_route=\/wp\/v2\/pages\/4475\/revisions"}],"predecessor-version":[{"id":6310,"href":"https:\/\/www.fotikozszolg.hu\/index.php?rest_route=\/wp\/v2\/pages\/4475\/revisions\/6310"}],"wp:attachment":[{"href":"https:\/\/www.fotikozszolg.hu\/index.php?rest_route=%2Fwp%2Fv2%2Fmedia&parent=4475"}],"curies":[{"name":"wp","href":"https:\/\/api.w.org\/{rel}","templated":true}]}}