{"id":4469,"date":"2025-03-19T12:10:22","date_gmt":"2025-03-19T11:10:22","guid":{"rendered":"https:\/\/www.fotikozszolg.hu\/?page_id=4469"},"modified":"2026-03-05T12:00:29","modified_gmt":"2026-03-05T11:00:29","slug":"kiralydombi-szabadidopark","status":"publish","type":"page","link":"https:\/\/www.fotikozszolg.hu\/?page_id=4469","title":{"rendered":"Kir\u00e1lydombi Szabadid\u0151park"},"content":{"rendered":"\t\t<div data-elementor-type=\"wp-page\" data-elementor-id=\"4469\" class=\"elementor elementor-4469\">\n\t\t\t\t<div class=\"elementor-element elementor-element-06d0520 e-flex e-con-boxed e-con e-parent\" data-id=\"06d0520\" data-element_type=\"container\">\n\t\t\t\t\t<div class=\"e-con-inner\">\n\t\t\t\t<div class=\"elementor-element elementor-element-77e1423 elementor-widget elementor-widget-text-editor\" data-id=\"77e1423\" data-element_type=\"widget\" data-widget_type=\"text-editor.default\">\n\t\t\t\t<div class=\"elementor-widget-container\">\n\t\t\t\t\t\t\t\t\t<h3 class=\"p1\"><b>Kir\u00e1lydombi szabadid\u0151park kialak\u00edt\u00e1sa F\u00f3ton<\/b><b><\/b><\/h3><p class=\"p1\">Kedvezm\u00e9nyezett:\u00a0<b>F\u00f3ti K\u00f6zszolg\u00e1ltat\u00f3 K\u00f6zhaszn\u00fa Nonprofit Kft.<\/b><b><\/b><\/p><p class=\"p1\">Projekt c\u00edme:\u00a0<b>Kir\u00e1lydombi szabadid\u0151park kialak\u00edt\u00e1sa F\u00f3ton<\/b><b><\/b><\/p><p class=\"p1\">Projekt elsz\u00e1molhat\u00f3 \u00f6sszk\u00f6lts\u00e9ge:\u00a0<b>300 000 000 Ft<\/b><b><\/b><\/p><p class=\"p1\">T\u00e1mogat\u00e1s \u00f6sszege:<b>\u00a0300 000 000 Ft<\/b><b><\/b><\/p><p class=\"p1\">T\u00e1mogat\u00e1s intenzit\u00e1sa:\u00a0<b>100%<\/b><b><\/b><\/p><p class=\"p1\">A projekt tervezett fizikai befejez\u00e9se:\u00a0<b>2025.10.09.<\/b><b><\/b><\/p><p class=\"p1\">Projekt azonos\u00edt\u00f3 sz\u00e1ma:\u00a0<b>TOP_PLUSZ-1.2.1-21-PT1-2022-00007<\/b><\/p><p><a href=\"https:\/\/www.fotikozszolg.hu\/wp-content\/uploads\/2026\/03\/1478972023_TER_2403211114_hirdetmenyek.pdf\">A k\u00f6zbeszerz\u00e9s sikeres lebonyol\u00edt\u00e1s\u00e1t igazol\u00f3 dokumentum<\/a><\/p>\t\t\t\t\t\t\t\t<\/div>\n\t\t\t\t<\/div>\n\t\t\t\t\t<\/div>\n\t\t\t\t<\/div>\n\t\t<div class=\"elementor-element elementor-element-ad358db e-flex e-con-boxed e-con e-parent\" data-id=\"ad358db\" data-element_type=\"container\">\n\t\t\t\t\t<div class=\"e-con-inner\">\n\t\t<div class=\"elementor-element elementor-element-5318291 e-con-full e-flex e-con e-child\" data-id=\"5318291\" data-element_type=\"container\">\n\t\t\t\t<div class=\"elementor-element elementor-element-cd293fa elementor-widget elementor-widget-text-editor\" data-id=\"cd293fa\" data-element_type=\"widget\" data-widget_type=\"text-editor.default\">\n\t\t\t\t<div class=\"elementor-widget-container\">\n\t\t\t\t\t\t\t\t\t<h4 class=\"p1\"><b>Projekt bemutat\u00e1sa<\/b><\/h4><p class=\"p1\"><b><\/b>A F\u00f3ti K\u00f6zszolg\u00e1ltat\u00f3 K\u00f6zhaszn\u00fa Nonprofit Kft. \u201eKir\u00e1lydombi szabadid\u0151park kialak\u00edt\u00e1sa F\u00f3ton\u201d c\u00edmmel t\u00e1mogat\u00e1si k\u00e9relmet ny\u00fajtott be a \u201eTOP_PLUSZ-1.2.1-21-PT1 \u00c9lhet\u0151 telep\u00fcl\u00e9sek\u201d t\u00e1rgy\u00fa p\u00e1ly\u00e1zati felh\u00edv\u00e1sra, mely TOP_PLUSZ-1.2.1-21-PT1-2022-00007 azonos\u00edt\u00f3 sz\u00e1mon 300 000 000 Ft t\u00e1mogat\u00e1sban r\u00e9szes\u00fclt<\/p><p class=\"p5\">A F\u00f3ti K\u00f6zszolg\u00e1ltat\u00f3 K\u00f6zhaszn\u00fa Nonprofit Kft. c\u00e9lul t\u0171zte ki szabadid\u0151 park kialak\u00edt\u00e1s\u00e1t, amely lehet\u0151s\u00e9get ad az akt\u00edv kikapcsol\u00f3d\u00e1sra, n\u00f6veli a v\u00e1rosi rendezett z\u00f6ldter\u00fcletek ar\u00e1ny\u00e1t. Kapcsol\u00f3d\u00f3 c\u00e9l a k\u00f6zter\u00fcletek k\u00f6rnyezettudatos, csal\u00e1d- \u00e9s kl\u00edmabar\u00e1t meg\u00faj\u00edt\u00e1sa, olyan z\u00f6ldter\u00fcletek kialak\u00edt\u00e1sa, amelyek alkalmasak a csal\u00e1dok \u00e9s a fiatalok sz\u00e1m\u00e1ra a szabadidej\u00fck hasznos elt\u00f6lt\u00e9s\u00e9re, mik\u00f6zben a fejleszt\u00e9sek a k\u00f6rnyezeti fenntarthat\u00f3s\u00e1g k\u00f6vetelm\u00e9nyeit szolg\u00e1lj\u00e1k, \u00e9s hozz\u00e1j\u00e1rulnak a telep\u00fcl\u00e9si z\u00f6ld k\u00f6rnyezet megteremt\u00e9s\u00e9hez.<\/p><p class=\"p5\">A fenti c\u00e9lkit\u0171z\u00e9shez illeszked\u0151en olyan szabadid\u0151 park kialak\u00edt\u00e1sa tervezett, amely jelent\u0151s \u00faj z\u00f6ldfel\u00fcletet hoz l\u00e9tre, \u0151shonos n\u00f6v\u00e9nytelep\u00edt\u00e9ssel seg\u00edti a biodiverzit\u00e1s fenntart\u00e1s\u00e1t \u00e9s a kl\u00edmaalkalmazkod\u00e1s szempontjainak \u00e9rv\u00e9nyes\u00fcl\u00e9s\u00e9t, tov\u00e1bb\u00e1 legal\u00e1bb 5 k\u00f6z\u00f6ss\u00e9gi funkci\u00f3val, akad\u00e1lymentes kialak\u00edt\u00e1ssal seg\u00edti el\u0151 a t\u00e1rsadalmi hasznosul\u00e1st \u00e9s a c\u00e9lcsoportok el\u00e9gedetts\u00e9g\u00e9t.<\/p><p class=\"p5\">A tervezett fejleszt\u00e9s c\u00e9lja egy biztons\u00e1gosabb, az egyre gyakoribb extr\u00e9m id\u0151j\u00e1r\u00e1ssal szemben ellen\u00e1ll\u00f3bb lak\u00f3k\u00f6rnyezet kialak\u00edt\u00e1sa. F\u00f3t infrastruktur\u00e1lis \u00e1llapot\u00e1nak jav\u00edt\u00e1sa \u00e9s a belter\u00fclet z\u00f6ldfel\u00fcletek n\u00f6vel\u00e9se \u00e1ltal \u00e9lhet\u0151bb\u00e9 v\u00e1lik, a k\u00f6rnyezetbiztons\u00e1ga \u00e9s v\u00e1ltoz\u00f3 \u00e9ghajlati \u00e9s id\u0151j\u00e1r\u00e1si k\u00f6r\u00fclm\u00e9nyekhez val\u00f3 alkalmazkod\u00f3k\u00e9pess\u00e9ge javul, n\u00e9pess\u00e9gmegtart\u00f3 ereje tov\u00e1bb er\u0151s\u00f6dik.<\/p><p class=\"p5\">Specifikus c\u00e9lok:<\/p><p class=\"p5\">&#8211; \u00e9lhet\u0151 telep\u00fcl\u00e9si k\u00f6rnyezet kialak\u00edt\u00e1sa olyan z\u00f6ldinfrastrukt\u00fara rendezett, modern kialak\u00edt\u00e1s\u00e1val, amely hozz\u00e1j\u00e1rul a telep\u00fcl\u00e9s vonz erej\u00e9nek n\u00f6vel\u00e9s\u00e9hez<\/p><p class=\"p5\">&#8211; k\u00f6zter\u00fcletek k\u00f6rnyezettudatos, csal\u00e1d- \u00e9s kl\u00edmabar\u00e1t meg\u00faj\u00edt\u00e1sa 5 k\u00f6z\u00f6ss\u00e9gi funkci\u00f3 megval\u00f3s\u00edt\u00e1s\u00e1val, amelyben kiemelt szerepet kap a csal\u00e1dok j\u00f3l\u00e9te, \u00e9s a \u00a0kl\u00edmaalkalmazkod\u00e1s szempontjai<\/p><p class=\"p5\">&#8211; szabadid\u0151 hasznos elt\u00f6lt\u00e9si lehet\u0151s\u00e9geinek jav\u00edt\u00e1sa j\u00e1tsz\u00f3t\u00e9rrel, akt\u00edv pihen\u0151 ter\u00fcletekkel<\/p><p class=\"p5\">&#8211; telep\u00fcl\u00e9si z\u00f6ld infrastrukt\u00fara fejleszt\u00e9se<\/p><p class=\"p5\">&#8211; telep\u00fcl\u00e9si gazdas\u00e1g fejleszt\u00e9se<\/p><p class=\"p5\">&#8211; lakoss\u00e1g helyben marad\u00e1s\u00e1nak seg\u00edt\u00e9se<\/p><p class=\"p5\">&#8211; telep\u00fcl\u00e9s k\u00f6rnyezeti \u00e1llapot\u00e1nak jav\u00edt\u00e1sa a hossz\u00fa t\u00e1von fenntarthat\u00f3 z\u00f6ldfel\u00fcletek ar\u00e1ny\u00e1nak n\u00f6vel\u00e9s\u00e9vel, \u00f6sszef\u00fcgg\u0151 rendezett z\u00f6ldinfrastrukt\u00fara l\u00e9trehoz\u00e1s\u00e1val.<\/p><p class=\"p5\">&#8211; telep\u00fcl\u00e9si kl\u00edma jav\u00edt\u00e1sa kl\u00edmat\u0171r\u0151, v\u00e1rost\u0171r\u0151 n\u00f6v\u00e9nyek telep\u00edt\u00e9s\u00e9vel, gyepes\u00edt\u00e9ssel<\/p><p class=\"p5\">&#8211; vonz\u00f3, \u00e9lhet\u0151, fenntarthat\u00f3 telep\u00fcl\u00e9s kialak\u00edt\u00e1sa rekre\u00e1ci\u00f3s, kikapcsol\u00f3d\u00e1si lehet\u0151s\u00e9gekkel, a szabadban elt\u00f6lt\u00f6tt min\u0151s\u00e9gi id\u0151 n\u00f6vel\u00e9s\u00e9nek lehet\u0151s\u00e9g\u00e9vel<\/p><p class=\"p5\">&#8211; vizek helyben tart\u00e1sa, levezet\u00e9s lass\u00edt\u00e1sa, hasznos\u00edt\u00e1sa es\u0151kert kialak\u00edt\u00e1s\u00e1val<\/p><p class=\"p5\">&#8211; fenntarthat\u00f3 k\u00f6zleked\u00e9s felt\u00e9teleinek megteremt\u00e9se \u00e9s er\u0151s\u00edt\u00e9se ker\u00e9kp\u00e1rt\u00e1rol\u00f3k kialak\u00edt\u00e1s\u00e1val<\/p><p class=\"p5\">&#8211; \u00e9ghajlatv\u00e1ltoz\u00e1s m\u00e9rs\u00e9kl\u00e9se, a sz\u00e9n-dioxid kibocs\u00e1t\u00e1s cs\u00f6kkent\u00e9se z\u00f6ldn\u00f6v\u00e9nyzet telep\u00edt\u00e9s\u00e9vel<\/p><p class=\"p5\">A fejleszt\u00e9s m\u0171szaki szakmai eredm\u00e9nyei:<\/p><p class=\"p5\">Telep\u00fcl\u00e9si \u00e9l\u0151helyfejleszt\u00e9ssel, biodiverzit\u00e1s n\u00f6vel\u00e9s\u00e9vel, a biol\u00f3giai aktivit\u00e1s \u00e9rt\u00e9k\u00e9nek n\u00f6vel\u00e9s\u00e9vel \u00e9rintett ter\u00fclet &#8211; \u00daj z\u00f6ldfel\u00fclet l\u00e9trehoz\u00e1sa: 12 225 m2<\/p><p class=\"p3\">L\u00e9trehozott \u00faj z\u00f6ldter\u00fclet, vizes \u00e9l\u0151hely ter\u00fcletek nagys\u00e1ga: 15 500 m2<\/p><p class=\"p3\">Biol\u00f3giailag akt\u00edv fel\u00fclet n\u00f6veked\u00e9se (z\u00f6ldfel\u00fclet+v\u00edzfel\u00fclet) \u2013 Es\u0151kert l\u00e9tes\u00edt\u00e9se: 300 m2<\/p><p class=\"p5\">A projekt finansz\u00edroz\u00e1sa a Sz\u00e9chenyi Terv Plusz program keret\u00e9ben az Eur\u00f3pai Uni\u00f3 t\u00e1mogat\u00e1s\u00e1val, az Eur\u00f3pai Region\u00e1lis Fejleszt\u00e9si Alap T\u00e1rsfinansz\u00edroz\u00e1s\u00e1val, a Ter\u00fclet \u00e9s Telep\u00fcl\u00e9sfejleszt\u00e9si Operat\u00edv Program Plusz keret\u00e9n bel\u00fcl val\u00f3sult meg.<\/p>\t\t\t\t\t\t\t\t<\/div>\n\t\t\t\t<\/div>\n\t\t\t\t<\/div>\n\t\t\t\t\t<\/div>\n\t\t\t\t<\/div>\n\t\t<div class=\"elementor-element elementor-element-5ee1a7c e-flex e-con-boxed e-con e-parent\" data-id=\"5ee1a7c\" data-element_type=\"container\">\n\t\t\t\t\t<div class=\"e-con-inner\">\n\t\t<div class=\"elementor-element elementor-element-a3bec91 e-con-full e-flex e-con e-child\" data-id=\"a3bec91\" data-element_type=\"container\">\n\t\t\t\t<div class=\"elementor-element elementor-element-398072b elementor-widget elementor-widget-image\" data-id=\"398072b\" data-element_type=\"widget\" data-widget_type=\"image.default\">\n\t\t\t\t<div class=\"elementor-widget-container\">\n\t\t\t\t\t\t\t\t\t\t\t\t\t\t\t<img fetchpriority=\"high\" decoding=\"async\" width=\"500\" height=\"143\" src=\"https:\/\/www.fotikozszolg.hu\/wp-content\/uploads\/2025\/04\/Kiralydomb-2_qsdxc8an.jpg\" class=\"attachment-large size-large wp-image-4753\" alt=\"\" srcset=\"https:\/\/www.fotikozszolg.hu\/wp-content\/uploads\/2025\/04\/Kiralydomb-2_qsdxc8an.jpg 500w, https:\/\/www.fotikozszolg.hu\/wp-content\/uploads\/2025\/04\/Kiralydomb-2_qsdxc8an-300x86.jpg 300w\" sizes=\"(max-width: 500px) 100vw, 500px\" \/>\t\t\t\t\t\t\t\t\t\t\t\t\t\t\t<\/div>\n\t\t\t\t<\/div>\n\t\t\t\t<\/div>\n\t\t\t\t\t<\/div>\n\t\t\t\t<\/div>\n\t\t<div class=\"elementor-element elementor-element-5b27f0a e-flex e-con-boxed e-con e-parent\" data-id=\"5b27f0a\" data-element_type=\"container\">\n\t\t\t\t\t<div class=\"e-con-inner\">\n\t\t\t\t<div class=\"elementor-element elementor-element-8cd24ed elementor-widget elementor-widget-text-editor\" data-id=\"8cd24ed\" data-element_type=\"widget\" data-widget_type=\"text-editor.default\">\n\t\t\t\t<div class=\"elementor-widget-container\">\n\t\t\t\t\t\t\t\t\t<p class=\"p1\"><b>Sajt\u00f3k\u00f6zlem\u00e9ny<\/b><b><\/b><\/p><p class=\"p1\">C\u00edm:\u00a0<b>Kir\u00e1lydombi Szabadid\u0151park kialak\u00edt\u00e1sa tervezett F\u00f3ton<\/b><b><\/b><\/p><p class=\"p1\"><b>2024. m\u00e1rcius 26.<\/b><\/p><p class=\"p1\">A\u00a0F\u00f3ti K\u00f6zszolg\u00e1ltat\u00f3 K\u00f6zhaszn\u00fa Nonprofit Kft\u00a0\u201eKir\u00e1lydombi szabadid\u0151park kialak\u00edt\u00e1sa F\u00f3ton\u201d c\u00edmmel t\u00e1mogat\u00e1si k\u00e9relmet ny\u00fajtott be a \u201eTOP_PLUSZ-1.2.1-21-PT1 \u00c9lhet\u0151 telep\u00fcl\u00e9sek\u201d t\u00e1rgy\u00fa p\u00e1ly\u00e1zati felh\u00edv\u00e1sra, mely TOP_PLUSZ-1.2.1-21-PT1-2022- 00007 azonos\u00edt\u00f3 sz\u00e1mon 300 000 000 Ft t\u00e1mogat\u00e1sban r\u00e9szes\u00fclt. A t\u00e1mogat\u00e1s m\u00e9rt\u00e9ke 100%.<\/p><p class=\"p2\">\u00a0<\/p><p class=\"p1\">A projekt finansz\u00edroz\u00e1sa a Sz\u00e9chenyi Terv Plusz program keret\u00e9ben az Eur\u00f3pai Uni\u00f3 t\u00e1mogat\u00e1s\u00e1val, az Eur\u00f3pai Region\u00e1lis Fejleszt\u00e9si Alap T\u00e1rsfinansz\u00edroz\u00e1s\u00e1val, a Ter\u00fclet \u00e9s Telep\u00fcl\u00e9sfejleszt\u00e9si Operat\u00edv Program Plusz keret\u00e9n bel\u00fcl val\u00f3sult meg.<\/p><p class=\"p2\">\u00a0\u00a0<\/p><p class=\"p1\">Az eur\u00f3pai uni\u00f3s t\u00e1mogat\u00e1s seg\u00edts\u00e9g\u00e9vel megval\u00f3sul\u00f3 projekt keret\u00e9ben szabadid\u0151 park kialak\u00edt\u00e1sa tervezett F\u00f3ton, amely lehet\u0151s\u00e9get ad az akt\u00edv kikapcsol\u00f3d\u00e1sra, n\u00f6veli a v\u00e1rosi rendezett z\u00f6ldter\u00fcletek ar\u00e1ny\u00e1t. A beruh\u00e1z\u00e1s 2024-ben val\u00f3sul meg. A fejleszt\u00e9s helysz\u00edne 15 500 m2, 1,55 hekt\u00e1r nagys\u00e1g\u00fa. Ebb\u0151l kiz\u00e1r\u00f3lag z\u00f6ldfel\u00fclet (nem burkolt n\u00f6v\u00e9nyzettel fedett ter\u00fclet) 1,2 hekt\u00e1r.<\/p><p class=\"p2\">\u00a0<\/p><p class=\"p1\">A projekt c\u00e9lja olyan szabadid\u0151 park kialak\u00edt\u00e1sa a Kir\u00e1lydombon, amely jelent\u0151s \u00faj z\u00f6ldfel\u00fcletet hoz l\u00e9tre, \u0151shonos n\u00f6v\u00e9nytelep\u00edt\u00e9ssel seg\u00edti a biodiverzit\u00e1s fenntart\u00e1s\u00e1t \u00e9s a kl\u00edmaalkalmazkod\u00e1s szempontjainak \u00e9rv\u00e9nyes\u00fcl\u00e9s\u00e9t, tov\u00e1bb\u00e1 legal\u00e1bb 5 k\u00f6z\u00f6ss\u00e9gi funkci\u00f3val, akad\u00e1lymentes kialak\u00edt\u00e1ssal seg\u00edti el\u0151 a t\u00e1rsadalmi hasznosul\u00e1st \u00e9s a c\u00e9lcsoportok el\u00e9gedetts\u00e9g\u00e9t. A telep\u00edtett funkci\u00f3k k\u00f6z\u00f6tt j\u00e1tsz\u00f3t\u00e9r, helyi identit\u00e1st er\u0151s\u00edt\u0151 akt\u00edv pihen\u0151 ter\u00fcletek, ker\u00e9kp\u00e1ros k\u00f6zleked\u00e9st \u00f6szt\u00f6nz\u0151 elemek ker\u00fcltek betervez\u00e9se.<\/p><p class=\"p1\">Z\u00f6ldinfrastrukt\u00fara modern, rendezett kialak\u00edt\u00e1sa, gyepes\u00edt\u00e9s, valamint rekonstrukci\u00f3 sor\u00e1n \u0151shonos v\u00e1rost\u0171r\u0151 n\u00f6v\u00e9nyzet telep\u00edt\u00e9se t\u00f6rt\u00e9nik a fejleszt\u00e9s keret\u00e9ben, ez\u00e1ltal a projekt egy\u00e9rtelm\u0171 pozit\u00edv hat\u00e1st gyakorol a telep\u00fcl\u00e9s k\u00f6rnyezeti \u00e1llapot\u00e1ra.<\/p><p class=\"p1\"><b>A fejleszt\u00e9s m\u0171szaki szakmai eredm\u00e9nyei:<\/b><b><\/b><\/p><p class=\"p1\">Telep\u00fcl\u00e9si \u00e9l\u0151helyfejleszt\u00e9ssel, biodiverzit\u00e1s n\u00f6vel\u00e9s\u00e9vel, a biol\u00f3giai aktivit\u00e1s \u00e9rt\u00e9k\u00e9nek n\u00f6vel\u00e9s\u00e9vel \u00e9rintett ter\u00fclet &#8211; \u00daj z\u00f6ldfel\u00fclet l\u00e9trehoz\u00e1sa: 12 225 m2.<\/p><p class=\"p1\">L\u00e9trehozott \u00faj biol\u00f3giailag akt\u00edv z\u00f6ldter\u00fclet \u00e9s vizes \u00e9l\u0151hely ter\u00fcletek nagys\u00e1ga: 15 500 m2. Es\u0151kert l\u00e9tes\u00edt\u00e9se: 300 m2.<\/p><p class=\"p1\">A ter\u00fclet terepviszonyaib\u00f3l \u00e9s az ott tal\u00e1lhat\u00f3 fut\u00f3p\u00e1lya megoldatlan v\u00edztelen\u00edt\u00e9s\u00e9b\u0151l ad\u00f3d\u00f3an \u00e1tfog\u00f3, komplex csapad\u00e9kv\u00edz kezel\u00e9si rendszer ker\u00fcl kialak\u00edt\u00e1sra, mely egy kl\u00edmatoler\u00e1ns es\u0151kertl\u00e1ncolatban jelenik meg.<\/p><p class=\"p1\">A tervezett szabadid\u0151parkot 1,5 m sz\u00e9les, az elk\u00e9sz\u00fclt fut\u00f3k\u00f6rh\u00f6z illeszked\u0151, szil\u00e1rd burkolat\u00fa s\u00e9t\u00e1ny t\u00e1rja fel, amellyel el\u00e9rhet\u0151 minden \u00faj funkci\u00f3. A s\u00e9t\u00e1ny legd\u00e9lebbi pontj\u00e1n ker\u00e9kp\u00e1ros pihen\u0151pont l\u00e9tes\u00fcl, ker\u00e9kp\u00e1rt\u00e1rol\u00f3kkal \u00e9s szerel\u0151 \u00e1llom\u00e1ssal.<\/p><p class=\"p1\">A keskeny parkr\u00e9sz felfel\u00e9 haladva kisz\u00e9lesedik, ahol tal\u00e1lhat\u00f3 egy \u00faj k\u00f6t\u00e9lpiramis, valamint akad\u00e1lymentes j\u00e1tsz\u00f3t\u00e9r. K\u00f6zel hozz\u00e1 egy fa tr\u00f3n pihen\u0151 ker\u00fcl kialak\u00edt\u00e1sra. A fels\u0151 \u00fat fel\u00e9 egy burkolt kil\u00e1t\u00f3terasz \u00e9p\u00fcl, melyet 1,8 m-es t\u00e1mfal hat\u00e1rol. Ez lehet\u0151s\u00e9get biztos\u00edt alkalmank\u00e9nt foodtruck b\u00fcf\u00e9kocsik kihelyez\u00e9s\u00e9re is.<\/p><p class=\"p1\">A t\u00e9r nyugati fel\u00e9n kap helyet egy automata mosd\u00f3 \u00e9s egy rakt\u00e1r\u00e9p\u00fclet, valamint egy mozg\u00e1ss\u00e9r\u00fclt parkol\u00f3. A t\u00e9r keleti fel\u00e9n 9% lejt\u0151 vezet fel az utcaszintre, ahol 10 db p\u00e1rhuzamos parkol\u00f3 l\u00e9tes\u00fcl.<\/p><p class=\"p1\">A beruh\u00e1z\u00e1s k\u00f6zbeszerz\u00e9ssel kiv\u00e1lasztott kivitelez\u0151je a STONE-DEKOR KFT. A v\u00e1llalkoz\u00f3i szerz\u0151d\u00e9s al\u00e1\u00edr\u00e1sa \u00e9s \u00fcgyv\u00e9di ellenjegyz\u00e9se 2024.03.20-\u00e1n megt\u00f6rt\u00e9nt. A munkater\u00fclet \u00e1tad\u00e1sa a v\u00e1llalkoz\u00f3nak \u00e1prilis 2-\u00e1n v\u00e1rhat\u00f3.<\/p>\t\t\t\t\t\t\t\t<\/div>\n\t\t\t\t<\/div>\n\t\t\t\t\t<\/div>\n\t\t\t\t<\/div>\n\t\t<div class=\"elementor-element elementor-element-0d66e93 e-flex e-con-boxed e-con e-parent\" data-id=\"0d66e93\" data-element_type=\"container\">\n\t\t\t\t\t<div class=\"e-con-inner\">\n\t\t<div class=\"elementor-element elementor-element-f50301c e-con-full e-flex e-con e-child\" data-id=\"f50301c\" data-element_type=\"container\">\n\t\t\t\t<div class=\"elementor-element elementor-element-12dc093 elementor-widget__width-initial elementor-widget elementor-widget-image\" data-id=\"12dc093\" data-element_type=\"widget\" data-widget_type=\"image.default\">\n\t\t\t\t<div class=\"elementor-widget-container\">\n\t\t\t\t\t\t\t\t\t\t\t\t\t\t\t<img decoding=\"async\" width=\"723\" height=\"1024\" src=\"https:\/\/www.fotikozszolg.hu\/wp-content\/uploads\/2025\/04\/Helyszinrajz-723x1024.jpg\" class=\"attachment-large size-large wp-image-4754\" alt=\"\" srcset=\"https:\/\/www.fotikozszolg.hu\/wp-content\/uploads\/2025\/04\/Helyszinrajz-723x1024.jpg 723w, https:\/\/www.fotikozszolg.hu\/wp-content\/uploads\/2025\/04\/Helyszinrajz-212x300.jpg 212w, https:\/\/www.fotikozszolg.hu\/wp-content\/uploads\/2025\/04\/Helyszinrajz-768x1088.jpg 768w, https:\/\/www.fotikozszolg.hu\/wp-content\/uploads\/2025\/04\/Helyszinrajz-1085x1536.jpg 1085w, https:\/\/www.fotikozszolg.hu\/wp-content\/uploads\/2025\/04\/Helyszinrajz.jpg 1230w\" sizes=\"(max-width: 723px) 100vw, 723px\" \/>\t\t\t\t\t\t\t\t\t\t\t\t\t\t\t<\/div>\n\t\t\t\t<\/div>\n\t\t\t\t<\/div>\n\t\t\t\t\t<\/div>\n\t\t\t\t<\/div>\n\t\t<div class=\"elementor-element elementor-element-ddbb4de e-flex e-con-boxed e-con e-parent\" data-id=\"ddbb4de\" data-element_type=\"container\">\n\t\t\t\t\t<div class=\"e-con-inner\">\n\t\t\t\t<div class=\"elementor-element elementor-element-6507953 elementor-widget elementor-widget-heading\" data-id=\"6507953\" data-element_type=\"widget\" data-widget_type=\"heading.default\">\n\t\t\t\t<div class=\"elementor-widget-container\">\n\t\t\t\t\t<h4 class=\"elementor-heading-title elementor-size-default\">L\u00e1tv\u00e1nytervek:<\/h4>\t\t\t\t<\/div>\n\t\t\t\t<\/div>\n\t\t\t\t\t<\/div>\n\t\t\t\t<\/div>\n\t\t<div class=\"elementor-element elementor-element-44d4aec e-flex e-con-boxed e-con e-parent\" data-id=\"44d4aec\" data-element_type=\"container\">\n\t\t\t\t\t<div class=\"e-con-inner\">\n\t\t<div class=\"elementor-element elementor-element-dd4ceb5 e-con-full e-flex e-con e-child\" data-id=\"dd4ceb5\" data-element_type=\"container\">\n\t\t\t\t<div class=\"elementor-element elementor-element-df05509 elementor-widget elementor-widget-image\" data-id=\"df05509\" data-element_type=\"widget\" data-widget_type=\"image.default\">\n\t\t\t\t<div class=\"elementor-widget-container\">\n\t\t\t\t\t\t\t\t\t\t\t\t\t\t\t<img decoding=\"async\" width=\"709\" height=\"399\" src=\"https:\/\/www.fotikozszolg.hu\/wp-content\/uploads\/2025\/04\/P02-ma\u0301solat.png\" class=\"attachment-large size-large wp-image-4755\" alt=\"\" srcset=\"https:\/\/www.fotikozszolg.hu\/wp-content\/uploads\/2025\/04\/P02-ma\u0301solat.png 709w, https:\/\/www.fotikozszolg.hu\/wp-content\/uploads\/2025\/04\/P02-ma\u0301solat-300x169.png 300w\" sizes=\"(max-width: 709px) 100vw, 709px\" \/>\t\t\t\t\t\t\t\t\t\t\t\t\t\t\t<\/div>\n\t\t\t\t<\/div>\n\t\t\t\t<\/div>\n\t\t<div class=\"elementor-element elementor-element-9e9d020 e-con-full e-flex e-con e-child\" data-id=\"9e9d020\" data-element_type=\"container\">\n\t\t\t\t<div class=\"elementor-element elementor-element-1192a29 elementor-widget elementor-widget-image\" data-id=\"1192a29\" data-element_type=\"widget\" data-widget_type=\"image.default\">\n\t\t\t\t<div class=\"elementor-widget-container\">\n\t\t\t\t\t\t\t\t\t\t\t\t\t\t\t<img loading=\"lazy\" decoding=\"async\" width=\"768\" height=\"432\" src=\"https:\/\/www.fotikozszolg.hu\/wp-content\/uploads\/2025\/04\/P05-ma\u0301solat.png\" class=\"attachment-large size-large wp-image-4756\" alt=\"\" srcset=\"https:\/\/www.fotikozszolg.hu\/wp-content\/uploads\/2025\/04\/P05-ma\u0301solat.png 768w, https:\/\/www.fotikozszolg.hu\/wp-content\/uploads\/2025\/04\/P05-ma\u0301solat-300x169.png 300w\" sizes=\"(max-width: 768px) 100vw, 768px\" \/>\t\t\t\t\t\t\t\t\t\t\t\t\t\t\t<\/div>\n\t\t\t\t<\/div>\n\t\t\t\t<\/div>\n\t\t\t\t\t<\/div>\n\t\t\t\t<\/div>\n\t\t<div class=\"elementor-element elementor-element-673909c e-flex e-con-boxed e-con e-parent\" data-id=\"673909c\" data-element_type=\"container\">\n\t\t\t\t\t<div class=\"e-con-inner\">\n\t\t<div class=\"elementor-element elementor-element-a460c5d e-con-full e-flex e-con e-child\" data-id=\"a460c5d\" data-element_type=\"container\">\n\t\t\t\t<div class=\"elementor-element elementor-element-85c6fc1 elementor-widget elementor-widget-image\" data-id=\"85c6fc1\" data-element_type=\"widget\" data-widget_type=\"image.default\">\n\t\t\t\t<div class=\"elementor-widget-container\">\n\t\t\t\t\t\t\t\t\t\t\t\t\t\t\t<img loading=\"lazy\" decoding=\"async\" width=\"768\" height=\"432\" src=\"https:\/\/www.fotikozszolg.hu\/wp-content\/uploads\/2025\/04\/P06-ma\u0301solat.png\" class=\"attachment-large size-large wp-image-4757\" alt=\"\" srcset=\"https:\/\/www.fotikozszolg.hu\/wp-content\/uploads\/2025\/04\/P06-ma\u0301solat.png 768w, https:\/\/www.fotikozszolg.hu\/wp-content\/uploads\/2025\/04\/P06-ma\u0301solat-300x169.png 300w\" sizes=\"(max-width: 768px) 100vw, 768px\" \/>\t\t\t\t\t\t\t\t\t\t\t\t\t\t\t<\/div>\n\t\t\t\t<\/div>\n\t\t\t\t<\/div>\n\t\t<div class=\"elementor-element elementor-element-0ca7979 e-con-full e-flex e-con e-child\" data-id=\"0ca7979\" data-element_type=\"container\">\n\t\t\t\t<div class=\"elementor-element elementor-element-39fc623 elementor-widget elementor-widget-image\" data-id=\"39fc623\" data-element_type=\"widget\" data-widget_type=\"image.default\">\n\t\t\t\t<div class=\"elementor-widget-container\">\n\t\t\t\t\t\t\t\t\t\t\t\t\t\t\t<img loading=\"lazy\" decoding=\"async\" width=\"768\" height=\"432\" src=\"https:\/\/www.fotikozszolg.hu\/wp-content\/uploads\/2025\/04\/P09-ma\u0301solat.png\" class=\"attachment-large size-large wp-image-4758\" alt=\"\" srcset=\"https:\/\/www.fotikozszolg.hu\/wp-content\/uploads\/2025\/04\/P09-ma\u0301solat.png 768w, https:\/\/www.fotikozszolg.hu\/wp-content\/uploads\/2025\/04\/P09-ma\u0301solat-300x169.png 300w\" sizes=\"(max-width: 768px) 100vw, 768px\" \/>\t\t\t\t\t\t\t\t\t\t\t\t\t\t\t<\/div>\n\t\t\t\t<\/div>\n\t\t\t\t<\/div>\n\t\t\t\t\t<\/div>\n\t\t\t\t<\/div>\n\t\t<div class=\"elementor-element elementor-element-64d7c18 e-flex e-con-boxed e-con e-parent\" data-id=\"64d7c18\" data-element_type=\"container\">\n\t\t\t\t\t<div class=\"e-con-inner\">\n\t\t<div class=\"elementor-element elementor-element-fe26840 e-con-full e-flex e-con e-child\" data-id=\"fe26840\" data-element_type=\"container\">\n\t\t\t\t<div class=\"elementor-element elementor-element-5140118 elementor-widget elementor-widget-image\" data-id=\"5140118\" data-element_type=\"widget\" data-widget_type=\"image.default\">\n\t\t\t\t<div class=\"elementor-widget-container\">\n\t\t\t\t\t\t\t\t\t\t\t\t\t\t\t<img loading=\"lazy\" decoding=\"async\" width=\"768\" height=\"432\" src=\"https:\/\/www.fotikozszolg.hu\/wp-content\/uploads\/2025\/04\/P11-ma\u0301solat.png\" class=\"attachment-large size-large wp-image-4759\" alt=\"\" srcset=\"https:\/\/www.fotikozszolg.hu\/wp-content\/uploads\/2025\/04\/P11-ma\u0301solat.png 768w, https:\/\/www.fotikozszolg.hu\/wp-content\/uploads\/2025\/04\/P11-ma\u0301solat-300x169.png 300w\" sizes=\"(max-width: 768px) 100vw, 768px\" \/>\t\t\t\t\t\t\t\t\t\t\t\t\t\t\t<\/div>\n\t\t\t\t<\/div>\n\t\t\t\t<\/div>\n\t\t<div class=\"elementor-element elementor-element-a63d1a7 e-con-full e-flex e-con e-child\" data-id=\"a63d1a7\" data-element_type=\"container\">\n\t\t\t\t<\/div>\n\t\t\t\t\t<\/div>\n\t\t\t\t<\/div>\n\t\t\t\t<\/div>\n\t\t","protected":false},"excerpt":{"rendered":"<p>Kir\u00e1lydombi szabadid\u0151park kialak\u00edt\u00e1sa F\u00f3ton Kedvezm\u00e9nyezett:\u00a0F\u00f3ti K\u00f6zszolg\u00e1ltat\u00f3 K\u00f6zhaszn\u00fa Nonprofit Kft. Projekt c\u00edme:\u00a0Kir\u00e1lydombi szabadid\u0151park kialak\u00edt\u00e1sa F\u00f3ton Projekt elsz\u00e1molhat\u00f3 \u00f6sszk\u00f6lts\u00e9ge:\u00a0300 000 000 Ft T\u00e1mogat\u00e1s \u00f6sszege:\u00a0300 000 000 Ft&hellip;<\/p>\n","protected":false},"author":1,"featured_media":0,"parent":0,"menu_order":0,"comment_status":"closed","ping_status":"closed","template":"","meta":{"footnotes":""},"class_list":["post-4469","page","type-page","status-publish","hentry"],"_links":{"self":[{"href":"https:\/\/www.fotikozszolg.hu\/index.php?rest_route=\/wp\/v2\/pages\/4469","targetHints":{"allow":["GET"]}}],"collection":[{"href":"https:\/\/www.fotikozszolg.hu\/index.php?rest_route=\/wp\/v2\/pages"}],"about":[{"href":"https:\/\/www.fotikozszolg.hu\/index.php?rest_route=\/wp\/v2\/types\/page"}],"author":[{"embeddable":true,"href":"https:\/\/www.fotikozszolg.hu\/index.php?rest_route=\/wp\/v2\/users\/1"}],"replies":[{"embeddable":true,"href":"https:\/\/www.fotikozszolg.hu\/index.php?rest_route=%2Fwp%2Fv2%2Fcomments&post=4469"}],"version-history":[{"count":23,"href":"https:\/\/www.fotikozszolg.hu\/index.php?rest_route=\/wp\/v2\/pages\/4469\/revisions"}],"predecessor-version":[{"id":6439,"href":"https:\/\/www.fotikozszolg.hu\/index.php?rest_route=\/wp\/v2\/pages\/4469\/revisions\/6439"}],"wp:attachment":[{"href":"https:\/\/www.fotikozszolg.hu\/index.php?rest_route=%2Fwp%2Fv2%2Fmedia&parent=4469"}],"curies":[{"name":"wp","href":"https:\/\/api.w.org\/{rel}","templated":true}]}}