{"id":4420,"date":"2025-03-19T12:03:37","date_gmt":"2025-03-19T11:03:37","guid":{"rendered":"https:\/\/www.fotikozszolg.hu\/?page_id=4420"},"modified":"2025-04-29T10:31:35","modified_gmt":"2025-04-29T08:31:35","slug":"kozerdeku-adatok","status":"publish","type":"page","link":"https:\/\/www.fotikozszolg.hu\/?page_id=4420","title":{"rendered":"K\u00f6z\u00e9rdek\u0171 adatok"},"content":{"rendered":"\t\t<div data-elementor-type=\"wp-page\" data-elementor-id=\"4420\" class=\"elementor elementor-4420\">\n\t\t\t\t<div class=\"elementor-element elementor-element-c1afa98 e-flex e-con-boxed e-con e-parent\" data-id=\"c1afa98\" data-element_type=\"container\">\n\t\t\t\t\t<div class=\"e-con-inner\">\n\t\t\t\t<div class=\"elementor-element elementor-element-782fbb2 e-n-tabs-mobile elementor-widget elementor-widget-n-tabs\" data-id=\"782fbb2\" data-element_type=\"widget\" data-settings=\"{&quot;tabs_justify_horizontal&quot;:&quot;stretch&quot;,&quot;horizontal_scroll&quot;:&quot;disable&quot;}\" data-widget_type=\"nested-tabs.default\">\n\t\t\t\t<div class=\"elementor-widget-container\">\n\t\t\t\t\t\t\t<div class=\"e-n-tabs\" data-widget-number=\"126024626\" aria-label=\"Tabs. Open items with Enter or Space, close with Escape and navigate using the Arrow keys.\">\n\t\t\t<div class=\"e-n-tabs-heading\" role=\"tablist\">\n\t\t\t\t\t<button id=\"e-n-tab-title-1260246261\" class=\"e-n-tab-title\" aria-selected=\"true\" data-tab-index=\"1\" role=\"tab\" tabindex=\"0\" aria-controls=\"e-n-tab-content-1260246261\" style=\"--n-tabs-title-order: 1;\">\n\t\t\t\t\t\t<span class=\"e-n-tab-title-text\">\n\t\t\t\tAdatv\u00e9delmi K\u00f6zz\u00e9t\u00e9telek\t\t\t<\/span>\n\t\t<\/button>\n\t\t\t\t<button id=\"e-n-tab-title-1260246262\" class=\"e-n-tab-title\" aria-selected=\"false\" data-tab-index=\"2\" role=\"tab\" tabindex=\"-1\" aria-controls=\"e-n-tab-content-1260246262\" style=\"--n-tabs-title-order: 2;\">\n\t\t\t\t\t\t<span class=\"e-n-tab-title-text\">\n\t\t\t\t\u00c1ltal\u00e1nos k\u00f6zz\u00e9teteli lista\t\t\t<\/span>\n\t\t<\/button>\n\t\t\t\t<button id=\"e-n-tab-title-1260246263\" class=\"e-n-tab-title\" aria-selected=\"false\" data-tab-index=\"3\" role=\"tab\" tabindex=\"-1\" aria-controls=\"e-n-tab-content-1260246263\" style=\"--n-tabs-title-order: 3;\">\n\t\t\t\t\t\t<span class=\"e-n-tab-title-text\">\n\t\t\t\tK\u00fcl\u00f6n\u00f6s k\u00f6zz\u00e9teteli lista\t\t\t<\/span>\n\t\t<\/button>\n\t\t\t\t<button id=\"e-n-tab-title-1260246264\" class=\"e-n-tab-title\" aria-selected=\"false\" data-tab-index=\"4\" role=\"tab\" tabindex=\"-1\" aria-controls=\"e-n-tab-content-1260246264\" style=\"--n-tabs-title-order: 4;\">\n\t\t\t\t\t\t<span class=\"e-n-tab-title-text\">\n\t\t\t\tK\u00f6z\u00e9rdek\u0171 adatok ig\u00e9nyl\u00e9se\t\t\t<\/span>\n\t\t<\/button>\n\t\t\t\t\t<\/div>\n\t\t\t<div class=\"e-n-tabs-content\">\n\t\t\t\t<div id=\"e-n-tab-content-1260246261\" role=\"tabpanel\" aria-labelledby=\"e-n-tab-title-1260246261\" data-tab-index=\"1\" style=\"--n-tabs-title-order: 1;\" class=\"e-active elementor-element elementor-element-70f98e9 e-con-full e-flex e-con e-child\" data-id=\"70f98e9\" data-element_type=\"container\">\n\t\t<div class=\"elementor-element elementor-element-0eb8700 e-flex e-con-boxed e-con e-child\" data-id=\"0eb8700\" data-element_type=\"container\">\n\t\t\t\t\t<div class=\"e-con-inner\">\n\t\t\t\t<div class=\"elementor-element elementor-element-e145399 elementor-widget elementor-widget-html\" data-id=\"e145399\" data-element_type=\"widget\" data-widget_type=\"html.default\">\n\t\t\t\t<div class=\"elementor-widget-container\">\n\t\t\t\t\t<style>\n.kozadat-links {\n    padding: 1rem 1.5rem;\n    background: #f9f9f9;\n    border: 1px solid #ddd;\n    border-radius: 8px;\n    max-width: 800px;\n    margin: 2rem auto;\n    font-family: Arial, sans-serif;\n    line-height: 1.6;\n}\n\n.kozadat-links a {\n    display: block;\n    margin-bottom: 0.6rem;\n    color: #0066cc;\n    text-decoration: none;\n    transition: color 0.2s;\n    font-weight: 500;\n}\n\n.kozadat-links a:hover {\n    color: #004a99;\n    text-decoration: underline;\n}\n<\/style>\n<div class=\"kozadat-links\">\n    <a href=\"https:\/\/www.fotikozszolg.hu\/wp-content\/uploads\/2025\/03\/ADATVE%CC%81DELMI-TA%CC%81JE%CC%81KOZTATO%CC%81-Kacsolatfelvetelhez-kapcsolodo-adatkezeles2.pdf\">Adatv\u00e9delmi T\u00e1j\u00e9koztat\u00f3 Kapcsolatfelv\u00e9telhez kapcsol\u00f3d\u00f3 adatkezel\u00e9s<\/a>\n    <a href=\"https:\/\/www.fotikozszolg.hu\/wp-content\/uploads\/2025\/03\/Elektronikus-megfigyel-rendszerek-adatkezelesi-szabalyzata-20190401tol.pdf\">Elektronikus megfigyel\u0151 rendszerek \u2013 adatkezel\u00e9si szab\u00e1lyzata (2019.04.01-t\u0151l)<\/a>\n    <a href=\"https:\/\/www.fotikozszolg.hu\/wp-content\/uploads\/2025\/04\/Kegyeleti-tevekenysegek-adatkezelesi-szabalyzata2019-1.pdf\">Kegyeleti tev\u00e9kenys\u00e9gek \u2013 adatkezel\u00e9si szab\u00e1lyzata 2019<\/a>\n    <a href=\"https:\/\/www.fotikozszolg.hu\/wp-content\/uploads\/2025\/04\/Munkavegzesre-iranyulo-jogviszony-adatkezelesi-szabalyzata-1.pdf\">Munkav\u00e9gz\u00e9sre ir\u00e1nyul\u00f3 jogviszony \u2013 adatkezel\u00e9si szab\u00e1lyzata<\/a>\n<\/div>\n\t\t\t\t<\/div>\n\t\t\t\t<\/div>\n\t\t\t\t\t<\/div>\n\t\t\t\t<\/div>\n\t\t\t\t<\/div>\n\t\t<div id=\"e-n-tab-content-1260246262\" role=\"tabpanel\" aria-labelledby=\"e-n-tab-title-1260246262\" data-tab-index=\"2\" style=\"--n-tabs-title-order: 2;\" class=\" elementor-element elementor-element-bb81316 e-con-full e-flex e-con e-child\" data-id=\"bb81316\" data-element_type=\"container\">\n\t\t<div class=\"elementor-element elementor-element-3732304 e-flex e-con-boxed e-con e-child\" data-id=\"3732304\" data-element_type=\"container\">\n\t\t\t\t\t<div class=\"e-con-inner\">\n\t\t\t\t<div class=\"elementor-element elementor-element-b73ef80 elementor-widget elementor-widget-html\" data-id=\"b73ef80\" data-element_type=\"widget\" data-widget_type=\"html.default\">\n\t\t\t\t<div class=\"elementor-widget-container\">\n\t\t\t\t\t<style>\n.km-table {\n    width: 100%;\n    border-collapse: collapse;\n}\n.km-table th, .km-table td {\n    border: 1px solid #444;\n    padding: 10px;\n    vertical-align: top;\n}\n.km-table th {\n    background-color: #ddd;\n    text-align: left;\n}\n.km-header {\n    text-align: center;\n    font-weight: bold;\n    font-size: 1.2em;\n    background-color: #f0f0f0;\n}\n<\/style>\n\n<table class=\"km-table\">\n    <tr>\n        <td class=\"km-header\" colspan=\"2\">1. mell\u00e9klet a 2011. \u00e9vi CXII. t\u00f6rv\u00e9nyhez<\/td>\n    <\/tr>\n    <tr>\n        <td class=\"km-header\" colspan=\"2\">\u00c1LTAL\u00c1NOS K\u00d6ZZ\u00c9T\u00c9TELI LISTA<br>I. Szervezeti, szem\u00e9lyzeti adatok<\/td>\n    <\/tr>\n    <tr>\n        <th>A k\u00f6zfeladatot ell\u00e1t\u00f3 szerv hivatalos neve, sz\u00e9khelye, postai c\u00edme, telefon- \u00e9s telefaxsz\u00e1ma, elektronikus lev\u00e9lc\u00edme, honlapja, \u00fcgyf\u00e9lszolg\u00e1lat\u00e1nak el\u00e9rhet\u0151s\u00e9gei<\/th>\n        <td>F\u00f3ti K\u00f6zszolg\u00e1ltat\u00f3 Nonprofit Kft.<br>2151 F\u00f3t, Malom u. 1.<br>E-mail: info@fotikozszolg.hu<\/td>\n    <\/tr>\n    <tr>\n        <th>A k\u00f6zfeladatot ell\u00e1t\u00f3 szerv szervezeti fel\u00e9p\u00edt\u00e9se szervezeti egys\u00e9gek megjel\u00f6l\u00e9s\u00e9vel, az egyes szervezeti egys\u00e9gek feladatai<\/th>\n        <td><a href=\"https:\/\/www.fotikozszolg.hu\/wp-content\/uploads\/2025\/04\/Szervezeti-felepites-2021.pdf\" target=\"_blank\">Szervezeti diagram<\/a><\/td>\n    <\/tr>\n    <tr>\n        <th>A k\u00f6zfeladatot ell\u00e1t\u00f3 szerv vezet\u0151inek \u00e9s az egyes szervezeti egys\u00e9gek vezet\u0151inek neve, beoszt\u00e1sa, el\u00e9rhet\u0151s\u00e9ge (telefon- \u00e9s telefaxsz\u00e1ma, elektronikus lev\u00e9lc\u00edme)<\/th>\n        <td><a href=\"https:\/\/www.fotikozszolg.hu\/wp-content\/uploads\/2025\/04\/Foti-Kft.-vezet-k-elerhet-segek-2024.pdf\">let\u00f6lt\u00e9s<\/a><\/td>\n    <\/tr>\n    <tr>\n        <th>A szervezeten bel\u00fcl illet\u00e9kes \u00fcgyf\u00e9lkapcsolati vezet\u0151 neve, el\u00e9rhet\u0151s\u00e9ge (telefon- \u00e9s telefaxsz\u00e1ma, elektronikus lev\u00e9lc\u00edme) \u00e9s az \u00fcgyf\u00e9lfogad\u00e1si rend<\/th>\n        <td>E-mail: info@fotikozszolg.hu<\/td>\n    <\/tr>\n    <tr>\n        <th>Test\u00fcleti szerv eset\u00e9n a test\u00fclet l\u00e9tsz\u00e1ma, \u00f6sszet\u00e9tele, tagjainak neve, beoszt\u00e1sa, el\u00e9rhet\u0151s\u00e9ge<\/th>\n        <td>Nincs ilyen<\/td>\n    <\/tr>\n    <tr>\n        <th>A k\u00f6zfeladatot ell\u00e1t\u00f3 szerv ir\u00e1ny\u00edt\u00e1sa, fel\u00fcgyelete vagy ellen\u0151rz\u00e9se alatt \u00e1ll\u00f3, vagy al\u00e1rendelts\u00e9g\u00e9ben m\u0171k\u00f6d\u0151 m\u00e1s k\u00f6zfeladatot ell\u00e1t\u00f3 szervek megnevez\u00e9se, \u00e9s 1. pontban meghat\u00e1rozott adatai<\/th>\n        <td>Nincs ilyen.<\/td>\n    <\/tr>\n    <tr>\n        <th>A k\u00f6zfeladatot ell\u00e1t\u00f3 szerv t\u00f6bbs\u00e9gi tulajdon\u00e1ban \u00e1ll\u00f3, illetve r\u00e9szv\u00e9tel\u00e9vel m\u0171k\u00f6d\u0151 gazd\u00e1lkod\u00f3 szervezet neve, sz\u00e9khelye, el\u00e9rhet\u0151s\u00e9ge (postai c\u00edme, telefon- \u00e9s telefaxsz\u00e1ma, elektronikus lev\u00e9lc\u00edme), tev\u00e9kenys\u00e9gi k\u00f6re, k\u00e9pvisel\u0151j\u00e9nek neve, a k\u00f6zfeladatot ell\u00e1t\u00f3 szerv r\u00e9szesed\u00e9s\u00e9nek m\u00e9rt\u00e9ke<\/th>\n        <td>Nincs ilyen.<\/td>\n    <\/tr>\n    <tr>\n        <th>A k\u00f6zfeladatot ell\u00e1t\u00f3 szerv \u00e1ltal alap\u00edtott k\u00f6zalap\u00edtv\u00e1nyok neve, sz\u00e9khelye, el\u00e9rhet\u0151s\u00e9ge (postai c\u00edme, telefon- \u00e9s telefaxsz\u00e1ma, elektronikus lev\u00e9lc\u00edme), alap\u00edt\u00f3 okirata, kezel\u0151 szerv\u00e9nek tagjai<\/th>\n        <td>Nincs ilyen.<\/td>\n    <\/tr>\n    <tr>\n        <th>A k\u00f6zfeladatot ell\u00e1t\u00f3 szerv \u00e1ltal alap\u00edtott k\u00f6lts\u00e9gvet\u00e9si szerv neve, sz\u00e9khelye, a k\u00f6lts\u00e9gvet\u00e9si szervet alap\u00edt\u00f3 jogszab\u00e1ly megjel\u00f6l\u00e9se, illetve az azt alap\u00edt\u00f3 hat\u00e1rozat, a k\u00f6lts\u00e9gvet\u00e9si szerv alap\u00edt\u00f3 okirata, vezet\u0151je, honlapj\u00e1nak el\u00e9rhet\u0151s\u00e9ge, m\u0171k\u00f6d\u00e9si enged\u00e9lye<\/th>\n        <td>Nincs ilyen.<\/td>\n    <\/tr>\n    <tr>\n        <th>A k\u00f6zfeladatot ell\u00e1t\u00f3 szerv \u00e1ltal alap\u00edtott lapok neve, a szerkeszt\u0151s\u00e9g \u00e9s kiad\u00f3 neve \u00e9s c\u00edme, valamint a f\u0151szerkeszt\u0151 neve<\/th>\n        <td>Nincs ilyen<\/td>\n    <\/tr>\n    <tr>\n    <th>A k\u00f6zfeladatot ell\u00e1t\u00f3 szerv felettes, illetve fel\u00fcgyeleti szerv\u00e9nek, hat\u00f3s\u00e1gi d\u00f6nt\u00e9sei tekintet\u00e9ben a fellebbez\u00e9s elb\u00edr\u00e1l\u00e1s\u00e1ra jogosult szervnek, ennek hi\u00e1ny\u00e1ban a k\u00f6zfeladatot ell\u00e1t\u00f3 szerv felett t\u00f6rv\u00e9nyess\u00e9gi ellen\u0151rz\u00e9st gyakorl\u00f3 szervnek az 1. pontban meghat\u00e1rozott adatai<\/th>\n    <td><a href=\"https:\/\/fot.hu\/kozerdeku-adatok\/\" target=\"_blank\">F\u00f3t V\u00e1ros \u00d6nkorm\u00e1nyzata<\/a><\/td>\n<\/tr>\n\n<\/table>\n<table border=\"1\" cellspacing=\"0\" cellpadding=\"6\">\n    <thead>\n        <tr>\n            <th colspan=\"2\">II. Tev\u00e9kenys\u00e9gre, m\u0171k\u00f6d\u00e9sre vonatkoz\u00f3 adatok<\/th>\n        <\/tr>\n    <\/thead>\n    <tbody>\n        <tr>\n            <th>A k\u00f6zfeladatot ell\u00e1t\u00f3 szerv feladat\u00e1t, hat\u00e1sk\u00f6r\u00e9t \u00e9s alaptev\u00e9kenys\u00e9g\u00e9t meghat\u00e1roz\u00f3, a szervre vonatkoz\u00f3 alapvet\u0151 jogszab\u00e1lyok, k\u00f6zjogi szervezetszab\u00e1lyoz\u00f3 eszk\u00f6z\u00f6k, valamint a szervezeti \u00e9s m\u0171k\u00f6d\u00e9si szab\u00e1lyzat vagy \u00fcgyrend, az adatv\u00e9delmi \u00e9s adatbiztons\u00e1gi szab\u00e1lyzat hat\u00e1lyos \u00e9s teljes sz\u00f6vege<\/th>\n            <td>\n        <a href=\"https:\/\/net.jogtar.hu\/jogszabaly?docid=A1100189.TV\" target=\"_blank\" rel=\"noopener\">\n            2011. \u00e9vi CLXXXIX. t\u00f6rv\u00e9ny Magyarorsz\u00e1g helyi \u00f6nkorm\u00e1nyzatair\u00f3l\n        <\/a><br><br>\n                <a href=\"https:\/\/net.jogtar.hu\/jogszabaly?docid=99900043.TV&mahu=1\" target=\"_blank\" rel=\"noopener\">\n            1999. \u00e9vi XLIII. t\u00f6rv\u00e9ny a temet\u0151kr\u0151l \u00e9s a temetkez\u00e9sr\u0151l\n        <\/a><br>\n        <br><a href=\"https:\/\/www.fotikozszolg.hu\/wp-content\/uploads\/2025\/04\/4-2022-a-koeztemet-kr-l-es-a-temetkezes-rendjer-l-szolo-oenkormanyzati-rendelet-egyseges-szerkezetben-1.pdf\">\n            Helyi rendelet a k\u00f6ztemet\u0151kr\u0151l \u00e9s temetkez\u00e9sr\u0151l\n        <\/a><br>\n        <br><a href=\"https:\/\/www.fotikozszolg.hu\/wp-content\/uploads\/2025\/04\/Alapito-okirat-2024-10-25-1.pdf\">Alap\u00edt\u00f3 okirat\n        <\/a><br>\n            <\/td>\n        <\/tr>\n        <tr>\n            <th>Az orsz\u00e1gos illet\u00e9kess\u00e9g\u0171 szervek, valamint a f\u0151v\u00e1rosi \u00e9s megyei korm\u00e1nyhivatal eset\u00e9ben a k\u00f6zfeladatot ell\u00e1t\u00f3 szerv feladat\u00e1r\u00f3l, tev\u00e9kenys\u00e9g\u00e9r\u0151l sz\u00f3l\u00f3 t\u00e1j\u00e9koztat\u00f3 magyar \u00e9s angol nyelven<\/th>\n            <td>Nincs ilyen.<\/td>\n        <\/tr>\n        <tr>\n            <th>A helyi \u00f6nkorm\u00e1nyzat \u00f6nk\u00e9nt v\u00e1llalt feladatai<\/th>\n            <td>Nincs ilyen.<\/td>\n        <\/tr>\n        <tr>\n            <th>\u00c1llamigazgat\u00e1si, \u00f6nkorm\u00e1nyzati, \u00e9s egy\u00e9b hat\u00f3s\u00e1gi \u00fcgyekben \u00fcgyfajt\u00e1nk\u00e9nt \u00e9s elj\u00e1r\u00e1st\u00edpusonk\u00e9nt a hat\u00e1sk\u00f6rrel rendelkez\u0151 szerv megnevez\u00e9se, hat\u00e1sk\u00f6r gyakorl\u00e1s\u00e1nak \u00e1truh\u00e1z\u00e1sa eset\u00e9n a t\u00e9nylegesen elj\u00e1r\u00f3 szerv megnevez\u00e9se, illet\u00e9kess\u00e9gi ter\u00fclete, az \u00fcgyint\u00e9z\u00e9shez sz\u00fcks\u00e9ges dokumentumok, okm\u00e1nyok, elj\u00e1r\u00e1si illet\u00e9kek (igazgat\u00e1si szolg\u00e1ltat\u00e1si d\u00edjak) meghat\u00e1roz\u00e1sa, alapvet\u0151 elj\u00e1r\u00e1si szab\u00e1lyok, az elj\u00e1r\u00e1st megind\u00edt\u00f3 irat beny\u00fajt\u00e1s\u00e1nak m\u00f3dja (helye, ideje), \u00fcgyf\u00e9lfogad\u00e1s ideje, az \u00fcgyint\u00e9z\u00e9s hat\u00e1rideje (elint\u00e9z\u00e9si, fellebbez\u00e9si hat\u00e1rid\u0151), az \u00fcgyek int\u00e9z\u00e9s\u00e9t seg\u00edt\u0151 \u00fatmutat\u00f3k, az \u00fcgymenetre vonatkoz\u00f3 t\u00e1j\u00e9koztat\u00e1s \u00e9s az \u00fcgyint\u00e9z\u00e9shez haszn\u00e1lt let\u00f6lthet\u0151 formanyomtatv\u00e1nyok, az ig\u00e9nybe vehet\u0151 elektronikus programok el\u00e9r\u00e9se, id\u0151pontfoglal\u00e1s, az \u00fcgyt\u00edpusokhoz kapcsol\u00f3d\u00f3 jogszab\u00e1lyok jegyz\u00e9ke, t\u00e1j\u00e9koztat\u00e1s az \u00fcgyfelet megillet\u0151 jogokr\u00f3l \u00e9s az \u00fcgyfelet terhel\u0151 k\u00f6telezetts\u00e9gekr\u0151l<\/th>\n            <td>Nincs ilyen.<\/td>\n        <\/tr>\n        <tr>\n            <th>A k\u00f6zfeladatot ell\u00e1t\u00f3 szerv \u00e1ltal ny\u00fajtott vagy k\u00f6lts\u00e9gvet\u00e9s\u00e9b\u0151l finansz\u00edrozott k\u00f6zszolg\u00e1ltat\u00e1sok megnevez\u00e9se, tartalma, a k\u00f6zszolg\u00e1ltat\u00e1sok ig\u00e9nybev\u00e9tel\u00e9nek rendje, a k\u00f6zszolg\u00e1ltat\u00e1s\u00e9rt fizetend\u0151 d\u00edj m\u00e9rt\u00e9ke, az abb\u00f3l adott kedvezm\u00e9nyek<\/th>\n            <td>\n                <a href=\"https:\/\/www.fotikozszolg.hu\/?page_id=4459\" target=\"_blank\" rel=\"noopener\">\n            Kegyeleti k\u00f6zszolg\u00e1ltat\u00e1s\n        <\/a><br>\n        <br>\n        <a href=\"https:\/\/www.fotikozszolg.hu\/wp-content\/uploads\/2025\/04\/2023-UZLETI-TERV-2-modositas-EU-palyazat-1.pdf\">\n            V\u00e1ros\u00fczemeltet\u00e9si k\u00f6zszolg\u00e1ltat\u00e1s\n        <\/a>\n            <\/td>\n        <\/tr>\n        <tr>\n            <th>A k\u00f6zfeladatot ell\u00e1t\u00f3 szerv \u00e1ltal fenntartott adatb\u00e1zisok, illetve nyilv\u00e1ntart\u00e1sok le\u00edr\u00f3 adatai (n\u00e9v, form\u00e1tum, az adatkezel\u00e9s c\u00e9lja, jogalapja, id\u0151tartama, az \u00e9rintettek k\u00f6re, az adatok forr\u00e1sa, k\u00e9rd\u0151\u00edves adatfelv\u00e9tel eset\u00e9n a kit\u00f6ltend\u0151 k\u00e9rd\u0151\u00edv), az adatv\u00e9delmi nyilv\u00e1ntart\u00e1sba bejelentend\u0151 nyilv\u00e1ntart\u00e1soknak az e t\u00f6rv\u00e9ny szerinti azonos\u00edt\u00f3 adatai; a k\u00f6zfeladatot ell\u00e1t\u00f3 szerv \u00e1ltal - alaptev\u00e9kenys\u00e9ge keret\u00e9ben - gy\u0171jt\u00f6tt \u00e9s feldolgozott adatok fajt\u00e1i, a hozz\u00e1f\u00e9r\u00e9s m\u00f3dja, a m\u00e1solatk\u00e9sz\u00edt\u00e9s k\u00f6lts\u00e9gei<\/th>\n            <td>Nincs ilyen.<\/td>\n        <\/tr>\n        <tr>\n            <th>A k\u00f6zfeladatot ell\u00e1t\u00f3 szerv nyilv\u00e1nos kiadv\u00e1nyainak c\u00edme, t\u00e9m\u00e1ja, a hozz\u00e1f\u00e9r\u00e9s m\u00f3dja, a kiadv\u00e1ny ingyeness\u00e9ge, illetve a k\u00f6lts\u00e9gt\u00e9r\u00edt\u00e9s m\u00e9rt\u00e9ke<\/th>\n            <td>Nincs ilyen.<\/td>\n        <\/tr>\n        <tr>\n            <th>A test\u00fcleti szerv d\u00f6nt\u00e9sei el\u0151k\u00e9sz\u00edt\u00e9s\u00e9nek rendje, az \u00e1llampolg\u00e1ri k\u00f6zrem\u0171k\u00f6d\u00e9s (v\u00e9lem\u00e9nyez\u00e9s) m\u00f3dja, elj\u00e1r\u00e1si szab\u00e1lyai, a test\u00fcleti szerv \u00fcl\u00e9seinek helye, ideje, tov\u00e1bb\u00e1 nyilv\u00e1noss\u00e1ga, d\u00f6nt\u00e9sei, \u00fcl\u00e9s\u00e9nek jegyz\u0151k\u00f6nyvei, illetve \u00f6sszefoglal\u00f3i; a test\u00fcleti szerv szavaz\u00e1s\u00e1nak adatai, ha ezt jogszab\u00e1ly nem korl\u00e1tozza<\/th>\n            <td>Nincs ilyen.<\/td>\n        <\/tr>\n        <tr>\n            <th>A t\u00f6rv\u00e9ny alapj\u00e1n k\u00f6zz\u00e9teend\u0151 jogszab\u00e1lytervezetek \u00e9s kapcsol\u00f3d\u00f3 dokumentumok; a helyi \u00f6nkorm\u00e1nyzat k\u00e9pvisel\u0151-test\u00fclet\u00e9nek nyilv\u00e1nos \u00fcl\u00e9s\u00e9re beny\u00fajtott el\u0151terjeszt\u00e9sek a beny\u00fajt\u00e1s id\u0151pontj\u00e1t\u00f3l<\/th>\n            <td>\n        <a href=\"https:\/\/fot.hu\/dokumentumtar\/?d=\/%C3%96nkorm%C3%A1nyzat\/El%C5%91terjeszt%C3%A9sek\" target=\"_blank\" rel=\"noopener\">\n            K\u00e9pvisel\u0151-test\u00fclet el\u00e9 ker\u00fcl\u0151 el\u0151terjeszt\u00e9sek\n        <\/a>\n    <\/td>\n        <\/tr>\n        <tr>\n            <th>A k\u00f6zfeladatot ell\u00e1t\u00f3 szerv \u00e1ltal k\u00f6zz\u00e9tett hirdetm\u00e9nyek, k\u00f6zlem\u00e9nyek<\/th>\n             <td>\n        <a href=\"https:\/\/www.fotikozszolg.hu\/?page_id=4414\" target=\"_blank\" rel=\"noopener\">\n            Hirdetm\u00e9nyek, k\u00f6zlem\u00e9nyek\n        <\/a>\n    <\/td>\n        <\/tr>\n        <tr>\n            <th>A k\u00f6zfeladatot ell\u00e1t\u00f3 szerv \u00e1ltal ki\u00edrt p\u00e1ly\u00e1zatok szakmai le\u00edr\u00e1sa, azok eredm\u00e9nyei \u00e9s indokol\u00e1suk<\/th>\n            <td>Nincs ilyen<\/td>\n        <\/tr>\n        <tr>\n            <th>A k\u00f6zfeladatot ell\u00e1t\u00f3 szervn\u00e9l v\u00e9gzett alaptev\u00e9kenys\u00e9ggel kapcsolatos vizsg\u00e1latok, ellen\u0151rz\u00e9sek nyilv\u00e1nos meg\u00e1llap\u00edt\u00e1sai<\/th>\n            <td>Nincs ilyen.<\/td>\n        <\/tr>\n        <tr>\n            <th>A k\u00f6z\u00e9rdek\u0171 adatok megismer\u00e9s\u00e9re ir\u00e1nyul\u00f3 ig\u00e9nyek int\u00e9z\u00e9s\u00e9nek rendje, az illet\u00e9kes szervezeti egys\u00e9g neve, el\u00e9rhet\u0151s\u00e9ge, az inform\u00e1ci\u00f3s jogokkal foglalkoz\u00f3 szem\u00e9ly neve<\/th>\n            <td><a href=\"https:\/\/www.fotikozszolg.hu\/wp-content\/uploads\/2025\/04\/Koezerdek-adatok-megismeresenek-es-koezzetetelenek-szabalyzata-1.pdf\" target=\"_blank\" rel=\"noopener\">\n            K\u00f6z\u00e9rdek\u0171 adatok megismer\u00e9s\u00e9nek \u00e9s k\u00f6zz\u00e9t\u00e9tel\u00e9nek szab\u00e1lyzat\n        <\/a><br><\/td>\n        <\/tr>\n        <tr>\n            <th>A k\u00f6zfeladatot ell\u00e1t\u00f3 szerv tev\u00e9kenys\u00e9g\u00e9re vonatkoz\u00f3, jogszab\u00e1lyon alapul\u00f3 statisztikai adatgy\u0171jt\u00e9s eredm\u00e9nyei, id\u0151beli v\u00e1ltoz\u00e1suk<\/th>\n            <td>\n                <a href=\"https:\/\/www.fotikozszolg.hu\/wp-content\/uploads\/2025\/04\/A-Foti-Koezszolgaltato-statisztikai-jelentesei-2021.pdf\" target=\"_blank\" rel=\"noopener\">\n            A F\u00f3ti K\u00f6zszolg\u00e1ltat\u00f3 statisztikai jelent\u00e9sei 2021\n        <\/a><br>\n                <a href=\"https:\/\/www.fotikozszolg.hu\/wp-content\/uploads\/2025\/04\/A-Foti-Koezszolgaltato-statisztikai-jelentesei-2022.pdf\" target=\"_blank\" rel=\"noopener\">\n            A F\u00f3ti K\u00f6zszolg\u00e1ltat\u00f3 statisztikai jelent\u00e9sei 2022\n        <\/a><br>\n                <a href=\"https:\/\/www.fotikozszolg.hu\/wp-content\/uploads\/2025\/04\/KSH-adatszolgaltatasok-2023.pdf\" target=\"_blank\" rel=\"noopener\">\n            A F\u00f3ti K\u00f6zszolg\u00e1ltat\u00f3 statisztikai jelent\u00e9sei 2023\n        <\/a>\n        <br>\n                <a href=\"https:\/\/www.fotikozszolg.hu\/wp-content\/uploads\/2025\/04\/ksh-hataridonaplo-2024.pdf\" target=\"_blank\" rel=\"noopener\">\n            A F\u00f3ti K\u00f6zszolg\u00e1ltat\u00f3 statisztikai jelent\u00e9sei 2024\n        <\/a>\n        <br>\n                <a href=\"https:\/\/www.fotikozszolg.hu\/wp-content\/uploads\/2025\/04\/ksh-hataridonaplo-2025.pdf\" target=\"_blank\" rel=\"noopener\">\n            A F\u00f3ti K\u00f6zszolg\u00e1ltat\u00f3 statisztikai jelent\u00e9sei 2025\n        <\/a>\n            <\/td>\n        <\/tr>\n        <tr>\n            <th>A k\u00f6z\u00e9rdek\u0171 adatokkal kapcsolatos k\u00f6telez\u0151 statisztikai adatszolg\u00e1ltat\u00e1s adott szervre vonatkoz\u00f3 adatai<\/th>\n            <td>\n                <p>2018. \u00e9vben elutas\u00edtott (nem teljes\u00edtett) k\u00f6z\u00e9rdek\u0171 adatig\u00e9nyl\u00e9s nem volt.<\/p>\n        <p>2019. \u00e9vben elutas\u00edtott (nem teljes\u00edtett) k\u00f6z\u00e9rdek\u0171 adatig\u00e9nyl\u00e9s nem volt.<\/p>\n        <p>2020. \u00e9vben elutas\u00edtott (nem teljes\u00edtett) k\u00f6z\u00e9rdek\u0171 adatig\u00e9nyl\u00e9s nem volt.<\/p>\n        <p>2021. \u00e9vben elutas\u00edtott (nem teljes\u00edtett) k\u00f6z\u00e9rdek\u0171 adatig\u00e9nyl\u00e9s nem volt.<\/p>\n        <p>2022. \u00e9vben elutas\u00edtott (nem teljes\u00edtett) k\u00f6z\u00e9rdek\u0171 adatig\u00e9nyl\u00e9s nem volt.<\/p>\n        <p>2023. \u00e9vben elutas\u00edtott (nem teljes\u00edtett) k\u00f6z\u00e9rdek\u0171 adatig\u00e9nyl\u00e9s nem volt.<\/p><br>\n                <a href=\"https:\/\/www.fotikozszolg.hu\/wp-content\/uploads\/2025\/04\/TKK-14-Nemzeti-Adatvedelmi-es-Infoszab-Hatosag-2023-evi-adatszolgaltatas-koezerdek-adatok-kiadasarol-eves_jelentes_2023_2066-1.pdf\" target=\"_blank\" rel=\"noopener\">\n            2023. \u00e9vi NAIH adatszolg\u00e1ltat\u00e1s\n        <\/a>\n        <br>\n                <a href=\"https:\/\/www.fotikozszolg.hu\/wp-content\/uploads\/2025\/04\/NAIH-adatszolgaltatas-2024-1.pdf\" target=\"_blank\" rel=\"noopener\">\n            2024. \u00e9vi NAIH adatszolg\u00e1ltat\u00e1s\n        <\/a>\n            <\/td>\n        <\/tr>\n        <tr>\n            <th>Azon k\u00f6z\u00e9rdek\u0171 adatok hasznos\u00edt\u00e1s\u00e1ra ir\u00e1nyul\u00f3 szerz\u0151d\u00e9sek list\u00e1ja, amelyekben a k\u00f6zfeladatot ell\u00e1t\u00f3 szerv az egyik szerz\u0151d\u0151 f\u00e9l<\/th>\n            <td>A t\u00e1rsas\u00e1gn\u00e1l jelenleg nincs ilyen k\u00f6z\u00e9rdek\u0171 adat<\/td>\n        <\/tr>\n        <tr>\n            <th>A k\u00f6zfeladatot ell\u00e1t\u00f3 szerv kezel\u00e9s\u00e9ben l\u00e9v\u0151 k\u00f6z\u00e9rdek\u0171 adatok felhaszn\u00e1l\u00e1s\u00e1ra, hasznos\u00edt\u00e1s\u00e1ra vonatkoz\u00f3 \u00e1ltal\u00e1nos szerz\u0151d\u00e9si felt\u00e9telek<\/th>\n            <td>A t\u00e1rsas\u00e1gunkn\u00e1l jelenleg nincs ilyen k\u00f6z\u00e9rdek\u0171 adat<\/td>\n        <\/tr>\n        <tr>\n            <th>A k\u00f6zfeladatot ell\u00e1t\u00f3 szervre vonatkoz\u00f3 k\u00fcl\u00f6n\u00f6s \u00e9s egyedi k\u00f6zz\u00e9t\u00e9teli lista<\/th>\n            <td>L\u00e1sd a fenti lap f\u00fcleken...<\/td>\n        <\/tr>\n        <tr>\n            <th>A k\u00f6zfeladatot ell\u00e1t\u00f3 szerv kezel\u00e9s\u00e9ben lev\u0151, a k\u00f6zadatok \u00fajrahasznos\u00edt\u00e1s\u00e1r\u00f3l sz\u00f3l\u00f3 t\u00f6rv\u00e9ny szerint \u00fajrahasznos\u00edt\u00e1s c\u00e9lj\u00e1ra el\u00e9rhet\u0151 kultur\u00e1lis k\u00f6zadatok list\u00e1ja a rendelkez\u00e9sre \u00e1ll\u00f3 form\u00e1tumok megjel\u00f6l\u00e9s\u00e9vel, valamint a k\u00f6zfeladatot ell\u00e1t\u00f3 szerv kezel\u00e9s\u00e9ben lev\u0151,a k\u00f6zadatok \u00fajrahasznos\u00edt\u00e1s\u00e1r\u00f3l sz\u00f3l\u00f3 t\u00f6rv\u00e9ny szerint \u00fajrahasznos\u00edthat\u00f3 k\u00f6zadat t\u00edpusokr\u00f3l val\u00f3 t\u00e1j\u00e9koztat\u00e1s, a rendelkez\u00e9sre \u00e1ll\u00f3 form\u00e1tumok megjel\u00f6l\u00e9s\u00e9vel<\/th>\n            <td>A t\u00e1rsas\u00e1gunkn\u00e1l jelenleg nincs ilyen k\u00f6z\u00e9dek\u0171 adat<\/td>\n        <\/tr>\n        <tr>\n            <th>A k\u00f6zadatok \u00e9s kultur\u00e1lis k\u00f6zadatok \u00fajrahasznos\u00edt\u00e1s\u00e1ra vonatkoz\u00f3 \u00e1ltal\u00e1nos szerz\u0151d\u00e9si felt\u00e9telek elektronikusan szerkeszthet\u0151 v\u00e1ltozata<\/th>\n            <td>Nincs ilyen.<\/td>\n        <\/tr>\n        <tr>\n            <th>A k\u00f6zadatok \u00e9s kultur\u00e1lis k\u00f6zadatok \u00fajrahasznos\u00edt\u00e1s c\u00e9lj\u00e1b\u00f3l t\u00f6rt\u00e9n\u0151 rendelkez\u00e9sre bocs\u00e1t\u00e1s\u00e1\u00e9rt fizetend\u0151 d\u00edjak \u00e1ltal\u00e1nos jegyz\u00e9ke, a d\u00edjsz\u00e1m\u00edt\u00e1s alapj\u00e1t k\u00e9pez\u0151 t\u00e9nyez\u0151kkel egy\u00fcttesen<\/th>\n            <td>Nincs ilyen.<\/td>\n        <\/tr>\n        <tr>\n            <th>A k\u00f6zadatok \u00fajrahasznos\u00edt\u00e1s\u00e1r\u00f3l sz\u00f3l\u00f3 t\u00f6rv\u00e9ny szerinti jogorvoslati t\u00e1j\u00e9koztat\u00e1s<\/th>\n            <td>Nincs ilyen.<\/td>\n        <\/tr>\n        <tr>\n            <th>A k\u00f6zfeladatot ell\u00e1t\u00f3 szerv \u00e1ltal megk\u00f6t\u00f6tt, a k\u00f6zadatok \u00fajrahasznos\u00edt\u00e1s\u00e1r\u00f3l sz\u00f3l\u00f3 t\u00f6rv\u00e9ny szerint k\u00f6t\u00f6tt kiz\u00e1r\u00f3lagos jogot biztos\u00edt\u00f3 meg\u00e1llapod\u00e1sok szerz\u0151d\u0151 feleinek megjel\u00f6l\u00e9se, a kiz\u00e1r\u00f3lagoss\u00e1g id\u0151tartam\u00e1nak, t\u00e1rgy\u00e1nak, valamint a meg\u00e1llapod\u00e1s egy\u00e9b l\u00e9nyeges elemeinek megjel\u00f6l\u00e9se<\/th>\n            <td>Nincs ilyen.<\/td>\n        <\/tr>\n        <tr>\n            <th>A k\u00f6zfeladatot ell\u00e1t\u00f3 szerv \u00e1ltal k\u00f6t\u00f6tt, a k\u00f6zadatok \u00fajrahasznos\u00edt\u00e1s\u00e1r\u00f3l sz\u00f3l\u00f3 t\u00f6rv\u00e9ny szerint a kultur\u00e1lis k\u00f6zadatok digitaliz\u00e1l\u00e1s\u00e1ra kiz\u00e1r\u00f3lagos jogot biztos\u00edt\u00f3 meg\u00e1llapod\u00e1sok sz\u00f6vege<\/th>\n            <td>Nincs ilyen.<\/td>\n        <\/tr>\n        <tr>\n            <th>A k\u00f6zadatok \u00fajrahasznos\u00edt\u00e1s\u00e1r\u00f3l sz\u00f3l\u00f3 t\u00f6rv\u00e9ny szerinti azon jogszab\u00e1ly, k\u00f6zjogi szervezetszab\u00e1lyoz\u00f3 eszk\u00f6z, k\u00f6zszolg\u00e1ltat\u00e1si szerz\u0151d\u00e9s vagy m\u00e1s k\u00f6telez\u0151 er\u0151vel b\u00edr\u00f3 dokumentum (vagy az annak el\u00e9rhet\u0151s\u00e9g\u00e9re mutat\u00f3 hivatkoz\u00e1s), amely az \u00fajrahasznos\u00edt\u00e1s c\u00e9lj\u00e1b\u00f3l rendelkez\u00e9sre bocs\u00e1that\u00f3 k\u00f6zadat gy\u0171jt\u00e9s\u00e9vel, el\u0151\u00e1ll\u00edt\u00e1s\u00e1val, feldolgoz\u00e1s\u00e1val \u00e9s terjeszt\u00e9s\u00e9vel \u00f6sszef\u00fcgg\u0151 k\u00f6lts\u00e9gek jelent\u0151s r\u00e9sz\u00e9nek saj\u00e1t bev\u00e9telb\u0151l val\u00f3 fedez\u00e9s\u00e9t \u00edrja el\u0151 a k\u00f6zfeladatot ell\u00e1t\u00f3 szerv r\u00e9sz\u00e9re<\/th>\n            <td>Nincs ilyen.<\/td>\n        <\/tr>\n    <\/tbody>\n<\/table>\n<table border=\"1\">\n  <thead>\n    <tr>\n      <th>III. Gazd\u00e1lkod\u00e1si adatok<\/th>\n    <\/tr>\n  <\/thead>\n  <tbody>\n    <tr>\n      <td>A k\u00f6zfeladatot ell\u00e1t\u00f3 szerv \u00e9ves k\u00f6lts\u00e9gvet\u00e9se<\/td>\n      <td>\n        <ul>\n          <li>\n            <a href=\"https:\/\/www.fotikozszolg.hu\/wp-content\/uploads\/2025\/04\/2015-evi-Koezhasznusagi-jelentes.pdf\" target=\"_blank\">2015. \u00e9vi K\u00f6zhaszn\u00fas\u00e1gi jelent\u00e9s<\/a>, \n            <a href=\"https:\/\/www.fotikozszolg.hu\/wp-content\/uploads\/2025\/04\/2015.evi-Koezhasznu-beszamolo-es-mellekletei.pdf\" target=\"_blank\">K\u00f6zhaszn\u00fa besz\u00e1mol\u00f3 \u00e9s mell\u00e9kletei<\/a>, \n            <a href=\"https:\/\/www.fotikozszolg.hu\/wp-content\/uploads\/2025\/04\/ves-beszamolo-mellekletekkel-2015.-1-.pdf\" target=\"_blank\">\u00c9ves besz\u00e1mol\u00f3 mell\u00e9kletekkel<\/a>,<a href=\"https:\/\/www.fotikozszolg.hu\/wp-content\/uploads\/2025\/04\/KIEG-2015-1.pdf\" target=\"_blank\">Kieg\u00e9sz\u00edt\u0151 mell\u00e9klet<\/a> \n          <\/li>\n          <li><a href=\"https:\/\/www.fotikozszolg.hu\/wp-content\/uploads\/2025\/04\/KIEG-2015-1.pdf\" target=\"_blank\">2016. \u00e9vi K\u00f6nyvvizsg\u00e1l\u00f3i jelent\u00e9s<\/a>, \n            <a href=\"https:\/\/www.fotikozszolg.hu\/wp-content\/uploads\/2025\/04\/2016eves-beszamolo-alairt-1.pdf\" target=\"_blank\">Egyszer\u0171s\u00edtett \u00e9ves besz\u00e1mol\u00f3<\/a>, \n            <a href=\"https:\/\/www.fotikozszolg.hu\/wp-content\/uploads\/2025\/04\/2016-kozhasznusagi-melleklet-alairt-1.pdf\" target=\"_blank\">K\u00f6zhaszn\u00fas\u00e1gi mell\u00e9klet<\/a>,<a href=\"https:\/\/www.fotikozszolg.hu\/wp-content\/uploads\/2025\/04\/2016-kozhasznusagi-melleklet-alairt-1-1.pdf\" target=\"_blank\">Kieg\u00e9sz\u00edt\u0151 mell\u00e9klet<\/a><\/li>\n          <li><a href=\"https:\/\/www.fotikozszolg.hu\/wp-content\/uploads\/2025\/04\/Koenyvvizsgaloi-jelentes-szkennelt-1.pdf\" target=\"_blank\">2017. \u00e9vi K\u00f6nyvvizsg\u00e1l\u00f3i jelent\u00e9s<\/a>, \n            <a href=\"https:\/\/www.fotikozszolg.hu\/wp-content\/uploads\/2025\/04\/Merleg-es-eredmenykimutatas-2017-1.pdf\">Egyszer\u0171s\u00edtett \u00e9ves besz\u00e1mol\u00f3<\/a>, \n            <a href=\"https:\/\/www.fotikozszolg.hu\/wp-content\/uploads\/2025\/04\/FotiKozszolg-Kozhasznusagi-Melleklet-2017.pdf\" target=\"_blank\">K\u00f6zhaszn\u00fas\u00e1gi mell\u00e9klet<\/a>,<a href=\"https:\/\/www.fotikozszolg.hu\/wp-content\/uploads\/2025\/04\/FotiKozszolg-Kiegeszito-melleklet-2017.pdf\" target=\"_blank\">Kieg\u00e9sz\u00edt\u0151 mell\u00e9klet<\/a><\/li>\n          <li><a href=\"https:\/\/www.fotikozszolg.hu\/wp-content\/uploads\/2025\/04\/2035-eKoenyvvizsgaloi-jelentes-Foti-Koezszolg-NKft_v2.pdf\" target=\"_blank\">2018. \u00e9vi K\u00f6nyvvizsg\u00e1l\u00f3i jelent\u00e9s<\/a>, \n            <a href=\"https:\/\/www.fotikozszolg.hu\/wp-content\/uploads\/2025\/04\/Egyszer-sitett-eves-beszamolo-2018.pdf\">Egyszer\u0171s\u00edtett \u00e9ves besz\u00e1mol\u00f3<\/a>, \n            <a href=\"https:\/\/www.fotikozszolg.hu\/wp-content\/uploads\/2025\/04\/Koezhasznusagi-melleklet-2018.pdf\" target=\"_blank\">K\u00f6zhaszn\u00fas\u00e1gi mell\u00e9klet<\/a><\/li>\n          <li><a href=\"https:\/\/www.fotikozszolg.hu\/wp-content\/uploads\/2025\/04\/2035-Koenyvvizsgaloi-jelentes-Foti-Koezszolg-NKft_2020.07.01.pdf\" target=\"_blank\">2019. \u00e9vi K\u00f6nyvvizsg\u00e1l\u00f3i jelent\u00e9s<\/a>, \n            <a href=\"https:\/\/www.fotikozszolg.hu\/wp-content\/uploads\/2025\/04\/Et.sz_.1.sz-melleklet-Foti-Kozszolgaltato-Penzuegyi-BESZAMOLO-2019-alairt_0001.pdf\">Egyszer\u0171s\u00edtett \u00e9ves besz\u00e1mol\u00f3<\/a>, \n            <a href=\"https:\/\/www.fotikozszolg.hu\/wp-content\/uploads\/2025\/04\/Et.sz_.2.sz-melleklet-Foti-Kozszolgaltato-KOZHASZNUSAGI-melleklet-2019-alairt_0001.pdf\" target=\"_blank\">K\u00f6zhaszn\u00fas\u00e1gi mell\u00e9klet<\/a><\/li>\n          <li><a href=\"https:\/\/www.fotikozszolg.hu\/wp-content\/uploads\/2025\/04\/2035_eKonyvvizsgaloi_jelentes_Foti_Kozszolg_NKft.pdf\" target=\"_blank\">2020. \u00e9vi K\u00f6nyvvizsg\u00e1l\u00f3i jelent\u00e9s<\/a>, \n            <a href=\"https:\/\/www.fotikozszolg.hu\/wp-content\/uploads\/2025\/04\/BESZAMOLO-2020.pdf\">Egyszer\u0171s\u00edtett \u00e9ves besz\u00e1mol\u00f3<\/a>, \n            <a href=\"https:\/\/www.fotikozszolg.hu\/wp-content\/uploads\/2025\/04\/KOZHASZNUSAGI-2020.pdf\" target=\"_blank\">K\u00f6zhaszn\u00fas\u00e1gi mell\u00e9klet<\/a><\/li>\n          <li><a href=\"https:\/\/www.fotikozszolg.hu\/wp-content\/uploads\/2025\/04\/2035_eKonyvvizsgaloi_jelentes_Foti_Kozszolg_NKft_KT.pdf\" target=\"_blank\">2021. \u00e9vi K\u00f6nyvvizsg\u00e1l\u00f3i jelent\u00e9s<\/a>, \n            <a href=\"https:\/\/www.fotikozszolg.hu\/wp-content\/uploads\/2025\/04\/BESZAMOLO-2021.pdf\">Egyszer\u0171s\u00edtett \u00e9ves besz\u00e1mol\u00f3<\/a>, \n            <a href=\"https:\/\/www.fotikozszolg.hu\/wp-content\/uploads\/2025\/04\/KOZHASZNUSAGI-2021.pdf\">K\u00f6zhaszn\u00fas\u00e1gi mell\u00e9klet<\/a><\/li>\n          <li><a href=\"https:\/\/www.fotikozszolg.hu\/wp-content\/uploads\/2025\/04\/2036-eKoenyvvizsgaloi-jelentes-Foti-Koezszolg-NKft.pdf\">2022. \u00e9vi K\u00f6nyvvizsg\u00e1l\u00f3i jelent\u00e9s<\/a>, \n            <a href=\"https:\/\/www.fotikozszolg.hu\/wp-content\/uploads\/2025\/04\/BESZAMOLO-2022.pdf\">Egyszer\u0171s\u00edtett \u00e9ves besz\u00e1mol\u00f3<\/a>, \n            <a href=\"https:\/\/www.fotikozszolg.hu\/wp-content\/uploads\/2025\/04\/KOZHASZNUSAGI-2022.pdf\">K\u00f6zhaszn\u00fas\u00e1gi mell\u00e9klet<\/a><\/li>\n          <li><a href=\"https:\/\/www.fotikozszolg.hu\/wp-content\/uploads\/2025\/04\/2035_Konyvvizsgaloi_jelentes_Foti_Kozszolg_NKft_alairt-masolata.pdf\">2023. \u00e9vi K\u00f6nyvvizsg\u00e1l\u00f3i jelent\u00e9s<\/a>, \n            <a href=\"https:\/\/www.fotikozszolg.hu\/wp-content\/uploads\/2025\/04\/BESZAMOLO-2023.pdf\">Egyszer\u0171s\u00edtett \u00e9ves besz\u00e1mol\u00f3<\/a>, \n            <a href=\"https:\/\/www.fotikozszolg.hu\/wp-content\/uploads\/2025\/04\/KOZHASZNUSAGI-2023.pdf\">K\u00f6zhaszn\u00fas\u00e1gi mell\u00e9klet<\/a><\/li>\n        <\/ul>\n      <\/td>\n    <\/tr>\n    <tr>\n      <td>A k\u00f6zfeladatot ell\u00e1t\u00f3 szervn\u00e9l foglalkoztatottak l\u00e9tsz\u00e1m\u00e1ra \u00e9s szem\u00e9lyi juttat\u00e1saira vonatkoz\u00f3 \u00f6sszes\u00edtett adatok<\/td>\n      <td><a href=\"https:\/\/www.fotikozszolg.hu\/wp-content\/uploads\/2025\/04\/Foglalkoztatottak-havi-illetme\u0301nye-2025.pdf\">Foglalkoztatottak havi illetm\u00e9nye<\/a><\/td>\n    <\/tr>\n    <tr>\n      <td>A k\u00f6lts\u00e9gvet\u00e9si t\u00e1mogat\u00e1sok kedvezm\u00e9nyezettjei<\/td>\n      <td>Nincs ilyen<\/td>\n    <\/tr>\n    <tr>\n      <td>\u00d6tmilli\u00f3 forintot el\u00e9r\u0151 vagy azt meghalad\u00f3 \u00e1rubeszerz\u00e9sek, \u00e9p\u00edt\u00e9si beruh\u00e1z\u00e1sok, szolg\u00e1ltat\u00e1s megrendel\u00e9sek<\/td>\n      <td>\n        <ul><li><a href=\"https:\/\/www.fotikozszolg.hu\/wp-content\/uploads\/2025\/04\/Dulevo-szerz-des.pdf\">Sepr\u0151 c\u00e9lg\u00e9p szerz\u0151d\u00e9s<\/a><\/li>\n          <li><a href=\"https:\/\/www.fotikozszolg.hu\/wp-content\/uploads\/2025\/04\/Szerzoedesek.pdf\">2017-es szerz\u0151d\u00e9sek 5 milli\u00f3 Ft f\u00f6l\u00f6tt<\/a><\/li>\n          <li><a href=\"https:\/\/www.fotikozszolg.hu\/wp-content\/uploads\/2025\/04\/Szerz-desek-2018.pdf\">2018-es szerz\u0151d\u00e9sek 5 milli\u00f3 Ft f\u00f6l\u00f6tt<\/a><\/li>\n          <li><a href=\"https:\/\/www.fotikozszolg.hu\/wp-content\/uploads\/2025\/04\/Szerz-desek-2019.pdf\">2019-es szerz\u0151d\u00e9sek 5 milli\u00f3 Ft f\u00f6l\u00f6tt<\/a><\/li>\n          <li><a href=\"https:\/\/www.fotikozszolg.hu\/wp-content\/uploads\/2025\/04\/Szerz-desek-2020.pdf\">2020-es szerz\u0151d\u00e9sek 5 milli\u00f3 Ft f\u00f6l\u00f6tt<\/a><\/li>\n          <li><a href=\"https:\/\/www.fotikozszolg.hu\/wp-content\/uploads\/2025\/04\/Szerzodesek-5-millio-felett-2021.pdf\">2021-es szerz\u0151d\u00e9sek 5 milli\u00f3 Ft f\u00f6l\u00f6tt<\/a><\/li>\n          <li><a href=\"https:\/\/www.fotikozszolg.hu\/wp-content\/uploads\/2025\/04\/Szerzodesek-5-millio-felett-2022.pdf\">2022-es szerz\u0151d\u00e9sek 5 milli\u00f3 Ft f\u00f6l\u00f6tt<\/a><\/li>\n          <li><a href=\"https:\/\/www.fotikozszolg.hu\/wp-content\/uploads\/2025\/04\/Szerz-desek-5-millio-felett-2023.pdf\">2023-es szerz\u0151d\u00e9sek 5 milli\u00f3 Ft f\u00f6l\u00f6tt<\/a><\/li>\n          <li><a href=\"https:\/\/www.fotikozszolg.hu\/wp-content\/uploads\/2025\/04\/Szerzo\u030bde\u0301sek-5-millio-felett-2024-20250409ALLAPOT.pdf\">2024-es szerz\u0151d\u00e9sek 5 milli\u00f3 Ft f\u00f6l\u00f6tt<\/a><\/li>\n          <li><a href=\"https:\/\/www.fotikozszolg.hu\/wp-content\/uploads\/2025\/04\/Szerzo\u030bde\u0301sek-5-millio-felett-2025-20250409es-allapot.pdf\">2025-\u00f6s szerz\u0151d\u00e9sek 5 milli\u00f3 Ft f\u00f6l\u00f6tt<\/a><\/li>\n        <\/ul>\n      <\/td>\n    <\/tr>\n    <tr>\n      <td>A koncesszi\u00f3r\u00f3l sz\u00f3l\u00f3 t\u00f6rv\u00e9nyben meghat\u00e1rozott nyilv\u00e1nos adatok<\/td>\n      <td>Nincs ilyen<\/td>\n    <\/tr>\n    <tr>\n      <td>A k\u00f6zfeladatot ell\u00e1t\u00f3 szerv \u00e1ltal nem alapfeladatai ell\u00e1t\u00e1s\u00e1ra ford\u00edtott kifizet\u00e9sek<\/td>\n      <td>Nincs ilyen<\/td>\n    <\/tr>\n    <tr>\n      <td>Az Eur\u00f3pai Uni\u00f3 t\u00e1mogat\u00e1s\u00e1val megval\u00f3sul\u00f3 fejleszt\u00e9sek<\/td>\n      <td>Nincs ilyen<\/td>\n    <\/tr>\n    <tr>\n      <td>K\u00f6zbeszerz\u00e9si inform\u00e1ci\u00f3k<\/td>\n      <td><a href=\"https:\/\/kozbeszerzes.hu\/adatbazis\/keres\/hirdetmeny\/\">Elektronikus k\u00f6zbeszerz\u00e9si rendszer<\/a><\/td>\n    <\/tr>\n    <tr>\n      <td>Adatv\u00e9delmi tiszts\u00e9gvisel\u0151 e-mail c\u00edme<\/td>\n      <td><a href=\"mailto:info@fotikozszolg.hu\">info@fotikozszolg.hu<\/a><\/td>\n    <\/tr>\n  <\/tbody>\n<\/table>\n\n\t\t\t\t<\/div>\n\t\t\t\t<\/div>\n\t\t\t\t\t<\/div>\n\t\t\t\t<\/div>\n\t\t\t\t<\/div>\n\t\t<div id=\"e-n-tab-content-1260246263\" role=\"tabpanel\" aria-labelledby=\"e-n-tab-title-1260246263\" data-tab-index=\"3\" style=\"--n-tabs-title-order: 3;\" class=\" elementor-element elementor-element-fd10ec6 e-con-full e-flex e-con e-child\" data-id=\"fd10ec6\" data-element_type=\"container\">\n\t\t<div class=\"elementor-element elementor-element-1a6b2cc e-flex e-con-boxed e-con e-child\" data-id=\"1a6b2cc\" data-element_type=\"container\">\n\t\t\t\t\t<div class=\"e-con-inner\">\n\t\t\t\t<div class=\"elementor-element elementor-element-d80b6e9 elementor-widget elementor-widget-html\" data-id=\"d80b6e9\" data-element_type=\"widget\" data-widget_type=\"html.default\">\n\t\t\t\t<div class=\"elementor-widget-container\">\n\t\t\t\t\t<style>\n.km-table {\n    width: 100%;\n    border-collapse: collapse;\n}\n.km-table th, .km-table td {\n    border: 1px solid #444;\n    padding: 10px;\n    vertical-align: top;\n}\n.km-table th {\n    background-color: #ddd;\n    text-align: left;\n}\n.km-header {\n    text-align: center;\n    font-weight: bold;\n    font-size: 1.2em;\n    background-color: #f0f0f0;\n}\n<\/style>\n\n<table class=\"km-table\">\n    <colgroup>\n        <col style=\"width: 50%;\">\n        <col style=\"width: 50%;\">\n    <\/colgroup>\n    <tr>\n        <td class=\"km-header\" colspan=\"2\">K\u00dcL\u00d6N\u00d6S K\u00d6ZZ\u00c9T\u00c9TELI LISTA<\/td>\n    <\/tr>\n    <tr>\n        <th colspan=\"2\">A k\u00f6ztulajdonban \u00e1ll\u00f3 gazdas\u00e1gi t\u00e1rsas\u00e1gok takar\u00e9kosabb m\u0171k\u00f6d\u00e9s\u00e9r\u0151l sz\u00f3l\u00f3 2009. \u00e9vi CXXII. T\u00f6rv\u00e9ny 2\u00a7-a szerinti k\u00f6zz\u00e9t\u00e9telek<\/th>\n    <\/tr>\n    <tr>\n        <td><strong>2. \u00a7 (1) alapj\u00e1n a k\u00f6ztulajdonban \u00e1ll\u00f3 gazdas\u00e1gi t\u00e1rsas\u00e1g a k\u00f6zz\u00e9t\u00e9tel id\u0151pontj\u00e1ban fenn\u00e1ll\u00f3 adatok alapj\u00e1n k\u00f6zz\u00e9teszi a vezet\u0151 tiszts\u00e9gvisel\u0151k, a fel\u00fcgyel\u0151bizotts\u00e1gi tagok, a munka t\u00f6rv\u00e9nyk\u00f6nyv\u00e9r\u0151l sz\u00f3l\u00f3 2012. \u00e9vi I. t\u00f6rv\u00e9ny (a tov\u00e1bbiakban: Mt.) 208. \u00a7-a szerint vezet\u0151 \u00e1ll\u00e1s\u00fa munkav\u00e1llal\u00f3k, valamint az \u00f6n\u00e1ll\u00f3an c\u00e9gjegyz\u00e9sre vagy a banksz\u00e1mla feletti rendelkez\u00e9sre jogosult munkav\u00e1llal\u00f3k\n a) nev\u00e9t,\n b) tiszts\u00e9g\u00e9t vagy munkak\u00f6r\u00e9t,\n c) munkaviszonyban \u00e1ll\u00f3 szem\u00e9ly eset\u00e9ben\n ca) a munkav\u00e1llal\u00f3 r\u00e9sz\u00e9re a munkaviszonya alapj\u00e1n k\u00f6zvetlen\u00fcl vagy k\u00f6zvetve ny\u00fajtott p\u00e9nzbeli juttat\u00e1sokat, ezen bel\u00fcl k\u00fcl\u00f6n felt\u00fcntetve alapb\u00e9r\u00e9t, egy\u00e9b id\u0151b\u00e9r\u00e9t, teljes\u00edtm\u00e9nyb\u00e9r\u00e9t, valamint az id\u0151b\u00e9rt megalapoz\u00f3 id\u0151tartamot, illetve a teljes\u00edtm\u00e9nyb\u00e9rt megalapoz\u00f3 teljes\u00edtm\u00e9nyk\u00f6vetelm\u00e9nyeket,\n cb) az Mt., kollekt\u00edv szerz\u0151d\u00e9s, illetve a munkaszerz\u0151d\u00e9s alapj\u00e1n j\u00e1r\u00f3 m\u00e9rt\u00e9ket megjel\u00f6lve a munkav\u00e1llal\u00f3ra ir\u00e1nyad\u00f3 v\u00e9gkiel\u00e9g\u00edt\u00e9s, illetve felmond\u00e1si id\u0151 id\u0151tartam\u00e1t,\n cc) az Mt. 228. \u00a7 alapj\u00e1n kik\u00f6t\u00f6tt id\u0151tartamot \u00e9s a k\u00f6telezetts\u00e9g v\u00e1llal\u00e1s\u00e1nak ellen\u00e9rt\u00e9k\u00e9t,\n d) a gazdas\u00e1gi t\u00e1rsas\u00e1gokr\u00f3l sz\u00f3l\u00f3 2006. \u00e9vi IV. t\u00f6rv\u00e9ny (a tov\u00e1bbiakban: Gt.) 22. \u00a7 (2) bekezd\u00e9s a) pontja szerinti jogviszony, valamint a fel\u00fcgyel\u0151bizotts\u00e1gi tagok eset\u00e9n\n da) a megb\u00edz\u00e1si d\u00edjat,\n db) a megb\u00edz\u00e1si d\u00edjon fel\u00fcli egy\u00e9b j\u00e1rand\u00f3s\u00e1gokat,\n dc) a jogviszony megsz\u0171n\u00e9se eset\u00e9n j\u00e1r\u00f3 p\u00e9nzbeli juttat\u00e1sokat.\n \n(2) A k\u00f6ztulajdonban \u00e1ll\u00f3 gazdas\u00e1gi t\u00e1rsas\u00e1g a k\u00f6zz\u00e9t\u00e9tel id\u0151pontj\u00e1ban fenn\u00e1ll\u00f3 adatok alapj\u00e1n a m\u00e1sokkal egy\u00fcttesen c\u00e9gjegyz\u00e9sre vagy a banksz\u00e1mla feletti rendelkez\u00e9sre jogosult munkav\u00e1llal\u00f3k, valamint a munk\u00e1ltat\u00f3 m\u0171k\u00f6d\u00e9se szempontj\u00e1b\u00f3l meghat\u00e1roz\u00f3 jelent\u0151s\u00e9g\u0171 egy\u00e9b munkav\u00e1llal\u00f3k eset\u00e9ben az (1) bekezd\u00e9s b)-c) pontj\u00e1ban meghat\u00e1rozott adatokat teszi k\u00f6zz\u00e9.<\/strong><\/td>\n        <td>\n            <ul>\n                <li>\n            <a href=\"https:\/\/www.fotikozszolg.hu\/wp-content\/uploads\/2025\/04\/2009-tv-alapjan-illetmenyek-2020.pdf\" target=\"_blank\"> 2009 tv alapjan illetmenyek 2020<\/a>\n            <br>\n            <a href=\"https:\/\/www.fotikozszolg.hu\/wp-content\/uploads\/2025\/04\/2009-tv-alapjan-illetmenyek-2021.pdf\" target=\"_blank\">2009 tv alapjan illetmenyek 2021<\/a><br> \n            <a href=\"https:\/\/www.fotikozszolg.hu\/wp-content\/uploads\/2025\/04\/2009-tv-alapjan-illetmenyek-2022.pdf\" target=\"_blank\">2009 tv alapjan illetmenyek 2022<\/a><br><a href=\"https:\/\/www.fotikozszolg.hu\/wp-content\/uploads\/2025\/04\/2009-tv-alapjan-illetmenyek-2023.pdf\" target=\"_blank\"> 2009 tv alapjan illetmenyek 2023<\/a> <br>\n            <a href=\"https:\/\/www.fotikozszolg.hu\/wp-content\/uploads\/2025\/04\/2009-tv-alapjan-illetmenyek-2024.pdf\" target=\"_blank\">2009 tv alapjan illetmenyek 2024<\/a><br><a href=\"https:\/\/www.fotikozszolg.hu\/wp-content\/uploads\/2025\/04\/2009-tv-alapjan-illetmenyek-2024-II.pdf\" target=\"_blank\">2009 tv alapj\u00e1n illetm\u00e9nyek 2024 II.<\/a>\n            <br><a href=\"https:\/\/www.fotikozszolg.hu\/wp-content\/uploads\/2025\/04\/2009-tv-alapjan-illetmenyek-2025.pdf\" target=\"_blank\">2009 tv alapj\u00e1n illetm\u00e9nyek 2025<\/a>\n          <\/li>\n            <\/ul>\n        <\/td>\n    <\/tr>\n    <tr>\n        <td><strong>2. \u00a7 (3) A 7\/I. \u00a7-ban foglaltak kiv\u00e9tel\u00e9vel a k\u00f6ztulajdonban \u00e1ll\u00f3 gazdas\u00e1gi t\u00e1rsas\u00e1g a k\u00f6zz\u00e9t\u00e9tel id\u0151pontj\u00e1ban fenn\u00e1ll\u00f3 adatok alapj\u00e1n gondoskodik a p\u00e9nzeszk\u00f6zei felhaszn\u00e1l\u00e1s\u00e1val, a gazdas\u00e1gi t\u00e1rsas\u00e1g vagyon\u00e1val t\u00f6rt\u00e9n\u0151 gazd\u00e1lkod\u00e1ssal \u00f6sszef\u00fcgg\u0151 - az egyszer\u0171 k\u00f6zbeszerz\u00e9si elj\u00e1r\u00e1s \u00e9rt\u00e9khat\u00e1r\u00e1t el\u00e9r\u0151 vagy azt meghalad\u00f3 \u00e9rt\u00e9k\u0171 - \u00e1rubeszerz\u00e9sre, \u00e9p\u00edt\u00e9si beruh\u00e1z\u00e1sra, szolg\u00e1ltat\u00e1s megrendel\u00e9sre, vagyon\u00e9rt\u00e9kes\u00edt\u00e9sre, vagyonhasznos\u00edt\u00e1sra, vagyon vagy vagyoni \u00e9rt\u00e9k\u0171 jog \u00e1tad\u00e1s\u00e1ra, valamint koncesszi\u00f3ba ad\u00e1sra vonatkoz\u00f3 szerz\u0151d\u00e9sek megnevez\u00e9s\u00e9nek (t\u00edpus\u00e1nak), t\u00e1rgy\u00e1nak, a szerz\u0151d\u00e9st k\u00f6t\u0151 felek nev\u00e9nek, a szerz\u0151d\u00e9s \u00e9rt\u00e9k\u00e9nek, hat\u00e1rozott id\u0151re k\u00f6t\u00f6tt szerz\u0151d\u00e9s eset\u00e9ben annak id\u0151tartam\u00e1ra vonatkoz\u00f3 adatoknak, valamint az eml\u00edtett adatok v\u00e1ltoz\u00e1sainak k\u00f6zz\u00e9tehet\u0151v\u00e9 t\u00e9tel\u00e9r\u0151l. \u00d6nkorm\u00e1nyzati rendelet a k\u00f6telez\u0151en k\u00f6zz\u00e9t\u00e9telre ker\u00fcl\u0151 szerz\u0151d\u00e9sek \u00e9rt\u00e9khat\u00e1r\u00e1t az egyszer\u0171 k\u00f6zbeszerz\u00e9si elj\u00e1r\u00e1s \u00e9rt\u00e9khat\u00e1r\u00e1n\u00e1l alacsonyabb \u00f6sszegben is meghat\u00e1rozhatja.<\/strong><\/td>\n        <td>\n            <li>\n            <a href=\"https:\/\/www.fotikozszolg.hu\/wp-content\/uploads\/2025\/04\/Kozbeszerzesi-ossesito-2020.pdf\" target=\"_blank\">K\u00f6zbeszerz\u00e9si \u00f6sszes\u00edt\u0151 2020<\/a>\n            <br>\n            <a href=\"https:\/\/www.fotikozszolg.hu\/wp-content\/uploads\/2025\/04\/Kozbeszerzesi-ossesito-2021.pdf\" target=\"_blank\">K\u00f6zbeszerz\u00e9si \u00f6sszes\u00edt\u0151 2021<\/a><br> \n            <a href=\"https:\/\/www.fotikozszolg.hu\/wp-content\/uploads\/2025\/04\/Kozbeszerzesi-ossesito-2022-2.pdf\" target=\"_blank\">K\u00f6zbeszerz\u00e9si \u00f6sszes\u00edt\u0151 2022<\/a><br><a href=\"https:\/\/www.fotikozszolg.hu\/wp-content\/uploads\/2025\/04\/Kozbeszerzesi-ossesito-2023.pdf\" target=\"_blank\"> K\u00f6zbeszerz\u00e9si \u00f6sszes\u00edt\u0151 2023<\/a> <br>\n            <a href=\"https:\/\/www.fotikozszolg.hu\/wp-content\/uploads\/2025\/04\/Kozbeszerzesi-ossesito-2024.pdf\" target=\"_blank\">K\u00f6zbeszerz\u00e9si \u00f6sszes\u00edt\u0151 2024<\/a>\n          <\/li>\n        <\/td>\n    <\/tr>\n<\/table>\n\t\t\t\t<\/div>\n\t\t\t\t<\/div>\n\t\t\t\t\t<\/div>\n\t\t\t\t<\/div>\n\t\t\t\t<\/div>\n\t\t<div id=\"e-n-tab-content-1260246264\" role=\"tabpanel\" aria-labelledby=\"e-n-tab-title-1260246264\" data-tab-index=\"4\" style=\"--n-tabs-title-order: 4;\" class=\" elementor-element elementor-element-7fc0cbd e-flex e-con-boxed e-con e-child\" data-id=\"7fc0cbd\" data-element_type=\"container\">\n\t\t\t\t\t<div class=\"e-con-inner\">\n\t\t<div class=\"elementor-element elementor-element-e632170 e-con-full e-flex e-con e-child\" data-id=\"e632170\" data-element_type=\"container\">\n\t\t\t\t<div class=\"elementor-element elementor-element-249c974 elementor-widget elementor-widget-html\" data-id=\"249c974\" data-element_type=\"widget\" data-widget_type=\"html.default\">\n\t\t\t\t<div class=\"elementor-widget-container\">\n\t\t\t\t\t<style>\n.kozadat-links {\n    padding: 1rem 1.5rem;\n    background: #f9f9f9;\n    border: 1px solid #ddd;\n    border-radius: 8px;\n    max-width: 800px;\n    margin: 2rem auto;\n    font-family: Arial, sans-serif;\n    line-height: 1.6;\n}\n\n.kozadat-links a {\n    display: block;\n    margin-bottom: 0.6rem;\n    color: #0066cc;\n    text-decoration: none;\n    transition: color 0.2s;\n    font-weight: 500;\n}\n\n.kozadat-links a:hover {\n    color: #004a99;\n    text-decoration: underline;\n}\n<\/style>\n\n<div class=\"kozadat-links\">\n  <a href=\"https:\/\/www.fotikozszolg.hu\/wp-content\/uploads\/2025\/04\/Kozerdeku-adatszolg-szabalyzat-2023.pdf\" target=\"_blank\">\n    \ud83d\udcc4 K\u00f6z\u00e9rdek\u0171 adatszolg\u00e1ltat\u00e1si szab\u00e1lyzat (2023)\n  <\/a>\n  \n  <a href=\"https:\/\/www.fotikozszolg.hu\/wp-content\/uploads\/2025\/04\/Koltsegterites-tajekoztato-2023.pdf\" target=\"_blank\">\n    \ud83d\udcc4 K\u00f6lts\u00e9gt\u00e9r\u00edt\u00e9s t\u00e1j\u00e9koztat\u00f3 (2023)\n  <\/a>\n<\/div>\n\t\t\t\t<\/div>\n\t\t\t\t<\/div>\n\t\t\t\t<\/div>\n\t\t\t\t\t<\/div>\n\t\t\t\t<\/div>\n\t\t\t\t\t<\/div>\n\t\t<\/div>\n\t\t\t\t\t\t<\/div>\n\t\t\t\t<\/div>\n\t\t\t\t\t<\/div>\n\t\t\t\t<\/div>\n\t\t<div class=\"elementor-element elementor-element-a03ef6e e-flex e-con-boxed e-con e-parent\" data-id=\"a03ef6e\" data-element_type=\"container\">\n\t\t\t\t\t<div class=\"e-con-inner\">\n\t\t\t\t\t<\/div>\n\t\t\t\t<\/div>\n\t\t\t\t<\/div>\n\t\t","protected":false},"excerpt":{"rendered":"<p>Adatv\u00e9delmi K\u00f6zz\u00e9t\u00e9telek \u00c1ltal\u00e1nos k\u00f6zz\u00e9teteli lista K\u00fcl\u00f6n\u00f6s k\u00f6zz\u00e9teteli lista K\u00f6z\u00e9rdek\u0171 adatok ig\u00e9nyl\u00e9se Adatv\u00e9delmi T\u00e1j\u00e9koztat\u00f3 Kapcsolatfelv\u00e9telhez kapcsol\u00f3d\u00f3 adatkezel\u00e9s Elektronikus megfigyel\u0151 rendszerek \u2013 adatkezel\u00e9si szab\u00e1lyzata (2019.04.01-t\u0151l) Kegyeleti tev\u00e9kenys\u00e9gek&hellip;<\/p>\n","protected":false},"author":1,"featured_media":0,"parent":0,"menu_order":0,"comment_status":"closed","ping_status":"closed","template":"","meta":{"footnotes":""},"class_list":["post-4420","page","type-page","status-publish","hentry"],"_links":{"self":[{"href":"https:\/\/www.fotikozszolg.hu\/index.php?rest_route=\/wp\/v2\/pages\/4420","targetHints":{"allow":["GET"]}}],"collection":[{"href":"https:\/\/www.fotikozszolg.hu\/index.php?rest_route=\/wp\/v2\/pages"}],"about":[{"href":"https:\/\/www.fotikozszolg.hu\/index.php?rest_route=\/wp\/v2\/types\/page"}],"author":[{"embeddable":true,"href":"https:\/\/www.fotikozszolg.hu\/index.php?rest_route=\/wp\/v2\/users\/1"}],"replies":[{"embeddable":true,"href":"https:\/\/www.fotikozszolg.hu\/index.php?rest_route=%2Fwp%2Fv2%2Fcomments&post=4420"}],"version-history":[{"count":138,"href":"https:\/\/www.fotikozszolg.hu\/index.php?rest_route=\/wp\/v2\/pages\/4420\/revisions"}],"predecessor-version":[{"id":6320,"href":"https:\/\/www.fotikozszolg.hu\/index.php?rest_route=\/wp\/v2\/pages\/4420\/revisions\/6320"}],"wp:attachment":[{"href":"https:\/\/www.fotikozszolg.hu\/index.php?rest_route=%2Fwp%2Fv2%2Fmedia&parent=4420"}],"curies":[{"name":"wp","href":"https:\/\/api.w.org\/{rel}","templated":true}]}}