{"id":4414,"date":"2025-03-19T12:02:59","date_gmt":"2025-03-19T11:02:59","guid":{"rendered":"https:\/\/www.fotikozszolg.hu\/?page_id=4414"},"modified":"2025-10-08T09:26:10","modified_gmt":"2025-10-08T07:26:10","slug":"aktualis","status":"publish","type":"page","link":"https:\/\/www.fotikozszolg.hu\/?page_id=4414","title":{"rendered":"Aktu\u00e1lis"},"content":{"rendered":"\t\t<div data-elementor-type=\"wp-page\" data-elementor-id=\"4414\" class=\"elementor elementor-4414\">\n\t\t\t\t<div class=\"elementor-element elementor-element-5973693 e-flex e-con-boxed e-con e-parent\" data-id=\"5973693\" data-element_type=\"container\">\n\t\t\t\t\t<div class=\"e-con-inner\">\n\t\t\t\t<div class=\"elementor-element elementor-element-188a868 elementor-widget elementor-widget-text-editor\" data-id=\"188a868\" data-element_type=\"widget\" data-widget_type=\"text-editor.default\">\n\t\t\t\t<div class=\"elementor-widget-container\">\n\t\t\t\t\t\t\t\t\t<h3>Augusztusi besz\u00e1mol\u00f3<\/h3><p>Augusztusban is sz\u00e1mos feladat elv\u00e9gz\u00e9s\u00e9re ker\u00fclt sor v\u00e1rosunk tisztas\u00e1ga \u00e9s rendezetts\u00e9ge \u00e9rdek\u00e9ben. K\u00f6zel 2000 n\u00e9gyzetm\u00e9ter f\u00f6ld\u00fat gr\u00e9derez\u00e9se val\u00f3sult meg, amely hozz\u00e1j\u00e1rult a k\u00f6zleked\u00e9si viszonyok jav\u00edt\u00e1s\u00e1hoz. Emellett t\u00f6bb mint 2000 m\u00e9ter burkolt \u00e1rok kitakar\u00edt\u00e1sa t\u00f6rt\u00e9nt meg, el\u0151seg\u00edtve a csapad\u00e9kv\u00edz megfelel\u0151 elvezet\u00e9s\u00e9t. Az utak karbantart\u00e1s\u00e1nak r\u00e9szek\u00e9nt 150 n\u00e9gyzetm\u00e9ternyi k\u00e1ty\u00faz\u00e1s val\u00f3sult meg, amely jelent\u0151sen jav\u00edtotta a k\u00f6zleked\u00e9sbiztons\u00e1got. A v\u00e1ros tiszt\u00e1n tart\u00e1sa \u00e9rdek\u00e9ben 37 kont\u00e9nernyi illeg\u00e1lis hullad\u00e9k \u00e9s v\u00e1rosi szem\u00e9t elsz\u00e1ll\u00edt\u00e1s\u00e1ra ker\u00fclt sor. T\u00f6bb j\u00e1tsz\u00f3t\u00e9r is meg\u00fajult, ahol a fel\u00faj\u00edtott eszk\u00f6z\u00f6k biztons\u00e1gosabb sz\u00f3rakoz\u00e1st ny\u00fajtanak a gyermekeknek. Augusztusban v\u00e1rosi rendezv\u00e9nyek biztos\u00edt\u00e1s\u00e1ra is sor ker\u00fclt, ezzel seg\u00edtve a k\u00f6z\u00f6ss\u00e9gi esem\u00e9nyek sikeres megval\u00f3s\u00edt\u00e1s\u00e1t. A F\u00f3ti K\u00f6zszolg\u00e1ltat\u00f3 Nonprofit Kft. munkat\u00e1rsai tov\u00e1bbra is elk\u00f6telezetten dolgoznak azon, hogy F\u00f3t rendezett, tiszta \u00e9s \u00e9lhet\u0151 k\u00f6rnyezetet ny\u00fajtson minden lakos sz\u00e1m\u00e1ra.<\/p>\t\t\t\t\t\t\t\t<\/div>\n\t\t\t\t<\/div>\n\t\t\t\t\t<\/div>\n\t\t\t\t<\/div>\n\t\t<div class=\"elementor-element elementor-element-944982a e-flex e-con-boxed e-con e-parent\" data-id=\"944982a\" data-element_type=\"container\">\n\t\t\t\t\t<div class=\"e-con-inner\">\n\t\t\t\t<div class=\"elementor-element elementor-element-b0f020b elementor-widget elementor-widget-text-editor\" data-id=\"b0f020b\" data-element_type=\"widget\" data-widget_type=\"text-editor.default\">\n\t\t\t\t<div class=\"elementor-widget-container\">\n\t\t\t\t\t\t\t\t\t<h3>J\u00faliusi besz\u00e1mol\u00f3<\/h3><p class=\"p1\">Ebben a h\u00f3napban is folyamatos feladatot jelentett a j\u00e1tsz\u00f3terek karbantart\u00e1sa \u00e9s meg\u00faj\u00edt\u00e1sa: t\u00f6bb j\u00e1tsz\u00f3t\u00e9ri j\u00e1t\u00e9k m\u00e1r meg\u00fajult, \u00e9s a k\u00f6vetkez\u0151 hetekben tov\u00e1bbi eszk\u00f6z\u00f6k fel\u00faj\u00edt\u00e1sa is v\u00e1rhat\u00f3. J\u00falius 30-\u00e1n a Millenniumi park j\u00e1tsz\u00f3tere kiemelt karbantart\u00e1si akci\u00f3 helysz\u00edne volt, ahol \u00faj n\u00f6v\u00e9nyek \u00fcltet\u00e9se, murvater\u00edt\u00e9s, gyommentes\u00edt\u00e9s, \u00f6nt\u00f6z\u00e9s, metsz\u00e9s \u00e9s f\u0171ny\u00edr\u00e1s is megval\u00f3sult. Lakoss\u00e1gi k\u00e9r\u00e9sre a nagykapu als\u00f3 r\u00e9sz\u00e9re \u00faj vasr\u00e1cs ker\u00fclt felszerel\u00e9sre, amely megg\u00e1tolja a kapu alatti kijut\u00e1st. A F\u00f3ti-t\u00f3 \u00e1llapot\u00e1nak jav\u00edt\u00e1sa tov\u00e1bbra is kiemelt figyelmet kap. J\u00faliusban k\u00e9t \u00faj, nagy teljes\u00edtm\u00e9ny\u0171 tavi szell\u0151ztet\u0151 berendez\u00e9s beszerz\u00e9se t\u00f6rt\u00e9nt meg. Az egyik berendez\u00e9s m\u00e1r \u00fczembe helyez\u00e9sre ker\u00fclt, m\u00edg a m\u00e1sodikhoz sz\u00fcks\u00e9ges \u00faj \u00e1ramfelv\u00e9teli hely ki\u00e9p\u00edt\u00e9se a k\u00f6vetkez\u0151 hetekben val\u00f3sul meg. A szell\u0151ztet\u0151k c\u00e9lja a v\u00edz oxig\u00e9nszintj\u00e9nek n\u00f6vel\u00e9se, ezzel t\u00e1mogatva a t\u00f3 \u00f6kol\u00f3giai egyens\u00faly\u00e1nak fenntart\u00e1s\u00e1t. A h\u00f3nap sor\u00e1n k\u00f6zel 2 kilom\u00e9ternyi \u00e1rok megtiszt\u00edt\u00e1s\u00e1ra ker\u00fclt sor, amely seg\u00edti a csapad\u00e9kv\u00edz megfelel\u0151 elvezet\u00e9s\u00e9t \u00e9s hozz\u00e1j\u00e1rul a v\u00e1rosi v\u00edzrendez\u00e9s hat\u00e9konys\u00e1g\u00e1hoz. Az \u00fatkarbantart\u00e1si munk\u00e1latok sor\u00e1n t\u00f6bb mint 100 n\u00e9gyzetm\u00e9ternyi k\u00e1ty\u00fat aszfaltoztak be, jav\u00edtva ezzel a k\u00f6zleked\u00e9sbiztons\u00e1got \u00e9s a burkolatok \u00e1llapot\u00e1t. A h\u00f3nap sor\u00e1n sajn\u00e1latos m\u00f3don vandalizmusb\u00f3l ered\u0151 helyre\u00e1ll\u00edt\u00e1si feladatok is sz\u00fcks\u00e9gess\u00e9 v\u00e1ltak. T\u00f6bb \u00f6nt\u00f6z\u0151zs\u00e1kot is megrong\u00e1ltak, ezek p\u00f3tl\u00e1sa megt\u00f6rt\u00e9nt. \u00dajonnan \u00fcltetett f\u00e1k mell\u0151l kar\u00f3kat vittek el, illetve facsemet\u00e9kben is k\u00e1rt okoztak \u2013 ezek p\u00f3tl\u00e1sa folyamatban van. Emellett t\u00f6bb pad jav\u00edt\u00e1sa \u00e9s fest\u00e9se is megkezd\u0151d\u00f6tt a k\u00f6zter\u00fcletek rendezett \u00e9s biztons\u00e1gos \u00e1llapot\u00e1nak fenntart\u00e1sa \u00e9rdek\u00e9ben.<\/p>\t\t\t\t\t\t\t\t<\/div>\n\t\t\t\t<\/div>\n\t\t\t\t<div class=\"elementor-element elementor-element-107a093 elementor-widget elementor-widget-text-editor\" data-id=\"107a093\" data-element_type=\"widget\" data-widget_type=\"text-editor.default\">\n\t\t\t\t<div class=\"elementor-widget-container\">\n\t\t\t\t\t\t\t\t\t<h3>J\u00faniusi besz\u00e1mol\u00f3<\/h3><p class=\"p1\">A h\u00f3nap sor\u00e1n kiemelt figyelem ir\u00e1nyult a z\u00f6ldfel\u00fcletek gondoz\u00e1s\u00e1ra: k\u00e9zi \u00e9s g\u00e9pi eszk\u00f6z\u00f6kkel \u00f6sszesen 920.000 n\u00e9gyzetm\u00e9ternyi ter\u00fclet kasz\u00e1l\u00e1sa t\u00f6rt\u00e9nt meg. Ezzel p\u00e1rhuzamosan k\u00f6zel 900 fa folyamatos \u00f6nt\u00f6z\u00e9se zajlott, amely \u00f6sszesen mintegy 800 munka\u00f3r\u00e1t ig\u00e9nyelt. Az es\u0151v\u00edz-elvezet\u0151 rendszer karbantart\u00e1sa szint\u00e9n fontos feladat volt: t\u00f6bb mint 7 kilom\u00e9ternyi burkolt \u00e1rok tiszt\u00edt\u00e1sa val\u00f3sult meg, el\u0151seg\u00edtve a csapad\u00e9kv\u00edz zavartalan elvezet\u00e9s\u00e9t. Az utak jav\u00edt\u00e1sa keret\u00e9ben 5800 n\u00e9gyzetm\u00e9ternyi \u00fatfel\u00fcletet egyengettek JCB munkag\u00e9ppel, jav\u00edtva az utak j\u00e1rhat\u00f3s\u00e1g\u00e1t \u00e9s biztons\u00e1g\u00e1t. A h\u00f3nap kiemelt feladata volt a F\u00f3ti t\u00f3 v\u00edzmin\u0151s\u00e9g\u00e9nek jav\u00edt\u00e1sa. A munk\u00e1latok sor\u00e1n felt\u00e9rk\u00e9pezt\u00e9k a t\u00f3 v\u00edzp\u00f3tl\u00e1si lehet\u0151s\u00e9geit, els\u0151sorban a megl\u00e9v\u0151 f\u00fart kutak fel\u00fclvizsg\u00e1lat\u00e1val, teszt\u00fczem\u00e9vel \u00e9s sz\u00fcks\u00e9g szerinti jav\u00edt\u00e1s\u00e1val. Ennek r\u00e9szek\u00e9nt az 1-es sz\u00e1m\u00fa k\u00fatba \u00faj, ideiglenes szivatty\u00fa ker\u00fclt be\u00e9p\u00edt\u00e9sre. A t\u00f3 egykori term\u00e9szetes v\u00edzforr\u00e1s\u00e1t is felt\u00e1rt\u00e1k, azonban a vizsg\u00e1latok alapj\u00e1n meg\u00e1llap\u00edtott\u00e1k, hogy az term\u00e9szetes \u00faton elapadt. A v\u00edz oxig\u00e9nszintj\u00e9nek n\u00f6vel\u00e9se \u00e9rdek\u00e9ben egy \u00faj lap\u00e1tos szell\u0151ztet\u0151 berendez\u00e9s ker\u00fclt \u00fczembe helyez\u00e9sre, amely hozz\u00e1j\u00e1rul a t\u00f3 \u00f6kosziszt\u00e9m\u00e1j\u00e1nak fenntart\u00e1s\u00e1hoz. F\u00f3t V\u00e1ros \u00d6nkorm\u00e1nyzata a F\u00f3ti K\u00f6zszolg\u00e1ltat\u00f3 Nonprofit Kft-vel folyamatosan dolgozik a F\u00f3ti t\u00f3 sajn\u00e1latos helyzet\u00e9nek megold\u00e1s\u00e1n, valamint vizsg\u00e1lja annak aktu\u00e1lis \u00e1llapot\u00e1t! A F\u00f3ti K\u00f6zszolg\u00e1ltat\u00f3 Nonprofit Kft. munkat\u00e1rsai tov\u00e1bbra is elk\u00f6telezetten dolgoznak azon, hogy F\u00f3t tiszt\u00e1bb, z\u00f6ldebb \u00e9s fenntarthat\u00f3bb otthon legyen minden lak\u00f3 sz\u00e1m\u00e1ra.<\/p>\t\t\t\t\t\t\t\t<\/div>\n\t\t\t\t<\/div>\n\t\t\t\t\t<\/div>\n\t\t\t\t<\/div>\n\t\t<div class=\"elementor-element elementor-element-98a3de7 e-flex e-con-boxed e-con e-parent\" data-id=\"98a3de7\" data-element_type=\"container\">\n\t\t\t\t\t<div class=\"e-con-inner\">\n\t\t\t\t<div class=\"elementor-element elementor-element-563f113 elementor-widget elementor-widget-text-editor\" data-id=\"563f113\" data-element_type=\"widget\" data-widget_type=\"text-editor.default\">\n\t\t\t\t<div class=\"elementor-widget-container\">\n\t\t\t\t\t\t\t\t\t<h3 class=\"s3\"><span class=\"s2\">Nemzetk\u00f6zi \u00f6nk\u00e9ntes program F\u00f3ton \u2013 2025 \u0151sz\u00e9n!<\/span><\/h3><p><span class=\"s4\">A F\u00f3ti K\u00f6zszolg\u00e1ltat\u00f3 Nonprofit Kft. 2025. szeptember 1. \u00e9s december 30. k\u00f6z\u00f6tt nemzetk\u00f6zi \u00f6nk\u00e9ntes programot hirdet 18\u201330 \u00e9v k\u00f6z\u00f6tti fiatalok sz\u00e1m\u00e1ra. A r\u00e9sztvev\u0151k a Somly\u00f3-tavi Ifj\u00fas\u00e1gi H\u00e1z m\u0171k\u00f6d\u00e9s\u00e9be, z\u00f6ldter\u00fcletek \u00e9s j\u00e1tsz\u00f3terek karbantart\u00e1s\u00e1ba, valamint iskolai \u00e9s \u00f3vodai tev\u00e9kenys\u00e9gekbe kapcsol\u00f3dhatnak be.<\/span><\/p><p><span class=\"s4\">\ud83d\udd52 Jelentkez\u00e9si hat\u00e1rid\u0151: 2025. augusztus 10.<\/span><\/p><p><span class=\"s4\">\ud83d\udce9 Jelentkez\u00e9s: rab.szilard@fotikozszolg.hu<\/span><\/p><p><span class=\"s4\">\u2139\ufe0f B\u0151vebb inform\u00e1ci\u00f3 az EU Projektek \u2192 ESC aloldalon tal\u00e1lhat\u00f3.<\/span><\/p>\t\t\t\t\t\t\t\t<\/div>\n\t\t\t\t<\/div>\n\t\t\t\t\t<\/div>\n\t\t\t\t<\/div>\n\t\t<div class=\"elementor-element elementor-element-79939e9 e-flex e-con-boxed e-con e-parent\" data-id=\"79939e9\" data-element_type=\"container\">\n\t\t\t\t\t<div class=\"e-con-inner\">\n\t\t\t\t<div class=\"elementor-element elementor-element-f0275fb elementor-widget elementor-widget-text-editor\" data-id=\"f0275fb\" data-element_type=\"widget\" data-widget_type=\"text-editor.default\">\n\t\t\t\t<div class=\"elementor-widget-container\">\n\t\t\t\t\t\t\t\t\t<h3>M\u00e1jusi besz\u00e1mol\u00f3<\/h3><p>A F\u00f3ti K\u00f6zszolg\u00e1ltat\u00f3 Nonprofit Kft. 2025 m\u00e1jus\u00e1ban is intenz\u00edv munk\u00e1val j\u00e1rult hozz\u00e1 v\u00e1rosunk tisztas\u00e1g\u00e1nak, rendezetts\u00e9g\u00e9nek \u00e9s z\u00f6ldter\u00fcleteinek fenntart\u00e1s\u00e1hoz. A h\u00f3nap sor\u00e1n k\u00fcl\u00f6n\u00f6sen nagy hangs\u00falyt kaptak a z\u00f6ldfel\u00fcleti munk\u00e1k, a k\u00f6zter\u00fcleti karbantart\u00e1s, valamint a k\u00fclter\u00fcleti utak jav\u00edt\u00e1sa. A f\u0171ny\u00edr\u00e1st k\u00e9zi er\u0151vel 119.000 m\u00b2-en, m\u00edg g\u00e9pi eszk\u00f6z\u00f6kkel 138.000 m\u00b2 z\u00f6ldter\u00fcleten v\u00e9gezt\u00fck el. A k\u00f6zparkok gondoz\u00e1s\u00e1ra t\u00f6bb mint 1000 munka\u00f3r\u00e1t ford\u00edtottunk. A z\u00f6ldter\u00fcletek rendbet\u00e9tel\u00e9ben 190 munka\u00f3r\u00e1t tett ki a gallyaz\u00e1s, boz\u00f3t\u00edrt\u00e1s, fakiv\u00e1g\u00e1s \u00e9s tereprendez\u00e9s. J\u00e1tsz\u00f3tereink \u00e9s kalandparkjaink karbantart\u00e1sa kiemelt figyelmet kapott: a gyermekek biztons\u00e1ga \u00e9rdek\u00e9ben 392 munka\u00f3r\u00e1t ford\u00edtottunk az eszk\u00f6z\u00f6k ellen\u0151rz\u00e9s\u00e9re, jav\u00edt\u00e1s\u00e1ra. A k\u00f6zter\u00fcleti hullad\u00e9kgy\u0171jt\u0151 ed\u00e9nyek \u00fcr\u00edt\u00e9se napi szint\u0171 feladatk\u00e9nt 362 munka\u00f3r\u00e1t vett ig\u00e9nybe. Illeg\u00e1lisan elhelyezett hullad\u00e9kb\u00f3l 41 kont\u00e9nernyit sz\u00e1ll\u00edtottunk el, ezzel jelent\u0151sen hozz\u00e1j\u00e1rulva F\u00f3t tisztas\u00e1g\u00e1hoz. Emellett 89 munka\u00f3r\u00e1t ford\u00edtottunk k\u00f6zt\u00e9ri m\u0171t\u00e1rgyak \u2013 p\u00e9ld\u00e1ul padok, szemetesek \u2013 karbantart\u00e1s\u00e1ra, p\u00f3tl\u00e1s\u00e1ra. Az aszfaltutak k\u00e1ty\u00famentes\u00edt\u00e9se 225 m\u00b2-en val\u00f3sult meg. Emellett 370 m\u00e9ter \u00fatpadk\u00e1t rendezt\u00fcnk, valamint 1263 m\u00e9ter \u00fatszakaszt gr\u00e9derrel, 6660 m\u00b2 ter\u00fcletet pedig JCB g\u00e9ppel egyengett\u00fcnk el. \u00datjav\u00edt\u00e1si munk\u00e1kat is v\u00e9gezt\u00fcnk 735 m\u00b2-en. A r\u00e1csos \u00e1tereszek tiszt\u00edt\u00e1sa 15 foly\u00f3m\u00e9teren, m\u00edg a burkolt \u00e1rkok k\u00e9zi tiszt\u00edt\u00e1sa t\u00f6bb mint 2600 m\u00e9teren zajlott le. A F\u00f3ti K\u00f6zszolg\u00e1ltat\u00f3 Nonprofit Kft. elk\u00f6telezett amellett, hogy a v\u00e1ros minden lak\u00f3ja egy tiszt\u00e1bb, rendezettebb \u00e9s \u00e9lhet\u0151bb k\u00f6rnyezetben \u00e9lhessen. J\u00faniusban is folytatjuk munk\u00e1nkat ennek \u00e9rdek\u00e9ben.<\/p>\t\t\t\t\t\t\t\t<\/div>\n\t\t\t\t<\/div>\n\t\t\t\t\t<\/div>\n\t\t\t\t<\/div>\n\t\t<div class=\"elementor-element elementor-element-afe90e2 e-flex e-con-boxed e-con e-parent\" data-id=\"afe90e2\" data-element_type=\"container\">\n\t\t\t\t\t<div class=\"e-con-inner\">\n\t\t\t\t<div class=\"elementor-element elementor-element-0b10d9f elementor-widget elementor-widget-text-editor\" data-id=\"0b10d9f\" data-element_type=\"widget\" data-widget_type=\"text-editor.default\">\n\t\t\t\t<div class=\"elementor-widget-container\">\n\t\t\t\t\t\t\t\t\t<h3>\u00c1prilisi besz\u00e1mol\u00f3<\/h3><p class=\"p1\">\u00c1prilisban is sz\u00e1mos jelent\u0151s projekt \u00e9s karbantart\u00e1si munka val\u00f3sult meg F\u00f3ton. A h\u00f3nap sor\u00e1n t\u00f6bb kiemelt beruh\u00e1z\u00e1s is sikeresen lez\u00e1rult, mik\u00f6zben a rendszeres fenntart\u00e1si feladatok is folyamatosan zajlottak. Az elm\u00falt id\u0151szak egyik legnagyobb projektje a Kossuth utca f\u00e1s\u00edt\u00e1s\u00e1nak befejez\u00e9se volt, amelynek sor\u00e1n k\u00f6zel 100 facsemete \u00e9s t\u00f6bb mint 1000 levendulacserje ker\u00fclt el\u00fcltet\u00e9sre. A v\u00e1ros z\u00f6ld\u00edt\u00e9s\u00e9t c\u00e9lz\u00f3 fejleszt\u00e9s jelent\u0151s l\u00e9p\u00e9s a k\u00f6rnyezettudatos \u00e9s eszt\u00e9tikus v\u00e1rosk\u00e9p ir\u00e1ny\u00e1ba. Ugyancsak jelent\u0151s feladatot jelentett a K\u00f6zponti \u00d3voda \u00e9s az E\u0151ri Barna utcai \u00d3voda gyermekeinek ideiglenes elhelyez\u00e9s\u00e9t biztos\u00edt\u00f3 int\u00e9zm\u00e9ny, a Waldorf \u00f3voda \u00e9p\u00fclet\u00e9nek fel\u00faj\u00edt\u00e1sa, valamint a hozz\u00e1 tartoz\u00f3 ideiglenes parkol\u00f3 kialak\u00edt\u00e1sa. A beruh\u00e1z\u00e1s eredm\u00e9nyek\u00e9nt imm\u00e1r 270 gyermek biztons\u00e1gos \u00e9s megfelel\u0151 k\u00f6r\u00fclm\u00e9nyek k\u00f6z\u00f6tti elhelyez\u00e9se v\u00e1lt lehet\u0151v\u00e9. A harmadik kiemelt projekt az \u00daj V\u00e1rosi Piac ter\u00fclet\u00e9nek kialak\u00edt\u00e1sa volt, amely mag\u00e1ban foglalta a fah\u00e1zak \u00e1ttelep\u00edt\u00e9s\u00e9t \u00e9s az \u00faj \u00e1rus\u00edt\u00f3helyek el\u0151k\u00e9sz\u00edt\u00e9s\u00e9t. A h\u00f3nap teljes\u00edt\u00e9sei k\u00f6z\u00fcl kiemelend\u0151:<span class=\"Apple-converted-space\">\u00a0 <\/span>45 kont\u00e9nernyi illeg\u00e1lisan lerakott hullad\u00e9k elsz\u00e1ll\u00edt\u00e1sa a k\u00f6zter\u00fcletekr\u0151l. T\u00f6bb mint 50.000 n\u00e9gyzetm\u00e9ternyi ter\u00fclet kasz\u00e1l\u00e1sa k\u00e9zi er\u0151vel \u00e9s traktoros m\u00f3dszerrel. 100 m\u00e9ter \u00fatpadka helyre\u00e1ll\u00edt\u00e1sa. T\u00f6bb mint 4500 n\u00e9gyzetm\u00e9ter k\u00fclter\u00fcleti \u00fat gr\u00e9derez\u00e9se. K\u00f6zel 1 kilom\u00e9ter hossz\u00fa \u00e1rok kitiszt\u00edt\u00e1sa. T\u00f6bb mint 12.000 n\u00e9gyzetm\u00e9ternyi f\u00f6ld\u00fat jav\u00edt\u00e1sa JCB munkag\u00e9ppel, sz\u00f3r\u00f3d\u00f3 anyag felhaszn\u00e1l\u00e1s\u00e1val. A munk\u00e1k hat\u00e9konys\u00e1g\u00e1t jelent\u0151sen n\u00f6veli, hogy \u00faj munkag\u00e9pekkel b\u0151v\u00fclt a F\u00f3ti K\u00f6zszolg\u00e1ltat\u00f3 Nonprofit Kft. g\u00e9pparkja, ezzel hivatalosan is megkezd\u0151d\u00f6tt a k\u00fclter\u00fcleti \u00fath\u00e1l\u00f3zat helyre\u00e1ll\u00edt\u00e1sa. A beszerzett eszk\u00f6z\u00f6k \u2013 k\u00f6zt\u00fck egy t\u00f6bb utas vontatott gr\u00e9der \u2013 lehet\u0151v\u00e9 teszik a f\u00f6ldutak d\u0151l\u00e9s\u00e9nek pontos be\u00e1ll\u00edt\u00e1s\u00e1t, jav\u00edtva az es\u0151v\u00edz elvezet\u00e9s\u00e9t \u00e9s az utak t\u00f6m\u00f6rs\u00e9g\u00e9t. Ennek k\u00f6sz\u00f6nhet\u0151en a karbantartott utak hosszabb ideig maradnak j\u00f3 \u00e1llapotban, cs\u00f6kkentve a j\u00f6v\u0151beli beavatkoz\u00e1sok sz\u00fcks\u00e9gess\u00e9g\u00e9t.<\/p>\t\t\t\t\t\t\t\t<\/div>\n\t\t\t\t<\/div>\n\t\t\t\t\t<\/div>\n\t\t\t\t<\/div>\n\t\t<div class=\"elementor-element elementor-element-78122a3 e-flex e-con-boxed e-con e-parent\" data-id=\"78122a3\" data-element_type=\"container\">\n\t\t\t\t\t<div class=\"e-con-inner\">\n\t\t\t\t<div class=\"elementor-element elementor-element-741d0a9 elementor-widget elementor-widget-text-editor\" data-id=\"741d0a9\" data-element_type=\"widget\" data-widget_type=\"text-editor.default\">\n\t\t\t\t<div class=\"elementor-widget-container\">\n\t\t\t\t\t\t\t\t\t<h3>\u00daj V\u00e1rosi Piac F\u00f3ton<\/h3><p>A 2024 \u00e9vi advent vas\u00e1rnapi rendezv\u00e9nyek sikere ut\u00e1n 2025. \u00e1prilis 5-\u00e9n megnyitotta kapuit az \u00faj V\u00e1rosi Piac F\u00f3ton, a V\u00f6r\u00f6smarty t\u00e9r 10. sz\u00e1m alatt.\u00a0 Az \u00daj V\u00e1rosi Piac azzal a sz\u00e1nd\u00e9kkal nyitotta meg kapuit, hogy igazi, kisv\u00e1rosi piac legyen, a v\u00e1s\u00e1rl\u00e1s mellett legyen lehet\u0151s\u00e9g megtekinteni a k\u00e9zm\u0171vesek alkot\u00e1sait, \u00faj \u00edzeket k\u00f3stolni \u00e9s nem utols\u00f3 sorban besz\u00e9lgetni \u00e1russal, v\u00e1s\u00e1rl\u00f3val, ismer\u0151ssel \u00e9s ismeretlennel. 10 \u00e1rus\u00edt\u00f3 pavilon mellett 30 egy\u00e9b \u00e1rus\u00edt\u00f3hellyel (fedett \u00e9s nyitott r\u00e9szen elhelyezett asztalok, \u00e1rus\u00edt\u00f3kocsik \u00e9s food track be\u00e1ll\u00e1s lehet\u0151s\u00e9g) v\u00e1rjuk az \u00e1rusokat \u00e9s v\u00e1s\u00e1rl\u00f3kat. K\u00f6z\u00f6ss\u00e9gi t\u00e9rk\u00e9nt is tervezz\u00fck m\u0171k\u00f6dtetni, teret adva kisebb-nagyobb v\u00e1rosi rendezv\u00e9nynek, kultur\u00e1lis programnak, koncertnek. A piac h\u00e9tk\u00f6znap 7 \u00e9s 17 \u00f3ra k\u00f6z\u00f6tt ingyenesen biztos\u00edt \u00e1rus\u00edt\u00e1si lehet\u0151s\u00e9get a f\u00f3ti \u0151stermel\u0151knek \u00e9s kistermel\u0151knek, a \u201enagypiac\u201d minden szombaton 7 \u00e9s 12 \u00f3ra k\u00f6z\u00f6tt v\u00e1rja a v\u00e1s\u00e1rl\u00f3kat.<\/p>\t\t\t\t\t\t\t\t<\/div>\n\t\t\t\t<\/div>\n\t\t\t\t\t<\/div>\n\t\t\t\t<\/div>\n\t\t<div class=\"elementor-element elementor-element-775eaca e-flex e-con-boxed e-con e-parent\" data-id=\"775eaca\" data-element_type=\"container\">\n\t\t\t\t\t<div class=\"e-con-inner\">\n\t\t\t\t<div class=\"elementor-element elementor-element-9f9cc52 elementor-widget elementor-widget-text-editor\" data-id=\"9f9cc52\" data-element_type=\"widget\" data-widget_type=\"text-editor.default\">\n\t\t\t\t<div class=\"elementor-widget-container\">\n\t\t\t\t\t\t\t\t\t<h3>M\u00e1rciusi besz\u00e1mol\u00f3<\/h3><p style=\"font-weight: 400;\">Febru\u00e1rban is rengeteg munka zajlott F\u00f3ton a tiszta \u00e9s rendezett v\u00e1rosk\u00e9p meg\u0151rz\u00e9se \u00e9rdek\u00e9ben. A h\u00f3nap sor\u00e1n kiemelt figyelmet kapott a z\u00f6ldter\u00fcletek karbantart\u00e1sa, az utak \u00e1llapot\u00e1nak jav\u00edt\u00e1sa \u00e9s a k\u00f6zter\u00fcletek tisztas\u00e1g\u00e1nak fenntart\u00e1sa. A munk\u00e1latok r\u00e9szek\u00e9nt 660 \u00f3r\u00e1nyi gallyaz\u00e1s \u00e9s boz\u00f3tirt\u00e1s t\u00f6rt\u00e9nt 107 helysz\u00ednen. Az \u00fath\u00e1l\u00f3zat fenntart\u00e1sa \u00e9rdek\u00e9ben 160 n\u00e9gyzetm\u00e9ternyi k\u00e1ty\u00faz\u00e1st v\u00e9geztek foltszer\u0171 jav\u00edt\u00e1sokkal. A v\u00edzelvezet\u0151 \u00e1rkok tiszt\u00edt\u00e1sa is jelent\u0151s feladat volt: 7066 m\u00e9tert k\u00e9zi er\u0151vel, m\u00edg 420 m\u00e9tert g\u00e9pi er\u0151vel takar\u00edtottak ki. A t\u00e9li id\u0151j\u00e1r\u00e1s miatt nagy szerepet kapott a s\u00edkoss\u00e1gmentes\u00edt\u00e9s, amely sor\u00e1n 101.000 n\u00e9gyzetm\u00e9ternyi ter\u00fcletet kezeltek. A k\u00f6zter\u00fcletek tiszt\u00e1n tart\u00e1s\u00e1hoz hozz\u00e1j\u00e1rult 33 kont\u00e9nernyi illeg\u00e1lisan lerakott hullad\u00e9k elsz\u00e1ll\u00edt\u00e1sa is. Az utak karbantart\u00e1sak\u00e9nt 1200 n\u00e9gyzetm\u00e9teren f\u00f6ldutakat egyengettek, valamint 350 n\u00e9gyzetm\u00e9teren jav\u00edtott\u00e1k az \u00fatburkolatot z\u00fazottk\u0151 felhaszn\u00e1l\u00e1s\u00e1val. A F\u00f3ti K\u00f6zszolg\u00e1ltat\u00f3 Nonprofit Kft. tov\u00e1bbra is elk\u00f6telezetten dolgozik a v\u00e1ros fenntarthat\u00f3s\u00e1g\u00e1\u00e9rt \u00e9s tisztas\u00e1g\u00e1\u00e9rt. Fontos, hogy minden f\u00f3ti lakos egy\u00fcttm\u0171k\u00f6dj\u00f6n a k\u00f6zter\u00fcletek rendezetts\u00e9g\u00e9nek meg\u0151rz\u00e9s\u00e9ben, hiszen a tiszta \u00e9s gondozott k\u00f6rnyezet k\u00f6z\u00f6s \u00e9rdek.<\/p>\t\t\t\t\t\t\t\t<\/div>\n\t\t\t\t<\/div>\n\t\t\t\t\t<\/div>\n\t\t\t\t<\/div>\n\t\t<div class=\"elementor-element elementor-element-a6df573 e-flex e-con-boxed e-con e-parent\" data-id=\"a6df573\" data-element_type=\"container\">\n\t\t\t\t\t<div class=\"e-con-inner\">\n\t\t\t\t<div class=\"elementor-element elementor-element-d2749de elementor-widget elementor-widget-text-editor\" data-id=\"d2749de\" data-element_type=\"widget\" data-widget_type=\"text-editor.default\">\n\t\t\t\t<div class=\"elementor-widget-container\">\n\t\t\t\t\t\t\t\t\t<div class=\"februari-beszamolo\">\n    <h3>Febru\u00e1ri besz\u00e1mol\u00f3<\/h3>\n    <p>\n        F\u00f3ti K\u00f6zszolg\u00e1ltat\u00f3 Nonprofit Kft. az \u00e9v els\u0151 h\u00f3napj\u00e1ban is rengeteg munk\u00e1t v\u00e9gzett a v\u00e1ros tisztas\u00e1g\u00e1\u00e9rt \u00e9s rendezetts\u00e9g\u00e9\u00e9rt. Az \u00faj\u00e9v nemcsak \u00fcnnepl\u00e9st, hanem hatalmas takar\u00edt\u00e1st \u00e9s helyre\u00e1ll\u00edt\u00e1si munk\u00e1kat is hozott: a szilveszteri t\u0171zij\u00e1t\u00e9kok \u00e9s egy\u00e9b mulats\u00e1gok ut\u00e1n sz\u00e9tsz\u00f3r\u00f3dott hullad\u00e9k eltakar\u00edt\u00e1sa mellett a keletkezett k\u00e1rok \u00e9s rong\u00e1l\u00e1sok helyre\u00e1ll\u00edt\u00e1s\u00e1val is foglalkozni kellett. Ezek a munk\u00e1latok \u00f6sszesen t\u00f6bb mint 600 munka\u00f3r\u00e1t vettek ig\u00e9nybe. Janu\u00e1rban kiemelt feladat volt a s\u00edkoss\u00e1gmentes\u00edt\u00e9s, amely sor\u00e1n t\u00f6bb mint 1.000.000 n\u00e9gyzetm\u00e9ternyi ter\u00fcletet kezeltek. A v\u00e1ros v\u00edzelvezet\u00e9s\u00e9nek biztos\u00edt\u00e1sa \u00e9rdek\u00e9ben 3800 m\u00e9ter \u00e1rkot takar\u00edtottak ki. A kar\u00e1csonyi \u00fcnnepek elm\u00falt\u00e1val elkezd\u0151d\u00f6tt a d\u00edszek elt\u00e1vol\u00edt\u00e1sa, mik\u00f6zben a z\u00f6ldter\u00fcletek karbantart\u00e1sa is folyt: 77 helysz\u00ednen v\u00e9geztek fakiv\u00e1g\u00e1st, metsz\u00e9st \u00e9s gallyaz\u00e1st. A k\u00f6zter\u00fcletek tisztas\u00e1g\u00e1nak fenntart\u00e1sa \u00e9rdek\u00e9ben 27 kont\u00e9nernyi hullad\u00e9kot sz\u00e1ll\u00edtottak el, amely k\u00f6zter\u00fcleteken \u00e9s illeg\u00e1lisan lerakott szem\u00e9tb\u0151l gy\u0171lt \u00f6ssze. F\u00f3t egy tiszta, rendezett v\u00e1ros, amelynek meg\u0151rz\u00e9se k\u00f6z\u00f6s \u00e9rdek\u00fcnk. A F\u00f3ti K\u00f6zszolg\u00e1ltat\u00f3 Nonprofit Kft. elk\u00f6telezetten dolgozik az\u00e9rt, hogy telep\u00fcl\u00e9s\u00fcnk \u00e9lhet\u0151 \u00e9s sz\u00e9p maradjon, ugyanakkor mindannyiunk felel\u0151ss\u00e9ge, hogy vigy\u00e1zzunk r\u00e1. K\u00f6sz\u00f6nj\u00fck a v\u00e1ros lak\u00f3inak egy\u00fcttm\u0171k\u00f6d\u00e9s\u00e9t, \u00e9s arra k\u00e9r\u00fcnk mindenkit, hogy k\u00f6z\u00f6sen \u00f3vjuk k\u00f6rnyezet\u00fcnket.\n    <\/p>\n<\/div>\n\t\t\t\t\t\t\t\t<\/div>\n\t\t\t\t<\/div>\n\t\t\t\t\t<\/div>\n\t\t\t\t<\/div>\n\t\t\t\t<\/div>\n\t\t","protected":false},"excerpt":{"rendered":"<p>Augusztusi besz\u00e1mol\u00f3 Augusztusban is sz\u00e1mos feladat elv\u00e9gz\u00e9s\u00e9re ker\u00fclt sor v\u00e1rosunk tisztas\u00e1ga \u00e9s rendezetts\u00e9ge \u00e9rdek\u00e9ben. K\u00f6zel 2000 n\u00e9gyzetm\u00e9ter f\u00f6ld\u00fat gr\u00e9derez\u00e9se val\u00f3sult meg, amely hozz\u00e1j\u00e1rult a k\u00f6zleked\u00e9si&hellip;<\/p>\n","protected":false},"author":1,"featured_media":0,"parent":0,"menu_order":0,"comment_status":"closed","ping_status":"closed","template":"elementor_header_footer","meta":{"footnotes":""},"class_list":["post-4414","page","type-page","status-publish","hentry"],"_links":{"self":[{"href":"https:\/\/www.fotikozszolg.hu\/index.php?rest_route=\/wp\/v2\/pages\/4414","targetHints":{"allow":["GET"]}}],"collection":[{"href":"https:\/\/www.fotikozszolg.hu\/index.php?rest_route=\/wp\/v2\/pages"}],"about":[{"href":"https:\/\/www.fotikozszolg.hu\/index.php?rest_route=\/wp\/v2\/types\/page"}],"author":[{"embeddable":true,"href":"https:\/\/www.fotikozszolg.hu\/index.php?rest_route=\/wp\/v2\/users\/1"}],"replies":[{"embeddable":true,"href":"https:\/\/www.fotikozszolg.hu\/index.php?rest_route=%2Fwp%2Fv2%2Fcomments&post=4414"}],"version-history":[{"count":62,"href":"https:\/\/www.fotikozszolg.hu\/index.php?rest_route=\/wp\/v2\/pages\/4414\/revisions"}],"predecessor-version":[{"id":6183,"href":"https:\/\/www.fotikozszolg.hu\/index.php?rest_route=\/wp\/v2\/pages\/4414\/revisions\/6183"}],"wp:attachment":[{"href":"https:\/\/www.fotikozszolg.hu\/index.php?rest_route=%2Fwp%2Fv2%2Fmedia&parent=4414"}],"curies":[{"name":"wp","href":"https:\/\/api.w.org\/{rel}","templated":true}]}}